{"id":29145,"date":"2023-06-15T11:46:07","date_gmt":"2023-06-15T09:46:07","guid":{"rendered":"https:\/\/marketingpamplonaenproceso.com\/bedda\/?page_id=29145"},"modified":"2025-06-25T12:01:05","modified_gmt":"2025-06-25T10:01:05","slug":"depilacion-laser-hombre","status":"publish","type":"page","link":"https:\/\/agenciaseolocal.eu\/bedda\/depilacion-laser-hombre\/","title":{"rendered":"Depilaci\u00f3n l\u00e1ser hombre"},"content":{"rendered":"<p>[et_pb_section fb_built=&#8221;1&#8243; _builder_version=&#8221;4.21.0&#8243; _module_preset=&#8221;default&#8221; custom_margin=&#8221;0px||||false|false&#8221; custom_padding=&#8221;0px||0px||true|false&#8221; locked=&#8221;off&#8221; global_colors_info=&#8221;{}&#8221;][et_pb_row _builder_version=&#8221;4.21.0&#8243; _module_preset=&#8221;default&#8221; width=&#8221;auto&#8221; max_width=&#8221;100%&#8221; custom_margin=&#8221;-110px||||false|false&#8221; custom_padding=&#8221;0px||0px|||&#8221; global_colors_info=&#8221;{}&#8221;][et_pb_column type=&#8221;4_4&#8243; _builder_version=&#8221;4.21.0&#8243; _module_preset=&#8221;default&#8221; global_colors_info=&#8221;{}&#8221;][et_pb_slider _builder_version=&#8221;4.27.4&#8243; _module_preset=&#8221;default&#8221; custom_button=&#8221;on&#8221; button_text_color=&#8221;#FFFFFF&#8221; button_bg_color=&#8221;#bb9495&#8243; button_border_width=&#8221;0px&#8221; button_border_radius=&#8221;50px&#8221; button_font=&#8221;|700|||||||&#8221; button_use_icon=&#8221;off&#8221; button_alignment=&#8221;left&#8221; button_custom_padding=&#8221;10px|50px|10px|50px|true|true&#8221; custom_padding=&#8221;265px||265px||true|false&#8221; custom_padding_tablet=&#8221;639px||40px|60px|false|false&#8221; custom_padding_phone=&#8221;350px||350px|0px|true|false&#8221; custom_padding_last_edited=&#8221;on|phone&#8221; button_text_size_tablet=&#8221;&#8221; button_text_size_phone=&#8221;18px&#8221; button_text_size_last_edited=&#8221;on|phone&#8221; box_shadow_style_button=&#8221;preset1&#8243; locked=&#8221;off&#8221; global_colors_info=&#8221;{}&#8221; button_text_color__hover=&#8221;#bb9495&#8243; button_text_color__hover_enabled=&#8221;on|hover&#8221; button_bg_color__hover=&#8221;#686970&#8243; button_bg_color__hover_enabled=&#8221;on|hover&#8221;][et_pb_slide button_link=&#8221;#formulario&#8221; admin_title=&#8221;Depilaci\u00f3n l\u00e1ser cuerpo completo hombre&#8221; _builder_version=&#8221;4.27.4&#8243; _module_preset=&#8221;default&#8221; background_enable_color=&#8221;off&#8221; background_image=&#8221;https:\/\/agenciaseolocal.eu\/bedda\/wp-content\/uploads\/2025\/06\/banner-oferta-depilacion-verano.jpg&#8221; background_enable_image=&#8221;on&#8221; background_last_edited=&#8221;on|phone&#8221; background_image_phone=&#8221;https:\/\/agenciaseolocal.eu\/bedda\/wp-content\/uploads\/2025\/06\/oferta-depilacion-laser-hombre-y-mujer.jpg&#8221; background_enable_image_phone=&#8221;on&#8221; locked=&#8221;off&#8221; global_colors_info=&#8221;{}&#8221; sticky_transition=&#8221;on&#8221;][\/et_pb_slide][\/et_pb_slider][\/et_pb_column][\/et_pb_row][\/et_pb_section][et_pb_section fb_built=&#8221;1&#8243; custom_padding_last_edited=&#8221;on|phone&#8221; _builder_version=&#8221;4.27.4&#8243; _module_preset=&#8221;default&#8221; background_image=&#8221;https:\/\/agenciaseolocal.eu\/bedda\/wp-content\/uploads\/2023\/05\/fondo-flores.png&#8221; background_size=&#8221;custom&#8221; background_image_width=&#8221;100%&#8221; background_position=&#8221;top_right&#8221; custom_margin=&#8221;||||false|false&#8221; custom_padding=&#8221;30px||0px||false|false&#8221; custom_padding_tablet=&#8221;||0px|||&#8221; custom_padding_phone=&#8221;15px|7px|0px|7px|false|true&#8221; locked=&#8221;off&#8221; global_colors_info=&#8221;{}&#8221;][et_pb_row use_custom_gutter=&#8221;on&#8221; _builder_version=&#8221;4.21.0&#8243; _module_preset=&#8221;default&#8221; width=&#8221;95%&#8221; custom_padding=&#8221;||0px|||&#8221; global_colors_info=&#8221;{}&#8221;][et_pb_column type=&#8221;4_4&#8243; _builder_version=&#8221;4.21.0&#8243; _module_preset=&#8221;default&#8221; global_colors_info=&#8221;{}&#8221;][et_pb_text _builder_version=&#8221;4.23&#8243; _module_preset=&#8221;default&#8221; text_font=&#8221;catalish-huntera||||||||&#8221; text_font_size=&#8221;30px&#8221; text_line_height=&#8221;1.4em&#8221; header_font_size=&#8221;60px&#8221; header_2_font_size=&#8221;60px&#8221; text_orientation=&#8221;center&#8221; custom_margin=&#8221;||||false|false&#8221; text_font_size_tablet=&#8221;40px&#8221; text_font_size_phone=&#8221;20px&#8221; text_font_size_last_edited=&#8221;on|desktop&#8221; header_font_size_tablet=&#8221;45px&#8221; header_font_size_phone=&#8221;30px&#8221; header_font_size_last_edited=&#8221;on|phone&#8221; header_2_font_size_tablet=&#8221;45px&#8221; header_2_font_size_phone=&#8221;30px&#8221; header_2_font_size_last_edited=&#8221;on|phone&#8221; locked=&#8221;off&#8221; global_colors_info=&#8221;{}&#8221;]<\/p>\n<p class=\"manuscrita\" style=\"color: #00c0ff !important;\">Nuestros productos<\/p>\n<h1 style=\"margin-bottom: 2%;\">Depilaci\u00f3n l\u00e1ser hombre<\/h1>\n<p>[\/et_pb_text][et_pb_text disabled_on=&#8221;off|off|off&#8221; _builder_version=&#8221;4.21.0&#8243; _module_preset=&#8221;default&#8221; text_font=&#8221;||||||||&#8221; text_text_color=&#8221;#686970&#8243; header_font_size=&#8221;80px&#8221; header_2_font_size=&#8221;60px&#8221; text_orientation=&#8221;center&#8221; custom_margin=&#8221;||||false|false&#8221; header_font_size_tablet=&#8221;80px&#8221; header_font_size_phone=&#8221;40px&#8221; header_font_size_last_edited=&#8221;on|phone&#8221; locked=&#8221;off&#8221; global_colors_info=&#8221;{}&#8221;]<\/p>\n<p><span style=\"font-weight: 400;\">\u00bfBuscas una cl\u00ednica de depilaci\u00f3n l\u00e1ser para hombre? En Centros bedda ofrecemos depilaci\u00f3n l\u00e1ser para aquellos hombres que desean despedirse del vello no deseado de forma definitiva. Nuestro sistema de l\u00e1ser de diodo de \u00faltima generaci\u00f3n asegura resultados excepcionales, al tiempo que ofrece una experiencia pr\u00e1cticamente indolora.\u00a0<\/span><\/p>\n<p>[\/et_pb_text][\/et_pb_column][\/et_pb_row][et_pb_row module_id=&#8221;inferior&#8221; _builder_version=&#8221;4.21.2&#8243; _module_preset=&#8221;default&#8221; custom_padding=&#8221;50px||0px||false|false&#8221; locked=&#8221;off&#8221; global_colors_info=&#8221;{}&#8221;][et_pb_column type=&#8221;4_4&#8243; _builder_version=&#8221;4.21.0&#8243; _module_preset=&#8221;default&#8221; global_colors_info=&#8221;{}&#8221;][et_pb_icon font_icon=&#8221;&#xe060;||divi||400&#8243; icon_color=&#8221;#b2e5ff&#8221; icon_width=&#8221;60px&#8221; _builder_version=&#8221;4.21.2&#8243; _module_preset=&#8221;default&#8221; global_colors_info=&#8221;{}&#8221;][\/et_pb_icon][et_pb_text _builder_version=&#8221;4.21.0&#8243; _module_preset=&#8221;default&#8221; text_font=&#8221;catalish-huntera||||||||&#8221; text_font_size=&#8221;40px&#8221; header_2_font_size=&#8221;45px&#8221; text_orientation=&#8221;center&#8221; text_font_size_tablet=&#8221;40px&#8221; text_font_size_phone=&#8221;25px&#8221; text_font_size_last_edited=&#8221;on|phone&#8221; header_2_font_size_tablet=&#8221;45px&#8221; header_2_font_size_phone=&#8221;35px&#8221; header_2_font_size_last_edited=&#8221;on|phone&#8221; global_colors_info=&#8221;{}&#8221;]<\/p>\n<p class=\"manuscrita\" style=\"color: #222222 !important;\">\u00bfQu\u00e9 servicio te interesa?<\/p>\n<p>[\/et_pb_text][\/et_pb_column][\/et_pb_row][et_pb_row use_custom_gutter=&#8221;on&#8221; gutter_width=&#8221;1&#8243; make_equal=&#8221;on&#8221; module_class=&#8221;de-inline-buttons&#8221; _builder_version=&#8221;4.21.2&#8243; _module_preset=&#8221;default&#8221; width=&#8221;95%&#8221; custom_padding=&#8221;0px||0px|||&#8221; sticky_position_tablet=&#8221;top&#8221; sticky_position_phone=&#8221;none&#8221; sticky_position_last_edited=&#8221;on|phone&#8221; custom_css_main_element=&#8221;||align-items: center;&#8221; locked=&#8221;off&#8221; global_colors_info=&#8221;{}&#8221;][et_pb_column type=&#8221;4_4&#8243; _builder_version=&#8221;4.21.0&#8243; _module_preset=&#8221;default&#8221; global_colors_info=&#8221;{}&#8221;][et_pb_button button_url=&#8221;#inferior&#8221; button_text=&#8221;Zona inferior&#8221; button_alignment=&#8221;right&#8221; _builder_version=&#8221;4.21.2&#8243; _module_preset=&#8221;default&#8221; custom_button=&#8221;on&#8221; button_text_color=&#8221;#FFFFFF&#8221; button_bg_color=&#8221;#00c0ff&#8221; button_border_width=&#8221;0px&#8221; button_border_radius=&#8221;50px&#8221; button_font=&#8221;|700|||||||&#8221; button_use_icon=&#8221;off&#8221; custom_margin=&#8221;5%|15px||15px|false|true&#8221; custom_padding=&#8221;10px|30px|10px|30px|true|true&#8221; button_text_size_tablet=&#8221;&#8221; button_text_size_phone=&#8221;18px&#8221; button_text_size_last_edited=&#8221;on|phone&#8221; box_shadow_style=&#8221;preset1&#8243; locked=&#8221;off&#8221; global_colors_info=&#8221;{}&#8221; button_bg_color__hover_enabled=&#8221;on|hover&#8221; button_text_color__hover_enabled=&#8221;on|hover&#8221; button_bg_color__hover=&#8221;#FFFFFF&#8221; button_bg_enable_color__hover=&#8221;on&#8221; button_text_color__hover=&#8221;#00c0ff&#8221;][\/et_pb_button][et_pb_button button_url=&#8221;#superior&#8221; button_text=&#8221;Zona superior&#8221; button_alignment=&#8221;right&#8221; _builder_version=&#8221;4.21.2&#8243; _module_preset=&#8221;default&#8221; custom_button=&#8221;on&#8221; button_text_color=&#8221;#FFFFFF&#8221; button_bg_color=&#8221;#b2e5ff&#8221; button_border_width=&#8221;0px&#8221; button_border_radius=&#8221;50px&#8221; button_font=&#8221;|700|||||||&#8221; button_use_icon=&#8221;off&#8221; custom_margin=&#8221;5%|15px||15px|false|true&#8221; custom_padding=&#8221;10px|30px|10px|30px|true|true&#8221; button_text_size_tablet=&#8221;&#8221; button_text_size_phone=&#8221;18px&#8221; button_text_size_last_edited=&#8221;on|phone&#8221; box_shadow_style=&#8221;preset1&#8243; locked=&#8221;off&#8221; global_colors_info=&#8221;{}&#8221; button_bg_color__hover_enabled=&#8221;on|hover&#8221; button_text_color__hover_enabled=&#8221;on|hover&#8221; button_bg_color__hover=&#8221;#FFFFFF&#8221; button_bg_enable_color__hover=&#8221;on&#8221; button_text_color__hover=&#8221;#00c0ff&#8221;][\/et_pb_button][et_pb_button button_url=&#8221;#facial&#8221; button_text=&#8221;Zona facial&#8221; button_alignment=&#8221;right&#8221; _builder_version=&#8221;4.21.2&#8243; _module_preset=&#8221;default&#8221; custom_button=&#8221;on&#8221; button_text_color=&#8221;#FFFFFF&#8221; button_bg_color=&#8221;#b2e5ff&#8221; button_border_width=&#8221;0px&#8221; button_border_radius=&#8221;50px&#8221; button_font=&#8221;|700|||||||&#8221; button_use_icon=&#8221;off&#8221; custom_margin=&#8221;5%|15px||15px|false|true&#8221; custom_padding=&#8221;10px|30px|10px|30px|true|true&#8221; button_text_size_tablet=&#8221;&#8221; button_text_size_phone=&#8221;18px&#8221; button_text_size_last_edited=&#8221;on|phone&#8221; box_shadow_style=&#8221;preset1&#8243; locked=&#8221;off&#8221; global_colors_info=&#8221;{}&#8221; button_bg_color__hover_enabled=&#8221;on|hover&#8221; button_text_color__hover_enabled=&#8221;on|hover&#8221; button_bg_color__hover=&#8221;#FFFFFF&#8221; button_bg_enable_color__hover=&#8221;on&#8221; button_text_color__hover=&#8221;#00c0ff&#8221;][\/et_pb_button][et_pb_code admin_label=&#8221;codigo alinear botones&#8221; _builder_version=&#8221;4.21.0&#8243; _module_preset=&#8221;default&#8221; global_colors_info=&#8221;{}&#8221;]<\/p>\n<style><!-- [et_pb_line_break_holder] -->.de-inline-buttons .et_pb_button_module_wrapper {<!-- [et_pb_line_break_holder] -->  display: inline-block;<!-- [et_pb_line_break_holder] -->}<!-- [et_pb_line_break_holder] -->  <!-- [et_pb_line_break_holder] -->  .de-inline-buttons {<!-- [et_pb_line_break_holder] -->  text-align: center !important;<!-- [et_pb_line_break_holder] -->}<!-- [et_pb_line_break_holder] --><\/style>\n<p>[\/et_pb_code][\/et_pb_column][\/et_pb_row][et_pb_row _builder_version=&#8221;4.21.0&#8243; _module_preset=&#8221;default&#8221; width=&#8221;95%&#8221; custom_margin=&#8221;||-50px||false|false&#8221; custom_padding=&#8221;||0px|||&#8221; locked=&#8221;off&#8221; global_colors_info=&#8221;{}&#8221;][et_pb_column type=&#8221;4_4&#8243; _builder_version=&#8221;4.21.0&#8243; _module_preset=&#8221;default&#8221; global_colors_info=&#8221;{}&#8221;][et_pb_shop type=&#8221;product_category&#8221; posts_number=&#8221;20&#8243; include_categories=&#8221;56&#8243; icon_hover_color=&#8221;RGBA(255,255,255,0)&#8221; hover_overlay_color=&#8221;RGBA(255,255,255,0)&#8221; show_price=&#8221;off&#8221; disabled_on=&#8221;off|off|off&#8221; module_id=&#8221;productos-tienda&#8221; _builder_version=&#8221;4.22.2&#8243; _module_preset=&#8221;default&#8221; global_colors_info=&#8221;{}&#8221;][\/et_pb_shop][\/et_pb_column][\/et_pb_row][et_pb_row module_id=&#8221;superior&#8221; _builder_version=&#8221;4.21.2&#8243; _module_preset=&#8221;default&#8221; custom_padding=&#8221;80px||0px||false|false&#8221; locked=&#8221;off&#8221; global_colors_info=&#8221;{}&#8221;][et_pb_column type=&#8221;4_4&#8243; _builder_version=&#8221;4.21.0&#8243; _module_preset=&#8221;default&#8221; global_colors_info=&#8221;{}&#8221;][et_pb_icon font_icon=&#8221;&#xe060;||divi||400&#8243; icon_color=&#8221;#b2e5ff&#8221; icon_width=&#8221;60px&#8221; _builder_version=&#8221;4.21.2&#8243; _module_preset=&#8221;default&#8221; global_colors_info=&#8221;{}&#8221;][\/et_pb_icon][et_pb_text _builder_version=&#8221;4.21.0&#8243; _module_preset=&#8221;default&#8221; text_font=&#8221;catalish-huntera||||||||&#8221; text_font_size=&#8221;40px&#8221; header_2_font_size=&#8221;45px&#8221; text_orientation=&#8221;center&#8221; text_font_size_tablet=&#8221;40px&#8221; text_font_size_phone=&#8221;25px&#8221; text_font_size_last_edited=&#8221;on|phone&#8221; header_2_font_size_tablet=&#8221;45px&#8221; header_2_font_size_phone=&#8221;35px&#8221; header_2_font_size_last_edited=&#8221;on|phone&#8221; global_colors_info=&#8221;{}&#8221;]<\/p>\n<p class=\"manuscrita\" style=\"color: #222222 !important;\">\u00bfQu\u00e9 servicio te interesa?<\/p>\n<p>[\/et_pb_text][\/et_pb_column][\/et_pb_row][et_pb_row use_custom_gutter=&#8221;on&#8221; gutter_width=&#8221;1&#8243; make_equal=&#8221;on&#8221; module_class=&#8221;de-inline-buttons&#8221; _builder_version=&#8221;4.21.2&#8243; _module_preset=&#8221;default&#8221; width=&#8221;95%&#8221; custom_padding=&#8221;0px||0px|||&#8221; sticky_position_tablet=&#8221;top&#8221; sticky_position_phone=&#8221;none&#8221; sticky_position_last_edited=&#8221;on|phone&#8221; custom_css_main_element=&#8221;||align-items: center;&#8221; locked=&#8221;off&#8221; global_colors_info=&#8221;{}&#8221;][et_pb_column type=&#8221;4_4&#8243; _builder_version=&#8221;4.21.0&#8243; _module_preset=&#8221;default&#8221; global_colors_info=&#8221;{}&#8221;][et_pb_button button_url=&#8221;#inferior&#8221; button_text=&#8221;Zona inferior&#8221; button_alignment=&#8221;center&#8221; _builder_version=&#8221;4.21.2&#8243; _module_preset=&#8221;default&#8221; custom_button=&#8221;on&#8221; button_text_color=&#8221;#FFFFFF&#8221; button_bg_color=&#8221;#b2e5ff&#8221; button_border_width=&#8221;0px&#8221; button_border_radius=&#8221;50px&#8221; button_font=&#8221;|700|||||||&#8221; button_use_icon=&#8221;off&#8221; custom_margin=&#8221;5%|15px||15px|false|true&#8221; custom_padding=&#8221;10px|30px|10px|30px|true|true&#8221; button_text_size_tablet=&#8221;&#8221; button_text_size_phone=&#8221;18px&#8221; button_text_size_last_edited=&#8221;on|phone&#8221; box_shadow_style=&#8221;preset1&#8243; locked=&#8221;off&#8221; global_colors_info=&#8221;{}&#8221; button_bg_color__hover_enabled=&#8221;on|hover&#8221; button_text_color__hover_enabled=&#8221;on|hover&#8221; button_bg_color__hover=&#8221;#FFFFFF&#8221; button_bg_enable_color__hover=&#8221;on&#8221; button_text_color__hover=&#8221;#00c0ff&#8221;][\/et_pb_button][et_pb_button button_url=&#8221;#superior&#8221; button_text=&#8221;Zona superior&#8221; button_alignment=&#8221;right&#8221; _builder_version=&#8221;4.21.2&#8243; _module_preset=&#8221;default&#8221; custom_button=&#8221;on&#8221; button_text_color=&#8221;#FFFFFF&#8221; button_bg_color=&#8221;#00c0ff&#8221; button_border_width=&#8221;0px&#8221; button_border_radius=&#8221;50px&#8221; button_font=&#8221;|700|||||||&#8221; button_use_icon=&#8221;off&#8221; custom_margin=&#8221;5%|15px||15px|false|true&#8221; custom_padding=&#8221;10px|30px|10px|30px|true|true&#8221; button_text_size_tablet=&#8221;&#8221; button_text_size_phone=&#8221;18px&#8221; button_text_size_last_edited=&#8221;on|phone&#8221; box_shadow_style=&#8221;preset1&#8243; locked=&#8221;off&#8221; global_colors_info=&#8221;{}&#8221; button_bg_color__hover_enabled=&#8221;on|hover&#8221; button_text_color__hover_enabled=&#8221;on|hover&#8221; button_bg_color__hover=&#8221;#FFFFFF&#8221; button_bg_enable_color__hover=&#8221;on&#8221; button_text_color__hover=&#8221;#00c0ff&#8221;][\/et_pb_button][et_pb_button button_url=&#8221;#facial&#8221; button_text=&#8221;Zona facial&#8221; button_alignment=&#8221;right&#8221; _builder_version=&#8221;4.21.2&#8243; _module_preset=&#8221;default&#8221; custom_button=&#8221;on&#8221; button_text_color=&#8221;#FFFFFF&#8221; button_bg_color=&#8221;#b2e5ff&#8221; button_border_width=&#8221;0px&#8221; button_border_radius=&#8221;50px&#8221; button_font=&#8221;|700|||||||&#8221; button_use_icon=&#8221;off&#8221; custom_margin=&#8221;5%|15px||15px|false|true&#8221; custom_padding=&#8221;10px|30px|10px|30px|true|true&#8221; button_text_size_tablet=&#8221;&#8221; button_text_size_phone=&#8221;18px&#8221; button_text_size_last_edited=&#8221;on|phone&#8221; box_shadow_style=&#8221;preset1&#8243; locked=&#8221;off&#8221; global_colors_info=&#8221;{}&#8221; button_bg_color__hover_enabled=&#8221;on|hover&#8221; button_text_color__hover_enabled=&#8221;on|hover&#8221; button_bg_color__hover=&#8221;#FFFFFF&#8221; button_bg_enable_color__hover=&#8221;on&#8221; button_text_color__hover=&#8221;#00c0ff&#8221;][\/et_pb_button][et_pb_code admin_label=&#8221;codigo alinear botones&#8221; _builder_version=&#8221;4.21.0&#8243; _module_preset=&#8221;default&#8221; global_colors_info=&#8221;{}&#8221;]<\/p>\n<style><!-- [et_pb_line_break_holder] -->.de-inline-buttons .et_pb_button_module_wrapper {<!-- [et_pb_line_break_holder] -->  display: inline-block;<!-- [et_pb_line_break_holder] -->}<!-- [et_pb_line_break_holder] -->  <!-- [et_pb_line_break_holder] -->  .de-inline-buttons {<!-- [et_pb_line_break_holder] -->  text-align: center !important;<!-- [et_pb_line_break_holder] -->}<!-- [et_pb_line_break_holder] --><\/style>\n<p>[\/et_pb_code][\/et_pb_column][\/et_pb_row][et_pb_row _builder_version=&#8221;4.21.0&#8243; _module_preset=&#8221;default&#8221; width=&#8221;95%&#8221; custom_margin=&#8221;||-50px||false|false&#8221; custom_padding=&#8221;||0px|||&#8221; locked=&#8221;off&#8221; global_colors_info=&#8221;{}&#8221;][et_pb_column type=&#8221;4_4&#8243; _builder_version=&#8221;4.21.0&#8243; _module_preset=&#8221;default&#8221; global_colors_info=&#8221;{}&#8221;][et_pb_shop type=&#8221;product_category&#8221; posts_number=&#8221;30&#8243; include_categories=&#8221;55&#8243; icon_hover_color=&#8221;RGBA(255,255,255,0)&#8221; hover_overlay_color=&#8221;RGBA(255,255,255,0)&#8221; show_price=&#8221;off&#8221; disabled_on=&#8221;off|off|off&#8221; module_id=&#8221;productos-tienda&#8221; _builder_version=&#8221;4.22.2&#8243; _module_preset=&#8221;default&#8221; global_colors_info=&#8221;{}&#8221;][\/et_pb_shop][\/et_pb_column][\/et_pb_row][et_pb_row module_id=&#8221;facial&#8221; _builder_version=&#8221;4.21.2&#8243; _module_preset=&#8221;default&#8221; custom_padding=&#8221;80px||0px||false|false&#8221; locked=&#8221;off&#8221; global_colors_info=&#8221;{}&#8221;][et_pb_column type=&#8221;4_4&#8243; _builder_version=&#8221;4.21.0&#8243; _module_preset=&#8221;default&#8221; global_colors_info=&#8221;{}&#8221;][et_pb_icon font_icon=&#8221;&#xe060;||divi||400&#8243; icon_color=&#8221;#b2e5ff&#8221; icon_width=&#8221;60px&#8221; _builder_version=&#8221;4.21.2&#8243; _module_preset=&#8221;default&#8221; global_colors_info=&#8221;{}&#8221;][\/et_pb_icon][et_pb_text _builder_version=&#8221;4.21.0&#8243; _module_preset=&#8221;default&#8221; text_font=&#8221;catalish-huntera||||||||&#8221; text_font_size=&#8221;40px&#8221; header_2_font_size=&#8221;45px&#8221; text_orientation=&#8221;center&#8221; text_font_size_tablet=&#8221;40px&#8221; text_font_size_phone=&#8221;25px&#8221; text_font_size_last_edited=&#8221;on|phone&#8221; header_2_font_size_tablet=&#8221;45px&#8221; header_2_font_size_phone=&#8221;35px&#8221; header_2_font_size_last_edited=&#8221;on|phone&#8221; global_colors_info=&#8221;{}&#8221;]<\/p>\n<p class=\"manuscrita\" style=\"color: #222222 !important;\">\u00bfQu\u00e9 servicio te interesa?<\/p>\n<p>[\/et_pb_text][\/et_pb_column][\/et_pb_row][et_pb_row use_custom_gutter=&#8221;on&#8221; gutter_width=&#8221;1&#8243; make_equal=&#8221;on&#8221; module_class=&#8221;de-inline-buttons&#8221; _builder_version=&#8221;4.21.2&#8243; _module_preset=&#8221;default&#8221; width=&#8221;95%&#8221; custom_padding=&#8221;0px||0px|||&#8221; sticky_position_tablet=&#8221;top&#8221; sticky_position_phone=&#8221;none&#8221; sticky_position_last_edited=&#8221;on|phone&#8221; custom_css_main_element=&#8221;||align-items: center;&#8221; locked=&#8221;off&#8221; global_colors_info=&#8221;{}&#8221;][et_pb_column type=&#8221;4_4&#8243; _builder_version=&#8221;4.21.0&#8243; _module_preset=&#8221;default&#8221; global_colors_info=&#8221;{}&#8221;][et_pb_button button_url=&#8221;#inferior&#8221; button_text=&#8221;Zona inferior&#8221; button_alignment=&#8221;right&#8221; _builder_version=&#8221;4.21.2&#8243; _module_preset=&#8221;default&#8221; custom_button=&#8221;on&#8221; button_text_color=&#8221;#FFFFFF&#8221; button_bg_color=&#8221;#b2e5ff&#8221; button_border_width=&#8221;0px&#8221; button_border_radius=&#8221;50px&#8221; button_font=&#8221;|700|||||||&#8221; button_use_icon=&#8221;off&#8221; custom_margin=&#8221;5%|15px||15px|false|true&#8221; custom_padding=&#8221;10px|30px|10px|30px|true|true&#8221; button_text_size_tablet=&#8221;&#8221; button_text_size_phone=&#8221;18px&#8221; button_text_size_last_edited=&#8221;on|phone&#8221; box_shadow_style=&#8221;preset1&#8243; locked=&#8221;off&#8221; global_colors_info=&#8221;{}&#8221; button_bg_color__hover_enabled=&#8221;on|hover&#8221; button_text_color__hover_enabled=&#8221;on|hover&#8221; button_bg_color__hover=&#8221;#FFFFFF&#8221; button_bg_enable_color__hover=&#8221;on&#8221; button_text_color__hover=&#8221;#00c0ff&#8221;][\/et_pb_button][et_pb_button button_url=&#8221;#superior&#8221; button_text=&#8221;Zona superior&#8221; button_alignment=&#8221;right&#8221; _builder_version=&#8221;4.21.2&#8243; _module_preset=&#8221;default&#8221; custom_button=&#8221;on&#8221; button_text_color=&#8221;#FFFFFF&#8221; button_bg_color=&#8221;#b2e5ff&#8221; button_border_width=&#8221;0px&#8221; button_border_radius=&#8221;50px&#8221; button_font=&#8221;|700|||||||&#8221; button_use_icon=&#8221;off&#8221; custom_margin=&#8221;5%|15px||15px|false|true&#8221; custom_padding=&#8221;10px|30px|10px|30px|true|true&#8221; button_text_size_tablet=&#8221;&#8221; button_text_size_phone=&#8221;18px&#8221; button_text_size_last_edited=&#8221;on|phone&#8221; box_shadow_style=&#8221;preset1&#8243; locked=&#8221;off&#8221; global_colors_info=&#8221;{}&#8221; button_bg_color__hover_enabled=&#8221;on|hover&#8221; button_text_color__hover_enabled=&#8221;on|hover&#8221; button_bg_color__hover=&#8221;#FFFFFF&#8221; button_bg_enable_color__hover=&#8221;on&#8221; button_text_color__hover=&#8221;#00c0ff&#8221;][\/et_pb_button][et_pb_button button_url=&#8221;#facial&#8221; button_text=&#8221;Zona facial&#8221; button_alignment=&#8221;right&#8221; _builder_version=&#8221;4.21.2&#8243; _module_preset=&#8221;default&#8221; custom_button=&#8221;on&#8221; button_text_color=&#8221;#FFFFFF&#8221; button_bg_color=&#8221;#00c0ff&#8221; button_border_width=&#8221;0px&#8221; button_border_radius=&#8221;50px&#8221; button_font=&#8221;|700|||||||&#8221; button_use_icon=&#8221;off&#8221; custom_margin=&#8221;5%|15px||15px|false|true&#8221; custom_padding=&#8221;10px|30px|10px|30px|true|true&#8221; button_text_size_tablet=&#8221;&#8221; button_text_size_phone=&#8221;18px&#8221; button_text_size_last_edited=&#8221;on|phone&#8221; box_shadow_style=&#8221;preset1&#8243; locked=&#8221;off&#8221; global_colors_info=&#8221;{}&#8221; button_bg_color__hover_enabled=&#8221;on|hover&#8221; button_text_color__hover_enabled=&#8221;on|hover&#8221; button_bg_color__hover=&#8221;#FFFFFF&#8221; button_bg_enable_color__hover=&#8221;on&#8221; button_text_color__hover=&#8221;#00c0ff&#8221;][\/et_pb_button][et_pb_code admin_label=&#8221;codigo alinear botones&#8221; _builder_version=&#8221;4.21.0&#8243; _module_preset=&#8221;default&#8221; global_colors_info=&#8221;{}&#8221;]<\/p>\n<style><!-- [et_pb_line_break_holder] -->.de-inline-buttons .et_pb_button_module_wrapper {<!-- [et_pb_line_break_holder] -->  display: inline-block;<!-- [et_pb_line_break_holder] -->}<!-- [et_pb_line_break_holder] -->  <!-- [et_pb_line_break_holder] -->  .de-inline-buttons {<!-- [et_pb_line_break_holder] -->  text-align: center !important;<!-- [et_pb_line_break_holder] -->}<!-- [et_pb_line_break_holder] --><\/style>\n<p>[\/et_pb_code][\/et_pb_column][\/et_pb_row][et_pb_row _builder_version=&#8221;4.21.0&#8243; _module_preset=&#8221;default&#8221; width=&#8221;95%&#8221; custom_margin=&#8221;||-50px||false|false&#8221; custom_padding=&#8221;||0px|||&#8221; locked=&#8221;off&#8221; global_colors_info=&#8221;{}&#8221;][et_pb_column type=&#8221;4_4&#8243; _builder_version=&#8221;4.21.0&#8243; _module_preset=&#8221;default&#8221; global_colors_info=&#8221;{}&#8221;][et_pb_shop type=&#8221;product_category&#8221; include_categories=&#8221;57&#8243; icon_hover_color=&#8221;RGBA(255,255,255,0)&#8221; hover_overlay_color=&#8221;RGBA(255,255,255,0)&#8221; show_price=&#8221;off&#8221; disabled_on=&#8221;off|off|off&#8221; module_id=&#8221;productos-tienda&#8221; _builder_version=&#8221;4.22.2&#8243; _module_preset=&#8221;default&#8221; global_colors_info=&#8221;{}&#8221;][\/et_pb_shop][\/et_pb_column][\/et_pb_row][et_pb_row use_custom_gutter=&#8221;on&#8221; custom_padding_last_edited=&#8221;on|phone&#8221; _builder_version=&#8221;4.21.0&#8243; _module_preset=&#8221;default&#8221; width=&#8221;95%&#8221; custom_margin=&#8221;|auto|60px|auto|false|false&#8221; custom_margin_tablet=&#8221;||70px||false|false&#8221; custom_margin_phone=&#8221;||40px||false|false&#8221; custom_margin_last_edited=&#8221;on|phone&#8221; custom_padding=&#8221;||0px|||&#8221; custom_padding_tablet=&#8221;||0px|||&#8221; custom_padding_phone=&#8221;|7px|0px|7px|false|true&#8221; global_colors_info=&#8221;{}&#8221;][et_pb_column type=&#8221;4_4&#8243; _builder_version=&#8221;4.21.0&#8243; _module_preset=&#8221;default&#8221; global_colors_info=&#8221;{}&#8221;][et_pb_text disabled_on=&#8221;off|off|off&#8221; _builder_version=&#8221;4.21.0&#8243; _module_preset=&#8221;default&#8221; text_font=&#8221;||||||||&#8221; text_text_color=&#8221;#686970&#8243; header_font_size=&#8221;80px&#8221; header_2_font_size=&#8221;60px&#8221; text_orientation=&#8221;center&#8221; custom_margin=&#8221;||||false|false&#8221; header_font_size_tablet=&#8221;80px&#8221; header_font_size_phone=&#8221;40px&#8221; header_font_size_last_edited=&#8221;on|phone&#8221; locked=&#8221;off&#8221; global_colors_info=&#8221;{}&#8221;]<\/p>\n<p><span style=\"font-weight: 400;\">En Centros bedda entendemos que cada persona es \u00fanica y tiene diferentes necesidades. Es por eso que nuestro <strong>enfoque personalizado<\/strong> nos permite adaptar la depilaci\u00f3n l\u00e1ser para hombres a <strong>todo tipo de pieles, zonas y niveles de vello<\/strong>. Ya sea que desees eliminar el vello en el pecho, espalda, abdomen o cualquier otra \u00e1rea, nuestro experimentado equipo te ofrecer\u00e1 un servicio excepcional y resultados duraderos.<\/span><\/p>\n<p><span style=\"font-weight: 400;\"><\/span><\/p>\n<p><span style=\"font-weight: 400;\">Adem\u00e1s de eliminar el vello no deseado, la depilaci\u00f3n l\u00e1ser masculina con l\u00e1ser de diodo tambi\u00e9n te ofrece <strong>muchos otros beneficios<\/strong>. Si sufres de <strong>foliculitis, una inflamaci\u00f3n de los fol\u00edculos pilosos<\/strong>, nuestro tratamiento te ayudar\u00e1 a combatirla y prevenirla. Tambi\u00e9n es una excelente opci\u00f3n si padeces de <strong>exceso de sudoraci\u00f3n<\/strong>, ya que la depilaci\u00f3n l\u00e1ser para hombres reduce la cantidad de vello en las \u00e1reas tratadas, disminuyendo as\u00ed la producci\u00f3n de sudor.<\/span><\/p>\n<p>[\/et_pb_text][\/et_pb_column][\/et_pb_row][\/et_pb_section][et_pb_section fb_built=&#8221;1&#8243; custom_padding_last_edited=&#8221;on|phone&#8221; _builder_version=&#8221;4.21.2&#8243; _module_preset=&#8221;default&#8221; background_color=&#8221;#f7f7f7&#8243; background_image=&#8221;https:\/\/agenciaseolocal.eu\/bedda\/wp-content\/uploads\/2023\/05\/fondo-flores.png&#8221; background_size=&#8221;contain&#8221; background_position=&#8221;top_center&#8221; background_blend=&#8221;multiply&#8221; custom_padding=&#8221;35px||35px||false|false&#8221; custom_padding_tablet=&#8221;35px||11px||false|false&#8221; custom_padding_phone=&#8221;15px||11px||false|false&#8221; locked=&#8221;off&#8221; global_colors_info=&#8221;{}&#8221;][et_pb_row _builder_version=&#8221;4.21.0&#8243; _module_preset=&#8221;default&#8221; width=&#8221;95%&#8221; global_colors_info=&#8221;{}&#8221;][et_pb_column type=&#8221;4_4&#8243; _builder_version=&#8221;4.21.0&#8243; _module_preset=&#8221;default&#8221; global_colors_info=&#8221;{}&#8221;][et_pb_text _builder_version=&#8221;4.21.0&#8243; _module_preset=&#8221;default&#8221; text_font=&#8221;catalish-huntera||||||||&#8221; text_font_size=&#8221;30px&#8221; text_line_height=&#8221;1.4em&#8221; header_2_font_size=&#8221;45px&#8221; text_orientation=&#8221;center&#8221; custom_margin=&#8221;||||false|false&#8221; text_font_size_tablet=&#8221;40px&#8221; text_font_size_phone=&#8221;20px&#8221; text_font_size_last_edited=&#8221;on|desktop&#8221; header_2_font_size_tablet=&#8221;45px&#8221; header_2_font_size_phone=&#8221;30px&#8221; header_2_font_size_last_edited=&#8221;on|phone&#8221; locked=&#8221;off&#8221; global_colors_info=&#8221;{}&#8221;]<\/p>\n<p class=\"manuscrita\" style=\"color: #00c0ff !important;\">Te escuchamos<\/p>\n<h2>Opiniones nuestros clientes sobre la depilacion l\u00e1ser para hombre<\/h2>\n<p>[\/et_pb_text][et_pb_text _builder_version=&#8221;4.21.0&#8243; _module_preset=&#8221;default&#8221; global_colors_info=&#8221;{}&#8221;]<\/p>\n<div class=\"rpi\" style=\"\" data-id=\"583\" data-opts='{\"layout\":\"slider\",\"style_style\":\"1\",\"style_stars\":\"4\",\"style_ava\":\"1\",\"head_logo\":\"5\",\"style_logo\":\"1\",\"pagination\":\"\",\"text_size\":\"\",\"hide_avatar\":\"\",\"hide_name\":\"\",\"disable_review_time\":\"\",\"disable_user_link\":\"\",\"disable_google_link\":\"\",\"open_link\":\"1\",\"nofollow_link\":\"1\",\"lazy_load_img\":\"1\",\"time_format\":\"\",\"breakpoints\":\"\",\"ajax_load\":\"\",\"trans\":{\"read more\":\"leer m\\u00e1s\",\"Response from the owner\":\"Respuesta del propietario\"}}' data-exec=\"\"><div class=\"rpi-cnt rpi-col-m rpi-slider rpi-sh\" data-opts='{\"pagination\":\"\",\"speed\":5,\"autoplay\":\"\",\"wheelscroll\":\"\",\"mousestop\":\"\",\"clickstop\":\"\",\"swipe_step\":\"3\",\"swipe_per_btn\":\"3\",\"swipe_per_dot\":\"3\",\"hide_dots\":\"\"}' style=\"visibility:var(--visible, hidden)\" ><\/div><span class=\"rpi-hide\" style=\"display:none\"><style>.rpi-star:first-child[data-rating]::before{content:attr(data-rating);color:var(--star-color);font-size:var(--head-grade-fs);font-weight:var(--head-grade-weight,900)}<\/style><\/span><img decoding=\"async\" src=\"data:image\/gif;base64,R0lGODlhAQABAIAAAAAAAP\/\/\/yH5BAEAAAAALAAAAAABAAEAAAIBRAA7\" alt=\"\" onload=\"(function(el) { window.brb_vars=window.brb_vars||{ajaxurl:'https:\/\/agenciaseolocal.eu\/bedda\/wp-admin\/admin-ajax.php'}; var t = setInterval(function() {if (window.RichPlugins && !el.getAttribute('data-exec')) { let l = 'slider'; RichPlugins.init(el); clearInterval(t) }}, 200)})(this.closest('.rpi'))\" width=\"1\" height=\"1\" style=\"display:none\"><\/div>\n<p>[\/et_pb_text][\/et_pb_column][\/et_pb_row][\/et_pb_section][et_pb_section fb_built=&#8221;1&#8243; custom_padding_last_edited=&#8221;on|phone&#8221; _builder_version=&#8221;4.21.0&#8243; _module_preset=&#8221;default&#8221; background_color=&#8221;#686970&#8243; background_image=&#8221;https:\/\/agenciaseolocal.eu\/bedda\/wp-content\/uploads\/2023\/05\/fondo-flores5.jpg&#8221; background_size=&#8221;initial&#8221; background_position=&#8221;top_center&#8221; background_repeat=&#8221;repeat&#8221; background_blend=&#8221;multiply&#8221; custom_padding=&#8221;35px||35px||false|false&#8221; custom_padding_tablet=&#8221;35px||35px||false|false&#8221; custom_padding_phone=&#8221;15px|7px|15px|7px|true|true&#8221; saved_tabs=&#8221;all&#8221; locked=&#8221;off&#8221; global_colors_info=&#8221;{}&#8221;][et_pb_row _builder_version=&#8221;4.21.0&#8243; _module_preset=&#8221;default&#8221; width=&#8221;95%&#8221; custom_padding=&#8221;||0px|||&#8221; global_colors_info=&#8221;{}&#8221;][et_pb_column type=&#8221;4_4&#8243; _builder_version=&#8221;4.21.0&#8243; _module_preset=&#8221;default&#8221; global_colors_info=&#8221;{}&#8221;][et_pb_text _builder_version=&#8221;4.21.0&#8243; _module_preset=&#8221;default&#8221; text_font=&#8221;catalish-huntera||||||||&#8221; text_font_size=&#8221;30px&#8221; text_line_height=&#8221;1.4em&#8221; header_2_text_color=&#8221;#FFFFFF&#8221; header_2_font_size=&#8221;45px&#8221; text_orientation=&#8221;center&#8221; custom_margin=&#8221;||||false|false&#8221; text_font_size_tablet=&#8221;40px&#8221; text_font_size_phone=&#8221;20px&#8221; text_font_size_last_edited=&#8221;on|phone&#8221; header_2_font_size_tablet=&#8221;45px&#8221; header_2_font_size_phone=&#8221;30px&#8221; header_2_font_size_last_edited=&#8221;on|phone&#8221; locked=&#8221;off&#8221; global_colors_info=&#8221;{}&#8221;]<\/p>\n<p class=\"manuscrita\" style=\"color: #fff !important;\">D\u00f3nde estamos<\/p>\n<h2>Encuentra tu Centro bedda m\u00e1s cercano<\/h2>\n<p>[\/et_pb_text][et_pb_text _builder_version=&#8221;4.21.0&#8243; _module_preset=&#8221;default&#8221; text_text_color=&#8221;#FFFFFF&#8221; locked=&#8221;off&#8221; global_colors_info=&#8221;{}&#8221;]<\/p>\n<p><span style=\"font-weight: 400;\">Actualmente contamos con <\/span><b>m\u00e1s de 25 Centros bedda <\/b><span style=\"font-weight: 400;\">repartidos por diferentes ciudades de la geograf\u00eda espa\u00f1ola. \u00a1Encuentra tu Centro bedda m\u00e1s cercano y ven a conocernos!<\/span><\/p>\n<p>[\/et_pb_text][\/et_pb_column][\/et_pb_row][et_pb_row column_structure=&#8221;1_3,1_3,1_3&#8243; use_custom_gutter=&#8221;on&#8221; _builder_version=&#8221;4.21.0&#8243; _module_preset=&#8221;default&#8221; width=&#8221;95%&#8221; global_colors_info=&#8221;{}&#8221;][et_pb_column type=&#8221;1_3&#8243; _builder_version=&#8221;4.21.0&#8243; _module_preset=&#8221;default&#8221; global_colors_info=&#8221;{}&#8221;][et_pb_toggle title=&#8221;Asturias&#8221; open_toggle_text_color=&#8221;#FFFFFF&#8221; open_toggle_background_color=&#8221;RGBA(255,255,255,0)&#8221; closed_toggle_background_color=&#8221;RGBA(255,255,255,0)&#8221; icon_color=&#8221;#72d7ff&#8221; toggle_icon=&#8221;&#xf5bb;||fa||900&#8243; open_icon_color=&#8221;#72d7ff&#8221; open_toggle_icon=&#8221;&#xf5bb;||fa||900&#8243; _builder_version=&#8221;4.27.4&#8243; _module_preset=&#8221;default&#8221; title_text_color=&#8221;#FFFFFF&#8221; title_level=&#8221;h3&#8243; title_font_size=&#8221;25px&#8221; body_text_color=&#8221;#FFFFFF&#8221; custom_margin=&#8221;||0px||false|false&#8221; custom_margin_tablet=&#8221;||0px||false|false&#8221; custom_margin_phone=&#8221;-2%||0px||false|false&#8221; custom_margin_last_edited=&#8221;on|phone&#8221; custom_padding=&#8221;0px||||false|false&#8221; hover_enabled=&#8221;0&#8243; title_font_size_tablet=&#8221;25px&#8221; title_font_size_phone=&#8221;20px&#8221; title_font_size_last_edited=&#8221;on|phone&#8221; custom_css_toggle_title=&#8221;margin: 0 -7px&#8221; custom_css_toggle_content=&#8221;margin: 0 -7px&#8221; border_width_all=&#8221;0px&#8221; border_width_bottom=&#8221;1px&#8221; global_colors_info=&#8221;{}&#8221; sticky_enabled=&#8221;0&#8243;]<\/p>\n<p style=\"font-size: 18px; font-weight: 800; color: #72d7ff;\"><a style=\"color: #72d7ff;\" href=\"https:\/\/agenciaseolocal.eu\/bedda\/depilacion-laser-gijon\/\">Centro de depilaci\u00f3n l\u00e1ser Gij\u00f3n<\/a><\/p>\n<hr style=\"margin-top: -3%;\" \/>\n<p><span style=\"color: #ffffff;\"><a href=\"https:\/\/www.google.com\/maps?cid=18396564086927494713\" target=\"_blank\" rel=\"noopener\" style=\"color: #ffffff;\">Av de Galicia, 87, 33212 Gij\u00f3n, Asturias<\/a><\/span><\/p>\n<p><strong>Horario:<\/strong><br \/>\nL. a V. 09:00 a 21:00<br \/>\nS. 10:00 a 14:00 (ininterrumpidamente)<\/p>\n<p style=\"font-size: 18px; font-weight: 800; color: #72d7ff;\"><a style=\"color: #72d7ff;\" href=\"https:\/\/agenciaseolocal.eu\/bedda\/depilacion-laser-gijon\/\">Centro de depilaci\u00f3n l\u00e1ser Alcampo Gij\u00f3n<\/a><\/p>\n<hr style=\"margin-top: -3%;\" \/>\n<p><span style=\"color: #ffffff;\"><a href=\"https:\/\/www.google.com\/maps?cid=7051125832257557657\" target=\"_blank\" rel=\"noopener\" style=\"color: #ffffff;\">AS-II, 1306, Centro Comercial Alcampo, 33211 Gij\u00f3n, Asturias<\/a><\/span><\/p>\n<p><strong>Horario:<\/strong><br \/>\nL. a S. 10:00 a 22:00 (ininterrumpidamente)<br \/>\n<span>Registro sanitario: C.3\/6511.<\/span><\/p>\n<p style=\"font-size: 18px; font-weight: 800; color: #72d7ff;\"><a style=\"color: #72d7ff;\" href=\"https:\/\/agenciaseolocal.eu\/bedda\/depilacion-laser-oviedo\/\">Centro de depilaci\u00f3n l\u00e1ser Parque Principado<\/a><\/p>\n<hr style=\"margin-top: -3%;\" \/>\n<p><span style=\"color: #ffffff;\"><a href=\"https:\/\/www.google.com\/maps?cid=2765536801826704249\" target=\"_blank\" rel=\"noopener\" style=\"color: #ffffff;\">Parque Principado, Autov\u00eda Ruta de la Plata, Km. 4, 5 Centro Comercial, 33429 Paredes El Cuetu, Asturias<\/a><\/span><\/p>\n<p><strong>Horario:<\/strong><br \/>\nL. a S. 10:00 a 22:00<br \/>\n(ininterrumpidamente)[\/et_pb_toggle][et_pb_toggle title=&#8221;Galicia&#8221; open_toggle_text_color=&#8221;#FFFFFF&#8221; open_toggle_background_color=&#8221;RGBA(255,255,255,0)&#8221; closed_toggle_background_color=&#8221;RGBA(255,255,255,0)&#8221; icon_color=&#8221;#72d7ff&#8221; toggle_icon=&#8221;&#xf5bb;||fa||900&#8243; open_icon_color=&#8221;#72d7ff&#8221; open_toggle_icon=&#8221;&#xf5bb;||fa||900&#8243; _builder_version=&#8221;4.27.3&#8243; _module_preset=&#8221;default&#8221; title_text_color=&#8221;#FFFFFF&#8221; title_level=&#8221;h3&#8243; title_font_size=&#8221;25px&#8221; body_text_color=&#8221;#FFFFFF&#8221; custom_margin=&#8221;||0px||false|false&#8221; title_font_size_tablet=&#8221;25px&#8221; title_font_size_phone=&#8221;20px&#8221; title_font_size_last_edited=&#8221;on|phone&#8221; custom_css_toggle_title=&#8221;margin: 0 -7px&#8221; custom_css_toggle_content=&#8221;margin: 0 -7px&#8221; border_width_all=&#8221;0px&#8221; border_width_bottom=&#8221;1px&#8221; global_colors_info=&#8221;{}&#8221;]<\/p>\n<p style=\"font-size: 18px; font-weight: 800; color: #ff79a5;\"><a style=\"color: #72d7ff;\" href=\"https:\/\/agenciaseolocal.eu\/bedda\/depilacion-laser-lugo\/\">Centro de depilaci\u00f3n l\u00e1ser Lugo<\/a><\/p>\n<hr style=\"margin-top: -3%;\" \/>\n<p><span style=\"color: #ffffff;\"><a href=\"https:\/\/www.google.com\/maps?cid=931361397690918445\" style=\"color: #ffffff;\" target=\"_blank\" rel=\"noopener\">Av. Infanta Elena, 213, C.C. As Termas, local 15, 27003 Lugo<\/a><\/span><\/p>\n<p><strong>Horario:<\/strong><br \/>\nL. a S. 09:00 a 22:00<br \/>\n(ininterrumpidamente)<\/p>\n<p>Registro sanitario: C-27-001200<\/p>\n<p style=\"font-size: 18px; font-weight: 800; color: #ff79a5;\"><a style=\"color: #72d7ff;\" href=\"https:\/\/agenciaseolocal.eu\/bedda\/depilacion-laser-ferrol\/\">Centro de depilaci\u00f3n l\u00e1ser Ferrol<\/a><\/p>\n<hr style=\"margin-top: -3%;\" \/>\n<p><span style=\"color: #ffffff;\"><a href=\"https:\/\/www.google.com\/maps?cid=15642665670050053254\" target=\"_blank\" rel=\"noopener\" style=\"color: #ffffff;\">Alcampo Ferrol, local 20, Pol. Ind. G\u00e1ndara, 15404 Ferrol, A Coru\u00f1a<\/a><\/span><\/p>\n<p><strong>Horario:<\/strong><br \/>\nL. a S.,10:00 a 22:00<br \/>\n(ininterrumpidamente)<br \/>\nRegistro sanitario: C-15-004258<\/p>\n<p style=\"font-size: 18px; font-weight: 800; color: #ff79a5;\"><a style=\"color: #72d7ff;\" href=\"https:\/\/agenciaseolocal.eu\/bedda\/depilacion-laser-a-coruna\/\">Centro de depilaci\u00f3n l\u00e1ser A Coru\u00f1a<\/a><\/p>\n<hr style=\"margin-top: -3%;\" \/>\n<p><span style=\"color: #ffffff;\"><a href=\"https:\/\/www.google.com\/maps?cid=2989802485933401418\" target=\"_blank\" rel=\"noopener\" style=\"color: #ffffff;\">R\u00faa Ram\u00f3n y Cajal, 53, 15006 A Coru\u00f1a<\/a><\/span><\/p>\n<p><strong>Horario:<\/strong><br \/>\nL. a S. 09:00 a 21:00 (ininterrumpidamente)[\/et_pb_toggle][\/et_pb_column][et_pb_column type=&#8221;1_3&#8243; _builder_version=&#8221;4.21.0&#8243; _module_preset=&#8221;default&#8221; global_colors_info=&#8221;{}&#8221;][et_pb_toggle title=&#8221;Cantabria&#8221; open_toggle_text_color=&#8221;#FFFFFF&#8221; open_toggle_background_color=&#8221;RGBA(255,255,255,0)&#8221; closed_toggle_background_color=&#8221;RGBA(255,255,255,0)&#8221; icon_color=&#8221;#72d7ff&#8221; toggle_icon=&#8221;&#xf5bb;||fa||900&#8243; open_icon_color=&#8221;#72d7ff&#8221; open_toggle_icon=&#8221;&#xf5bb;||fa||900&#8243; _builder_version=&#8221;4.22.1&#8243; _module_preset=&#8221;default&#8221; title_text_color=&#8221;#FFFFFF&#8221; title_level=&#8221;h3&#8243; title_font_size=&#8221;25px&#8221; body_text_color=&#8221;#FFFFFF&#8221; custom_margin=&#8221;||0px||false|false&#8221; custom_margin_tablet=&#8221;||0px||false|false&#8221; custom_margin_phone=&#8221;-2%||0px||false|false&#8221; custom_margin_last_edited=&#8221;on|phone&#8221; custom_padding=&#8221;0px||||false|false&#8221; title_font_size_tablet=&#8221;25px&#8221; title_font_size_phone=&#8221;20px&#8221; title_font_size_last_edited=&#8221;on|phone&#8221; custom_css_toggle_title=&#8221;margin: 0 -7px&#8221; custom_css_toggle_content=&#8221;margin: 0 -7px&#8221; border_width_all=&#8221;0px&#8221; border_width_bottom=&#8221;1px&#8221; global_colors_info=&#8221;{}&#8221;]<\/p>\n<p style=\"font-size: 18px; font-weight: 800; color: #ff79a5;\"><a style=\"color: #72d7ff;\" href=\"https:\/\/agenciaseolocal.eu\/bedda\/depilacion-laser-santander\/\">Centro de depilaci\u00f3n l\u00e1ser Santander<\/a><\/p>\n<hr style=\"margin-top: -3%;\" \/>\n<p><span style=\"color: #ffffff;\"><a href=\"https:\/\/www.google.com\/maps?cid=1396254009351915747\" target=\"_blank\" rel=\"noopener\" style=\"color: #ffffff;\">C\/ Joaqu\u00edn Rodrigo, 2, 39011 Santander, Cantabria<\/a><\/span><\/p>\n<p><strong>Horario:<\/strong><br \/>L. a S. 09:00 a 21:00<\/p>\n<p style=\"font-size: 18px; font-weight: 800; color: #ff79a5;\"><a style=\"color: #72d7ff;\" href=\"https:\/\/agenciaseolocal.eu\/bedda\/depilacion-laser-santander\/\">Centro de depilaci\u00f3n l\u00e1ser Santander<\/a><\/p>\n<hr style=\"margin-top: -3%;\" \/>\n<p><span style=\"color: #ffffff;\"><a href=\"https:\/\/www.google.com\/maps?cid=2276375283976921748\" style=\"color: #ffffff;\" target=\"_blank\" rel=\"noopener\">C. Hern\u00e1n Cort\u00e9s, 8, Bajo, 39003 Santander, Cantabria<\/a><\/span><\/p>\n<p><strong>Horario:<\/strong><br \/>L. a V. 09:00 a 20:00 y S. 09:30 a 13:30<\/p>\n<p>[\/et_pb_toggle][et_pb_toggle title=&#8221;Navarra&#8221; open_toggle_text_color=&#8221;#FFFFFF&#8221; open_toggle_background_color=&#8221;RGBA(255,255,255,0)&#8221; closed_toggle_background_color=&#8221;RGBA(255,255,255,0)&#8221; icon_color=&#8221;#72d7ff&#8221; toggle_icon=&#8221;&#xf5bb;||fa||900&#8243; open_icon_color=&#8221;#72d7ff&#8221; open_toggle_icon=&#8221;&#xf5bb;||fa||900&#8243; _builder_version=&#8221;4.27.4&#8243; _module_preset=&#8221;default&#8221; title_text_color=&#8221;#FFFFFF&#8221; title_level=&#8221;h3&#8243; title_font_size=&#8221;25px&#8221; body_text_color=&#8221;#FFFFFF&#8221; custom_margin=&#8221;||0px||false|false&#8221; title_font_size_tablet=&#8221;25px&#8221; title_font_size_phone=&#8221;20px&#8221; title_font_size_last_edited=&#8221;on|phone&#8221; custom_css_toggle_title=&#8221;margin: 0 -7px&#8221; custom_css_toggle_content=&#8221;margin: 0 -7px&#8221; border_width_all=&#8221;0px&#8221; border_width_bottom=&#8221;1px&#8221; global_colors_info=&#8221;{}&#8221;]<\/p>\n<p style=\"font-size: 18px; font-weight: 800; color: #ff79a5;\"><a style=\"color: #72d7ff;\" href=\"https:\/\/agenciaseolocal.eu\/bedda\/depilacion-laser-pamplona\/\">Centro de depilaci\u00f3n l\u00e1ser Pamplona<\/a><\/p>\n<hr style=\"margin-top: -3%;\" \/>\n<p><span style=\"color: #ffffff;\"><a href=\"https:\/\/www.google.com\/maps?cid=11459987850439882151\" target=\"_blank\" rel=\"noopener\" style=\"color: #ffffff;\">Av. de Carlos III el Noble Etorbidea, 12, 31002 Pamplona, Navarra<\/a><\/span><\/p>\n<p><strong>Horario:<\/strong><br \/>\nL. a V. 09:00 a 20:00; y S. 10:00 a 14:00<\/p>\n<p style=\"font-size: 18px; font-weight: 800; color: #ff79a5;\"><a style=\"color: #72d7ff;\" href=\"https:\/\/agenciaseolocal.eu\/bedda\/depilacion-laser-pamplona\/\">Centro de depilaci\u00f3n l\u00e1ser Pamplona<\/a><\/p>\n<hr style=\"margin-top: -3%;\" \/>\n<p><span style=\"color: #ffffff;\"><a href=\"https:\/\/www.google.com\/maps?cid=3727468443520473239\" target=\"_blank\" rel=\"noopener\" style=\"color: #ffffff;\">Local, C. Soto Aizo\u00e1in, 24, 31013 Pamplona, Navarra<\/a><\/span><\/p>\n<p><strong>Horario:<\/strong><br \/>\nL. a S. 09:00 a 21:00<br \/>\n(ininterrumpidamente)[\/et_pb_toggle][\/et_pb_column][et_pb_column type=&#8221;1_3&#8243; _builder_version=&#8221;4.21.0&#8243; _module_preset=&#8221;default&#8221; global_colors_info=&#8221;{}&#8221;][et_pb_toggle title=&#8221;Castilla y Le\u00f3n&#8221; open_toggle_text_color=&#8221;#FFFFFF&#8221; open_toggle_background_color=&#8221;RGBA(255,255,255,0)&#8221; closed_toggle_background_color=&#8221;RGBA(255,255,255,0)&#8221; icon_color=&#8221;#72d7ff&#8221; toggle_icon=&#8221;&#xf5bb;||fa||900&#8243; open_icon_color=&#8221;#72d7ff&#8221; open_toggle_icon=&#8221;&#xf5bb;||fa||900&#8243; _builder_version=&#8221;4.27.4&#8243; _module_preset=&#8221;default&#8221; title_text_color=&#8221;#FFFFFF&#8221; title_level=&#8221;h3&#8243; title_font_size=&#8221;25px&#8221; body_text_color=&#8221;#FFFFFF&#8221; custom_margin=&#8221;||0px||false|false&#8221; custom_margin_tablet=&#8221;||0px||false|false&#8221; custom_margin_phone=&#8221;-2%||0px||false|false&#8221; custom_margin_last_edited=&#8221;on|phone&#8221; custom_padding=&#8221;0px||||false|false&#8221; title_font_size_tablet=&#8221;25px&#8221; title_font_size_phone=&#8221;20px&#8221; title_font_size_last_edited=&#8221;on|phone&#8221; custom_css_toggle_title=&#8221;margin: 0 -7px&#8221; custom_css_toggle_icon=&#8221;margin-right:2%&#8221; custom_css_toggle_content=&#8221;margin: 0 -7px&#8221; border_width_all=&#8221;0px&#8221; border_width_bottom=&#8221;1px&#8221; global_colors_info=&#8221;{}&#8221;]<\/p>\n<p style=\"font-size: 18px; font-weight: 800; color: #ff79a5;\"><a style=\"color: #72d7ff;\" href=\"https:\/\/agenciaseolocal.eu\/bedda\/depilacion-laser-ponferrada\/\">Centro de depilaci\u00f3n l\u00e1ser Ponferrada<\/a><\/p>\n<hr style=\"margin-top: -3%;\" \/>\n<p>Av. de la Constituci\u00f3n, 2, 24404 Ponferrada, Le\u00f3n<br \/>\nHorario:<br \/>\nL. a S. 09:00 a 22:00<br \/>\n(ininterrumpidamente)<\/p>\n<p style=\"font-size: 18px; font-weight: 800; color: #ff79a5;\"><a style=\"color: #72d7ff;\" href=\"https:\/\/agenciaseolocal.eu\/bedda\/depilacion-laser-valladolid\/\">Centro de depilaci\u00f3n l\u00e1ser Valladolid<\/a><\/p>\n<hr style=\"margin-top: -3%;\" \/>\n<p><span style=\"color: #ffffff;\"><a href=\"https:\/\/www.google.com\/maps?cid=385143440562133586\" target=\"_blank\" rel=\"noopener\" style=\"color: #ffffff;\">P.\u00ba de Zorrilla, S\/N, 47008 Valladolid<\/a><\/span><\/p>\n<p><strong>Horario:<\/strong><br \/>\nL. a S. 09:00 a 22:00 (ininterrumpidamente)<\/p>\n<p style=\"font-size: 18px; font-weight: 800; color: #ff79a5;\"><a style=\"color: #72d7ff;\" href=\"https:\/\/agenciaseolocal.eu\/bedda\/depilacion-laser-burgos\/\">Centro de depilaci\u00f3n l\u00e1ser Burgos<\/a><\/p>\n<hr style=\"margin-top: -3%;\" \/>\n<p><span style=\"color: #ffffff;\"><a href=\"https:\/\/www.google.com\/maps?cid=16731136443259627574\" target=\"_blank\" rel=\"noopener\" style=\"color: #ffffff;\">Centro Comercial El Mirador de Burgos, Ctra. Santander, 2, 09006 Burgos<\/a><\/span><\/p>\n<p><strong>Horario:<\/strong><br \/>\nL. a S. 09:30 a 21:30[\/et_pb_toggle][et_pb_toggle title=&#8221;Pa\u00eds Vasco&#8221; open_toggle_text_color=&#8221;#FFFFFF&#8221; open_toggle_background_color=&#8221;RGBA(255,255,255,0)&#8221; closed_toggle_background_color=&#8221;RGBA(255,255,255,0)&#8221; icon_color=&#8221;#72d7ff&#8221; toggle_icon=&#8221;&#xf5bb;||fa||900&#8243; open_icon_color=&#8221;#72d7ff&#8221; open_toggle_icon=&#8221;&#xf5bb;||fa||900&#8243; _builder_version=&#8221;4.25.0&#8243; _module_preset=&#8221;default&#8221; title_text_color=&#8221;#FFFFFF&#8221; title_level=&#8221;h3&#8243; title_font_size=&#8221;25px&#8221; body_text_color=&#8221;#FFFFFF&#8221; custom_margin=&#8221;||0px||false|false&#8221; title_font_size_tablet=&#8221;25px&#8221; title_font_size_phone=&#8221;20px&#8221; title_font_size_last_edited=&#8221;on|phone&#8221; custom_css_toggle_title=&#8221;margin: 0 -7px&#8221; custom_css_toggle_content=&#8221;margin: 0 -7px&#8221; border_width_all=&#8221;0px&#8221; border_width_bottom=&#8221;1px&#8221; global_colors_info=&#8221;{}&#8221;]<\/p>\n<p style=\"font-size: 18px; font-weight: 800; color: #ff79a5;\"><a style=\"color: #72d7ff;\" href=\"https:\/\/agenciaseolocal.eu\/bedda\/depilacion-laser-donostia\/\">Centro de depilaci\u00f3n l\u00e1ser San Sebasti\u00e1n<\/a><\/p>\n<hr style=\"margin-top: -3%;\" \/>\n<p><span style=\"color: #ffffff;\"><a href=\"https:\/\/www.google.com\/maps?cid=5172837980547941746\" target=\"_blank\" rel=\"noopener\" style=\"color: #ffffff;\">San Bartolome Kalea, 6, 20006 Donostia, Gipuzkoa<\/a><\/span><\/p>\n<p><strong>Horario:<\/strong><br \/>\n<span>L. a V. 09:00 a 21:00; y S. 09:00 a 19:30\u00a0<\/span><\/p>\n<p>Registro Sanitario: C3-12843<\/p>\n<p style=\"font-size: 18px; font-weight: 800; color: #ff79a5;\"><a style=\"color: #72d7ff;\" href=\"https:\/\/agenciaseolocal.eu\/bedda\/depilacion-laser-bilbao\/\">Centro de depilaci\u00f3n l\u00e1ser Bilbao Ercilla<\/a><\/p>\n<hr style=\"margin-top: -3%;\" \/>\n<p>(Cerrado permanentemente)<br \/>\nNos trasladamos a Zubiarte.<\/p>\n<p style=\"font-size: 18px; font-weight: 800; color: #ff79a5;\"><a style=\"color: #72d7ff;\" href=\"https:\/\/agenciaseolocal.eu\/bedda\/depilacion-laser-bilbao\/\">Centro de depilaci\u00f3n l\u00e1ser Bilbao<\/a><\/p>\n<hr style=\"margin-top: -3%;\" \/>\n<p><span style=\"color: #ffffff;\"><a href=\"https:\/\/www.google.com\/maps?cid=1884237436586041845\" target=\"_blank\" rel=\"noopener\" style=\"color: #ffffff;\">Leizaola Lehendakariaren Kalea, 2, 48011 Bilbo, Bizkaia<\/a><\/span><\/p>\n<p><strong>Horario:<\/strong><br \/>\nL. a S. 10:00 a 22:00<br \/>\n(ininterrumpidamente)<\/p>\n<p>Registro Sanitario: C3-12594<\/p>\n<p style=\"font-size: 18px; font-weight: 800; color: #ff79a5;\"><a style=\"color: #72d7ff;\" href=\"https:\/\/agenciaseolocal.eu\/bedda\/depilacion-laser-abadino\/\">Centro de depilaci\u00f3n l\u00e1ser Abadi\u00f1o<\/a><\/p>\n<hr style=\"margin-top: -3%;\" \/>\n<p><span style=\"color: #ffffff;\"><a href=\"https:\/\/www.google.com\/maps?cid=8872535479484832616\" target=\"_blank\" rel=\"noopener\" style=\"color: #ffffff;\">Centro Comercial, Barrio Murueta S\/N, 48220 Abadi\u00f1o, Biscay<\/a><\/span><\/p>\n<p><strong>Horario:<\/strong><br \/>\nL. a S. 09:30 a 21:00<br \/>\n(ininterrumpidamente)<\/p>\n<p style=\"font-size: 18px; font-weight: 800; color: #ff79a5;\"><a style=\"color: #72d7ff;\" href=\"https:\/\/agenciaseolocal.eu\/bedda\/depilacion-laser-irun\/\">Centro de depilaci\u00f3n l\u00e1ser Ir\u00fan<\/a><\/p>\n<hr style=\"margin-top: -3%;\" \/>\n<p><span style=\"color: #ffffff;\"><a href=\"https:\/\/www.google.com\/maps?cid=14481689227748707943\" target=\"_blank\" rel=\"noopener\" style=\"color: #ffffff;\">Colon Ibilbidea, 32, 20301 Irun, Gipuzkoa<\/a><\/span><\/p>\n<p><strong>Horario:<\/strong><br \/>\nL. a V. 10:00 a 20:00 y S. 10:00 a 14:00<\/p>\n<p>Registro Sanitario: C3-13352<\/p>\n<p style=\"font-size: 18px; font-weight: 800; color: #ff79a5;\"><a style=\"color: #72d7ff;\" href=\"https:\/\/agenciaseolocal.eu\/bedda\/depilacion-laser-barakaldo\/\">Centro de depilaci\u00f3n l\u00e1ser Barakaldo<\/a><\/p>\n<hr style=\"margin-top: -3%;\" \/>\n<p><span style=\"color: #ffffff;\"><a href=\"https:\/\/www.google.com\/maps?cid=7485099837098094460\" target=\"_blank\" rel=\"noopener\" style=\"color: #ffffff;\">Centro Comercial Los Fueros, Pormetxeta Kalea, 2, A Local 15, 48901 Barakaldo, Biscay<\/a><\/span><\/p>\n<p><strong>Horario:<\/strong><br \/>\n<span>L. a V. 10:00 a 20:00<\/span>[\/et_pb_toggle][\/et_pb_column][\/et_pb_row][\/et_pb_section][et_pb_section fb_built=&#8221;1&#8243; custom_padding_last_edited=&#8221;on|phone&#8221; _builder_version=&#8221;4.21.0&#8243; _module_preset=&#8221;default&#8221; background_image=&#8221;https:\/\/agenciaseolocal.eu\/bedda\/wp-content\/uploads\/2023\/05\/fondo-flores.png&#8221; background_size=&#8221;contain&#8221; background_position=&#8221;top_center&#8221; custom_margin=&#8221;||||false|false&#8221; custom_padding=&#8221;35px||16px||false|false&#8221; custom_padding_tablet=&#8221;35px||16px||false|false&#8221; custom_padding_phone=&#8221;15px||||false|false&#8221; locked=&#8221;off&#8221; global_colors_info=&#8221;{}&#8221;][et_pb_row column_structure=&#8221;2_3,1_3&#8243; _builder_version=&#8221;4.21.0&#8243; _module_preset=&#8221;default&#8221; width=&#8221;95%&#8221; custom_padding=&#8221;||60px||false|false&#8221; global_colors_info=&#8221;{}&#8221;][et_pb_column type=&#8221;2_3&#8243; _builder_version=&#8221;4.21.0&#8243; _module_preset=&#8221;default&#8221; global_colors_info=&#8221;{}&#8221;][et_pb_text _builder_version=&#8221;4.21.0&#8243; _module_preset=&#8221;default&#8221; text_font=&#8221;catalish-huntera||||||||&#8221; text_font_size=&#8221;30px&#8221; text_line_height=&#8221;1.4em&#8221; header_2_font_size=&#8221;45px&#8221; custom_padding_tablet=&#8221;&#8221; custom_padding_phone=&#8221;|7px||7px|false|true&#8221; custom_padding_last_edited=&#8221;on|phone&#8221; text_font_size_tablet=&#8221;40px&#8221; text_font_size_phone=&#8221;20px&#8221; text_font_size_last_edited=&#8221;on|phone&#8221; header_2_font_size_tablet=&#8221;45px&#8221; header_2_font_size_phone=&#8221;30px&#8221; header_2_font_size_last_edited=&#8221;on|phone&#8221; locked=&#8221;off&#8221; global_colors_info=&#8221;{}&#8221;]<\/p>\n<p class=\"manuscrita\" style=\"color: #00c0ff !important;\">FAQ<\/p>\n<h2>Preguntas Frecuentes sobre depilaci\u00f3n l\u00e1ser masculina<\/h2>\n<p>[\/et_pb_text][et_pb_accordion open_toggle_text_color=&#8221;#72d7ff&#8221; open_toggle_background_color=&#8221;RGBA(255,255,255,0)&#8221; closed_toggle_background_color=&#8221;RGBA(255,255,255,0)&#8221; toggle_icon=&#8221;&#xf5bb;||fa||900&#8243; icon_color=&#8221;#72d7ff&#8221; _builder_version=&#8221;4.21.0&#8243; _module_preset=&#8221;default&#8221; toggle_text_color=&#8221;#686970&#8243; toggle_level=&#8221;h3&#8243; toggle_font=&#8221;||||||||&#8221; toggle_font_size=&#8221;24px&#8221; toggle_font_size_tablet=&#8221;24px&#8221; toggle_font_size_phone=&#8221;20px&#8221; toggle_font_size_last_edited=&#8221;on|phone&#8221; custom_css_toggle_title=&#8221;margin: 0 -7px&#8221; custom_css_toggle_content=&#8221;margin: 0 -7px&#8221; border_color_all=&#8221;#bb9495&#8243; border_color_bottom=&#8221;#00c0ff&#8221; global_colors_info=&#8221;{}&#8221;][et_pb_accordion_item title=&#8221;\u00bfEn qu\u00e9 se diferencia la depilaci\u00f3n l\u00e1ser de hombre de la depilaci\u00f3n l\u00e1ser de mujer?&#8221; open=&#8221;on&#8221; _builder_version=&#8221;4.21.0&#8243; _module_preset=&#8221;default&#8221; custom_margin=&#8221;||0px||false|false&#8221; border_width_all=&#8221;0px&#8221; border_width_bottom=&#8221;1px&#8221; global_colors_info=&#8221;{}&#8221;]<\/p>\n<p><span style=\"font-weight: 400;\">La diferencia entre la depilaci\u00f3n l\u00e1ser de hombres y mujeres est\u00e1 en <strong>las \u00e1reas tratadas<\/strong>. Si bien <strong>el proceso y la tecnolog\u00eda utilizada son similares<\/strong>, los <strong>hombres<\/strong> generalmente optan por tratar <strong>zonas como el pecho, espalda, abdomen y vello facial<\/strong>, mientras que las <strong>mujeres<\/strong> tienden a depilar \u00e1reas como <strong>las piernas, axilas, l\u00ednea del bikini y rostro.<\/strong><\/span><\/p>\n<p>[\/et_pb_accordion_item][et_pb_accordion_item title=&#8221;\u00bfCu\u00e1ntas sesiones de depilaci\u00f3n l\u00e1ser necesita un hombre para ver resultados permanentes?&#8221; _builder_version=&#8221;4.21.0&#8243; _module_preset=&#8221;default&#8221; custom_margin=&#8221;||0px||false|false&#8221; border_width_all=&#8221;0px&#8221; border_width_bottom=&#8221;1px&#8221; global_colors_info=&#8221;{}&#8221; open=&#8221;off&#8221;]<\/p>\n<p><span style=\"font-weight: 400;\">La cantidad de sesiones de depilaci\u00f3n l\u00e1ser que necesita un hombre para ver resultados permanentes var\u00eda seg\u00fan cada individuo y la zona tratada. Por lo general, <strong>recomendamos de 6 a 8 sesiones<\/strong> espaciadas en intervalos de <strong>4 a 8 semanas<\/strong>. Sin embargo, es importante tener en cuenta que cada hombre puede requerir un n\u00famero diferente de sesiones para obtener resultados \u00f3ptimos.<\/span><\/p>\n<p>[\/et_pb_accordion_item][et_pb_accordion_item title=&#8221;\u00bfCu\u00e1les son las zonas m\u00e1s comunes para la depilaci\u00f3n l\u00e1ser en hombres?&#8221; _builder_version=&#8221;4.21.0&#8243; _module_preset=&#8221;default&#8221; custom_margin=&#8221;||0px||false|false&#8221; border_width_all=&#8221;0px&#8221; border_width_bottom=&#8221;1px&#8221; global_colors_info=&#8221;{}&#8221; open=&#8221;off&#8221;]<\/p>\n<p><span style=\"font-weight: 400;\">Las zonas m\u00e1s comunes para la depilaci\u00f3n l\u00e1ser en hombres incluyen:<\/span><\/p>\n<ul>\n<li style=\"font-weight: 400;\" aria-level=\"1\"><span style=\"font-weight: 400;\">Pecho<\/span><\/li>\n<li style=\"font-weight: 400;\" aria-level=\"1\"><span style=\"font-weight: 400;\">Espalda<\/span><\/li>\n<li style=\"font-weight: 400;\" aria-level=\"1\"><span style=\"font-weight: 400;\">Abdomen<\/span><\/li>\n<li style=\"font-weight: 400;\" aria-level=\"1\"><span style=\"font-weight: 400;\">Hombros<\/span><\/li>\n<li style=\"font-weight: 400;\" aria-level=\"1\"><span style=\"font-weight: 400;\">Piernas<\/span><\/li>\n<li style=\"font-weight: 400;\" aria-level=\"1\"><span style=\"font-weight: 400;\">Brazos<\/span><\/li>\n<li style=\"font-weight: 400;\" aria-level=\"1\"><span style=\"font-weight: 400;\">\u00c1rea del cuello<\/span><\/li>\n<\/ul>\n<p><span style=\"font-weight: 400;\">Sin embargo, cada persona puede tener preferencias y necesidades individuales, por lo que es importante <strong>consultar con un profesional<\/strong> para determinar las zonas espec\u00edficas a tratar.<\/span><\/p>\n<p>[\/et_pb_accordion_item][et_pb_accordion_item title=&#8221;\u00bfCu\u00e1nto tiempo dura cada sesi\u00f3n de depilaci\u00f3n l\u00e1ser masculina en Centros bedda?&#8221; _builder_version=&#8221;4.21.0&#8243; _module_preset=&#8221;default&#8221; custom_margin=&#8221;||0px||false|false&#8221; border_width_all=&#8221;0px&#8221; border_width_bottom=&#8221;1px&#8221; global_colors_info=&#8221;{}&#8221; open=&#8221;off&#8221;]<\/p>\n<p><span style=\"font-weight: 400;\">La duraci\u00f3n de cada sesi\u00f3n de depilaci\u00f3n l\u00e1ser masculina en Centros bedda <strong>var\u00eda seg\u00fan la zona tratada y la cantidad de vello a eliminar<\/strong>. En promedio, una sesi\u00f3n <strong>puede durar entre 15 y 60 minutos<\/strong>. Sin embargo, es importante tener en cuenta que el tiempo exacto puede variar y ser\u00e1 determinado por nuestro especialista durante la consulta inicial.<\/span><\/p>\n<p>[\/et_pb_accordion_item][et_pb_accordion_item title=&#8221;\u00bfSe puede realizar la depilaci\u00f3n l\u00e1ser para hombre en todo tipo de pieles?&#8221; _builder_version=&#8221;4.21.0&#8243; _module_preset=&#8221;default&#8221; custom_margin=&#8221;||0px||false|false&#8221; border_width_all=&#8221;0px&#8221; border_width_bottom=&#8221;1px&#8221; global_colors_info=&#8221;{}&#8221; open=&#8221;off&#8221;]<\/p>\n<p><span style=\"font-weight: 400;\">La depilaci\u00f3n l\u00e1ser para hombre se puede realizar en <strong>la mayor\u00eda de los tipos de piel, incluyendo pieles claras, medias y oscuras<\/strong>. Sin embargo, la efectividad y seguridad pueden variar seg\u00fan el tipo de piel y el color del vello.\u00a0<\/span><\/p>\n<p>[\/et_pb_accordion_item][et_pb_accordion_item title=&#8221;\u00bfSe puede realizar la depilaci\u00f3n l\u00e1ser en hombres en cualquier \u00e9poca del a\u00f1o en Centros bedda?&#8221; _builder_version=&#8221;4.21.0&#8243; _module_preset=&#8221;default&#8221; custom_margin=&#8221;||0px||false|false&#8221; border_width_all=&#8221;0px&#8221; border_width_bottom=&#8221;1px&#8221; global_colors_info=&#8221;{}&#8221; open=&#8221;off&#8221;]<\/p>\n<p><span style=\"font-weight: 400;\">S\u00ed, la depilaci\u00f3n l\u00e1ser en hombres se puede realizar en cualquier \u00e9poca del a\u00f1o en Centros bedda. A diferencia de otros m\u00e9todos de depilaci\u00f3n,<strong> la depilaci\u00f3n l\u00e1ser no est\u00e1 limitada por la exposici\u00f3n al sol<\/strong>. Sin embargo, es importante seguir las recomendaciones de nuestro especialista y evitar la exposici\u00f3n solar directa antes y despu\u00e9s del tratamiento para obtener mejores resultados.<\/span><\/p>\n<p>[\/et_pb_accordion_item][et_pb_accordion_item title=&#8221;\u00bfCu\u00e1les son los cuidados posteriores recomendados despu\u00e9s de cada sesi\u00f3n de depilaci\u00f3n l\u00e1ser masculina?&#8221; _builder_version=&#8221;4.21.0&#8243; _module_preset=&#8221;default&#8221; custom_margin=&#8221;||0px||false|false&#8221; border_width_all=&#8221;0px&#8221; border_width_bottom=&#8221;1px&#8221; global_colors_info=&#8221;{}&#8221; open=&#8221;off&#8221;]<\/p>\n<p><span style=\"font-weight: 400;\">Despu\u00e9s de cada sesi\u00f3n de depilaci\u00f3n l\u00e1ser masculina, recomendamos <strong>evitar la exposici\u00f3n solar directa, usar protector solar, evitar el uso de productos irritantes en la piel<\/strong> y no realizar actividades que generen sudor excesivo.\u00a0<\/span><\/p>\n<p>[\/et_pb_accordion_item][\/et_pb_accordion][\/et_pb_column][et_pb_column type=&#8221;1_3&#8243; _builder_version=&#8221;4.21.0&#8243; _module_preset=&#8221;default&#8221; global_colors_info=&#8221;{}&#8221;][et_pb_blurb use_icon=&#8221;on&#8221; font_icon=&#8221;&#xf4ad;||fa||900&#8243; icon_color=&#8221;#72d7ff&#8221; _builder_version=&#8221;4.22.1&#8243; _module_preset=&#8221;default&#8221; custom_margin=&#8221;23%||||false|false&#8221; custom_margin_tablet=&#8221;23%||||false|false&#8221; custom_margin_phone=&#8221;5%||||false|false&#8221; custom_margin_last_edited=&#8221;on|phone&#8221; custom_padding_tablet=&#8221;&#8221; custom_padding_phone=&#8221;|7px||7px|false|true&#8221; custom_padding_last_edited=&#8221;on|phone&#8221; animation=&#8221;off&#8221; global_colors_info=&#8221;{}&#8221;]<\/p>\n<div class=\"title-cta\" style=\"text-align: center;\"><strong>\u00bfTienes m\u00e1s preguntas?<\/strong><\/div>\n<p style=\"text-align: center;\">D\u00e9janos tus datos y nos pondremos en contacto contigo lo antes posible.<\/p>\n<p>[\/et_pb_blurb][et_pb_button button_url=&#8221;https:\/\/agenciaseolocal.eu\/bedda\/contactanos\/&#8221; button_text=&#8221;Contacta con nosotros&#8221; button_alignment=&#8221;center&#8221; _builder_version=&#8221;4.22.1&#8243; _module_preset=&#8221;default&#8221; custom_button=&#8221;on&#8221; button_text_size=&#8221;18px&#8221; button_text_color=&#8221;#FFFFFF&#8221; button_bg_color=&#8221;#00c0ff&#8221; button_border_width=&#8221;0px&#8221; button_border_radius=&#8221;50px&#8221; button_font=&#8221;|||on|||||&#8221; button_use_icon=&#8221;off&#8221; custom_padding=&#8221;5px|30px|10px|30px|false|true&#8221; custom_padding_tablet=&#8221;5px|30px|10px|30px|false|true&#8221; custom_padding_phone=&#8221;10px|15px|10px|15px|false|true&#8221; custom_padding_last_edited=&#8221;on|phone&#8221; button_text_size_tablet=&#8221;&#8221; button_text_size_phone=&#8221;16px&#8221; button_text_size_last_edited=&#8221;on|desktop&#8221; box_shadow_style=&#8221;preset1&#8243; global_colors_info=&#8221;{}&#8221; button_text_color__hover=&#8221;#00c0ff&#8221; button_text_color__hover_enabled=&#8221;on|hover&#8221; button_bg_color__hover=&#8221;#FFFFFF&#8221; button_bg_color__hover_enabled=&#8221;on|hover&#8221; button_bg_enable_color__hover=&#8221;on&#8221;][\/et_pb_button][\/et_pb_column][\/et_pb_row][et_pb_row column_structure=&#8221;1_4,1_4,1_4,1_4&#8243; use_custom_gutter=&#8221;on&#8221; gutter_width=&#8221;3&#8243; make_equal=&#8221;on&#8221; custom_padding_last_edited=&#8221;on|phone&#8221; disabled_on=&#8221;off|off|off&#8221; _builder_version=&#8221;4.21.2&#8243; _module_preset=&#8221;default&#8221; background_enable_image=&#8221;off&#8221; background_blend=&#8221;multiply&#8221; width=&#8221;95%&#8221; custom_padding=&#8221;||||false|false&#8221; custom_padding_tablet=&#8221;||||false|false&#8221; custom_padding_phone=&#8221;|5px||20px|false|false&#8221; locked=&#8221;off&#8221; global_colors_info=&#8221;{}&#8221;][et_pb_column type=&#8221;1_4&#8243; _builder_version=&#8221;4.21.2&#8243; _module_preset=&#8221;default&#8221; background_color=&#8221;#686970&#8243; background_image=&#8221;https:\/\/agenciaseolocal.eu\/bedda\/wp-content\/uploads\/2023\/05\/fondo-flores.jpg&#8221; background_blend=&#8221;multiply&#8221; custom_css_main_element=&#8221;margin-left: 2%&#8221; box_shadow_style=&#8221;preset4&#8243; box_shadow_horizontal=&#8221;-15px&#8221; box_shadow_vertical=&#8221;-15px&#8221; box_shadow_color=&#8221;#71d8ff&#8221; global_colors_info=&#8221;{}&#8221;][et_pb_image src=&#8221;https:\/\/agenciaseolocal.eu\/bedda\/wp-content\/uploads\/2023\/05\/cerca-de-ti-blanco.png&#8221; title_text=&#8221;cerca-de-ti-blanco&#8221; show_bottom_space=&#8221;off&#8221; _builder_version=&#8221;4.21.0&#8243; _module_preset=&#8221;default&#8221; width=&#8221;30%&#8221; custom_padding=&#8221;10%|||10%|false|false&#8221; global_colors_info=&#8221;{}&#8221;][\/et_pb_image][et_pb_toggle title=&#8221;Estamos cerca de ti&#8221; open_toggle_text_color=&#8221;#FFFFFF&#8221; open_toggle_background_color=&#8221;RGBA(255,255,255,0)&#8221; closed_toggle_background_color=&#8221;RGBA(255,255,255,0)&#8221; icon_color=&#8221;RGBA(255,255,255,0)&#8221; toggle_icon=&#8221;&#xf54e;||fa||900&#8243; open_icon_color=&#8221;RGBA(255,255,255,0)&#8221; open_toggle_icon=&#8221;&#xf5bb;||fa||900&#8243; _builder_version=&#8221;4.21.0&#8243; _module_preset=&#8221;default&#8221; title_text_color=&#8221;#FFFFFF&#8221; title_level=&#8221;h3&#8243; title_font_size=&#8221;19px&#8221; body_text_color=&#8221;#FFFFFF&#8221; custom_padding=&#8221;3%|10%|10%|10%|false|true&#8221; custom_padding_phone=&#8221;3%|7%|10%|10%|false|false&#8221; custom_padding_last_edited=&#8221;off|phone&#8221; custom_css_toggle_title=&#8221;margin-right:-12%&#8221; border_width_all=&#8221;0px&#8221; locked=&#8221;off&#8221; global_colors_info=&#8221;{}&#8221;]<\/p>\n<p><span style=\"font-weight: 400;\">M\u00e1s de 25 cl\u00ednicas est\u00e9ticas y de depilaci\u00f3n l\u00e1ser en Espa\u00f1a. \u00a1Encuentra tu Centro Bedda m\u00e1s cercano!<\/span><\/p>\n<p>[\/et_pb_toggle][\/et_pb_column][et_pb_column type=&#8221;1_4&#8243; _builder_version=&#8221;4.21.0&#8243; _module_preset=&#8221;default&#8221; background_color=&#8221;#686970&#8243; background_image=&#8221;https:\/\/agenciaseolocal.eu\/bedda\/wp-content\/uploads\/2023\/05\/fondo-flores.jpg&#8221; background_blend=&#8221;multiply&#8221; custom_css_main_element=&#8221;margin-left: -2%&#8221; box_shadow_style=&#8221;preset4&#8243; box_shadow_horizontal=&#8221;-15px&#8221; box_shadow_vertical=&#8221;-15px&#8221; box_shadow_color=&#8221;#71d8ff&#8221; global_colors_info=&#8221;{}&#8221;][et_pb_image src=&#8221;https:\/\/agenciaseolocal.eu\/bedda\/wp-content\/uploads\/2023\/05\/experiencia-blanco.png&#8221; title_text=&#8221;experiencia-blanco&#8221; show_bottom_space=&#8221;off&#8221; _builder_version=&#8221;4.21.0&#8243; _module_preset=&#8221;default&#8221; width=&#8221;30%&#8221; custom_padding=&#8221;10%|||10%|false|false&#8221; global_colors_info=&#8221;{}&#8221;][\/et_pb_image][et_pb_toggle title=&#8221;Experiencia y profesionalidad&#8221; open_toggle_text_color=&#8221;#FFFFFF&#8221; open_toggle_background_color=&#8221;RGBA(255,255,255,0)&#8221; closed_toggle_background_color=&#8221;RGBA(255,255,255,0)&#8221; icon_color=&#8221;RGBA(255,255,255,0)&#8221; toggle_icon=&#8221;&#xf54e;||fa||900&#8243; open_icon_color=&#8221;RGBA(255,255,255,0)&#8221; open_toggle_icon=&#8221;&#xf5bb;||fa||900&#8243; _builder_version=&#8221;4.21.0&#8243; _module_preset=&#8221;default&#8221; title_text_color=&#8221;#FFFFFF&#8221; title_level=&#8221;h3&#8243; title_font_size=&#8221;19px&#8221; body_text_color=&#8221;#FFFFFF&#8221; custom_padding=&#8221;3%|10%|10%|10%|false|true&#8221; custom_css_toggle_title=&#8221;margin-right:-20%&#8221; border_width_all=&#8221;0px&#8221; locked=&#8221;off&#8221; global_colors_info=&#8221;{}&#8221;]<\/p>\n<p><span style=\"font-weight: 400;\">Contamos con un equipo especializado en medicina est\u00e9tica, depilaci\u00f3n l\u00e1ser y tratamientos de est\u00e9tica avanzada.<\/span><\/p>\n<p>[\/et_pb_toggle][\/et_pb_column][et_pb_column type=&#8221;1_4&#8243; _builder_version=&#8221;4.21.0&#8243; _module_preset=&#8221;default&#8221; background_color=&#8221;#686970&#8243; background_image=&#8221;https:\/\/agenciaseolocal.eu\/bedda\/wp-content\/uploads\/2023\/05\/fondo-flores.jpg&#8221; background_blend=&#8221;multiply&#8221; custom_css_main_element=&#8221;margin-left: -2%&#8221; box_shadow_style=&#8221;preset4&#8243; box_shadow_horizontal=&#8221;-15px&#8221; box_shadow_vertical=&#8221;-15px&#8221; box_shadow_color=&#8221;#71d8ff&#8221; global_colors_info=&#8221;{}&#8221;][et_pb_image src=&#8221;https:\/\/agenciaseolocal.eu\/bedda\/wp-content\/uploads\/2023\/05\/resultados-blanco.png&#8221; title_text=&#8221;resultados-blanco&#8221; show_bottom_space=&#8221;off&#8221; _builder_version=&#8221;4.21.0&#8243; _module_preset=&#8221;default&#8221; width=&#8221;30%&#8221; custom_padding=&#8221;10%|||10%|false|false&#8221; global_colors_info=&#8221;{}&#8221;][\/et_pb_image][et_pb_toggle title=&#8221;Resultados garantizados&#8221; open_toggle_text_color=&#8221;#FFFFFF&#8221; open_toggle_background_color=&#8221;RGBA(255,255,255,0)&#8221; closed_toggle_background_color=&#8221;RGBA(255,255,255,0)&#8221; icon_color=&#8221;RGBA(255,255,255,0)&#8221; toggle_icon=&#8221;&#xf54e;||fa||900&#8243; open_icon_color=&#8221;RGBA(255,255,255,0)&#8221; open_toggle_icon=&#8221;&#xf5bb;||fa||900&#8243; _builder_version=&#8221;4.21.0&#8243; _module_preset=&#8221;default&#8221; title_text_color=&#8221;#FFFFFF&#8221; title_level=&#8221;h3&#8243; title_font_size=&#8221;19px&#8221; body_text_color=&#8221;#FFFFFF&#8221; custom_padding=&#8221;3%|12%|12%|12%|false|true&#8221; custom_css_toggle_title=&#8221;margin-right:-20%&#8221; border_width_all=&#8221;0px&#8221; locked=&#8221;off&#8221; global_colors_info=&#8221;{}&#8221;]<\/p>\n<p><span style=\"font-weight: 400;\">Trabajamos con la tecnolog\u00eda m\u00e1s avanzada del mercado para ofrecer a nuestros clientes los mejores resultados.<\/span><\/p>\n<p>[\/et_pb_toggle][\/et_pb_column][et_pb_column type=&#8221;1_4&#8243; _builder_version=&#8221;4.21.0&#8243; _module_preset=&#8221;default&#8221; background_color=&#8221;#686970&#8243; background_image=&#8221;https:\/\/agenciaseolocal.eu\/bedda\/wp-content\/uploads\/2023\/05\/fondo-flores.jpg&#8221; background_blend=&#8221;multiply&#8221; custom_padding=&#8221;||||false|false&#8221; custom_css_main_element=&#8221;margin-left: -2%&#8221; box_shadow_style=&#8221;preset4&#8243; box_shadow_horizontal=&#8221;-15px&#8221; box_shadow_vertical=&#8221;-15px&#8221; box_shadow_color=&#8221;#71d8ff&#8221; global_colors_info=&#8221;{}&#8221;][et_pb_image src=&#8221;https:\/\/agenciaseolocal.eu\/bedda\/wp-content\/uploads\/2023\/05\/precios-blanco.png&#8221; title_text=&#8221;precios-blanco&#8221; show_bottom_space=&#8221;off&#8221; _builder_version=&#8221;4.21.0&#8243; _module_preset=&#8221;default&#8221; width=&#8221;30%&#8221; custom_padding=&#8221;10%|||10%|false|false&#8221; global_colors_info=&#8221;{}&#8221;][\/et_pb_image][et_pb_toggle title=&#8221;Siempre el mejor precio para ti&#8221; open_toggle_text_color=&#8221;#FFFFFF&#8221; open_toggle_background_color=&#8221;RGBA(255,255,255,0)&#8221; closed_toggle_background_color=&#8221;RGBA(255,255,255,0)&#8221; icon_color=&#8221;RGBA(255,255,255,0)&#8221; toggle_icon=&#8221;&#xf54e;||fa||900&#8243; open_icon_color=&#8221;RGBA(255,255,255,0)&#8221; open_toggle_icon=&#8221;&#xf5bb;||fa||900&#8243; _builder_version=&#8221;4.21.0&#8243; _module_preset=&#8221;default&#8221; title_text_color=&#8221;#FFFFFF&#8221; title_level=&#8221;h3&#8243; title_font_size=&#8221;19px&#8221; body_text_color=&#8221;#FFFFFF&#8221; custom_padding=&#8221;3%|10%|10%|10%|false|true&#8221; custom_css_toggle_title=&#8221;margin-right:-20%&#8221; border_width_all=&#8221;0px&#8221; locked=&#8221;off&#8221; global_colors_info=&#8221;{}&#8221;]<\/p>\n<p><span style=\"font-weight: 400;\">No dejes escapar nuestras promociones y disfruta de tu tratamiento favorito al mejor precio.<\/span><\/p>\n<p>[\/et_pb_toggle][\/et_pb_column][\/et_pb_row][\/et_pb_section]<\/p>\n","protected":false},"excerpt":{"rendered":"<p>Nuestros productos Depilaci\u00f3n l\u00e1ser hombre\u00bfBuscas una cl\u00ednica de depilaci\u00f3n l\u00e1ser para hombre? En Centros bedda ofrecemos depilaci\u00f3n l\u00e1ser para aquellos hombres que desean despedirse del vello no deseado de forma definitiva. Nuestro sistema de l\u00e1ser de diodo de \u00faltima generaci\u00f3n asegura resultados excepcionales, al tiempo que ofrece una experiencia pr\u00e1cticamente indolora.\u00a0\u00bfQu\u00e9 servicio te interesa?\u00bfQu\u00e9 servicio [&hellip;]<\/p>\n","protected":false},"author":3,"featured_media":987514835,"parent":0,"menu_order":0,"comment_status":"closed","ping_status":"closed","template":"","meta":{"_et_pb_use_builder":"on","_et_pb_old_content":"","_et_gb_content_width":"","_joinchat":[],"footnotes":""},"class_list":["post-29145","page","type-page","status-publish","has-post-thumbnail","hentry"],"yoast_head":"<!-- This site is optimized with the Yoast SEO plugin v25.9 - https:\/\/yoast.com\/wordpress\/plugins\/seo\/ -->\n<title>Depilaci\u00f3n l\u00e1ser para hombre | Centros bedda<\/title>\n<meta name=\"description\" content=\"Los mejores tratamientos de depilaci\u00f3n l\u00e1ser para hombre te esperan en Centros bedda. \u00a1Inf\u00f3rmate y pide cita en tu centro m\u00e1s cercano!\" \/>\n<meta name=\"robots\" content=\"noindex, follow, max-snippet:-1, max-image-preview:large, max-video-preview:-1\" \/>\n<meta property=\"og:locale\" content=\"es_ES\" \/>\n<meta property=\"og:type\" content=\"article\" \/>\n<meta property=\"og:title\" content=\"Depilaci\u00f3n l\u00e1ser para hombre | Centros bedda\" \/>\n<meta property=\"og:description\" content=\"Los mejores tratamientos de depilaci\u00f3n l\u00e1ser para hombre te esperan en Centros bedda. \u00a1Inf\u00f3rmate y pide cita en tu centro m\u00e1s cercano!\" \/>\n<meta property=\"og:url\" content=\"https:\/\/agenciaseolocal.eu\/bedda\/depilacion-laser-hombre\/\" \/>\n<meta property=\"og:site_name\" content=\"Centros bedda\" \/>\n<meta property=\"article:publisher\" content=\"https:\/\/www.facebook.com\/centrobedda\" \/>\n<meta property=\"article:modified_time\" content=\"2025-06-25T10:01:05+00:00\" \/>\n<meta property=\"og:image\" content=\"https:\/\/agenciaseolocal.eu\/bedda\/wp-content\/uploads\/2024\/02\/depilacion-laser-hombre-destacada.jpg\" \/>\n\t<meta property=\"og:image:width\" content=\"1200\" \/>\n\t<meta property=\"og:image:height\" content=\"630\" \/>\n\t<meta property=\"og:image:type\" content=\"image\/jpeg\" \/>\n<meta name=\"twitter:card\" content=\"summary_large_image\" \/>\n<meta name=\"twitter:site\" content=\"@centrosbedda\" \/>\n<meta name=\"twitter:label1\" content=\"Tiempo de lectura\" \/>\n\t<meta name=\"twitter:data1\" content=\"36 minutos\" \/>\n<!-- \/ Yoast SEO plugin. -->","yoast_head_json":{"title":"Depilaci\u00f3n l\u00e1ser para hombre | Centros bedda","description":"Los mejores tratamientos de depilaci\u00f3n l\u00e1ser para hombre te esperan en Centros bedda. \u00a1Inf\u00f3rmate y pide cita en tu centro m\u00e1s cercano!","robots":{"index":"noindex","follow":"follow","max-snippet":"max-snippet:-1","max-image-preview":"max-image-preview:large","max-video-preview":"max-video-preview:-1"},"og_locale":"es_ES","og_type":"article","og_title":"Depilaci\u00f3n l\u00e1ser para hombre | Centros bedda","og_description":"Los mejores tratamientos de depilaci\u00f3n l\u00e1ser para hombre te esperan en Centros bedda. \u00a1Inf\u00f3rmate y pide cita en tu centro m\u00e1s cercano!","og_url":"https:\/\/agenciaseolocal.eu\/bedda\/depilacion-laser-hombre\/","og_site_name":"Centros bedda","article_publisher":"https:\/\/www.facebook.com\/centrobedda","article_modified_time":"2025-06-25T10:01:05+00:00","og_image":[{"width":1200,"height":630,"url":"https:\/\/agenciaseolocal.eu\/bedda\/wp-content\/uploads\/2024\/02\/depilacion-laser-hombre-destacada.jpg","type":"image\/jpeg"}],"twitter_card":"summary_large_image","twitter_site":"@centrosbedda","twitter_misc":{"Tiempo de lectura":"36 minutos"},"schema":{"@context":"https:\/\/schema.org","@graph":[{"@type":"WebPage","@id":"https:\/\/agenciaseolocal.eu\/bedda\/depilacion-laser-hombre\/","url":"https:\/\/agenciaseolocal.eu\/bedda\/depilacion-laser-hombre\/","name":"Depilaci\u00f3n l\u00e1ser para hombre | Centros bedda","isPartOf":{"@id":"https:\/\/agenciaseolocal.eu\/bedda\/#website"},"primaryImageOfPage":{"@id":"https:\/\/agenciaseolocal.eu\/bedda\/depilacion-laser-hombre\/#primaryimage"},"image":{"@id":"https:\/\/agenciaseolocal.eu\/bedda\/depilacion-laser-hombre\/#primaryimage"},"thumbnailUrl":"https:\/\/agenciaseolocal.eu\/bedda\/wp-content\/uploads\/2024\/02\/depilacion-laser-hombre-destacada.jpg","datePublished":"2023-06-15T09:46:07+00:00","dateModified":"2025-06-25T10:01:05+00:00","description":"Los mejores tratamientos de depilaci\u00f3n l\u00e1ser para hombre te esperan en Centros bedda. \u00a1Inf\u00f3rmate y pide cita en tu centro m\u00e1s cercano!","breadcrumb":{"@id":"https:\/\/agenciaseolocal.eu\/bedda\/depilacion-laser-hombre\/#breadcrumb"},"inLanguage":"es","potentialAction":[{"@type":"ReadAction","target":["https:\/\/agenciaseolocal.eu\/bedda\/depilacion-laser-hombre\/"]}]},{"@type":"ImageObject","inLanguage":"es","@id":"https:\/\/agenciaseolocal.eu\/bedda\/depilacion-laser-hombre\/#primaryimage","url":"https:\/\/agenciaseolocal.eu\/bedda\/wp-content\/uploads\/2024\/02\/depilacion-laser-hombre-destacada.jpg","contentUrl":"https:\/\/agenciaseolocal.eu\/bedda\/wp-content\/uploads\/2024\/02\/depilacion-laser-hombre-destacada.jpg","width":1200,"height":630,"caption":"depilacion laser hombre destacada"},{"@type":"BreadcrumbList","@id":"https:\/\/agenciaseolocal.eu\/bedda\/depilacion-laser-hombre\/#breadcrumb","itemListElement":[{"@type":"ListItem","position":1,"name":"Portada","item":"https:\/\/agenciaseolocal.eu\/bedda\/"},{"@type":"ListItem","position":2,"name":"Depilaci\u00f3n l\u00e1ser hombre"}]},{"@type":"WebSite","@id":"https:\/\/agenciaseolocal.eu\/bedda\/#website","url":"https:\/\/agenciaseolocal.eu\/bedda\/","name":"Centros bedda","description":"Centro de depilaci\u00f3n l\u00e1ser","publisher":{"@id":"https:\/\/agenciaseolocal.eu\/bedda\/#organization"},"potentialAction":[{"@type":"SearchAction","target":{"@type":"EntryPoint","urlTemplate":"https:\/\/agenciaseolocal.eu\/bedda\/?s={search_term_string}"},"query-input":{"@type":"PropertyValueSpecification","valueRequired":true,"valueName":"search_term_string"}}],"inLanguage":"es"},{"@type":"Organization","@id":"https:\/\/agenciaseolocal.eu\/bedda\/#organization","name":"Centros bedda","url":"https:\/\/agenciaseolocal.eu\/bedda\/","logo":{"@type":"ImageObject","inLanguage":"es","@id":"https:\/\/agenciaseolocal.eu\/bedda\/#\/schema\/logo\/image\/","url":"https:\/\/agenciaseolocal.eu\/bedda\/wp-content\/uploads\/2024\/04\/centros-bedda-depilacion-laser-logo.png","contentUrl":"https:\/\/agenciaseolocal.eu\/bedda\/wp-content\/uploads\/2024\/04\/centros-bedda-depilacion-laser-logo.png","width":220,"height":220,"caption":"Centros bedda"},"image":{"@id":"https:\/\/agenciaseolocal.eu\/bedda\/#\/schema\/logo\/image\/"},"sameAs":["https:\/\/www.facebook.com\/centrobedda","https:\/\/x.com\/centrosbedda","https:\/\/www.youtube.com\/channel\/UCV57tDnQcnHfTici1funk4g?app=desktop","https:\/\/www.instagram.com\/centrosbedda\/","https:\/\/www.linkedin.com\/company\/centros-bedda\/"]}]}},"_links":{"self":[{"href":"https:\/\/agenciaseolocal.eu\/bedda\/wp-json\/wp\/v2\/pages\/29145","targetHints":{"allow":["GET"]}}],"collection":[{"href":"https:\/\/agenciaseolocal.eu\/bedda\/wp-json\/wp\/v2\/pages"}],"about":[{"href":"https:\/\/agenciaseolocal.eu\/bedda\/wp-json\/wp\/v2\/types\/page"}],"author":[{"embeddable":true,"href":"https:\/\/agenciaseolocal.eu\/bedda\/wp-json\/wp\/v2\/users\/3"}],"replies":[{"embeddable":true,"href":"https:\/\/agenciaseolocal.eu\/bedda\/wp-json\/wp\/v2\/comments?post=29145"}],"version-history":[{"count":27,"href":"https:\/\/agenciaseolocal.eu\/bedda\/wp-json\/wp\/v2\/pages\/29145\/revisions"}],"predecessor-version":[{"id":987519025,"href":"https:\/\/agenciaseolocal.eu\/bedda\/wp-json\/wp\/v2\/pages\/29145\/revisions\/987519025"}],"wp:featuredmedia":[{"embeddable":true,"href":"https:\/\/agenciaseolocal.eu\/bedda\/wp-json\/wp\/v2\/media\/987514835"}],"wp:attachment":[{"href":"https:\/\/agenciaseolocal.eu\/bedda\/wp-json\/wp\/v2\/media?parent=29145"}],"curies":[{"name":"wp","href":"https:\/\/api.w.org\/{rel}","templated":true}]}}