{"id":901,"date":"2023-05-23T13:37:19","date_gmt":"2023-05-23T11:37:19","guid":{"rendered":"https:\/\/marketingpamplonaenproceso.com\/bedda\/?page_id=901"},"modified":"2025-01-15T14:24:06","modified_gmt":"2025-01-15T13:24:06","slug":"politica-de-privacidad","status":"publish","type":"page","link":"https:\/\/agenciaseolocal.eu\/bedda\/politica-de-privacidad\/","title":{"rendered":"Pol\u00edtica de privacidad"},"content":{"rendered":"\n<p>En cumplimiento del REGLAMENTO (UE) 2016\/679 DEL PARLAMENTO EUROPEO Y DEL CONSEJO de 27 de Abril de 2016, relativo a la protecci\u00f3n de las personas f\u00edsicas en lo que respecta al tratamiento de datos personales y a la libre circulaci\u00f3n de estos datos y su normativa de desarrollo, Centros bedda le informa de lo siguiente:<\/p>\n\n\n\n<h2 class=\"wp-block-heading\">\u00bfQui\u00e9n es el responsable del tratamiento de sus datos?<\/h2>\n\n\n\n<p>El responsable del tratamiento es Centros bedda cuyos datos identificativos son:<\/p>\n\n\n\n<p>INICIATIVAS BODOCHENA, S.L. con CIF B75153965, y MENDICHENA, S.L. con CIF B25278284, como Corresponsables de Tratamiento.<br>Domicilio: C\/ San Bartolom\u00e9 7 bajo, C.P. 20007 (SAN SEBASTIAN)<br>Email: clientes@centrosbedda.com<br>Delegado de Protecci\u00f3n de Datos: dpo@sireinsagestion.com<\/p>\n\n\n\n<p>\u00bfCon que finalidad tratamos sus datos personales?<\/p>\n\n\n\n<p>Los datos personales proporcionados por usted ser\u00e1n tratados con las siguientes finalidades:<\/p>\n\n\n\n<p>\u2022 Facilitarle el diagn\u00f3stico personalizado por usted requerido<br>\u2022 Facilitarle presupuesto de los servicios<br>\u2022 Facilitarle informaci\u00f3n acerca de nuestros productos y tratamientos<br>\u2022 Gestionar su solicitud de empleo en nuestros procesos de selecci\u00f3n y dar contestaci\u00f3n y gestionar sus comentarios y sugerencias.<\/p>\n\n\n\n<p>En caso de que el usuario facilite sus datos con la finalidad de mantenerse informado acerca de las \u00faltimas novedades y ofertas de Centros bedda, le informamos de que dichas comunicaciones podr\u00e1n hacerse v\u00eda telef\u00f3nica, email, whatsapp, SMS, redes sociales y otros medios de comunicaci\u00f3n similares. En ning\u00fan caso Centros bedda utilizar\u00e1 los datos personales de los interesados para fines distintos de los anteriormente mencionados.<\/p>\n\n\n\n<p>\u00bfDurante cu\u00e1nto tiempo se conservar\u00e1n sus datos?<\/p>\n\n\n\n<p>Los datos se conservar\u00e1n mientras no se solicite su supresi\u00f3n por el interesado. No obstante, Centros bedda podr\u00e1 conservar dichos datos debidamente bloqueados en sus sistemas, mientras puedan derivarse responsabilidades de su tratamiento.<\/p>\n\n\n\n<p>\u00bfCu\u00e1l es la legitimaci\u00f3n para el tratamiento de sus datos?<\/p>\n\n\n\n<p>A trav\u00e9s de la cumplimentaci\u00f3n de formularios de contacto de la Web o mediante el env\u00edo de correos electr\u00f3nicos o cualquier otro tipo de solicitud de informaci\u00f3n remitida a Centros bedda, el interesado presta su consentimiento expreso para el tratamiento de sus datos personales.<\/p>\n\n\n\n<p>\u00bfA qu\u00e9 destinatarios se comunicar\u00e1n sus datos?<\/p>\n\n\n\n<p>Los datos no ser\u00e1n cedidos a terceros, salvo que lo establezca la legislaci\u00f3n vigente, o se cuente con el consentimiento previo y expreso del afectado.<\/p>\n\n\n\n<p>\u00bfCu\u00e1les son los derechos del usuario?<\/p>\n\n\n\n<p>Tiene derecho a obtener confirmaci\u00f3n sobre si Centros bedda est\u00e1 tratando datos personales que le conciernan o no. En cualquier momento usted puede solicitar el acceso a sus datos personales y su rectificaci\u00f3n o supresi\u00f3n, cuando, entre otros motivos, los datos ya no sean necesarios para los fines que motivaron su recogida. Tiene derecho a la limitaci\u00f3n del tratamiento de los datos, en cuyo caso \u00fanicamente se conservar\u00e1n bloqueados para el ejercicio o la defensa en reclamaciones, o directamente oponerse al mismo o ejercer el derecho a la portabilidad.<\/p>\n\n\n\n<p>Tambi\u00e9n le informamos de su derecho a retirar el consentimiento y a presentar una reclamaci\u00f3n ante la Agencia Espa\u00f1ola de Protecci\u00f3n de Datos, si considera que en el tratamiento de sus datos no se est\u00e1n respetando sus derechos. Dispone de la informaci\u00f3n necesaria en www.agpd.es. Podr\u00e1 ejercitar materialmente sus derechos aportando copia de su DNI o documento oficial que le identifique, mediante el env\u00edo de un mail o por correo postal dirigi\u00e9ndose a Centros bedda cuyos datos identificativos se encuentran al comienzo de la presente pol\u00edtica de privacidad.<\/p>\n\n\n\n<p>\u00bfQu\u00e9 medidas de seguridad implantamos para proteger sus datos?<\/p>\n\n\n\n<p>Centros bedda se compromete a guardar el debido secreto profesional, de conformidad con lo previsto en la normativa de aplicaci\u00f3n, y a establecer las medidas t\u00e9cnicas y organizativas necesarias que garanticen la seguridad de sus datos y eviten su alteraci\u00f3n, p\u00e9rdida, tratamiento o acceso no autorizado, habida cuenta del estado de la tecnolog\u00eda, la naturaleza de los datos almacenados y los riesgos a que est\u00e1n expuestos.<\/p>\n\n\n\n<p>EMPLEO<\/p>\n\n\n\n<p>Si usted nos env\u00eda cumplimentado el cuestionario con sus datos personales o nos env\u00eda su curr\u00edculum, queda informado, en virtud del Reglamento (UE) 2016\/679 del Parlamento Europeo y del Consejo de 27 de Abril de 2016, que sus datos ser\u00e1n utilizados para ponernos en contacto con usted cuando iniciemos un nuevo proceso de selecci\u00f3n, sin que puedan ser utilizados para otra finalidad. Sus datos ser\u00e1n incluidos en un fichero cuyo responsable es Centros bedda: INICIATIVAS BODOCHENA, S.L. con CIF B75153965, y MENDICHENA, S.L. con CIF B25278284, como Corresponsables de Tratamiento.<\/p>\n\n\n\n<p>Cuando iniciemos alg\u00fan proceso de selecci\u00f3n donde pueda encajar su perfil nos pondremos en contacto con usted. Mientras tanto, mantendremos sus datos personales durante el periodo de dos a\u00f1os con el fin de poder contar con su participaci\u00f3n. Por esa raz\u00f3n, y en cumplimiento del principio de exactitud de los datos, le rogamos que en caso de que se produzca alguna modificaci\u00f3n de los mismos nos lo comunique oportunamente.<\/p>\n\n\n\n<p>La base legal para el tratamiento de sus datos es el consentimiento, seg\u00fan lo establecido en el Reglamento 2016\/679 del Parlamento Europeo y del Consejo, que puede retirar en cualquier momento. Si bien, ello har\u00eda que su candidatura no pudiera ser tenida en cuenta en futuros procesos de selecci\u00f3n de personal. No obstante, la retirada del consentimiento no afectar\u00e1 a la licitud de los tratamientos efectuados con anterioridad.<\/p>\n\n\n\n<p>Puede ejercer los derechos de acceso, rectificaci\u00f3n, supresi\u00f3n y oposici\u00f3n, limitar el tratamiento de sus datos, o directamente oponerse al tratamiento, o ejercer el derecho a la portabilidad de los mismos, mediante escrito, acompa\u00f1ado de copia de documento oficial que le identifique, dirigido a Centros bedda, en el domicilio indicado anteriormente. Igualmente, tiene derecho a presentar una reclamaci\u00f3n ante la Agencia Espa\u00f1ola de Protecci\u00f3n de Datos.<\/p>\n\n\n\n<p>POL\u00cdTICA DE PROTECCI\u00d3N DE MENORES<\/p>\n\n\n\n<p>Quien facilita los datos a trav\u00e9s de los formularios de esta Web y acepta su tratamiento declara formalmente ser mayor de 18 a\u00f1os.<\/p>\n\n\n\n<p>Queda prohibido el acceso y uso del portal a los menores de 18 a\u00f1os de edad.<\/p>\n\n\n\n<p>Centros bedda recuerda a las personas mayores de edad que tengan a su cargo menores, que ser\u00e1 de su exclusiva responsabilidad si alg\u00fan menor incorpora sus datos para solicitar alg\u00fan producto.<\/p>\n\n\n\n<p>Tambi\u00e9n les informa que existen programas inform\u00e1ticos para acotar la navegaci\u00f3n mediante el filtro o bloqueo a determinados contenidos.<\/p>\n\n\n\n<p>REDES SOCIALES<\/p>\n\n\n\n<p>Al seguir nuestros distintos perfiles en las redes sociales consiente expresamente el tratamiento de sus datos personales conforme a la pol\u00edtica de privacidad de la red social correspondiente. Tambi\u00e9n consiente expresamente el acceso de Centros bedda al tratamiento de los datos personales contenidos en su perfil y a que las noticias publicadas sobre cualquier producto o servicio de Centros bedda aparezcan en su muro. Su petici\u00f3n para conectar implica necesariamente su consentimiento para los tratamientos se\u00f1alados.<\/p>\n\n\n\n<p>Si usted facilita sus datos a trav\u00e9s de las redes sociales con la finalidad de trabajar con nosotros, le informamos que igualmente dicho tratamiento queda supeditado a la pol\u00edtica de privacidad de la red social correspondiente. No obstante, puede obtener m\u00e1s informaci\u00f3n sobre el uso que realizamos de sus datos con esta finalidad en el apartado de Empleo del presente texto legal.<\/p>\n\n\n\n<p>La publicaci\u00f3n de comentarios y contenidos en las redes sociales se convertir\u00e1n en informaci\u00f3n p\u00fablica, por lo que los usuarios deber\u00e1n tener especial cautela cuando decidan compartir su informaci\u00f3n personal. Centros bedda no se hace responsable por la informaci\u00f3n que los usuarios incorporen en la p\u00e1gina. No obstante, las personas cuyos datos personales se encuentren publicados o est\u00e9n incluidos en comentarios, podr\u00e1n solicitar a Centros bedda la cancelaci\u00f3n de los mismos.<\/p>\n\n\n\n<p>En cualquier momento, usted puede ejercer los derechos de acceso, rectificaci\u00f3n, supresi\u00f3n y oposici\u00f3n, limitar el tratamiento de sus datos, o directamente oponerse al tratamiento, o ejercer el derecho a la portabilidad de los mismos. Todo ello, mediante escrito, acompa\u00f1ado de copia de documento oficial que le identifique, dirigido a Centros bedda. En caso de disconformidad con el tratamiento, tambi\u00e9n tiene derecho a presentar una reclamaci\u00f3n ante la Agencia Espa\u00f1ola de Protecci\u00f3n de Datos<\/p>\n","protected":false},"excerpt":{"rendered":"<p>En cumplimiento del REGLAMENTO (UE) 2016\/679 DEL PARLAMENTO EUROPEO Y DEL CONSEJO de 27 de Abril de 2016, relativo a la protecci\u00f3n de las personas f\u00edsicas en lo que respecta al tratamiento de datos personales y a la libre circulaci\u00f3n de estos datos y su normativa de desarrollo, Centros bedda le informa de lo siguiente: [&hellip;]<\/p>\n","protected":false},"author":3,"featured_media":42,"parent":0,"menu_order":0,"comment_status":"closed","ping_status":"closed","template":"","meta":{"_et_pb_use_builder":"off","_et_pb_old_content":"","_et_gb_content_width":"","_joinchat":[],"footnotes":""},"class_list":["post-901","page","type-page","status-publish","has-post-thumbnail","hentry"],"yoast_head":"<!-- This site is optimized with the Yoast SEO plugin v25.9 - https:\/\/yoast.com\/wordpress\/plugins\/seo\/ -->\n<title>Pol\u00edtica de privacidad | Centros bedda<\/title>\n<meta name=\"description\" content=\"Consulta nuestra pol\u00edtica de privacidad en Centros bedda. Protegemos tus datos y tu bienestar. Con\u00f3cenos y conf\u00eda en nuestra dedicaci\u00f3n.\" \/>\n<meta name=\"robots\" content=\"noindex, follow, max-snippet:-1, max-image-preview:large, max-video-preview:-1\" \/>\n<meta property=\"og:locale\" content=\"es_ES\" \/>\n<meta property=\"og:type\" content=\"article\" \/>\n<meta property=\"og:title\" content=\"Pol\u00edtica de privacidad | Centros bedda\" \/>\n<meta property=\"og:description\" content=\"Consulta nuestra pol\u00edtica de privacidad en Centros bedda. Protegemos tus datos y tu bienestar. Con\u00f3cenos y conf\u00eda en nuestra dedicaci\u00f3n.\" \/>\n<meta property=\"og:url\" content=\"https:\/\/agenciaseolocal.eu\/bedda\/politica-de-privacidad\/\" \/>\n<meta property=\"og:site_name\" content=\"Centros bedda\" \/>\n<meta property=\"article:publisher\" content=\"https:\/\/www.facebook.com\/centrobedda\" \/>\n<meta property=\"article:modified_time\" content=\"2025-01-15T13:24:06+00:00\" \/>\n<meta property=\"og:image\" content=\"https:\/\/agenciaseolocal.eu\/bedda\/wp-content\/uploads\/2023\/04\/depilacion-laser-centros-bedda-logo.png\" \/>\n\t<meta property=\"og:image:width\" content=\"220\" \/>\n\t<meta property=\"og:image:height\" content=\"220\" \/>\n\t<meta property=\"og:image:type\" content=\"image\/png\" \/>\n<meta name=\"twitter:card\" content=\"summary_large_image\" \/>\n<meta name=\"twitter:site\" content=\"@centrosbedda\" \/>\n<meta name=\"twitter:label1\" content=\"Tiempo de lectura\" \/>\n\t<meta name=\"twitter:data1\" content=\"7 minutos\" \/>\n<!-- \/ Yoast SEO plugin. -->","yoast_head_json":{"title":"Pol\u00edtica de privacidad | Centros bedda","description":"Consulta nuestra pol\u00edtica de privacidad en Centros bedda. Protegemos tus datos y tu bienestar. Con\u00f3cenos y conf\u00eda en nuestra dedicaci\u00f3n.","robots":{"index":"noindex","follow":"follow","max-snippet":"max-snippet:-1","max-image-preview":"max-image-preview:large","max-video-preview":"max-video-preview:-1"},"og_locale":"es_ES","og_type":"article","og_title":"Pol\u00edtica de privacidad | Centros bedda","og_description":"Consulta nuestra pol\u00edtica de privacidad en Centros bedda. Protegemos tus datos y tu bienestar. Con\u00f3cenos y conf\u00eda en nuestra dedicaci\u00f3n.","og_url":"https:\/\/agenciaseolocal.eu\/bedda\/politica-de-privacidad\/","og_site_name":"Centros bedda","article_publisher":"https:\/\/www.facebook.com\/centrobedda","article_modified_time":"2025-01-15T13:24:06+00:00","og_image":[{"width":220,"height":220,"url":"https:\/\/agenciaseolocal.eu\/bedda\/wp-content\/uploads\/2023\/04\/depilacion-laser-centros-bedda-logo.png","type":"image\/png"}],"twitter_card":"summary_large_image","twitter_site":"@centrosbedda","twitter_misc":{"Tiempo de lectura":"7 minutos"},"schema":{"@context":"https:\/\/schema.org","@graph":[{"@type":"WebPage","@id":"https:\/\/agenciaseolocal.eu\/bedda\/politica-de-privacidad\/","url":"https:\/\/agenciaseolocal.eu\/bedda\/politica-de-privacidad\/","name":"Pol\u00edtica de privacidad | Centros bedda","isPartOf":{"@id":"https:\/\/agenciaseolocal.eu\/bedda\/#website"},"primaryImageOfPage":{"@id":"https:\/\/agenciaseolocal.eu\/bedda\/politica-de-privacidad\/#primaryimage"},"image":{"@id":"https:\/\/agenciaseolocal.eu\/bedda\/politica-de-privacidad\/#primaryimage"},"thumbnailUrl":"https:\/\/agenciaseolocal.eu\/bedda\/wp-content\/uploads\/2023\/04\/depilacion-laser-centros-bedda-logo.png","datePublished":"2023-05-23T11:37:19+00:00","dateModified":"2025-01-15T13:24:06+00:00","description":"Consulta nuestra pol\u00edtica de privacidad en Centros bedda. Protegemos tus datos y tu bienestar. Con\u00f3cenos y conf\u00eda en nuestra dedicaci\u00f3n.","breadcrumb":{"@id":"https:\/\/agenciaseolocal.eu\/bedda\/politica-de-privacidad\/#breadcrumb"},"inLanguage":"es","potentialAction":[{"@type":"ReadAction","target":["https:\/\/agenciaseolocal.eu\/bedda\/politica-de-privacidad\/"]}]},{"@type":"ImageObject","inLanguage":"es","@id":"https:\/\/agenciaseolocal.eu\/bedda\/politica-de-privacidad\/#primaryimage","url":"https:\/\/agenciaseolocal.eu\/bedda\/wp-content\/uploads\/2023\/04\/depilacion-laser-centros-bedda-logo.png","contentUrl":"https:\/\/agenciaseolocal.eu\/bedda\/wp-content\/uploads\/2023\/04\/depilacion-laser-centros-bedda-logo.png","width":220,"height":220,"caption":"depilacion laser centros bedda logo"},{"@type":"BreadcrumbList","@id":"https:\/\/agenciaseolocal.eu\/bedda\/politica-de-privacidad\/#breadcrumb","itemListElement":[{"@type":"ListItem","position":1,"name":"Portada","item":"https:\/\/agenciaseolocal.eu\/bedda\/"},{"@type":"ListItem","position":2,"name":"Pol\u00edtica de privacidad"}]},{"@type":"WebSite","@id":"https:\/\/agenciaseolocal.eu\/bedda\/#website","url":"https:\/\/agenciaseolocal.eu\/bedda\/","name":"Centros bedda","description":"Centro de depilaci\u00f3n l\u00e1ser","publisher":{"@id":"https:\/\/agenciaseolocal.eu\/bedda\/#organization"},"potentialAction":[{"@type":"SearchAction","target":{"@type":"EntryPoint","urlTemplate":"https:\/\/agenciaseolocal.eu\/bedda\/?s={search_term_string}"},"query-input":{"@type":"PropertyValueSpecification","valueRequired":true,"valueName":"search_term_string"}}],"inLanguage":"es"},{"@type":"Organization","@id":"https:\/\/agenciaseolocal.eu\/bedda\/#organization","name":"Centros bedda","url":"https:\/\/agenciaseolocal.eu\/bedda\/","logo":{"@type":"ImageObject","inLanguage":"es","@id":"https:\/\/agenciaseolocal.eu\/bedda\/#\/schema\/logo\/image\/","url":"https:\/\/agenciaseolocal.eu\/bedda\/wp-content\/uploads\/2024\/04\/centros-bedda-depilacion-laser-logo.png","contentUrl":"https:\/\/agenciaseolocal.eu\/bedda\/wp-content\/uploads\/2024\/04\/centros-bedda-depilacion-laser-logo.png","width":220,"height":220,"caption":"Centros bedda"},"image":{"@id":"https:\/\/agenciaseolocal.eu\/bedda\/#\/schema\/logo\/image\/"},"sameAs":["https:\/\/www.facebook.com\/centrobedda","https:\/\/x.com\/centrosbedda","https:\/\/www.youtube.com\/channel\/UCV57tDnQcnHfTici1funk4g?app=desktop","https:\/\/www.instagram.com\/centrosbedda\/","https:\/\/www.linkedin.com\/company\/centros-bedda\/"]}]}},"_links":{"self":[{"href":"https:\/\/agenciaseolocal.eu\/bedda\/wp-json\/wp\/v2\/pages\/901","targetHints":{"allow":["GET"]}}],"collection":[{"href":"https:\/\/agenciaseolocal.eu\/bedda\/wp-json\/wp\/v2\/pages"}],"about":[{"href":"https:\/\/agenciaseolocal.eu\/bedda\/wp-json\/wp\/v2\/types\/page"}],"author":[{"embeddable":true,"href":"https:\/\/agenciaseolocal.eu\/bedda\/wp-json\/wp\/v2\/users\/3"}],"replies":[{"embeddable":true,"href":"https:\/\/agenciaseolocal.eu\/bedda\/wp-json\/wp\/v2\/comments?post=901"}],"version-history":[{"count":3,"href":"https:\/\/agenciaseolocal.eu\/bedda\/wp-json\/wp\/v2\/pages\/901\/revisions"}],"predecessor-version":[{"id":987518280,"href":"https:\/\/agenciaseolocal.eu\/bedda\/wp-json\/wp\/v2\/pages\/901\/revisions\/987518280"}],"wp:featuredmedia":[{"embeddable":true,"href":"https:\/\/agenciaseolocal.eu\/bedda\/wp-json\/wp\/v2\/media\/42"}],"wp:attachment":[{"href":"https:\/\/agenciaseolocal.eu\/bedda\/wp-json\/wp\/v2\/media?parent=901"}],"curies":[{"name":"wp","href":"https:\/\/api.w.org\/{rel}","templated":true}]}}