{"id":987512595,"date":"2023-10-11T11:53:46","date_gmt":"2023-10-11T09:53:46","guid":{"rendered":"https:\/\/centrosbedda.com\/?page_id=987512595"},"modified":"2025-06-02T08:39:12","modified_gmt":"2025-06-02T06:39:12","slug":"depilacion-laser","status":"publish","type":"page","link":"https:\/\/agenciaseolocal.eu\/bedda\/depilacion-laser\/","title":{"rendered":"Depilaci\u00f3n l\u00e1ser Diodo"},"content":{"rendered":"<p>[et_pb_section fb_built=&#8221;1&#8243; _builder_version=&#8221;4.27.2&#8243; _module_preset=&#8221;default&#8221; custom_margin=&#8221;0px||||false|false&#8221; custom_padding=&#8221;0px||0px||true|false&#8221; locked=&#8221;off&#8221; global_colors_info=&#8221;{}&#8221;][et_pb_row _builder_version=&#8221;4.27.2&#8243; _module_preset=&#8221;default&#8221; width=&#8221;auto&#8221; max_width=&#8221;100%&#8221; custom_margin=&#8221;0px||||false|false&#8221; custom_padding=&#8221;0px||0px|||&#8221; global_colors_info=&#8221;{}&#8221;][et_pb_column type=&#8221;4_4&#8243; _builder_version=&#8221;4.21.0&#8243; _module_preset=&#8221;default&#8221; global_colors_info=&#8221;{}&#8221;][et_pb_slider _builder_version=&#8221;4.27.4&#8243; _module_preset=&#8221;default&#8221; custom_button=&#8221;on&#8221; button_text_color=&#8221;#FFFFFF&#8221; button_bg_color=&#8221;#bb9495&#8243; button_border_width=&#8221;0px&#8221; button_border_radius=&#8221;50px&#8221; button_font=&#8221;|700|||||||&#8221; button_use_icon=&#8221;off&#8221; button_alignment=&#8221;left&#8221; button_custom_padding=&#8221;10px|50px|10px|50px|true|true&#8221; custom_padding=&#8221;265px||265px||true|false&#8221; custom_padding_tablet=&#8221;639px||40px|60px|false|false&#8221; custom_padding_phone=&#8221;350px||350px|0px|true|false&#8221; custom_padding_last_edited=&#8221;on|phone&#8221; hover_enabled=&#8221;0&#8243; button_text_size_tablet=&#8221;&#8221; button_text_size_phone=&#8221;18px&#8221; button_text_size_last_edited=&#8221;on|phone&#8221; box_shadow_style_button=&#8221;preset1&#8243; locked=&#8221;off&#8221; global_colors_info=&#8221;{}&#8221; button_text_color__hover=&#8221;#bb9495&#8243; button_text_color__hover_enabled=&#8221;on|hover&#8221; button_bg_color__hover=&#8221;#686970&#8243; button_bg_color__hover_enabled=&#8221;on|hover&#8221; sticky_enabled=&#8221;0&#8243;][et_pb_slide button_link=&#8221;#formulario&#8221; admin_title=&#8221;Depilaci\u00f3n l\u00e1ser mujer&#8221; _builder_version=&#8221;4.27.4&#8243; _module_preset=&#8221;default&#8221; background_enable_color=&#8221;off&#8221; background_image=&#8221;https:\/\/agenciaseolocal.eu\/bedda\/wp-content\/uploads\/2025\/06\/banner-oferta-depilacion-verano.jpg&#8221; background_enable_image=&#8221;on&#8221; hover_enabled=&#8221;0&#8243; background_last_edited=&#8221;on|phone&#8221; background_image_phone=&#8221;https:\/\/agenciaseolocal.eu\/bedda\/wp-content\/uploads\/2025\/06\/oferta-depilacion-laser-hombre-y-mujer.jpg&#8221; background_enable_image_phone=&#8221;on&#8221; locked=&#8221;off&#8221; global_colors_info=&#8221;{}&#8221; sticky_transition=&#8221;on&#8221; alt=&#8221;oferta depilacion laser hombre y mujer&#8221; title_text=&#8221;oferta depilacion laser hombre y mujer&#8221; sticky_enabled=&#8221;0&#8243;][\/et_pb_slide][\/et_pb_slider][\/et_pb_column][\/et_pb_row][\/et_pb_section][et_pb_section fb_built=&#8221;1&#8243; custom_padding_last_edited=&#8221;on|phone&#8221; _builder_version=&#8221;4.22.2&#8243; _module_preset=&#8221;default&#8221; background_image=&#8221;https:\/\/agenciaseolocal.eu\/bedda\/wp-content\/uploads\/2023\/05\/fondo-flores.png&#8221; background_size=&#8221;custom&#8221; background_image_width=&#8221;100%&#8221; background_position=&#8221;top_right&#8221; custom_margin=&#8221;||||false|false&#8221; custom_padding=&#8221;30px||||false|false&#8221; custom_padding_tablet=&#8221;||0px|||&#8221; custom_padding_phone=&#8221;15px|7px|0px|7px|false|true&#8221; locked=&#8221;off&#8221; global_colors_info=&#8221;{}&#8221;][et_pb_row use_custom_gutter=&#8221;on&#8221; _builder_version=&#8221;4.21.0&#8243; _module_preset=&#8221;default&#8221; width=&#8221;95%&#8221; custom_padding=&#8221;||0px|||&#8221; locked=&#8221;off&#8221; global_colors_info=&#8221;{}&#8221;][et_pb_column type=&#8221;4_4&#8243; _builder_version=&#8221;4.21.0&#8243; _module_preset=&#8221;default&#8221; global_colors_info=&#8221;{}&#8221;][et_pb_text _builder_version=&#8221;4.23.1&#8243; _module_preset=&#8221;default&#8221; text_font=&#8221;catalish-huntera||||||||&#8221; text_font_size=&#8221;30px&#8221; text_line_height=&#8221;1.4em&#8221; header_font_size=&#8221;60px&#8221; header_2_font_size=&#8221;60px&#8221; text_orientation=&#8221;center&#8221; custom_margin=&#8221;||||false|false&#8221; text_font_size_tablet=&#8221;40px&#8221; text_font_size_phone=&#8221;20px&#8221; text_font_size_last_edited=&#8221;on|desktop&#8221; header_font_size_tablet=&#8221;45px&#8221; header_font_size_phone=&#8221;30px&#8221; header_font_size_last_edited=&#8221;on|phone&#8221; header_2_font_size_tablet=&#8221;45px&#8221; header_2_font_size_phone=&#8221;30px&#8221; header_2_font_size_last_edited=&#8221;on|phone&#8221; locked=&#8221;off&#8221; global_colors_info=&#8221;{}&#8221;]<\/p>\n<p class=\"manuscrita\">Nuestros tratamientos<\/p>\n<h1 style=\"margin-bottom: 2%;\">Depilaci\u00f3n l\u00e1ser diodo<\/h1>\n<p>[\/et_pb_text][et_pb_text disabled_on=&#8221;off|off|off&#8221; _builder_version=&#8221;4.22.2&#8243; _module_preset=&#8221;default&#8221; text_font=&#8221;||||||||&#8221; text_text_color=&#8221;#686970&#8243; header_font_size=&#8221;80px&#8221; header_2_font_size=&#8221;60px&#8221; text_orientation=&#8221;center&#8221; custom_margin=&#8221;||||false|false&#8221; header_font_size_tablet=&#8221;80px&#8221; header_font_size_phone=&#8221;40px&#8221; header_font_size_last_edited=&#8221;on|phone&#8221; locked=&#8221;off&#8221; global_colors_info=&#8221;{}&#8221;]<\/p>\n<p><span style=\"font-weight: 400;\">La depilaci\u00f3n l\u00e1ser es uno de los tratamientos m\u00e1s efectivos para eliminar el vello no deseado de manera definitiva. En <\/span><b>Centros bedda<\/b><span style=\"font-weight: 400;\"> somos <\/span><b>expertos en depilaci\u00f3n l\u00e1ser de diodo <\/b><span style=\"font-weight: 400;\">para destruir el fol\u00edculo piloso, impidiendo su crecimiento futuro. Si est\u00e1s cansada de tener que depilarte constantemente y est\u00e1s buscando una soluci\u00f3n permanente, la depilaci\u00f3n l\u00e1ser es la respuesta que est\u00e1s buscando.<\/span><\/p>\n<p>[\/et_pb_text][\/et_pb_column][\/et_pb_row][et_pb_row use_custom_gutter=&#8221;on&#8221; _builder_version=&#8221;4.22.2&#8243; _module_preset=&#8221;default&#8221; width=&#8221;95%&#8221; custom_padding=&#8221;||0px|||&#8221; global_colors_info=&#8221;{}&#8221;][et_pb_column type=&#8221;4_4&#8243; _builder_version=&#8221;4.21.0&#8243; _module_preset=&#8221;default&#8221; global_colors_info=&#8221;{}&#8221;][et_pb_text _builder_version=&#8221;4.22.2&#8243; _module_preset=&#8221;default&#8221; text_font=&#8221;catalish-huntera||||||||&#8221; text_font_size=&#8221;30px&#8221; text_line_height=&#8221;1.4em&#8221; header_2_font_size=&#8221;40px&#8221; text_orientation=&#8221;center&#8221; custom_margin=&#8221;||||false|false&#8221; text_font_size_tablet=&#8221;40px&#8221; text_font_size_phone=&#8221;20px&#8221; text_font_size_last_edited=&#8221;on|desktop&#8221; header_2_font_size_tablet=&#8221;45px&#8221; header_2_font_size_phone=&#8221;30px&#8221; header_2_font_size_last_edited=&#8221;on|phone&#8221; locked=&#8221;off&#8221; global_colors_info=&#8221;{}&#8221;]<\/p>\n<h2 style=\"margin-bottom: 2%;\"><span>Tratamientos de depilaci\u00f3n l\u00e1ser para mujer<\/span><\/h2>\n<p>[\/et_pb_text][et_pb_shop type=&#8221;product_category&#8221; posts_number=&#8221;8&#8243; include_categories=&#8221;43&#8243; icon_hover_color=&#8221;RGBA(255,255,255,0)&#8221; hover_overlay_color=&#8221;RGBA(255,255,255,0)&#8221; show_rating=&#8221;off&#8221; show_sale_badge=&#8221;off&#8221; module_id=&#8221;productos-tienda&#8221; _builder_version=&#8221;4.22.2&#8243; _module_preset=&#8221;default&#8221; title_text_align=&#8221;center&#8221; price_text_align=&#8221;center&#8221; price_text_color=&#8221;#ff4a8a&#8221; price_font_size=&#8221;18px&#8221; background_enable_color=&#8221;off&#8221; custom_margin=&#8221;||||false|false&#8221; custom_padding=&#8221;||||false|false&#8221; global_colors_info=&#8221;{}&#8221;][\/et_pb_shop][et_pb_button button_url=&#8221;https:\/\/agenciaseolocal.eu\/bedda\/depilacion-laser-mujer\/&#8221; button_text=&#8221;Ver todos los tratamientos&#8221; button_alignment=&#8221;center&#8221; _builder_version=&#8221;4.22.2&#8243; _module_preset=&#8221;default&#8221; custom_button=&#8221;on&#8221; button_text_color=&#8221;#FFFFFF&#8221; button_bg_color=&#8221;#ff0070&#8243; button_border_width=&#8221;0px&#8221; button_border_radius=&#8221;50px&#8221; button_font=&#8221;|||on|||||&#8221; button_use_icon=&#8221;off&#8221; custom_margin=&#8221;2%||5%||false|false&#8221; custom_padding=&#8221;10px|50px|10px|50px|true|true&#8221; custom_padding_tablet=&#8221;10px|50px|10px|50px|true|true&#8221; custom_padding_phone=&#8221;|15px||15px|true|true&#8221; custom_padding_last_edited=&#8221;on|phone&#8221; button_text_size_tablet=&#8221;&#8221; button_text_size_phone=&#8221;16px&#8221; button_text_size_last_edited=&#8221;on|phone&#8221; box_shadow_style=&#8221;preset1&#8243; locked=&#8221;off&#8221; global_colors_info=&#8221;{}&#8221; button_bg_color__hover_enabled=&#8221;on|hover&#8221; button_text_color__hover_enabled=&#8221;on|hover&#8221; button_bg_color__hover=&#8221;#FFFFFF&#8221; button_bg_enable_color__hover=&#8221;on&#8221; button_text_color__hover=&#8221;#ff0070&#8243;][\/et_pb_button][et_pb_text _builder_version=&#8221;4.22.2&#8243; _module_preset=&#8221;default&#8221; text_font=&#8221;catalish-huntera||||||||&#8221; text_font_size=&#8221;30px&#8221; text_line_height=&#8221;1.4em&#8221; header_2_font_size=&#8221;40px&#8221; text_orientation=&#8221;center&#8221; custom_margin=&#8221;||||false|false&#8221; text_font_size_tablet=&#8221;40px&#8221; text_font_size_phone=&#8221;20px&#8221; text_font_size_last_edited=&#8221;on|desktop&#8221; header_2_font_size_tablet=&#8221;45px&#8221; header_2_font_size_phone=&#8221;30px&#8221; header_2_font_size_last_edited=&#8221;on|phone&#8221; locked=&#8221;off&#8221; global_colors_info=&#8221;{}&#8221;]<\/p>\n<h2 style=\"margin-bottom: 2%;\"><span>Tratamientos de depilaci\u00f3n l\u00e1ser para hombre<\/span><\/h2>\n<p>[\/et_pb_text][et_pb_shop type=&#8221;product_category&#8221; posts_number=&#8221;8&#8243; include_categories=&#8221;42&#8243; icon_hover_color=&#8221;RGBA(255,255,255,0)&#8221; hover_overlay_color=&#8221;RGBA(255,255,255,0)&#8221; show_rating=&#8221;off&#8221; show_sale_badge=&#8221;off&#8221; module_id=&#8221;productos-tienda&#8221; module_class=&#8221;hombre&#8221; _builder_version=&#8221;4.22.2&#8243; _module_preset=&#8221;default&#8221; title_text_align=&#8221;center&#8221; price_text_align=&#8221;center&#8221; price_text_color=&#8221;#00c0ff&#8221; price_font_size=&#8221;18px&#8221; background_enable_color=&#8221;off&#8221; custom_margin=&#8221;||||false|false&#8221; custom_padding=&#8221;||||false|false&#8221; global_colors_info=&#8221;{}&#8221;][\/et_pb_shop][et_pb_button button_url=&#8221;https:\/\/agenciaseolocal.eu\/bedda\/depilacion-laser-hombre\/&#8221; button_text=&#8221;Ver todos los tratamientos&#8221; button_alignment=&#8221;center&#8221; _builder_version=&#8221;4.22.2&#8243; _module_preset=&#8221;default&#8221; custom_button=&#8221;on&#8221; button_text_color=&#8221;#FFFFFF&#8221; button_bg_color=&#8221;#00c0ff&#8221; button_border_width=&#8221;0px&#8221; button_border_radius=&#8221;50px&#8221; button_font=&#8221;|||on|||||&#8221; button_use_icon=&#8221;off&#8221; custom_margin=&#8221;2%||5%||false|false&#8221; custom_padding=&#8221;10px|50px|10px|50px|true|true&#8221; custom_padding_tablet=&#8221;10px|50px|10px|50px|true|true&#8221; custom_padding_phone=&#8221;|15px||15px|true|true&#8221; custom_padding_last_edited=&#8221;on|phone&#8221; button_text_size_tablet=&#8221;&#8221; button_text_size_phone=&#8221;16px&#8221; button_text_size_last_edited=&#8221;on|phone&#8221; box_shadow_style=&#8221;preset1&#8243; locked=&#8221;off&#8221; global_colors_info=&#8221;{}&#8221; button_text_color__hover=&#8221;#00c0ff&#8221; button_text_color__hover_enabled=&#8221;on|hover&#8221; button_bg_color__hover=&#8221;#FFFFFF&#8221; button_bg_color__hover_enabled=&#8221;on|hover&#8221; button_bg_enable_color__hover=&#8221;on&#8221;][\/et_pb_button][\/et_pb_column][\/et_pb_row][et_pb_row _builder_version=&#8221;4.21.2&#8243; _module_preset=&#8221;default&#8221; width=&#8221;95%&#8221; custom_padding=&#8221;||||false|false&#8221; locked=&#8221;off&#8221; global_colors_info=&#8221;{}&#8221;][et_pb_column type=&#8221;4_4&#8243; _builder_version=&#8221;4.21.0&#8243; _module_preset=&#8221;default&#8221; global_colors_info=&#8221;{}&#8221;][et_pb_text _builder_version=&#8221;4.22.2&#8243; _module_preset=&#8221;default&#8221; text_font=&#8221;catalish-huntera||||||||&#8221; text_font_size=&#8221;30px&#8221; header_2_font_size=&#8221;45px&#8221; custom_margin=&#8221;||||false|false&#8221; text_font_size_tablet=&#8221;40px&#8221; text_font_size_phone=&#8221;20px&#8221; text_font_size_last_edited=&#8221;on|phone&#8221; header_2_font_size_tablet=&#8221;45px&#8221; header_2_font_size_phone=&#8221;30px&#8221; header_2_font_size_last_edited=&#8221;on|phone&#8221; locked=&#8221;off&#8221; global_colors_info=&#8221;{}&#8221;]<\/p>\n<p class=\"manuscrita\">Profesionales<\/p>\n<h2><b>\u00bfQu\u00e9 es la depilaci\u00f3n l\u00e1ser?<\/b><\/h2>\n<p>[\/et_pb_text][\/et_pb_column][\/et_pb_row][et_pb_row use_custom_gutter=&#8221;on&#8221; _builder_version=&#8221;4.22.2&#8243; _module_preset=&#8221;default&#8221; width=&#8221;95%&#8221; custom_margin=&#8221;||||false|false&#8221; custom_margin_tablet=&#8221;||70px||false|false&#8221; custom_margin_phone=&#8221;||30px||false|false&#8221; custom_margin_last_edited=&#8221;on|phone&#8221; custom_padding=&#8221;0px||0px|||&#8221; locked=&#8221;off&#8221; global_colors_info=&#8221;{}&#8221;][et_pb_column type=&#8221;4_4&#8243; _builder_version=&#8221;4.21.0&#8243; _module_preset=&#8221;default&#8221; global_colors_info=&#8221;{}&#8221;][et_pb_text disabled_on=&#8221;off|off|off&#8221; _builder_version=&#8221;4.22.2&#8243; _module_preset=&#8221;default&#8221; text_font=&#8221;||||||||&#8221; text_text_color=&#8221;#686970&#8243; header_font_size=&#8221;80px&#8221; header_2_font_size=&#8221;60px&#8221; custom_margin=&#8221;||||false|false&#8221; header_font_size_tablet=&#8221;80px&#8221; header_font_size_phone=&#8221;40px&#8221; header_font_size_last_edited=&#8221;on|phone&#8221; locked=&#8221;off&#8221; global_colors_info=&#8221;{}&#8221;]<\/p>\n<p><span style=\"font-weight: 400;\">La depilaci\u00f3n l\u00e1ser es un <\/span><b>m\u00e9todo de eliminaci\u00f3n del vello que utiliza pulsos de luz intensa para destruir los fol\u00edculos pilosos<\/b><span style=\"font-weight: 400;\">. A diferencia de otros m\u00e9todos de depilaci\u00f3n, como la cera o las cuchillas, <\/span><b>el l\u00e1ser act\u00faa directamente sobre la ra\u00edz del vello<\/b><span style=\"font-weight: 400;\"> sin da\u00f1ar la piel circundante.<\/span><\/p>\n<p><span style=\"font-weight: 400;\">El <\/span><b>l\u00e1ser de diodo <\/b><span style=\"font-weight: 400;\">es uno de los tipos m\u00e1s comunes de l\u00e1ser utilizados en la depilaci\u00f3n. Este tipo de l\u00e1ser emite una longitud de onda espec\u00edfica que es absorbida por la melanina del vello. Esta energ\u00eda se convierte en calor, lo que da\u00f1a el fol\u00edculo piloso e impide su regeneraci\u00f3n.<\/span><\/p>\n<p><span style=\"font-weight: 400;\">Antes de someterse a un tratamiento de depilaci\u00f3n l\u00e1ser, es necesario realizar una <\/span><b>consulta inicial con un profesional<\/b><span style=\"font-weight: 400;\">. En Centros bedda evaluaremos tu tipo de vello y piel, as\u00ed como cualquier condici\u00f3n m\u00e9dica que pueda afectar el tratamiento.<\/span><\/p>\n<p><span style=\"font-weight: 400;\">El <\/span><b>n\u00famero de sesiones necesarias<\/b><span style=\"font-weight: 400;\"> para lograr resultados \u00f3ptimos puede variar seg\u00fan la persona y el \u00e1rea a tratar. Por lo general, se recomienda realizar varias sesiones espaciadas en el tiempo para asegurar la destrucci\u00f3n de la mayor cantidad posible de fol\u00edculos pilosos.<\/span><\/p>\n<p><span style=\"font-weight: 400;\">Es importante tener en cuenta que la depilaci\u00f3n l\u00e1ser no es un m\u00e9todo definitivo y que <\/span><b>pueden ser necesarios tratamientos de mantenimiento en el futuro<\/b><span style=\"font-weight: 400;\">. Sin embargo, muchos pacientes experimentan una reducci\u00f3n significativa del vello no deseado despu\u00e9s de completar un ciclo de tratamiento.<\/span><\/p>\n<p>[\/et_pb_text][\/et_pb_column][\/et_pb_row][et_pb_row column_structure=&#8221;1_2,1_2&#8243; make_equal=&#8221;on&#8221; _builder_version=&#8221;4.21.0&#8243; _module_preset=&#8221;default&#8221; width=&#8221;95%&#8221; custom_padding=&#8221;||0px||false|false&#8221; locked=&#8221;off&#8221; global_colors_info=&#8221;{}&#8221;][et_pb_column type=&#8221;1_2&#8243; _builder_version=&#8221;4.21.0&#8243; _module_preset=&#8221;default&#8221; custom_css_main_element=&#8221;margin: auto;&#8221; global_colors_info=&#8221;{}&#8221;][et_pb_accordion open_toggle_text_color=&#8221;#ff79a5&#8243; open_toggle_background_color=&#8221;RGBA(255,255,255,0)&#8221; closed_toggle_background_color=&#8221;RGBA(255,255,255,0)&#8221; toggle_icon=&#8221;&#xf5bb;||fa||900&#8243; icon_color=&#8221;#ff79a5&#8243; _builder_version=&#8221;4.22.2&#8243; _module_preset=&#8221;default&#8221; toggle_text_color=&#8221;#686970&#8243; toggle_level=&#8221;h3&#8243; toggle_font=&#8221;||||||||&#8221; toggle_font_size=&#8221;24px&#8221; toggle_font_size_tablet=&#8221;24px&#8221; toggle_font_size_phone=&#8221;20px&#8221; toggle_font_size_last_edited=&#8221;on|phone&#8221; custom_css_toggle_title=&#8221;margin: 0 -7px&#8221; custom_css_toggle_content=&#8221;margin: 0 -7px&#8221; border_color_all=&#8221;#bb9495&#8243; border_color_bottom=&#8221;#ff79a5&#8243; locked=&#8221;off&#8221; global_colors_info=&#8221;{}&#8221;][et_pb_accordion_item title=&#8221;Ventajas del l\u00e1ser frente a otros m\u00e9todos de depilaci\u00f3n&#8221; open=&#8221;on&#8221; _builder_version=&#8221;4.22.2&#8243; _module_preset=&#8221;default&#8221; custom_margin=&#8221;||0px||false|false&#8221; border_width_all=&#8221;0px&#8221; border_width_bottom=&#8221;1px&#8221; global_colors_info=&#8221;{}&#8221;]<\/p>\n<p><span style=\"font-weight: 400;\">Existen diferentes m\u00e9todos de depilaci\u00f3n disponibles en el mercado, pero la depilaci\u00f3n l\u00e1ser de diodo ofrece numerosas ventajas en comparaci\u00f3n con otros m\u00e9todos:<\/span><\/p>\n<ul>\n<li style=\"font-weight: 400;\" aria-level=\"1\"><b>Permanencia<\/b><span style=\"font-weight: 400;\">: A diferencia de la depilaci\u00f3n con cuchilla o cera, la depilaci\u00f3n l\u00e1ser de diodo puede ofrecer una reducci\u00f3n permanente del vello en la zona tratada.<\/span><\/li>\n<li style=\"font-weight: 400;\" aria-level=\"1\"><b>Rapidez<\/b><span style=\"font-weight: 400;\">: El l\u00e1ser de diodo puede eliminar varios fol\u00edculos a la vez, lo que permite realizar sesiones de depilaci\u00f3n m\u00e1s r\u00e1pidas que otros m\u00e9todos.<\/span><\/li>\n<li style=\"font-weight: 400;\" aria-level=\"1\"><b>Menor dolor<\/b><span style=\"font-weight: 400;\">: En comparaci\u00f3n con otros tratamientos de depilaci\u00f3n, la depilaci\u00f3n l\u00e1ser de diodo suele ser menos dolorosa. Adem\u00e1s, muchos equipos cuentan con sistemas de enfriamiento para minimizar cualquier molestia.<\/span><\/li>\n<li style=\"font-weight: 400;\" aria-level=\"1\"><b>Resultados visibles<\/b><span style=\"font-weight: 400;\">: Despu\u00e9s de unas pocas sesiones, se pueden observar resultados visibles en la reducci\u00f3n del vello.<\/span><\/li>\n<\/ul>\n<p><span style=\"font-weight: 400;\">Adem\u00e1s de estas ventajas, es importante destacar que<\/span><b> la depilaci\u00f3n l\u00e1ser de diodo es un m\u00e9todo seguro y eficaz<\/b><span style=\"font-weight: 400;\">. El l\u00e1ser emite una luz que es absorbida por la melanina del vello, lo que provoca su destrucci\u00f3n. A diferencia de otros m\u00e9todos, el l\u00e1ser no da\u00f1a la piel circundante, lo que reduce el riesgo de irritaciones o quemaduras.<\/span><\/p>\n<p><span style=\"font-weight: 400;\">Otra ventaja de la depilaci\u00f3n l\u00e1ser es que puede ser utilizada en diferentes \u00e1reas del cuerpo, como las <\/span><b>piernas<\/b><span style=\"font-weight: 400;\">, <\/span><b>axilas<\/b><span style=\"font-weight: 400;\">, <\/span><b>pubis<\/b><span style=\"font-weight: 400;\">, <\/span><b>espalda <\/b><span style=\"font-weight: 400;\">o <\/span><b>rostro<\/b><span style=\"font-weight: 400;\">. Esto la convierte en una <\/span><b>opci\u00f3n vers\u00e1til para hombres y mujeres<\/b><span style=\"font-weight: 400;\"> que deseen eliminar el vello no deseado en distintas zonas.<\/span><\/p>\n<p><span style=\"font-weight: 400;\">Es importante mencionar que la depilaci\u00f3n l\u00e1ser<\/span><b> requiere de varias sesiones para obtener resultados \u00f3ptimos<\/b><span style=\"font-weight: 400;\">. Esto se debe a que <\/span><b>el vello crece en diferentes fases y el l\u00e1ser solo es efectivo en la fase de crecimiento activo<\/b><span style=\"font-weight: 400;\">. Sin embargo, una vez completado el tratamiento, se puede disfrutar de una reducci\u00f3n significativa del vello, lo que supone una gran comodidad en el d\u00eda a d\u00eda.<\/span><\/p>\n<p>[\/et_pb_accordion_item][et_pb_accordion_item title=&#8221;Consejos antes del tratamiento&#8221; _builder_version=&#8221;4.22.2&#8243; _module_preset=&#8221;default&#8221; custom_margin=&#8221;||0px||false|false&#8221; border_width_all=&#8221;0px&#8221; border_width_bottom=&#8221;1px&#8221; global_colors_info=&#8221;{}&#8221; open=&#8221;off&#8221;]<\/p>\n<p><span style=\"font-weight: 400;\">Antes de someterte a una sesi\u00f3n de depilaci\u00f3n l\u00e1ser, es importante seguir algunos consejos para preparar adecuadamente tu piel:<\/span><\/p>\n<ol>\n<li style=\"font-weight: 400;\" aria-level=\"1\"><b>Evita la exposici\u00f3n solar<\/b><span style=\"font-weight: 400;\">: Es recomendable no tomar el sol o utilizar camas de bronceado en las semanas anteriores al tratamiento. La piel bronceada puede aumentar el riesgo de efectos secundarios.<\/span><\/li>\n<li style=\"font-weight: 400;\" aria-level=\"1\"><b>No utilices productos irritantes<\/b><span style=\"font-weight: 400;\">: Evita el uso de productos que puedan irritar la piel, como exfoliantes o cremas con \u00e1cidos, antes del tratamiento.<\/span><\/li>\n<li style=\"font-weight: 400;\" aria-level=\"1\"><b>Rasura tu vello<\/b><span style=\"font-weight: 400;\">: Se recomienda rasurar el vello en la zona a tratar uno o dos d\u00edas antes de la sesi\u00f3n. Esto permite que el l\u00e1ser se enfoque directamente en el fol\u00edculo piloso y reduzca la incomodidad durante el tratamiento.<\/span><\/li>\n<\/ol>\n<p>[\/et_pb_accordion_item][et_pb_accordion_item title=&#8221;\u00bfC\u00f3mo es el procedimiento?&#8221; _builder_version=&#8221;4.22.2&#8243; _module_preset=&#8221;default&#8221; custom_margin=&#8221;||0px||false|false&#8221; border_width_all=&#8221;0px&#8221; border_width_bottom=&#8221;1px&#8221; global_colors_info=&#8221;{}&#8221; open=&#8221;off&#8221;]<\/p>\n<p><span style=\"font-weight: 400;\">El procedimiento de depilaci\u00f3n l\u00e1ser de diodo que seguimos en Centros bedda implica los siguientes pasos:<\/span><\/p>\n<ol>\n<li style=\"font-weight: 400;\" aria-level=\"1\"><b>Limpieza de la zona<\/b><span style=\"font-weight: 400;\">: Antes de comenzar, un profesional del equipo de Centros bedda limpiar\u00e1 cuidadosamente la zona a tratar para eliminar cualquier residuo de productos o cremas.<\/span><\/li>\n<li style=\"font-weight: 400;\" aria-level=\"1\"><b>Aplicaci\u00f3n del l\u00e1ser<\/b><span style=\"font-weight: 400;\">: Utilizamos un dispositivo de l\u00e1ser de diodo de \u00faltima generaci\u00f3n para aplicar pulsos de luz intensa en la zona. El l\u00e1ser puede causar una sensaci\u00f3n de calor o pinchazo, pero la mayor\u00eda de los equipos cuentan con sistemas de enfriamiento para minimizar cualquier molestia.<\/span><\/li>\n<li style=\"font-weight: 400;\" aria-level=\"1\"><b>Seguimiento y cuidados posteriores<\/b><span style=\"font-weight: 400;\">: Despu\u00e9s del tratamiento, te proporcionaremos instrucciones sobre los cuidados posteriores y programaremos sesiones de seguimiento para que obtengas los mejores resultados.<\/span><\/li>\n<\/ol>\n<p>[\/et_pb_accordion_item][et_pb_accordion_item title=&#8221;Consejos para despu\u00e9s del tratamiento&#8221; _builder_version=&#8221;4.22.2&#8243; _module_preset=&#8221;default&#8221; custom_margin=&#8221;||0px||false|false&#8221; border_width_all=&#8221;0px&#8221; border_width_bottom=&#8221;1px&#8221; global_colors_info=&#8221;{}&#8221; open=&#8221;off&#8221;]<\/p>\n<p><span style=\"font-weight: 400;\">Despu\u00e9s de someterte a una sesi\u00f3n de depilaci\u00f3n l\u00e1ser, es importante seguir algunas recomendaciones para cuidar adecuadamente tu piel:<\/span><\/p>\n<ul>\n<li style=\"font-weight: 400;\" aria-level=\"1\"><b>Evita la exposici\u00f3n solar<\/b><span style=\"font-weight: 400;\">: Durante las primeras semanas despu\u00e9s del tratamiento, es importante proteger la zona tratada del sol utilizando protector solar y ropa de protecci\u00f3n.<\/span><\/li>\n<li style=\"font-weight: 400;\" aria-level=\"1\"><b>Evita productos irritantes<\/b><span style=\"font-weight: 400;\">: Evita el uso de productos que puedan irritar la piel, como exfoliantes o lociones con fragancias fuertes, en la zona tratada.<\/span><\/li>\n<li style=\"font-weight: 400;\" aria-level=\"1\"><b>Hidrata tu piel<\/b><span style=\"font-weight: 400;\">: Aplica una crema hidratante suave en la zona tratada para mantenerla hidratada y ayudar en su recuperaci\u00f3n.<\/span><\/li>\n<\/ul>\n<p>[\/et_pb_accordion_item][\/et_pb_accordion][\/et_pb_column][et_pb_column type=&#8221;1_2&#8243; _builder_version=&#8221;4.21.0&#8243; _module_preset=&#8221;default&#8221; custom_css_main_element=&#8221;margin: auto;&#8221; global_colors_info=&#8221;{}&#8221;][et_pb_image src=&#8221;https:\/\/agenciaseolocal.eu\/bedda\/wp-content\/uploads\/2023\/06\/imagen-lateral.jpg&#8221; title_text=&#8221;imagen-lateral&#8221; _builder_version=&#8221;4.22.2&#8243; _module_preset=&#8221;default&#8221; width=&#8221;100%&#8221; max_width=&#8221;100%&#8221; global_colors_info=&#8221;{}&#8221;][\/et_pb_image][\/et_pb_column][\/et_pb_row][et_pb_row _builder_version=&#8221;4.21.2&#8243; _module_preset=&#8221;default&#8221; width=&#8221;95%&#8221; custom_padding=&#8221;||||false|false&#8221; locked=&#8221;off&#8221; global_colors_info=&#8221;{}&#8221;][et_pb_column type=&#8221;4_4&#8243; _builder_version=&#8221;4.21.0&#8243; _module_preset=&#8221;default&#8221; global_colors_info=&#8221;{}&#8221;][et_pb_text _builder_version=&#8221;4.22.2&#8243; _module_preset=&#8221;default&#8221; text_font=&#8221;catalish-huntera||||||||&#8221; text_font_size=&#8221;30px&#8221; header_2_font_size=&#8221;45px&#8221; custom_margin=&#8221;||||false|false&#8221; text_font_size_tablet=&#8221;40px&#8221; text_font_size_phone=&#8221;20px&#8221; text_font_size_last_edited=&#8221;on|phone&#8221; header_2_font_size_tablet=&#8221;45px&#8221; header_2_font_size_phone=&#8221;30px&#8221; header_2_font_size_last_edited=&#8221;on|phone&#8221; locked=&#8221;off&#8221; global_colors_info=&#8221;{}&#8221;]<\/p>\n<p class=\"manuscrita\">Somos diferentes<\/p>\n<h2><b>\u00bfPor qu\u00e9 elegir Centros bedda?<\/b><\/h2>\n<p>[\/et_pb_text][et_pb_text _builder_version=&#8221;4.22.2&#8243; _module_preset=&#8221;default&#8221; global_colors_info=&#8221;{}&#8221;]<\/p>\n<p><a href=\"https:\/\/agenciaseolocal.eu\/bedda\/\"><span style=\"font-weight: 400;\">Centros bedda<\/span><\/a><span style=\"font-weight: 400;\"> es uno de los principales <\/span><b>centros especializados en depilaci\u00f3n l\u00e1ser de diodo<\/b><span style=\"font-weight: 400;\">. Contamos con<\/span><b> m\u00e1s de 25 centros<\/b><span style=\"font-weight: 400;\"> repartidos por diferentes ciudades de la geograf\u00eda espa\u00f1ola y muchos <\/span><b>a\u00f1os de experiencia <\/b><span style=\"font-weight: 400;\">en el campo de la depilaci\u00f3n l\u00e1ser. Nuestro equipo de profesionales altamente capacitados y experimentados utiliza equipos de \u00faltima generaci\u00f3n para ofrecer <\/span><b>tratamientos seguros y efectivos<\/b><span style=\"font-weight: 400;\">.<\/span><\/p>\n<p><span style=\"font-weight: 400;\">En Centros bedda nos preocupamos por ofrecer una <\/span><b>experiencia c\u00f3moda y personalizada para cada cliente<\/b><span style=\"font-weight: 400;\">. Nuestro objetivo es proporcionar resultados visibles y duraderos, ayud\u00e1ndote a despedirte del vello no deseado de forma efectiva. \u00a1No esperes m\u00e1s y programa tu consulta hoy mismo!<\/span><\/p>\n<p>[\/et_pb_text][\/et_pb_column][\/et_pb_row][\/et_pb_section][et_pb_section fb_built=&#8221;1&#8243; custom_padding_last_edited=&#8221;on|phone&#8221; _builder_version=&#8221;4.21.0&#8243; _module_preset=&#8221;default&#8221; background_color=&#8221;#f7f7f7&#8243; background_image=&#8221;https:\/\/agenciaseolocal.eu\/bedda\/wp-content\/uploads\/2023\/05\/fondo-flores.png&#8221; background_size=&#8221;contain&#8221; background_position=&#8221;top_center&#8221; background_blend=&#8221;multiply&#8221; custom_padding=&#8221;35px||35px||true|false&#8221; custom_padding_tablet=&#8221;35px||11px||false|false&#8221; custom_padding_phone=&#8221;15px||||false|false&#8221; locked=&#8221;off&#8221; global_colors_info=&#8221;{}&#8221;][et_pb_row _builder_version=&#8221;4.21.0&#8243; _module_preset=&#8221;default&#8221; width=&#8221;95%&#8221; global_colors_info=&#8221;{}&#8221;][et_pb_column type=&#8221;4_4&#8243; _builder_version=&#8221;4.21.0&#8243; _module_preset=&#8221;default&#8221; global_colors_info=&#8221;{}&#8221;][et_pb_text _builder_version=&#8221;4.22.2&#8243; _module_preset=&#8221;default&#8221; text_font=&#8221;catalish-huntera||||||||&#8221; text_font_size=&#8221;30px&#8221; text_line_height=&#8221;1.4em&#8221; header_2_font_size=&#8221;45px&#8221; text_orientation=&#8221;center&#8221; custom_margin=&#8221;||||false|false&#8221; text_font_size_tablet=&#8221;40px&#8221; text_font_size_phone=&#8221;20px&#8221; text_font_size_last_edited=&#8221;on|phone&#8221; header_2_font_size_tablet=&#8221;45px&#8221; header_2_font_size_phone=&#8221;30px&#8221; header_2_font_size_last_edited=&#8221;on|phone&#8221; locked=&#8221;off&#8221; global_colors_info=&#8221;{}&#8221;]<\/p>\n<p class=\"manuscrita\" style=\"color: #ff4a8a !important;\">Te escuchamos<\/p>\n<h2>Opiniones de nuestros clientes sobre la depilaci\u00f3n l\u00e1ser<\/h2>\n<p>[\/et_pb_text][et_pb_text _builder_version=&#8221;4.22.2&#8243; _module_preset=&#8221;default&#8221; global_colors_info=&#8221;{}&#8221;]<\/p>\n<div class=\"rpi\" style=\"\" data-id=\"583\" data-opts='{\"layout\":\"slider\",\"style_style\":\"1\",\"style_stars\":\"4\",\"style_ava\":\"1\",\"head_logo\":\"5\",\"style_logo\":\"1\",\"pagination\":\"\",\"text_size\":\"\",\"hide_avatar\":\"\",\"hide_name\":\"\",\"disable_review_time\":\"\",\"disable_user_link\":\"\",\"disable_google_link\":\"\",\"open_link\":\"1\",\"nofollow_link\":\"1\",\"lazy_load_img\":\"1\",\"time_format\":\"\",\"breakpoints\":\"\",\"ajax_load\":\"\",\"trans\":{\"read more\":\"leer m\\u00e1s\",\"Response from the owner\":\"Respuesta del propietario\"}}' data-exec=\"\"><div class=\"rpi-cnt rpi-col-m rpi-slider rpi-sh\" data-opts='{\"pagination\":\"\",\"speed\":5,\"autoplay\":\"\",\"wheelscroll\":\"\",\"mousestop\":\"\",\"clickstop\":\"\",\"swipe_step\":\"3\",\"swipe_per_btn\":\"3\",\"swipe_per_dot\":\"3\",\"hide_dots\":\"\"}' style=\"visibility:var(--visible, hidden)\" ><\/div><span class=\"rpi-hide\" style=\"display:none\"><style>.rpi-star:first-child[data-rating]::before{content:attr(data-rating);color:var(--star-color);font-size:var(--head-grade-fs);font-weight:var(--head-grade-weight,900)}<\/style><\/span><img decoding=\"async\" src=\"data:image\/gif;base64,R0lGODlhAQABAIAAAAAAAP\/\/\/yH5BAEAAAAALAAAAAABAAEAAAIBRAA7\" alt=\"\" onload=\"(function(el) { window.brb_vars=window.brb_vars||{ajaxurl:'https:\/\/agenciaseolocal.eu\/bedda\/wp-admin\/admin-ajax.php'}; var t = setInterval(function() {if (window.RichPlugins && !el.getAttribute('data-exec')) { let l = 'slider'; RichPlugins.init(el); clearInterval(t) }}, 200)})(this.closest('.rpi'))\" width=\"1\" height=\"1\" style=\"display:none\"><\/div>\n<p>[\/et_pb_text][\/et_pb_column][\/et_pb_row][\/et_pb_section][et_pb_section fb_built=&#8221;1&#8243; custom_padding_last_edited=&#8221;on|phone&#8221; _builder_version=&#8221;4.21.2&#8243; _module_preset=&#8221;default&#8221; background_color=&#8221;#686970&#8243; background_image=&#8221;https:\/\/agenciaseolocal.eu\/bedda\/wp-content\/uploads\/2023\/05\/fondo-flores5.jpg&#8221; background_size=&#8221;initial&#8221; background_position=&#8221;top_center&#8221; background_repeat=&#8221;repeat&#8221; background_blend=&#8221;multiply&#8221; custom_padding=&#8221;35px||38px||false|false&#8221; custom_padding_tablet=&#8221;35px||35px||false|false&#8221; custom_padding_phone=&#8221;15px|7px|15px|7px|true|true&#8221; global_module=&#8221;28674&#8243; saved_tabs=&#8221;all&#8221; locked=&#8221;off&#8221; global_colors_info=&#8221;{}&#8221;][et_pb_row _builder_version=&#8221;4.21.2&#8243; _module_preset=&#8221;default&#8221; width=&#8221;95%&#8221; custom_padding=&#8221;||0px|||&#8221; global_colors_info=&#8221;{}&#8221;][et_pb_column type=&#8221;4_4&#8243; _builder_version=&#8221;4.21.0&#8243; _module_preset=&#8221;default&#8221; global_colors_info=&#8221;{}&#8221;][et_pb_text _builder_version=&#8221;4.24.0&#8243; _module_preset=&#8221;default&#8221; text_font=&#8221;catalish-huntera||||||||&#8221; text_font_size=&#8221;30px&#8221; text_line_height=&#8221;1.4em&#8221; header_2_text_color=&#8221;#FFFFFF&#8221; header_2_font_size=&#8221;45px&#8221; text_orientation=&#8221;center&#8221; custom_margin=&#8221;||||false|false&#8221; text_font_size_tablet=&#8221;40px&#8221; text_font_size_phone=&#8221;20px&#8221; text_font_size_last_edited=&#8221;on|phone&#8221; header_2_font_size_tablet=&#8221;45px&#8221; header_2_font_size_phone=&#8221;30px&#8221; header_2_font_size_last_edited=&#8221;on|phone&#8221; locked=&#8221;off&#8221; global_colors_info=&#8221;{}&#8221;]<\/p>\n<p class=\"manuscrita\" style=\"color: #fff !important;\">D\u00f3nde estamos<\/p>\n<h2>Encuentra tu Centro bedda m\u00e1s cercano<\/h2>\n<p>[\/et_pb_text][et_pb_text _builder_version=&#8221;4.21.0&#8243; _module_preset=&#8221;default&#8221; text_text_color=&#8221;#FFFFFF&#8221; locked=&#8221;off&#8221; global_colors_info=&#8221;{}&#8221;]<\/p>\n<p><span style=\"font-weight: 400;\">Actualmente contamos con <\/span><b>m\u00e1s de 25 Centros bedda <\/b><span style=\"font-weight: 400;\">repartidos por diferentes ciudades de la geograf\u00eda espa\u00f1ola. \u00a1Encuentra tu Centro bedda m\u00e1s cercano y ven a conocernos!<\/span><\/p>\n<p>[\/et_pb_text][\/et_pb_column][\/et_pb_row][et_pb_row column_structure=&#8221;1_3,1_3,1_3&#8243; use_custom_gutter=&#8221;on&#8221; _builder_version=&#8221;4.21.0&#8243; _module_preset=&#8221;default&#8221; width=&#8221;95%&#8221; global_colors_info=&#8221;{}&#8221;][et_pb_column type=&#8221;1_3&#8243; _builder_version=&#8221;4.21.0&#8243; _module_preset=&#8221;default&#8221; global_colors_info=&#8221;{}&#8221;][et_pb_toggle title=&#8221;Asturias&#8221; open_toggle_text_color=&#8221;#FFFFFF&#8221; open_toggle_background_color=&#8221;RGBA(255,255,255,0)&#8221; closed_toggle_background_color=&#8221;RGBA(255,255,255,0)&#8221; icon_color=&#8221;#ff79a5&#8243; toggle_icon=&#8221;&#xf5bb;||fa||900&#8243; open_icon_color=&#8221;#ff79a5&#8243; open_toggle_icon=&#8221;&#xf5bb;||fa||900&#8243; _builder_version=&#8221;4.27.4&#8243; _module_preset=&#8221;default&#8221; title_text_color=&#8221;#FFFFFF&#8221; title_level=&#8221;h3&#8243; title_font_size=&#8221;25px&#8221; body_text_color=&#8221;#FFFFFF&#8221; custom_margin=&#8221;||0px||false|false&#8221; custom_padding=&#8221;0px||||false|false&#8221; title_font_size_tablet=&#8221;&#8221; title_font_size_phone=&#8221;20px&#8221; title_font_size_last_edited=&#8221;on|phone&#8221; body_font_size_tablet=&#8221;&#8221; body_font_size_phone=&#8221;16px&#8221; body_font_size_last_edited=&#8221;on|phone&#8221; custom_css_toggle_title=&#8221;margin: 0 -7px&#8221; custom_css_toggle_content=&#8221;margin: 0 -7px&#8221; border_width_all=&#8221;0px&#8221; border_width_bottom=&#8221;1px&#8221; global_colors_info=&#8221;{}&#8221;]<\/p>\n<p style=\"font-size: 18px; font-weight: 800; color: #ff79a5;\"><a style=\"color: #ff79a5;\" href=\"https:\/\/agenciaseolocal.eu\/bedda\/depilacion-laser-gijon\/\">Centro de depilaci\u00f3n l\u00e1ser Gij\u00f3n<\/a><\/p>\n<hr style=\"margin-top: -3%;\" \/>\n<p><span style=\"color: #ffffff;\"><a href=\"https:\/\/www.google.com\/maps?cid=18396564086927494713\" target=\"_blank\" rel=\"noopener\" style=\"color: #ffffff;\">Av de Galicia, 87, 33212 Gij\u00f3n, Asturias<\/a><\/span><\/p>\n<p><strong>Horario:<\/strong><br \/>\nL. a V. 09:00 a 21:00<br \/>\nS. 10:00 a 14:00 (ininterrumpidamente)<\/p>\n<p style=\"font-size: 18px; font-weight: 800; color: #ff79a5;\"><a style=\"color: #ff79a5;\" href=\"https:\/\/agenciaseolocal.eu\/bedda\/depilacion-laser-gijon\/\">Centro de depilaci\u00f3n l\u00e1ser Alcampo Gij\u00f3n<\/a><\/p>\n<hr style=\"margin-top: -3%;\" \/>\n<p><span style=\"color: #ffffff;\"><a href=\"https:\/\/www.google.com\/maps?cid=7051125832257557657\" target=\"_blank\" rel=\"noopener\" style=\"color: #ffffff;\">AS-II, 1306, Centro Comercial Alcampo, 33211 Gij\u00f3n, Asturias<\/a><\/span><\/p>\n<p><strong>Horario:<\/strong><br \/>\nL. a S. 10:00 a 22:00 (ininterrumpidamente)<br \/>\n<span>Registro sanitario: C.3\/6511.<\/span><\/p>\n<p style=\"font-size: 18px; font-weight: 800; color: #ff79a5;\"><a style=\"color: #ff79a5;\" href=\"https:\/\/agenciaseolocal.eu\/bedda\/depilacion-laser-aviles\/\">Centro de depilaci\u00f3n l\u00e1ser Avil\u00e9s<\/a><\/p>\n<hr style=\"margin-top: -3%;\" \/>\n<p><span style=\"color: #ffffff;\"><a href=\"https:\/\/www.google.com\/maps?cid=5369814486936689894\" target=\"_blank\" rel=\"noopener\" style=\"color: #ffffff;\">Pedrero, S\/N Centro comercial Parqueastur, 33468 Trasona, Asturias<\/a><\/span><\/p>\n<p><strong>Horario:<\/strong><br \/>\nL. a S. 09:00 a 21:30<br \/>\n(ininterrumpidamente)<\/p>\n<p style=\"font-size: 18px; font-weight: 800; color: #ff79a5;\"><a style=\"color: #ff79a5;\" href=\"https:\/\/agenciaseolocal.eu\/bedda\/depilacion-laser-oviedo\/\">Centro de depilaci\u00f3n l\u00e1ser Parque Principado<\/a><\/p>\n<hr style=\"margin-top: -3%;\" \/>\n<p><span style=\"color: #ffffff;\"><a href=\"https:\/\/www.google.com\/maps?cid=2765536801826704249\" target=\"_blank\" rel=\"noopener\" style=\"color: #ffffff;\">Parque Principado, Autov\u00eda Ruta de la Plata, Km. 4, 5 Centro Comercial, 33429 Paredes El Cuetu, Asturias<\/a><\/span><\/p>\n<p><strong>Horario:<\/strong><br \/>\nL. a S. 10:00 a 22:00<br \/>\n(ininterrumpidamente)[\/et_pb_toggle][et_pb_toggle title=&#8221;Galicia&#8221; open_toggle_text_color=&#8221;#FFFFFF&#8221; open_toggle_background_color=&#8221;RGBA(255,255,255,0)&#8221; closed_toggle_background_color=&#8221;RGBA(255,255,255,0)&#8221; icon_color=&#8221;#ff79a5&#8243; toggle_icon=&#8221;&#xf5bb;||fa||900&#8243; open_icon_color=&#8221;#ff79a5&#8243; open_toggle_icon=&#8221;&#xf5bb;||fa||900&#8243; _builder_version=&#8221;4.27.3&#8243; _module_preset=&#8221;default&#8221; title_text_color=&#8221;#FFFFFF&#8221; title_level=&#8221;h3&#8243; title_font_size=&#8221;25px&#8221; body_text_color=&#8221;#FFFFFF&#8221; custom_margin=&#8221;||0px||false|false&#8221; title_font_size_tablet=&#8221;&#8221; title_font_size_phone=&#8221;20px&#8221; title_font_size_last_edited=&#8221;on|phone&#8221; body_font_size_tablet=&#8221;&#8221; body_font_size_phone=&#8221;16px&#8221; body_font_size_last_edited=&#8221;on|phone&#8221; custom_css_toggle_title=&#8221;margin: 0 -7px&#8221; custom_css_toggle_content=&#8221;margin: 0 -7px&#8221; border_width_all=&#8221;0px&#8221; border_width_bottom=&#8221;1px&#8221; global_colors_info=&#8221;{}&#8221;]<\/p>\n<p style=\"font-size: 18px; font-weight: 800; color: #ff79a5;\"><a style=\"color: #ff79a5;\" href=\"https:\/\/agenciaseolocal.eu\/bedda\/depilacion-laser-lugo\/\">Centro de depilaci\u00f3n l\u00e1ser Lugo<\/a><\/p>\n<hr style=\"margin-top: -3%;\" \/>\n<p><span style=\"color: #ffffff;\"><a href=\"https:\/\/www.google.com\/maps?cid=931361397690918445\" style=\"color: #ffffff;\" target=\"_blank\" rel=\"noopener\">Av. Infanta Elena, 213, C.C. As Termas, local 15, 27003 Lugo<\/a><\/span><\/p>\n<p><strong>Horario:<\/strong><br \/>\nL. a S. 09:00 a 22:00<br \/>\n(ininterrumpidamente)<\/p>\n<p>Registro sanitario: C-27-001200<\/p>\n<p style=\"font-size: 18px; font-weight: 800; color: #ff79a5;\"><a style=\"color: #ff79a5;\" href=\"https:\/\/agenciaseolocal.eu\/bedda\/depilacion-laser-ferrol\/\">Centro de depilaci\u00f3n l\u00e1ser Ferrol<\/a><\/p>\n<hr style=\"margin-top: -3%;\" \/>\n<p><span style=\"color: #ffffff;\"><a href=\"https:\/\/www.google.com\/maps?cid=15642665670050053254\" target=\"_blank\" rel=\"noopener\" style=\"color: #ffffff;\">Alcampo Ferrol, local 20, Pol. Ind. G\u00e1ndara, 15404 Ferrol, A Coru\u00f1a<\/a><\/span><\/p>\n<p><strong>Horario:<\/strong><br \/>\nL. a S. 10:00 a 22:00<br \/>\n(ininterrumpidamente)<br \/>\nRegistro sanitario: C-15-004258<\/p>\n<p style=\"font-size: 18px; font-weight: 800; color: #ff79a5;\"><a style=\"color: #ff79a5;\" href=\"https:\/\/agenciaseolocal.eu\/bedda\/depilacion-laser-a-coruna\/\">Centro de depilaci\u00f3n l\u00e1ser A Coru\u00f1a<\/a><\/p>\n<hr style=\"margin-top: -3%;\" \/>\n<p><span style=\"color: #ffffff;\"><a href=\"https:\/\/www.google.com\/maps?cid=2989802485933401418\" target=\"_blank\" rel=\"noopener\" style=\"color: #ffffff;\">R\u00faa Ram\u00f3n y Cajal, 53, 15006 A Coru\u00f1a<\/a><\/span><\/p>\n<p><strong>Horario:<\/strong><br \/>\nL. a S. 09:00 a 21:00 (ininterrumpidamente)[\/et_pb_toggle][\/et_pb_column][et_pb_column type=&#8221;1_3&#8243; _builder_version=&#8221;4.21.0&#8243; _module_preset=&#8221;default&#8221; global_colors_info=&#8221;{}&#8221;][et_pb_toggle title=&#8221;Cantabria&#8221; open_toggle_text_color=&#8221;#FFFFFF&#8221; open_toggle_background_color=&#8221;RGBA(255,255,255,0)&#8221; closed_toggle_background_color=&#8221;RGBA(255,255,255,0)&#8221; icon_color=&#8221;#ff79a5&#8243; toggle_icon=&#8221;&#xf5bb;||fa||900&#8243; open_icon_color=&#8221;#ff79a5&#8243; open_toggle_icon=&#8221;&#xf5bb;||fa||900&#8243; _builder_version=&#8221;4.22.1&#8243; _module_preset=&#8221;default&#8221; title_text_color=&#8221;#FFFFFF&#8221; title_level=&#8221;h3&#8243; title_font_size=&#8221;25px&#8221; body_text_color=&#8221;#FFFFFF&#8221; custom_margin=&#8221;||0px||false|false&#8221; custom_margin_tablet=&#8221;&#8221; custom_margin_phone=&#8221;-2%||0px||false|false&#8221; custom_margin_last_edited=&#8221;on|phone&#8221; custom_padding=&#8221;0px||||false|false&#8221; title_font_size_tablet=&#8221;&#8221; title_font_size_phone=&#8221;20px&#8221; title_font_size_last_edited=&#8221;on|phone&#8221; body_font_size_tablet=&#8221;&#8221; body_font_size_phone=&#8221;16px&#8221; body_font_size_last_edited=&#8221;on|phone&#8221; custom_css_toggle_title=&#8221;margin: 0 -7px&#8221; custom_css_toggle_content=&#8221;margin: 0 -7px&#8221; border_width_all=&#8221;0px&#8221; border_width_bottom=&#8221;1px&#8221; global_colors_info=&#8221;{}&#8221;]<\/p>\n<p style=\"font-size: 18px; font-weight: 800; color: #ff79a5;\"><a style=\"color: #ff79a5;\" href=\"https:\/\/agenciaseolocal.eu\/bedda\/depilacion-laser-santander\/\">Centro de depilaci\u00f3n l\u00e1ser Santander<\/a><\/p>\n<hr style=\"margin-top: -3%;\" \/>\n<p><span style=\"color: #ffffff;\"><a href=\"https:\/\/www.google.com\/maps?cid=1396254009351915747\" target=\"_blank\" rel=\"noopener\" style=\"color: #ffffff;\">C\/ Joaqu\u00edn Rodrigo, 2, 39011 Santander, Cantabria<\/a><\/span><\/p>\n<p><strong>Horario:<\/strong><br \/>L. a S. 09:00 a 21:00<\/p>\n<p style=\"font-size: 18px; font-weight: 800; color: #ff79a5;\"><a style=\"color: #ff79a5;\" href=\"https:\/\/agenciaseolocal.eu\/bedda\/depilacion-laser-santander\/\">Centro de depilaci\u00f3n l\u00e1ser Santander<\/a><\/p>\n<hr style=\"margin-top: -3%;\" \/>\n<p><span style=\"color: #ffffff;\"><a href=\"https:\/\/www.google.com\/maps?cid=2276375283976921748\" style=\"color: #ffffff;\" target=\"_blank\" rel=\"noopener\">C. Hern\u00e1n Cort\u00e9s, 8, Bajo, 39003 Santander, Cantabria<\/a><\/span><\/p>\n<p><strong>Horario:<\/strong><br \/>L. a V. 09:00 a 20:00 y S. 09:30 a 13:30<\/p>\n<p>[\/et_pb_toggle][et_pb_toggle title=&#8221;Navarra&#8221; open_toggle_text_color=&#8221;#FFFFFF&#8221; open_toggle_background_color=&#8221;RGBA(255,255,255,0)&#8221; closed_toggle_background_color=&#8221;RGBA(255,255,255,0)&#8221; icon_color=&#8221;#ff79a5&#8243; toggle_icon=&#8221;&#xf5bb;||fa||900&#8243; open_icon_color=&#8221;#ff79a5&#8243; open_toggle_icon=&#8221;&#xf5bb;||fa||900&#8243; _builder_version=&#8221;4.27.4&#8243; _module_preset=&#8221;default&#8221; title_text_color=&#8221;#FFFFFF&#8221; title_level=&#8221;h3&#8243; title_font_size=&#8221;25px&#8221; body_text_color=&#8221;#FFFFFF&#8221; custom_margin=&#8221;||0px||false|false&#8221; title_font_size_tablet=&#8221;&#8221; title_font_size_phone=&#8221;20px&#8221; title_font_size_last_edited=&#8221;on|phone&#8221; body_font_size_tablet=&#8221;&#8221; body_font_size_phone=&#8221;16px&#8221; body_font_size_last_edited=&#8221;on|phone&#8221; custom_css_toggle_title=&#8221;margin: 0 -7px&#8221; custom_css_toggle_content=&#8221;margin: 0 -7px&#8221; border_width_all=&#8221;0px&#8221; border_width_bottom=&#8221;1px&#8221; global_colors_info=&#8221;{}&#8221;]<\/p>\n<p style=\"font-size: 18px; font-weight: 800; color: #ff79a5;\"><a style=\"color: #ff79a5;\" href=\"https:\/\/agenciaseolocal.eu\/bedda\/depilacion-laser-pamplona\/\">Centro de depilaci\u00f3n l\u00e1ser Pamplona<\/a><\/p>\n<hr style=\"margin-top: -3%;\" \/>\n<p><span style=\"color: #ffffff;\"><a href=\"https:\/\/www.google.com\/maps?cid=11459987850439882151\" target=\"_blank\" rel=\"noopener\" style=\"color: #ffffff;\">Av. de Carlos III el Noble Etorbidea, 12, 31002 Pamplona, Navarra<\/a><\/span><\/p>\n<p><strong>Horario:<\/strong><br \/>\nL. a V. 09:00 a 20:00; y S. 10:00 a 14:00<\/p>\n<p style=\"font-size: 18px; font-weight: 800; color: #ff79a5;\"><a style=\"color: #ff79a5;\" href=\"https:\/\/agenciaseolocal.eu\/bedda\/depilacion-laser-pamplona\/\">Centro de depilaci\u00f3n l\u00e1ser Pamplona<\/a><\/p>\n<hr style=\"margin-top: -3%;\" \/>\n<p><span style=\"color: #ffffff;\"><a href=\"https:\/\/www.google.com\/maps?cid=3727468443520473239\" target=\"_blank\" rel=\"noopener\" style=\"color: #ffffff;\">Local, C. Soto Aizo\u00e1in, 24, 31013 Pamplona, Navarra<\/a><\/span><\/p>\n<p><strong>Horario:<\/strong><br \/>\nL. a S. 09:00 a 21:00<br \/>\n(ininterrumpidamente)[\/et_pb_toggle][\/et_pb_column][et_pb_column type=&#8221;1_3&#8243; _builder_version=&#8221;4.21.0&#8243; _module_preset=&#8221;default&#8221; global_colors_info=&#8221;{}&#8221;][et_pb_toggle title=&#8221;Castilla y Le\u00f3n&#8221; open_toggle_text_color=&#8221;#FFFFFF&#8221; open_toggle_background_color=&#8221;RGBA(255,255,255,0)&#8221; closed_toggle_background_color=&#8221;RGBA(255,255,255,0)&#8221; icon_color=&#8221;#ff79a5&#8243; toggle_icon=&#8221;&#xf5bb;||fa||900&#8243; open_icon_color=&#8221;#ff79a5&#8243; open_toggle_icon=&#8221;&#xf5bb;||fa||900&#8243; _builder_version=&#8221;4.27.4&#8243; _module_preset=&#8221;default&#8221; title_text_color=&#8221;#FFFFFF&#8221; title_level=&#8221;h3&#8243; title_font_size=&#8221;25px&#8221; body_text_color=&#8221;#FFFFFF&#8221; custom_margin=&#8221;||0px||false|false&#8221; custom_margin_tablet=&#8221;&#8221; custom_margin_phone=&#8221;-2%||0px||false|false&#8221; custom_margin_last_edited=&#8221;on|phone&#8221; custom_padding=&#8221;0px||||false|false&#8221; title_font_size_tablet=&#8221;&#8221; title_font_size_phone=&#8221;20px&#8221; title_font_size_last_edited=&#8221;on|phone&#8221; body_font_size_tablet=&#8221;&#8221; body_font_size_phone=&#8221;16px&#8221; body_font_size_last_edited=&#8221;on|phone&#8221; custom_css_toggle_title=&#8221;margin: 0 -7px&#8221; custom_css_toggle_icon=&#8221;margin-right:2%&#8221; custom_css_toggle_content=&#8221;margin: 0 -7px&#8221; border_width_all=&#8221;0px&#8221; border_width_bottom=&#8221;1px&#8221; global_colors_info=&#8221;{}&#8221;]<\/p>\n<p style=\"font-size: 18px; font-weight: 800; color: #ff79a5;\"><a style=\"color: #ff79a5;\" href=\"https:\/\/agenciaseolocal.eu\/bedda\/depilacion-laser-ponferrada\/\">Centro de depilaci\u00f3n l\u00e1ser Ponferrada<\/a><\/p>\n<hr style=\"margin-top: -3%;\" \/>\n<p><span style=\"color: #ffffff;\"><a href=\"https:\/\/www.google.com\/maps?cid=17791044171912276738\" target=\"_blank\" rel=\"noopener\" style=\"color: #ffffff;\">Av. de la Constituci\u00f3n, 2, 24404 Ponferrada, Le\u00f3n<\/a><\/span><\/p>\n<p><strong>Horario:<\/strong><br \/>\nL. a S. 09:00 a 22:00<br \/>\n(ininterrumpidamente)<\/p>\n<p style=\"font-size: 18px; font-weight: 800; color: #ff79a5;\"><a style=\"color: #ff79a5;\" href=\"https:\/\/agenciaseolocal.eu\/bedda\/depilacion-laser-valladolid\/\">Centro de depilaci\u00f3n l\u00e1ser Valladolid<\/a><\/p>\n<hr style=\"margin-top: -3%;\" \/>\n<p><span style=\"color: #ffffff;\"><a href=\"https:\/\/www.google.com\/maps?cid=385143440562133586\" target=\"_blank\" rel=\"noopener\" style=\"color: #ffffff;\">P.\u00ba de Zorrilla, S\/N, 47008 Valladolid<\/a><\/span><\/p>\n<p><strong>Horario:<\/strong><br \/>\nL. a S. 09:00 a 22:00 (ininterrumpidamente)<\/p>\n<p style=\"font-size: 18px; font-weight: 800; color: #ff79a5;\"><a style=\"color: #ff79a5;\" href=\"https:\/\/agenciaseolocal.eu\/bedda\/depilacion-laser-burgos\/\">Centro de depilaci\u00f3n l\u00e1ser Burgos<\/a><\/p>\n<hr style=\"margin-top: -3%;\" \/>\n<p><span style=\"color: #ffffff;\"><a href=\"https:\/\/www.google.com\/maps?cid=16731136443259627574\" target=\"_blank\" rel=\"noopener\" style=\"color: #ffffff;\">Centro Comercial El Mirador de Burgos, Ctra. Santander, 2, 09006 Burgos<\/a><\/span><\/p>\n<p><strong>Horario:<\/strong><br \/>\nL. a S. 09:30 a 21:30[\/et_pb_toggle][et_pb_toggle title=&#8221;Pa\u00eds Vasco&#8221; open_toggle_text_color=&#8221;#FFFFFF&#8221; open_toggle_background_color=&#8221;RGBA(255,255,255,0)&#8221; closed_toggle_background_color=&#8221;RGBA(255,255,255,0)&#8221; icon_color=&#8221;#ff79a5&#8243; toggle_icon=&#8221;&#xf5bb;||fa||900&#8243; open_icon_color=&#8221;#ff79a5&#8243; open_toggle_icon=&#8221;&#xf5bb;||fa||900&#8243; _builder_version=&#8221;4.25.0&#8243; _module_preset=&#8221;default&#8221; title_text_color=&#8221;#FFFFFF&#8221; title_level=&#8221;h3&#8243; title_font_size=&#8221;25px&#8221; body_text_color=&#8221;#FFFFFF&#8221; custom_margin=&#8221;||0px||false|false&#8221; title_font_size_tablet=&#8221;&#8221; title_font_size_phone=&#8221;20px&#8221; title_font_size_last_edited=&#8221;on|desktop&#8221; body_font_size_tablet=&#8221;&#8221; body_font_size_phone=&#8221;16px&#8221; body_font_size_last_edited=&#8221;on|phone&#8221; custom_css_toggle_title=&#8221;margin: 0 -7px&#8221; custom_css_toggle_content=&#8221;margin: 0 -7px&#8221; border_width_all=&#8221;0px&#8221; border_width_bottom=&#8221;1px&#8221; global_colors_info=&#8221;{}&#8221;]<\/p>\n<p style=\"font-size: 18px; font-weight: 800; color: #ff79a5;\"><a style=\"color: #ff79a5;\" href=\"https:\/\/agenciaseolocal.eu\/bedda\/depilacion-laser-donostia\/\">Centro de depilaci\u00f3n l\u00e1ser San Sebasti\u00e1n<\/a><\/p>\n<hr style=\"margin-top: -3%;\" \/>\n<p><span style=\"color: #ffffff;\"><a href=\"https:\/\/www.google.com\/maps?cid=5172837980547941746\" target=\"_blank\" rel=\"noopener\" style=\"color: #ffffff;\">San Bartolome Kalea, 6, 20006 Donostia, Gipuzkoa<\/a><\/span><\/p>\n<p><strong>Horario:<\/strong><br \/>\n<span>L. a V. 09:00 a 21:00 y S. 09:00 a 19:30\u00a0<\/span><\/p>\n<p>Registro Sanitario: C3-12843<\/p>\n<p style=\"font-size: 18px; font-weight: 800; color: #ff79a5;\"><a style=\"color: #ff79a5;\" href=\"https:\/\/agenciaseolocal.eu\/bedda\/depilacion-laser-bilbao\/\">Centro de depilaci\u00f3n l\u00e1ser Bilbao Ercilla<\/a><\/p>\n<hr style=\"margin-top: -3%;\" \/>\n<p>(Cerrado permanentemente)<br \/>\nNos trasladamos a Zubiarte.<\/p>\n<p style=\"font-size: 18px; font-weight: 800; color: #ff79a5;\"><a style=\"color: #ff79a5;\" href=\"https:\/\/agenciaseolocal.eu\/bedda\/depilacion-laser-bilbao\/\">Centro de depilaci\u00f3n l\u00e1ser Bilbao<\/a><\/p>\n<hr style=\"margin-top: -3%;\" \/>\n<p><span style=\"color: #ffffff;\"><a href=\"https:\/\/www.google.com\/maps?cid=1884237436586041845\" target=\"_blank\" rel=\"noopener\" style=\"color: #ffffff;\">Leizaola Lehendakariaren Kalea, 2, 48011 Bilbo, Bizkaia<\/a><\/span><\/p>\n<p><strong>Horario:<\/strong><br \/>\nL. a S. 10:00 a 22:00<br \/>\n(ininterrumpidamente)<\/p>\n<p>Registro Sanitario: C3-12594<\/p>\n<p style=\"font-size: 18px; font-weight: 800; color: #ff79a5;\"><a style=\"color: #ff79a5;\" href=\"https:\/\/agenciaseolocal.eu\/bedda\/depilacion-laser-abadino\/\">Centro de depilaci\u00f3n l\u00e1ser Abadi\u00f1o<\/a><\/p>\n<hr style=\"margin-top: -3%;\" \/>\n<p><span style=\"color: #ffffff;\"><a href=\"https:\/\/www.google.com\/maps?cid=8872535479484832616\" target=\"_blank\" rel=\"noopener\" style=\"color: #ffffff;\">Centro Comercial, Barrio Murueta S\/N, 48220 Abadi\u00f1o, Biscay<\/a><\/span><\/p>\n<p><strong>Horario:<\/strong><br \/>\nL. a S. 09:30 a 21:00<br \/>\n(ininterrumpidamente)<\/p>\n<p style=\"font-size: 18px; font-weight: 800; color: #ff79a5;\"><a style=\"color: #ff79a5;\" href=\"https:\/\/agenciaseolocal.eu\/bedda\/depilacion-laser-irun\/\">Centro de depilaci\u00f3n l\u00e1ser Ir\u00fan<\/a><\/p>\n<hr style=\"margin-top: -3%;\" \/>\n<p><span style=\"color: #ffffff;\"><a href=\"https:\/\/www.google.com\/maps?cid=14481689227748707943\" target=\"_blank\" rel=\"noopener\" style=\"color: #ffffff;\">Colon Ibilbidea, 32, 20301 Irun, Gipuzkoa<\/a><\/span><\/p>\n<p><strong>Horario:<\/strong><br \/>\nL. a V. 10:00 a 20:00 y S. 10:00 a 14:00<\/p>\n<p>Registro Sanitario: C3-13352<\/p>\n<p style=\"font-size: 18px; font-weight: 800; color: #ff79a5;\"><a style=\"color: #ff79a5;\" href=\"https:\/\/agenciaseolocal.eu\/bedda\/depilacion-laser-barakaldo\/\">Centro de depilaci\u00f3n l\u00e1ser Barakaldo<\/a><\/p>\n<hr style=\"margin-top: -3%;\" \/>\n<p><span style=\"color: #ffffff;\"><a href=\"https:\/\/www.google.com\/maps?cid=7485099837098094460\" target=\"_blank\" rel=\"noopener\" style=\"color: #ffffff;\">Centro Comercial Los Fueros, Pormetxeta Kalea, 2, A Local 15, 48901 Barakaldo, Biscay<\/a><\/span><\/p>\n<p><strong>Horario:<\/strong><br \/>\n<span>L. a V. 10:00 a 20:00<\/span>[\/et_pb_toggle][\/et_pb_column][\/et_pb_row][\/et_pb_section][et_pb_section fb_built=&#8221;1&#8243; custom_padding_last_edited=&#8221;on|phone&#8221; _builder_version=&#8221;4.21.0&#8243; _module_preset=&#8221;default&#8221; background_image=&#8221;https:\/\/agenciaseolocal.eu\/bedda\/wp-content\/uploads\/2023\/05\/fondo-flores.png&#8221; background_size=&#8221;contain&#8221; background_position=&#8221;top_center&#8221; custom_margin=&#8221;||||false|false&#8221; custom_padding=&#8221;35px||16px||false|false&#8221; custom_padding_tablet=&#8221;35px||16px||false|false&#8221; custom_padding_phone=&#8221;15px|7px|16px|7px|false|true&#8221; locked=&#8221;off&#8221; global_colors_info=&#8221;{}&#8221;][et_pb_row column_structure=&#8221;2_3,1_3&#8243; custom_padding_last_edited=&#8221;on|phone&#8221; _builder_version=&#8221;4.21.0&#8243; _module_preset=&#8221;default&#8221; width=&#8221;95%&#8221; custom_padding=&#8221;||60px||false|false&#8221; custom_padding_tablet=&#8221;||60px||false|false&#8221; custom_padding_phone=&#8221;||30px||false|false&#8221; global_colors_info=&#8221;{}&#8221;][et_pb_column type=&#8221;2_3&#8243; _builder_version=&#8221;4.21.0&#8243; _module_preset=&#8221;default&#8221; global_colors_info=&#8221;{}&#8221;][et_pb_text _builder_version=&#8221;4.22.2&#8243; _module_preset=&#8221;default&#8221; text_font=&#8221;catalish-huntera||||||||&#8221; text_font_size=&#8221;30px&#8221; text_line_height=&#8221;1.4em&#8221; header_2_font_size=&#8221;45px&#8221; text_font_size_tablet=&#8221;40px&#8221; text_font_size_phone=&#8221;20px&#8221; text_font_size_last_edited=&#8221;on|phone&#8221; header_2_font_size_tablet=&#8221;45px&#8221; header_2_font_size_phone=&#8221;30px&#8221; header_2_font_size_last_edited=&#8221;on|phone&#8221; locked=&#8221;off&#8221; global_colors_info=&#8221;{}&#8221;]<\/p>\n<p class=\"manuscrita\" style=\"color: #ff4a8a !important;\">FAQ<\/p>\n<h2>Preguntas Frecuentes sobre la depilaci\u00f3n l\u00e1ser<\/h2>\n<p>[\/et_pb_text][et_pb_accordion open_toggle_text_color=&#8221;#ff79a5&#8243; open_toggle_background_color=&#8221;RGBA(255,255,255,0)&#8221; closed_toggle_background_color=&#8221;RGBA(255,255,255,0)&#8221; toggle_icon=&#8221;&#xf5bb;||fa||900&#8243; icon_color=&#8221;#ff79a5&#8243; _builder_version=&#8221;4.22.2&#8243; _module_preset=&#8221;default&#8221; toggle_text_color=&#8221;#686970&#8243; toggle_level=&#8221;h3&#8243; toggle_font=&#8221;||||||||&#8221; toggle_font_size=&#8221;24px&#8221; toggle_font_size_tablet=&#8221;24px&#8221; toggle_font_size_phone=&#8221;20px&#8221; toggle_font_size_last_edited=&#8221;on|phone&#8221; custom_css_toggle_title=&#8221;margin: 0 -7px&#8221; custom_css_toggle_content=&#8221;margin: 0 -7px&#8221; border_color_all=&#8221;#bb9495&#8243; border_color_bottom=&#8221;#ff79a5&#8243; global_colors_info=&#8221;{}&#8221;][et_pb_accordion_item title=&#8221;\u00bfQu\u00e9 es la depilaci\u00f3n l\u00e1ser de diodo?&#8221; open=&#8221;on&#8221; _builder_version=&#8221;4.22.2&#8243; _module_preset=&#8221;default&#8221; custom_margin=&#8221;||0px||false|false&#8221; border_width_all=&#8221;0px&#8221; border_width_bottom=&#8221;1px&#8221; global_colors_info=&#8221;{}&#8221;]<\/p>\n<p><span style=\"font-weight: 400;\">La depilaci\u00f3n l\u00e1ser de diodo es un <\/span><b>m\u00e9todo de eliminaci\u00f3n de vello definitivo<\/b><span style=\"font-weight: 400;\">, reconocido por su eficacia y precisi\u00f3n. Esta t\u00e9cnica utiliza un <\/span><b>rayo de luz monocrom\u00e1tico y unidireccional que ataca directamente al fol\u00edculo piloso sin da\u00f1ar la piel <\/b><span style=\"font-weight: 400;\">circundante. Es capaz de penetrar profundamente en las capas de la piel, lo que la hace adecuada para todos los tipos de piel. Adem\u00e1s, <\/span><b>puede eliminar hasta el 90% del vello despu\u00e9s de cuatro a ocho sesiones<\/b><span style=\"font-weight: 400;\">, dependiendo de la extensi\u00f3n de la zona a tratar. Este sistema de depilaci\u00f3n proporciona resultados r\u00e1pidos y duraderos.<\/span><\/p>\n<p>[\/et_pb_accordion_item][et_pb_accordion_item title=&#8221;\u00bfQui\u00e9n puede depilarse con l\u00e1ser? \u00bfEs un tratamiento apto para todo el mundo?&#8221; _builder_version=&#8221;4.22.2&#8243; _module_preset=&#8221;default&#8221; custom_margin=&#8221;||0px||false|false&#8221; border_width_all=&#8221;0px&#8221; border_width_bottom=&#8221;1px&#8221; global_colors_info=&#8221;{}&#8221; open=&#8221;off&#8221;]<\/p>\n<p><span style=\"font-weight: 400;\">La depilaci\u00f3n l\u00e1ser <\/span><b>puede ser utilizada por casi cualquier persona<\/b><span style=\"font-weight: 400;\"> que desee eliminar el vello no deseado. Sin embargo, hay algunas consideraciones a tener en cuenta. <\/span><b>Es m\u00e1s efectiva en personas con vello oscuro y piel clara<\/b><span style=\"font-weight: 400;\">, aunque los avances tecnol\u00f3gicos han permitido su uso en pieles m\u00e1s oscuras y vellos m\u00e1s claros. No se recomienda para personas con ciertas condiciones de salud, como el embarazo o enfermedades de la piel. Antes de comenzar el tratamiento, es esencial una consulta con un profesional para evaluar la idoneidad del procedimiento para cada individuo.<\/span><\/p>\n<p>[\/et_pb_accordion_item][et_pb_accordion_item title=&#8221;\u00bfEn qu\u00e9 zonas del cuerpo se puede realizar?&#8221; _builder_version=&#8221;4.22.2&#8243; _module_preset=&#8221;default&#8221; custom_margin=&#8221;||0px||false|false&#8221; border_width_all=&#8221;0px&#8221; border_width_bottom=&#8221;1px&#8221; global_colors_info=&#8221;{}&#8221; open=&#8221;off&#8221;]<\/p>\n<p><span style=\"font-weight: 400;\">La depilaci\u00f3n l\u00e1ser <\/span><b>puede aplicarse en casi todas las zonas del cuerpo<\/b><span style=\"font-weight: 400;\"> donde se presenta vello no deseado. Las \u00e1reas m\u00e1s comunes incluyen el rostro (labio superior, barbilla, patillas), las axilas, las piernas, la l\u00ednea alba, el pubis y la espalda. Tambi\u00e9n puede utilizarse en zonas delicadas como las areolas, en el caso de las mujeres, el pecho, en el caso de los hombres, y el abdomen. <\/span><b>Cada zona requiere un cuidado y un n\u00famero de sesiones espec\u00edfico<\/b><span style=\"font-weight: 400;\">, que debe ser evaluado por un profesional.<\/span><\/p>\n<p>[\/et_pb_accordion_item][et_pb_accordion_item title=&#8221;\u00bfRealiz\u00e1is depilaci\u00f3n l\u00e1ser en mujeres y hombres?&#8221; _builder_version=&#8221;4.22.2&#8243; _module_preset=&#8221;default&#8221; custom_margin=&#8221;||0px||false|false&#8221; border_width_all=&#8221;0px&#8221; border_width_bottom=&#8221;1px&#8221; global_colors_info=&#8221;{}&#8221; open=&#8221;off&#8221;]<\/p>\n<p><span style=\"font-weight: 400;\">S\u00ed, en Centros bedda <\/span><b>ofrecemos depilaci\u00f3n l\u00e1ser para mujer y hombre<\/b><span style=\"font-weight: 400;\">. Este m\u00e9todo de eliminaci\u00f3n de vello no deseado es efectivo y seguro para ambos sexos. En hombres, las \u00e1reas m\u00e1s comunes para la depilaci\u00f3n l\u00e1ser incluyen la espalda, el pecho, los hombros y la barba. En mujeres, las zonas m\u00e1s tratadas son las piernas, las axilas, la zona \u00edntima y el rostro. Cada tratamiento se personaliza seg\u00fan las necesidades individuales del cliente, teniendo en cuenta factores como el tipo de piel, el color del vello y la zona a tratar.<\/span><\/p>\n<p>[\/et_pb_accordion_item][et_pb_accordion_item title=&#8221;\u00bfCu\u00e1les son las ventajas del diodo frente a otros tipos de l\u00e1ser?&#8221; _builder_version=&#8221;4.22.2&#8243; _module_preset=&#8221;default&#8221; custom_margin=&#8221;||0px||false|false&#8221; border_width_all=&#8221;0px&#8221; border_width_bottom=&#8221;1px&#8221; global_colors_info=&#8221;{}&#8221; open=&#8221;off&#8221;]<\/p>\n<p><span style=\"font-weight: 400;\">El l\u00e1ser de diodo es una opci\u00f3n popular para la depilaci\u00f3n debido a varias ventajas. Primero, <\/span><b>es eficaz en una amplia gama de tipos de piel y color de vello<\/b><span style=\"font-weight: 400;\">, incluyendo pieles m\u00e1s oscuras y vellos m\u00e1s claros. Segundo, <\/span><b>causa menos dolor y molestias durante el tratamiento <\/b><span style=\"font-weight: 400;\">en comparaci\u00f3n con otros tipos de l\u00e1ser. Tercero, <\/span><b>su longitud de onda m\u00e1s larga permite una penetraci\u00f3n m\u00e1s profunda en la piel<\/b><span style=\"font-weight: 400;\">, lo que puede resultar en una eliminaci\u00f3n m\u00e1s efectiva del vello. Finalmente, el l\u00e1ser de diodo<\/span><b> suele tener tiempos de recuperaci\u00f3n m\u00e1s cortos<\/b><span style=\"font-weight: 400;\">, lo que significa menos tiempo de inactividad despu\u00e9s del tratamiento.<\/span><\/p>\n<p>[\/et_pb_accordion_item][\/et_pb_accordion][\/et_pb_column][et_pb_column type=&#8221;1_3&#8243; _builder_version=&#8221;4.21.0&#8243; _module_preset=&#8221;default&#8221; global_colors_info=&#8221;{}&#8221;][et_pb_blurb use_icon=&#8221;on&#8221; font_icon=&#8221;&#xf4ad;||fa||900&#8243; icon_color=&#8221;#ff79a5&#8243; _builder_version=&#8221;4.21.0&#8243; _module_preset=&#8221;default&#8221; custom_margin=&#8221;43%||||false|false&#8221; custom_margin_tablet=&#8221;23%||||false|false&#8221; custom_margin_phone=&#8221;5%||||false|false&#8221; custom_margin_last_edited=&#8221;on|phone&#8221; animation=&#8221;off&#8221; global_colors_info=&#8221;{}&#8221;]<\/p>\n<div class=\"title-cta\" style=\"text-align: center;\"><strong>\u00bfTienes m\u00e1s preguntas?<\/strong><\/div>\n<p style=\"text-align: center;\">D\u00e9janos tus datos y nos pondremos en contacto contigo lo antes posible.<\/p>\n<p>[\/et_pb_blurb][et_pb_button button_url=&#8221;https:\/\/agenciaseolocal.eu\/bedda\/contactanos\/&#8221; button_text=&#8221;Contacta con nosotros&#8221; button_alignment=&#8221;center&#8221; _builder_version=&#8221;4.22.1&#8243; _module_preset=&#8221;default&#8221; custom_button=&#8221;on&#8221; button_text_size=&#8221;18px&#8221; button_text_color=&#8221;#FFFFFF&#8221; button_bg_color=&#8221;#ff0070&#8243; button_border_width=&#8221;0px&#8221; button_border_radius=&#8221;50px&#8221; button_font=&#8221;|||on|||||&#8221; button_use_icon=&#8221;off&#8221; custom_padding=&#8221;5px|30px|10px|30px|false|true&#8221; custom_padding_tablet=&#8221;5px|30px|10px|30px|false|true&#8221; custom_padding_phone=&#8221;10px|15px|10px|15px|false|true&#8221; custom_padding_last_edited=&#8221;on|phone&#8221; button_text_size_tablet=&#8221;&#8221; button_text_size_phone=&#8221;16px&#8221; button_text_size_last_edited=&#8221;on|desktop&#8221; box_shadow_style=&#8221;preset1&#8243; locked=&#8221;off&#8221; global_colors_info=&#8221;{}&#8221; button_text_color__hover=&#8221;#ff0070&#8243; button_text_color__hover_enabled=&#8221;on|desktop&#8221; button_bg_color__hover=&#8221;#FFFFFF&#8221; button_bg_color__hover_enabled=&#8221;on|hover&#8221; button_bg_enable_color__hover=&#8221;on&#8221;][\/et_pb_button][\/et_pb_column][\/et_pb_row][et_pb_row column_structure=&#8221;1_4,1_4,1_4,1_4&#8243; use_custom_gutter=&#8221;on&#8221; gutter_width=&#8221;3&#8243; make_equal=&#8221;on&#8221; custom_padding_last_edited=&#8221;on|phone&#8221; disabled_on=&#8221;off|off|off&#8221; _builder_version=&#8221;4.21.0&#8243; _module_preset=&#8221;default&#8221; background_enable_image=&#8221;off&#8221; background_blend=&#8221;multiply&#8221; width=&#8221;95%&#8221; custom_padding=&#8221;||||false|false&#8221; custom_padding_tablet=&#8221;||||false|false&#8221; custom_padding_phone=&#8221;|5px||20px|false|false&#8221; global_module=&#8221;987510057&#8243; locked=&#8221;off&#8221; global_colors_info=&#8221;{}&#8221;][et_pb_column type=&#8221;1_4&#8243; _builder_version=&#8221;4.21.0&#8243; _module_preset=&#8221;default&#8221; background_color=&#8221;#686970&#8243; background_image=&#8221;https:\/\/agenciaseolocal.eu\/bedda\/wp-content\/uploads\/2023\/05\/fondo-flores.jpg&#8221; background_blend=&#8221;multiply&#8221; custom_css_main_element=&#8221;margin-left: 2%&#8221; box_shadow_style=&#8221;preset4&#8243; box_shadow_horizontal=&#8221;-15px&#8221; box_shadow_vertical=&#8221;-15px&#8221; box_shadow_color=&#8221;#ff79a5&#8243; global_colors_info=&#8221;{}&#8221;][et_pb_image src=&#8221;https:\/\/agenciaseolocal.eu\/bedda\/wp-content\/uploads\/2023\/05\/cerca-de-ti-blanco.png&#8221; title_text=&#8221;cerca-de-ti-blanco&#8221; show_bottom_space=&#8221;off&#8221; _builder_version=&#8221;4.21.0&#8243; _module_preset=&#8221;default&#8221; width=&#8221;30%&#8221; custom_padding=&#8221;10%|||10%|false|false&#8221; global_colors_info=&#8221;{}&#8221;][\/et_pb_image][et_pb_toggle title=&#8221;Estamos cerca de ti&#8221; open_toggle_text_color=&#8221;#FFFFFF&#8221; open_toggle_background_color=&#8221;RGBA(255,255,255,0)&#8221; closed_toggle_background_color=&#8221;RGBA(255,255,255,0)&#8221; icon_color=&#8221;RGBA(255,255,255,0)&#8221; toggle_icon=&#8221;&#xf54e;||fa||900&#8243; open_icon_color=&#8221;RGBA(255,255,255,0)&#8221; open_toggle_icon=&#8221;&#xf5bb;||fa||900&#8243; _builder_version=&#8221;4.22.1&#8243; _module_preset=&#8221;default&#8221; title_text_color=&#8221;#FFFFFF&#8221; title_level=&#8221;h3&#8243; title_font_size=&#8221;19px&#8221; body_text_color=&#8221;#FFFFFF&#8221; custom_padding=&#8221;3%|10%|10%|10%|false|true&#8221; custom_padding_phone=&#8221;3%|7%|10%|10%|false|false&#8221; custom_padding_last_edited=&#8221;off|phone&#8221; custom_css_toggle_title=&#8221;margin-right:-12%&#8221; border_width_all=&#8221;0px&#8221; locked=&#8221;off&#8221; global_colors_info=&#8221;{}&#8221;]<span style=\"font-weight: 400;\">M\u00e1s de 25 cl\u00ednicas est\u00e9ticas y de depilaci\u00f3n l\u00e1ser en Espa\u00f1a. \u00a1Encuentra tu Centro bedda m\u00e1s cercano!<\/span>[\/et_pb_toggle][\/et_pb_column][et_pb_column type=&#8221;1_4&#8243; _builder_version=&#8221;4.21.0&#8243; _module_preset=&#8221;default&#8221; background_color=&#8221;#686970&#8243; background_image=&#8221;https:\/\/agenciaseolocal.eu\/bedda\/wp-content\/uploads\/2023\/05\/fondo-flores.jpg&#8221; background_blend=&#8221;multiply&#8221; custom_css_main_element=&#8221;margin-left: -2%&#8221; box_shadow_style=&#8221;preset4&#8243; box_shadow_horizontal=&#8221;-15px&#8221; box_shadow_vertical=&#8221;-15px&#8221; box_shadow_color=&#8221;#ff79a5&#8243; global_colors_info=&#8221;{}&#8221;][et_pb_image src=&#8221;https:\/\/agenciaseolocal.eu\/bedda\/wp-content\/uploads\/2023\/05\/experiencia-blanco.png&#8221; title_text=&#8221;experiencia-blanco&#8221; show_bottom_space=&#8221;off&#8221; _builder_version=&#8221;4.21.0&#8243; _module_preset=&#8221;default&#8221; width=&#8221;30%&#8221; custom_padding=&#8221;10%|||10%|false|false&#8221; global_colors_info=&#8221;{}&#8221;][\/et_pb_image][et_pb_toggle title=&#8221;Experiencia y profesionalidad&#8221; open_toggle_text_color=&#8221;#FFFFFF&#8221; open_toggle_background_color=&#8221;RGBA(255,255,255,0)&#8221; closed_toggle_background_color=&#8221;RGBA(255,255,255,0)&#8221; icon_color=&#8221;RGBA(255,255,255,0)&#8221; toggle_icon=&#8221;&#xf54e;||fa||900&#8243; open_icon_color=&#8221;RGBA(255,255,255,0)&#8221; open_toggle_icon=&#8221;&#xf5bb;||fa||900&#8243; _builder_version=&#8221;4.24.0&#8243; _module_preset=&#8221;default&#8221; title_text_color=&#8221;#FFFFFF&#8221; title_level=&#8221;h3&#8243; title_font_size=&#8221;19px&#8221; body_text_color=&#8221;#FFFFFF&#8221; custom_padding=&#8221;3%|10%|10%|10%|false|true&#8221; custom_css_toggle_title=&#8221;margin-right:-20%&#8221; border_width_all=&#8221;0px&#8221; locked=&#8221;off&#8221; global_colors_info=&#8221;{}&#8221;]<\/p>\n<p><span style=\"font-weight: 400;\">Contamos con un equipo especializado en medicina est\u00e9tica, depilaci\u00f3n l\u00e1ser y tratamientos de est\u00e9tica avanzada.<\/span><\/p>\n<p>[\/et_pb_toggle][\/et_pb_column][et_pb_column type=&#8221;1_4&#8243; _builder_version=&#8221;4.21.0&#8243; _module_preset=&#8221;default&#8221; background_color=&#8221;#686970&#8243; background_image=&#8221;https:\/\/agenciaseolocal.eu\/bedda\/wp-content\/uploads\/2023\/05\/fondo-flores.jpg&#8221; background_blend=&#8221;multiply&#8221; custom_css_main_element=&#8221;margin-left: -2%&#8221; box_shadow_style=&#8221;preset4&#8243; box_shadow_horizontal=&#8221;-15px&#8221; box_shadow_vertical=&#8221;-15px&#8221; box_shadow_color=&#8221;#ff79a5&#8243; global_colors_info=&#8221;{}&#8221;][et_pb_image src=&#8221;https:\/\/agenciaseolocal.eu\/bedda\/wp-content\/uploads\/2023\/05\/resultados-blanco.png&#8221; title_text=&#8221;resultados-blanco&#8221; show_bottom_space=&#8221;off&#8221; _builder_version=&#8221;4.21.0&#8243; _module_preset=&#8221;default&#8221; width=&#8221;30%&#8221; custom_padding=&#8221;10%|||10%|false|false&#8221; global_colors_info=&#8221;{}&#8221;][\/et_pb_image][et_pb_toggle title=&#8221;Resultados garantizados&#8221; open_toggle_text_color=&#8221;#FFFFFF&#8221; open_toggle_background_color=&#8221;RGBA(255,255,255,0)&#8221; closed_toggle_background_color=&#8221;RGBA(255,255,255,0)&#8221; icon_color=&#8221;RGBA(255,255,255,0)&#8221; toggle_icon=&#8221;&#xf54e;||fa||900&#8243; open_icon_color=&#8221;RGBA(255,255,255,0)&#8221; open_toggle_icon=&#8221;&#xf5bb;||fa||900&#8243; _builder_version=&#8221;4.21.0&#8243; _module_preset=&#8221;default&#8221; title_text_color=&#8221;#FFFFFF&#8221; title_level=&#8221;h3&#8243; title_font_size=&#8221;19px&#8221; body_text_color=&#8221;#FFFFFF&#8221; custom_padding=&#8221;3%|12%|12%|12%|false|true&#8221; custom_css_toggle_title=&#8221;margin-right:-20%&#8221; border_width_all=&#8221;0px&#8221; locked=&#8221;off&#8221; global_colors_info=&#8221;{}&#8221;]<\/p>\n<p><span style=\"font-weight: 400;\">Trabajamos con la tecnolog\u00eda m\u00e1s avanzada del mercado para ofrecer a nuestros clientes los mejores resultados.<\/span><\/p>\n<p>[\/et_pb_toggle][\/et_pb_column][et_pb_column type=&#8221;1_4&#8243; _builder_version=&#8221;4.21.0&#8243; _module_preset=&#8221;default&#8221; background_color=&#8221;#686970&#8243; background_image=&#8221;https:\/\/agenciaseolocal.eu\/bedda\/wp-content\/uploads\/2023\/05\/fondo-flores.jpg&#8221; background_blend=&#8221;multiply&#8221; custom_padding=&#8221;||||false|false&#8221; custom_css_main_element=&#8221;margin-left: -2%&#8221; box_shadow_style=&#8221;preset4&#8243; box_shadow_horizontal=&#8221;-15px&#8221; box_shadow_vertical=&#8221;-15px&#8221; box_shadow_color=&#8221;#ff79a5&#8243; global_colors_info=&#8221;{}&#8221;][et_pb_image src=&#8221;https:\/\/agenciaseolocal.eu\/bedda\/wp-content\/uploads\/2023\/05\/precios-blanco.png&#8221; title_text=&#8221;precios-blanco&#8221; show_bottom_space=&#8221;off&#8221; _builder_version=&#8221;4.21.0&#8243; _module_preset=&#8221;default&#8221; width=&#8221;30%&#8221; custom_padding=&#8221;10%|||10%|false|false&#8221; global_colors_info=&#8221;{}&#8221;][\/et_pb_image][et_pb_toggle title=&#8221;Siempre el mejor precio para ti&#8221; open_toggle_text_color=&#8221;#FFFFFF&#8221; open_toggle_background_color=&#8221;RGBA(255,255,255,0)&#8221; closed_toggle_background_color=&#8221;RGBA(255,255,255,0)&#8221; icon_color=&#8221;RGBA(255,255,255,0)&#8221; toggle_icon=&#8221;&#xf54e;||fa||900&#8243; open_icon_color=&#8221;RGBA(255,255,255,0)&#8221; open_toggle_icon=&#8221;&#xf5bb;||fa||900&#8243; _builder_version=&#8221;4.21.0&#8243; _module_preset=&#8221;default&#8221; title_text_color=&#8221;#FFFFFF&#8221; title_level=&#8221;h3&#8243; title_font_size=&#8221;19px&#8221; body_text_color=&#8221;#FFFFFF&#8221; custom_padding=&#8221;3%|10%|10%|10%|false|true&#8221; custom_css_toggle_title=&#8221;margin-right:-20%&#8221; border_width_all=&#8221;0px&#8221; locked=&#8221;off&#8221; global_colors_info=&#8221;{}&#8221;]<\/p>\n<p><span style=\"font-weight: 400;\">No dejes escapar nuestras promociones y disfruta de tu tratamiento favorito al mejor precio.<\/span><\/p>\n<p>[\/et_pb_toggle][\/et_pb_column][\/et_pb_row][\/et_pb_section]<\/p>\n","protected":false},"excerpt":{"rendered":"<p>Nuestros tratamientos Depilaci\u00f3n l\u00e1ser diodoLa depilaci\u00f3n l\u00e1ser es uno de los tratamientos m\u00e1s efectivos para eliminar el vello no deseado de manera definitiva. En Centros bedda somos expertos en depilaci\u00f3n l\u00e1ser de diodo para destruir el fol\u00edculo piloso, impidiendo su crecimiento futuro. Si est\u00e1s cansada de tener que depilarte constantemente y est\u00e1s buscando una soluci\u00f3n [&hellip;]<\/p>\n","protected":false},"author":3,"featured_media":987514832,"parent":0,"menu_order":0,"comment_status":"closed","ping_status":"closed","template":"","meta":{"_et_pb_use_builder":"on","_et_pb_old_content":"","_et_gb_content_width":"","_joinchat":[],"footnotes":""},"class_list":["post-987512595","page","type-page","status-publish","has-post-thumbnail","hentry"],"yoast_head":"<!-- This site is optimized with the Yoast SEO plugin v25.9 - https:\/\/yoast.com\/wordpress\/plugins\/seo\/ -->\n<title>Depilaci\u00f3n l\u00e1ser | Centros bedda<\/title>\n<meta name=\"description\" content=\"Centros bedda, expertos en depilaci\u00f3n l\u00e1ser de diodo para mujer y hombre. Todas las zonas: piernas, axilas, ingles\u2026 \u00a1Inf\u00f3rmate ya!\" \/>\n<meta name=\"robots\" content=\"noindex, follow, max-snippet:-1, max-image-preview:large, max-video-preview:-1\" \/>\n<meta property=\"og:locale\" content=\"es_ES\" \/>\n<meta property=\"og:type\" content=\"article\" \/>\n<meta property=\"og:title\" content=\"Depilaci\u00f3n l\u00e1ser | Centros bedda\" \/>\n<meta property=\"og:description\" content=\"Centros bedda, expertos en depilaci\u00f3n l\u00e1ser de diodo para mujer y hombre. Todas las zonas: piernas, axilas, ingles\u2026 \u00a1Inf\u00f3rmate ya!\" \/>\n<meta property=\"og:url\" content=\"https:\/\/agenciaseolocal.eu\/bedda\/\" \/>\n<meta property=\"og:site_name\" content=\"Centros bedda\" \/>\n<meta property=\"article:publisher\" content=\"https:\/\/www.facebook.com\/centrobedda\" \/>\n<meta property=\"article:modified_time\" content=\"2025-06-02T06:39:12+00:00\" \/>\n<meta property=\"og:image\" content=\"https:\/\/agenciaseolocal.eu\/bedda\/wp-content\/uploads\/2024\/02\/depilacion-laser-diodo-destacada.jpg\" \/>\n\t<meta property=\"og:image:width\" content=\"1200\" \/>\n\t<meta property=\"og:image:height\" content=\"630\" \/>\n\t<meta property=\"og:image:type\" content=\"image\/jpeg\" \/>\n<meta name=\"twitter:card\" content=\"summary_large_image\" \/>\n<meta name=\"twitter:site\" content=\"@centrosbedda\" \/>\n<meta name=\"twitter:label1\" content=\"Tiempo de lectura\" \/>\n\t<meta name=\"twitter:data1\" content=\"34 minutos\" \/>\n<!-- \/ Yoast SEO plugin. -->","yoast_head_json":{"title":"Depilaci\u00f3n l\u00e1ser | Centros bedda","description":"Centros bedda, expertos en depilaci\u00f3n l\u00e1ser de diodo para mujer y hombre. Todas las zonas: piernas, axilas, ingles\u2026 \u00a1Inf\u00f3rmate ya!","robots":{"index":"noindex","follow":"follow","max-snippet":"max-snippet:-1","max-image-preview":"max-image-preview:large","max-video-preview":"max-video-preview:-1"},"og_locale":"es_ES","og_type":"article","og_title":"Depilaci\u00f3n l\u00e1ser | Centros bedda","og_description":"Centros bedda, expertos en depilaci\u00f3n l\u00e1ser de diodo para mujer y hombre. Todas las zonas: piernas, axilas, ingles\u2026 \u00a1Inf\u00f3rmate ya!","og_url":"https:\/\/agenciaseolocal.eu\/bedda\/","og_site_name":"Centros bedda","article_publisher":"https:\/\/www.facebook.com\/centrobedda","article_modified_time":"2025-06-02T06:39:12+00:00","og_image":[{"width":1200,"height":630,"url":"https:\/\/agenciaseolocal.eu\/bedda\/wp-content\/uploads\/2024\/02\/depilacion-laser-diodo-destacada.jpg","type":"image\/jpeg"}],"twitter_card":"summary_large_image","twitter_site":"@centrosbedda","twitter_misc":{"Tiempo de lectura":"34 minutos"},"schema":{"@context":"https:\/\/schema.org","@graph":[{"@type":"WebPage","@id":"https:\/\/agenciaseolocal.eu\/bedda\/depilacion-laser\/","url":"https:\/\/agenciaseolocal.eu\/bedda\/","name":"Depilaci\u00f3n l\u00e1ser | Centros bedda","isPartOf":{"@id":"https:\/\/agenciaseolocal.eu\/bedda\/#website"},"primaryImageOfPage":{"@id":"https:\/\/agenciaseolocal.eu\/bedda\/#primaryimage"},"image":{"@id":"https:\/\/agenciaseolocal.eu\/bedda\/#primaryimage"},"thumbnailUrl":"https:\/\/agenciaseolocal.eu\/bedda\/wp-content\/uploads\/2024\/02\/depilacion-laser-diodo-destacada.jpg","datePublished":"2023-10-11T09:53:46+00:00","dateModified":"2025-06-02T06:39:12+00:00","description":"Centros bedda, expertos en depilaci\u00f3n l\u00e1ser de diodo para mujer y hombre. Todas las zonas: piernas, axilas, ingles\u2026 \u00a1Inf\u00f3rmate ya!","breadcrumb":{"@id":"https:\/\/agenciaseolocal.eu\/bedda\/#breadcrumb"},"inLanguage":"es","potentialAction":[{"@type":"ReadAction","target":["https:\/\/agenciaseolocal.eu\/bedda\/"]}]},{"@type":"ImageObject","inLanguage":"es","@id":"https:\/\/agenciaseolocal.eu\/bedda\/#primaryimage","url":"https:\/\/agenciaseolocal.eu\/bedda\/wp-content\/uploads\/2024\/02\/depilacion-laser-diodo-destacada.jpg","contentUrl":"https:\/\/agenciaseolocal.eu\/bedda\/wp-content\/uploads\/2024\/02\/depilacion-laser-diodo-destacada.jpg","width":1200,"height":630,"caption":"depilacion laser diodo destacada"},{"@type":"BreadcrumbList","@id":"https:\/\/agenciaseolocal.eu\/bedda\/#breadcrumb","itemListElement":[{"@type":"ListItem","position":1,"name":"Portada","item":"https:\/\/agenciaseolocal.eu\/bedda\/"},{"@type":"ListItem","position":2,"name":"Depilaci\u00f3n l\u00e1ser Diodo"}]},{"@type":"WebSite","@id":"https:\/\/agenciaseolocal.eu\/bedda\/#website","url":"https:\/\/agenciaseolocal.eu\/bedda\/","name":"Centros bedda","description":"Centro de depilaci\u00f3n l\u00e1ser","publisher":{"@id":"https:\/\/agenciaseolocal.eu\/bedda\/#organization"},"potentialAction":[{"@type":"SearchAction","target":{"@type":"EntryPoint","urlTemplate":"https:\/\/agenciaseolocal.eu\/bedda\/?s={search_term_string}"},"query-input":{"@type":"PropertyValueSpecification","valueRequired":true,"valueName":"search_term_string"}}],"inLanguage":"es"},{"@type":"Organization","@id":"https:\/\/agenciaseolocal.eu\/bedda\/#organization","name":"Centros bedda","url":"https:\/\/agenciaseolocal.eu\/bedda\/","logo":{"@type":"ImageObject","inLanguage":"es","@id":"https:\/\/agenciaseolocal.eu\/bedda\/#\/schema\/logo\/image\/","url":"https:\/\/agenciaseolocal.eu\/bedda\/wp-content\/uploads\/2024\/04\/centros-bedda-depilacion-laser-logo.png","contentUrl":"https:\/\/agenciaseolocal.eu\/bedda\/wp-content\/uploads\/2024\/04\/centros-bedda-depilacion-laser-logo.png","width":220,"height":220,"caption":"Centros bedda"},"image":{"@id":"https:\/\/agenciaseolocal.eu\/bedda\/#\/schema\/logo\/image\/"},"sameAs":["https:\/\/www.facebook.com\/centrobedda","https:\/\/x.com\/centrosbedda","https:\/\/www.youtube.com\/channel\/UCV57tDnQcnHfTici1funk4g?app=desktop","https:\/\/www.instagram.com\/centrosbedda\/","https:\/\/www.linkedin.com\/company\/centros-bedda\/"]}]}},"_links":{"self":[{"href":"https:\/\/agenciaseolocal.eu\/bedda\/wp-json\/wp\/v2\/pages\/987512595","targetHints":{"allow":["GET"]}}],"collection":[{"href":"https:\/\/agenciaseolocal.eu\/bedda\/wp-json\/wp\/v2\/pages"}],"about":[{"href":"https:\/\/agenciaseolocal.eu\/bedda\/wp-json\/wp\/v2\/types\/page"}],"author":[{"embeddable":true,"href":"https:\/\/agenciaseolocal.eu\/bedda\/wp-json\/wp\/v2\/users\/3"}],"replies":[{"embeddable":true,"href":"https:\/\/agenciaseolocal.eu\/bedda\/wp-json\/wp\/v2\/comments?post=987512595"}],"version-history":[{"count":16,"href":"https:\/\/agenciaseolocal.eu\/bedda\/wp-json\/wp\/v2\/pages\/987512595\/revisions"}],"predecessor-version":[{"id":987518903,"href":"https:\/\/agenciaseolocal.eu\/bedda\/wp-json\/wp\/v2\/pages\/987512595\/revisions\/987518903"}],"wp:featuredmedia":[{"embeddable":true,"href":"https:\/\/agenciaseolocal.eu\/bedda\/wp-json\/wp\/v2\/media\/987514832"}],"wp:attachment":[{"href":"https:\/\/agenciaseolocal.eu\/bedda\/wp-json\/wp\/v2\/media?parent=987512595"}],"curies":[{"name":"wp","href":"https:\/\/api.w.org\/{rel}","templated":true}]}}