{"id":987514742,"date":"2024-02-07T14:24:28","date_gmt":"2024-02-07T13:24:28","guid":{"rendered":"https:\/\/centrosbedda.com\/?page_id=987514742"},"modified":"2025-06-25T12:11:19","modified_gmt":"2025-06-25T10:11:19","slug":"estetica-premium","status":"publish","type":"page","link":"https:\/\/agenciaseolocal.eu\/bedda\/estetica-premium\/","title":{"rendered":"Est\u00e9tica premium"},"content":{"rendered":"<p>[et_pb_section fb_built=&#8221;1&#8243; _builder_version=&#8221;4.21.0&#8243; _module_preset=&#8221;default&#8221; custom_margin=&#8221;0px||||false|false&#8221; custom_padding=&#8221;0px||0px||true|false&#8221; locked=&#8221;off&#8221; global_colors_info=&#8221;{}&#8221;][et_pb_row _builder_version=&#8221;4.21.0&#8243; _module_preset=&#8221;default&#8221; width=&#8221;auto&#8221; max_width=&#8221;100%&#8221; custom_margin=&#8221;-110px||||false|false&#8221; custom_padding=&#8221;0px||0px|||&#8221; global_colors_info=&#8221;{}&#8221;][et_pb_column type=&#8221;4_4&#8243; _builder_version=&#8221;4.21.0&#8243; _module_preset=&#8221;default&#8221; global_colors_info=&#8221;{}&#8221;][et_pb_slider _builder_version=&#8221;4.27.4&#8243; _module_preset=&#8221;default&#8221; custom_button=&#8221;on&#8221; button_text_color=&#8221;#FFFFFF&#8221; button_bg_color=&#8221;#bb9495&#8243; button_border_width=&#8221;0px&#8221; button_border_radius=&#8221;50px&#8221; button_font=&#8221;|700|||||||&#8221; button_use_icon=&#8221;off&#8221; button_alignment=&#8221;left&#8221; button_custom_padding=&#8221;10px|50px|10px|50px|true|true&#8221; custom_padding=&#8221;265px||265px||true|false&#8221; custom_padding_tablet=&#8221;639px||40px|60px|false|false&#8221; custom_padding_phone=&#8221;100px||100px|0px|true|false&#8221; custom_padding_last_edited=&#8221;on|phone&#8221; button_text_size_tablet=&#8221;&#8221; button_text_size_phone=&#8221;18px&#8221; button_text_size_last_edited=&#8221;on|phone&#8221; box_shadow_style_button=&#8221;preset1&#8243; locked=&#8221;off&#8221; global_colors_info=&#8221;{}&#8221; button_text_color__hover=&#8221;#bb9495&#8243; button_text_color__hover_enabled=&#8221;on|hover&#8221; button_bg_color__hover=&#8221;#686970&#8243; button_bg_color__hover_enabled=&#8221;on|hover&#8221;][et_pb_slide button_link=&#8221;#formulario&#8221; admin_title=&#8221;slider verano&#8221; _builder_version=&#8221;4.27.4&#8243; _module_preset=&#8221;default&#8221; background_enable_color=&#8221;off&#8221; background_image=&#8221;https:\/\/agenciaseolocal.eu\/bedda\/wp-content\/uploads\/2025\/03\/banner-de-radiofrecuencia.jpg&#8221; background_enable_image=&#8221;on&#8221; background_last_edited=&#8221;off|desktop&#8221; background_image_phone=&#8221;https:\/\/agenciaseolocal.eu\/bedda\/wp-content\/uploads\/2023\/06\/centros-depilacion-laser-con-diodo.jpg&#8221; background_enable_image_phone=&#8221;on&#8221; locked=&#8221;off&#8221; global_colors_info=&#8221;{}&#8221; sticky_transition=&#8221;on&#8221;][\/et_pb_slide][\/et_pb_slider][\/et_pb_column][\/et_pb_row][\/et_pb_section][et_pb_section fb_built=&#8221;1&#8243; custom_padding_last_edited=&#8221;on|phone&#8221; module_id=&#8221;depilacion&#8221; _builder_version=&#8221;4.24.0&#8243; _module_preset=&#8221;default&#8221; background_image=&#8221;https:\/\/agenciaseolocal.eu\/bedda\/wp-content\/uploads\/2023\/05\/fondo-flores.png&#8221; background_size=&#8221;custom&#8221; background_image_width=&#8221;100%&#8221; background_position=&#8221;top_right&#8221; custom_margin=&#8221;||||false|false&#8221; custom_padding=&#8221;30px||0px||false|false&#8221; custom_padding_tablet=&#8221;||0px|||&#8221; custom_padding_phone=&#8221;15px|7px|0px|7px|false|true&#8221; locked=&#8221;off&#8221; global_colors_info=&#8221;{}&#8221;][et_pb_row use_custom_gutter=&#8221;on&#8221; _builder_version=&#8221;4.24.0&#8243; _module_preset=&#8221;default&#8221; width=&#8221;95%&#8221; custom_padding=&#8221;||||false|false&#8221; locked=&#8221;off&#8221; global_colors_info=&#8221;{}&#8221;][et_pb_column type=&#8221;4_4&#8243; _builder_version=&#8221;4.21.0&#8243; _module_preset=&#8221;default&#8221; global_colors_info=&#8221;{}&#8221;][et_pb_text _builder_version=&#8221;4.25.2&#8243; _module_preset=&#8221;default&#8221; text_font=&#8221;catalish-huntera||||||||&#8221; text_font_size=&#8221;30px&#8221; text_line_height=&#8221;1.4em&#8221; header_font_size=&#8221;60px&#8221; header_2_font_size=&#8221;60px&#8221; text_orientation=&#8221;center&#8221; custom_margin=&#8221;||||false|false&#8221; text_font_size_tablet=&#8221;40px&#8221; text_font_size_phone=&#8221;20px&#8221; text_font_size_last_edited=&#8221;on|desktop&#8221; header_font_size_tablet=&#8221;45px&#8221; header_font_size_phone=&#8221;30px&#8221; header_font_size_last_edited=&#8221;on|phone&#8221; header_2_font_size_tablet=&#8221;45px&#8221; header_2_font_size_phone=&#8221;30px&#8221; header_2_font_size_last_edited=&#8221;on|phone&#8221; locked=&#8221;off&#8221; global_colors_info=&#8221;{}&#8221;]<\/p>\n<p class=\"manuscrita\">Nuestros tratamientos<\/p>\n<h1 style=\"margin-bottom: 2%;\">Est\u00e9tica premium<\/h1>\n<p>[\/et_pb_text][et_pb_text disabled_on=&#8221;off|off|off&#8221; _builder_version=&#8221;4.21.0&#8243; _module_preset=&#8221;default&#8221; text_font=&#8221;||||||||&#8221; text_text_color=&#8221;#686970&#8243; header_font_size=&#8221;80px&#8221; header_2_font_size=&#8221;60px&#8221; text_orientation=&#8221;center&#8221; custom_margin=&#8221;||||false|false&#8221; header_font_size_tablet=&#8221;80px&#8221; header_font_size_phone=&#8221;40px&#8221; header_font_size_last_edited=&#8221;on|phone&#8221; locked=&#8221;off&#8221; global_colors_info=&#8221;{}&#8221;]<\/p>\n<p><span style=\"font-weight: 400;\">\u00bfEst\u00e1s buscando tratamientos de est\u00e9tica premium? En Centros bedda tenemos una amplia variedad de tratamientos de est\u00e9tica de la mejor calidad, todo para tu <\/span><b>belleza y cuidado personal<\/b><span style=\"font-weight: 400;\">.\u00a0\u00a0<\/span><\/p>\n<p>[\/et_pb_text][\/et_pb_column][\/et_pb_row][et_pb_row column_structure=&#8221;1_2,1_2&#8243; use_custom_gutter=&#8221;on&#8221; gutter_width=&#8221;3&#8243; make_equal=&#8221;on&#8221; _builder_version=&#8221;4.24.1&#8243; _module_preset=&#8221;default&#8221; width=&#8221;60%&#8221; width_tablet=&#8221;60%&#8221; width_phone=&#8221;90%&#8221; width_last_edited=&#8221;on|desktop&#8221; custom_css_main_element=&#8221;||||||&#8221; global_colors_info=&#8221;{}&#8221;][et_pb_column type=&#8221;1_2&#8243; _builder_version=&#8221;4.24.1&#8243; _module_preset=&#8221;default&#8221; background_color=&#8221;#f1f1f1&#8243; custom_padding=&#8221;2%|2%|2%|2%|true|true&#8221; custom_padding_tablet=&#8221;2%|2%|2%|2%|true|true&#8221; custom_padding_phone=&#8221;5%|5%|5%|5%|true|true&#8221; custom_padding_last_edited=&#8221;on|phone&#8221; border_radii=&#8221;on|10px|10px|10px|10px&#8221; box_shadow_style=&#8221;preset1&#8243; global_colors_info=&#8221;{}&#8221;][et_pb_image src=&#8221;https:\/\/agenciaseolocal.eu\/bedda\/wp-content\/uploads\/2024\/02\/paciente-haciendose-radiofrecuencia-facial.jpg&#8221; alt=&#8221;beneficos depilacion laser axilas&#8221; title_text=&#8221;paciente-haciendose-radiofrecuencia-facial&#8221; _builder_version=&#8221;4.24.0&#8243; _module_preset=&#8221;default&#8221; global_colors_info=&#8221;{}&#8221;][\/et_pb_image][et_pb_text _builder_version=&#8221;4.27.4&#8243; _module_preset=&#8221;default&#8221; text_font=&#8221;||||||||&#8221; text_font_size=&#8221;16px&#8221; header_3_font=&#8221;neometric-bold||||||||&#8221; header_3_font_size=&#8221;18px&#8221; header_3_letter_spacing=&#8221;-0.2px&#8221; custom_margin_tablet=&#8221;&#8221; custom_margin_phone=&#8221;7%||||false|false&#8221; custom_margin_last_edited=&#8221;on|phone&#8221; custom_css_main_element=&#8221;li::marker{color:#F1F1F1 !important}||li a:hover{color:#ff0270!important}||||&#8221; locked=&#8221;off&#8221; global_colors_info=&#8221;{}&#8221; header_3_text_color__hover_enabled=&#8221;off|hover&#8221; header_3_text_color__hover=&#8221;#ff0270&#8243; custom_css_main_element_last_edited=&#8221;on|phone&#8221; custom_css_main_element_phone=&#8221;||||li::marker{color:#F1F1F1 !important}||li a:hover{color:#ff0270!important}&#8221; custom_css_main_element_tablet=&#8221;li::marker{color:#F1F1F1 !important}||li a:hover{color:#ff0270!important}||||&#8221;]<\/p>\n<p style=\"margin-bottom: 15px; text-align: center;\"><span style=\"font-weight: bold; font-size: 25px; color: #222222; font-family: 'neometric-bold',Helvetica,Arial,Lucida,sans-serif;\">Est\u00e9tica Facial<\/span><\/p>\n<hr style=\"margin-bottom: 15px; text-align: center; border-top: 1px solid #FF0270;\" \/>\n<ul>\n<li>\n<h3><img decoding=\"async\" src=\"https:\/\/agenciaseolocal.eu\/bedda\/wp-content\/uploads\/2024\/04\/centros-bedda-depilacion-laser-logo.png\" width=\"15px\" \/> Tratamiento antiedad y firmeza<\/h3>\n<\/li>\n<li><a style=\"color: #222222; margin-left: 3%;\" href=\"https:\/\/agenciaseolocal.eu\/bedda\/tratamientos\/tratamiento-radiofrecuencia-facial-bedda\/\">Radiofrecuencia facial pulsada<\/a><\/li>\n<\/ul>\n<ul>\n<li>\n<h3><img decoding=\"async\" src=\"https:\/\/agenciaseolocal.eu\/bedda\/wp-content\/uploads\/2024\/04\/centros-bedda-depilacion-laser-logo.png\" width=\"15px\" \/> Microblading<\/h3>\n<\/li>\n<li><a style=\"color: #222222; margin-left: 3%;\" href=\"https:\/\/agenciaseolocal.eu\/bedda\/tratamientos\/microblading\/\">Microblading<\/a><\/li>\n<\/ul>\n<p>[\/et_pb_text][\/et_pb_column][et_pb_column type=&#8221;1_2&#8243; _builder_version=&#8221;4.24.1&#8243; _module_preset=&#8221;default&#8221; background_color=&#8221;#f1f1f1&#8243; custom_padding=&#8221;2%|2%|1%|2%|false|true&#8221; custom_padding_tablet=&#8221;2%|2%|1%|2%|false|true&#8221; custom_padding_phone=&#8221;5%|5%|5%|5%|false|true&#8221; custom_padding_last_edited=&#8221;on|phone&#8221; border_radii=&#8221;on|10px|10px|10px|10px&#8221; box_shadow_style=&#8221;preset1&#8243; global_colors_info=&#8221;{}&#8221;][et_pb_image src=&#8221;https:\/\/agenciaseolocal.eu\/bedda\/wp-content\/uploads\/2024\/02\/paciente-haciendose-radiofrecuencia-corporal.jpg&#8221; alt=&#8221;imagen menu depilacion hombre&#8221; title_text=&#8221;paciente-haciendose-radiofrecuencia-corporal&#8221; _builder_version=&#8221;4.24.0&#8243; _module_preset=&#8221;default&#8221; global_colors_info=&#8221;{}&#8221;][\/et_pb_image][et_pb_text _builder_version=&#8221;4.27.0&#8243; _module_preset=&#8221;default&#8221; text_font=&#8221;||||||||&#8221; text_font_size=&#8221;16px&#8221; header_3_font=&#8221;neometric-bold||||||||&#8221; header_3_font_size=&#8221;18px&#8221; header_3_letter_spacing=&#8221;-0.2px&#8221; custom_margin_tablet=&#8221;&#8221; custom_margin_phone=&#8221;7%||||false|false&#8221; custom_margin_last_edited=&#8221;on|phone&#8221; custom_css_main_element=&#8221;li::marker{color:#F1F1F1 !important}||a:hover{color:#ff0270!important}||&#8221; locked=&#8221;off&#8221; global_colors_info=&#8221;{}&#8221; header_3_text_color__hover=&#8221;#ff0270&#8243; header_3_text_color__hover_enabled=&#8221;off|desktop&#8221;]<\/p>\n<p style=\"margin-bottom: 15px; text-align: center;\"><span style=\"font-weight: bold; font-size: 25px; color: #222222; font-family: 'neometric-bold',Helvetica,Arial,Lucida,sans-serif;\">Est\u00e9tica Corporal<\/span><\/p>\n<hr style=\"margin-bottom: 15px; text-align: center; border-top: 1px solid #FF0270;\" \/>\n<ul>\n<li>\n<h3><img decoding=\"async\" src=\"https:\/\/agenciaseolocal.eu\/bedda\/wp-content\/uploads\/2024\/04\/centros-bedda-depilacion-laser-logo.png\" width=\"15px\" \/> Tratamientos anticelulitis<\/h3>\n<\/li>\n<li><a style=\"color: #222222; margin-left: 3%;\" href=\"https:\/\/agenciaseolocal.eu\/bedda\/tratamientos\/tratamiento-radiofrecuencia-corporal-bedda\/\">Radiofrecuencia bipolar y vacumterapia<\/a><\/li>\n<li><a style=\"color: #222222; margin-left: 3%;\" href=\"https:\/\/agenciaseolocal.eu\/bedda\/tratamientos\/tratamiento-anticelulitis-bedda\/\"> Presoterapia <\/a><\/li>\n<\/ul>\n<ul>\n<li>\n<h3><img decoding=\"async\" src=\"https:\/\/agenciaseolocal.eu\/bedda\/wp-content\/uploads\/2024\/04\/centros-bedda-depilacion-laser-logo.png\" width=\"15px\" \/> Tratamiento reafirmante<\/h3>\n<\/li>\n<li><a style=\"color: #222222; margin-left: 3%;\" href=\"https:\/\/agenciaseolocal.eu\/bedda\/tratamientos\/tratamiento-radiofrecuencia-corporal-reafirmante\/\">Radiofrecuencia bipolar y vacumterapia<\/a><\/li>\n<\/ul>\n<ul>\n<li>\n<h3><img decoding=\"async\" src=\"https:\/\/agenciaseolocal.eu\/bedda\/wp-content\/uploads\/2024\/04\/centros-bedda-depilacion-laser-logo.png\" width=\"15px\" \/> Tratamientos reductores<\/h3>\n<\/li>\n<li><a style=\"color: #222222; margin-left: 3%;\" href=\"https:\/\/agenciaseolocal.eu\/bedda\/tratamientos\/tratamiento-criolipolisis-bedda\/\"> Criolip\u00f3lisis <\/a><\/li>\n<li><a style=\"color: #222222; margin-left: 3%;\" href=\"https:\/\/agenciaseolocal.eu\/bedda\/tratamientos\/tratamiento-radiofrecuencia-corporal-reductora\/\">Radiofrecuencia bipolar y vacumterapia<\/a><\/li>\n<li><a style=\"color: #222222; margin-left: 3%;\" href=\"https:\/\/agenciaseolocal.eu\/bedda\/tratamientos\/tratamiento-anticelulitis-reafirmante\/\"> Presoterapia <\/a><\/li>\n<\/ul>\n<ul>\n<li>\n<h3><img decoding=\"async\" src=\"https:\/\/agenciaseolocal.eu\/bedda\/wp-content\/uploads\/2024\/04\/centros-bedda-depilacion-laser-logo.png\" width=\"15px\" \/> Tratamiento circulatorio\/drenante<\/h3>\n<\/li>\n<li><a style=\"color: #222222; margin-left: 3%;\" href=\"https:\/\/agenciaseolocal.eu\/bedda\/tratamientos\/tratamiento-anticelulitis-reductor\/\"> Presoterapia <\/a><\/li>\n<\/ul>\n<p>[\/et_pb_text][\/et_pb_column][\/et_pb_row][\/et_pb_section][et_pb_section fb_built=&#8221;1&#8243; _builder_version=&#8221;4.24.0&#8243; _module_preset=&#8221;default&#8221; global_colors_info=&#8221;{}&#8221;][et_pb_row use_custom_gutter=&#8221;on&#8221; _builder_version=&#8221;4.24.0&#8243; _module_preset=&#8221;default&#8221; width=&#8221;95%&#8221; custom_margin=&#8221;||0px||false|false&#8221; custom_margin_tablet=&#8221;||70px||false|false&#8221; custom_margin_phone=&#8221;||30px||false|false&#8221; custom_margin_last_edited=&#8221;on|phone&#8221; custom_padding=&#8221;0px||0px|||&#8221; locked=&#8221;off&#8221; global_colors_info=&#8221;{}&#8221;][et_pb_column type=&#8221;4_4&#8243; _builder_version=&#8221;4.21.0&#8243; _module_preset=&#8221;default&#8221; global_colors_info=&#8221;{}&#8221;][et_pb_text disabled_on=&#8221;off|off|off&#8221; _builder_version=&#8221;4.27.4&#8243; _module_preset=&#8221;default&#8221; text_font=&#8221;||||||||&#8221; text_text_color=&#8221;#686970&#8243; header_font_size=&#8221;80px&#8221; header_2_font_size=&#8221;60px&#8221; text_orientation=&#8221;center&#8221; custom_margin=&#8221;||||false|false&#8221; hover_enabled=&#8221;0&#8243; header_font_size_tablet=&#8221;80px&#8221; header_font_size_phone=&#8221;40px&#8221; header_font_size_last_edited=&#8221;on|phone&#8221; locked=&#8221;off&#8221; global_colors_info=&#8221;{}&#8221; sticky_enabled=&#8221;0&#8243;]<\/p>\n<p><span style=\"font-weight: 400;\">Si est\u00e1s buscando un tratamiento eficaz contra la <\/span><b>celulitis<\/b><span style=\"font-weight: 400;\">, te ofrecemos una variedad de tratamientos especializados en el tratamiento anticelulitis. Del mismo modo, la <\/span><b>radiofrecuencia corporal y facial<\/b><span style=\"font-weight: 400;\"> son t\u00e9cnicas populares en Centros bedda, donde ofrecemos una gama de tratamientos complementarios para maximizar los beneficios de estos tratamientos.<\/span><\/p>\n<p><span style=\"font-weight: 400;\"><\/span><\/p>\n<p><span style=\"font-weight: 400;\">Tambi\u00e9n tenemos a tu disposici\u00f3n otros tratamientos de est\u00e9tica premium, como pueden ser el <\/span><b>microblading<\/b><span style=\"font-weight: 400;\">, <\/span><b>criolip\u00f3lisis <\/b><span style=\"font-weight: 400;\">o <\/span><b>tratamientos circulatorios<\/b><span style=\"font-weight: 400;\">. No lo dudes m\u00e1s y conf\u00eda en Centros bedda para tu belleza, \u00a1no te decepcionaremos!<\/span><\/p>\n<p><strong>Radiofrecuencia<\/strong> disponible en los centros de <strong>A Coru\u00f1a &#8211; Cuatro Caminos, San Sebasti\u00e1n &#8211; San Bartolome, Ir\u00fan &#8211; Paseo Colon, Pamplona &#8211; CC Eroski Iru\u00f1a, Gij\u00f3n &#8211; CC Alcampo, Paredes &#8211; Parque Principado y Bilbao &#8211; CC Zubiarte<\/strong><strong><\/strong><\/p>\n<p><strong>Presoterapia<\/strong> disponible en todos los centros, <strong>excepto<\/strong> en el centro de<strong> Pamplona &#8211; Carlos III<\/strong><\/p>\n<p><strong>Microblading<\/strong> disponible en los centros de <strong>Ferrrol &#8211; CC Alcampo, A Coru\u00f1a &#8211; Cuatro Caminos y Lugo &#8211; CC As Termas<\/strong><\/p>\n<p><strong>Criolip\u00f3lisis<\/strong> solo disponible en el centro de\u00a0<strong>A Coru\u00f1a &#8211; Cuatro Caminos<\/strong><\/p>\n<p>[\/et_pb_text][et_pb_code disabled_on=&#8221;off|off|off&#8221; _builder_version=&#8221;4.24.0&#8243; _module_preset=&#8221;default&#8221; locked=&#8221;off&#8221; global_colors_info=&#8221;{}&#8221;] <link rel=\"stylesheet\" type=\"text\/css\" href=\"https:\/\/cdnjs.cloudflare.com\/ajax\/libs\/slick-carousel\/1.9.0\/slick.min.css\"\/><!-- [et_pb_line_break_holder] --><script src=\"https:\/\/cdnjs.cloudflare.com\/ajax\/libs\/slick-carousel\/1.9.0\/slick.min.js\"><\/script><!-- [et_pb_line_break_holder] --><script><!-- [et_pb_line_break_holder] -->(function( $ ) {<!-- [et_pb_line_break_holder] -->$(document).ready(function(){<!-- [et_pb_line_break_holder] -->  const $cod =document.querySelectorAll('.vic-carrusel .products li');<!-- [et_pb_line_break_holder] -->  var i;<!-- [et_pb_line_break_holder] -->for (i = 0; i < $cod.length; i++) {<!-- [et_pb_line_break_holder] -->  $cod[i].classList.add('clasevic');<!-- [et_pb_line_break_holder] -->} <!-- [et_pb_line_break_holder] -->  $('.vic-carrusel .products').slick({<!-- [et_pb_line_break_holder] -->    \/* Configuraci\u00f3n del carrusel *\/<!-- [et_pb_line_break_holder] -->    autoplay:false,<!-- [et_pb_line_break_holder] -->    autoplaySpeed:3000,<!-- [et_pb_line_break_holder] -->    speed:800,<!-- [et_pb_line_break_holder] -->  infinite: true,<!-- [et_pb_line_break_holder] -->  arrows: true,<!-- [et_pb_line_break_holder] -->  dots: false,<!-- [et_pb_line_break_holder] -->  slidesToShow: 4,<!-- [et_pb_line_break_holder] -->  slidesToScroll: 4,<!-- [et_pb_line_break_holder] -->  pauseOnHover: true,<!-- [et_pb_line_break_holder] -->  responsive: [<!-- [et_pb_line_break_holder] -->    {<!-- [et_pb_line_break_holder] -->      breakpoint: 980,<!-- [et_pb_line_break_holder] -->      settings: {<!-- [et_pb_line_break_holder] -->        slidesToShow: 2,<!-- [et_pb_line_break_holder] -->        slidesToScroll: 1<!-- [et_pb_line_break_holder] -->      }<!-- [et_pb_line_break_holder] -->    },<!-- [et_pb_line_break_holder] -->    {<!-- [et_pb_line_break_holder] -->      breakpoint: 767,<!-- [et_pb_line_break_holder] -->      settings: {<!-- [et_pb_line_break_holder] -->        slidesToShow: 1,<!-- [et_pb_line_break_holder] -->        slidesToScroll: 1<!-- [et_pb_line_break_holder] -->      }<!-- [et_pb_line_break_holder] -->    }<!-- [et_pb_line_break_holder] -->  ]<!-- [et_pb_line_break_holder] -->  });<!-- [et_pb_line_break_holder] -->});<!-- [et_pb_line_break_holder] -->  })( jQuery );<!-- [et_pb_line_break_holder] --><\/script><!-- [et_pb_line_break_holder] --><\/p>\n<style><!-- [et_pb_line_break_holder] -->  @media(max-width:980px){<!-- [et_pb_line_break_holder] -->    .vic-carrusel.et_pb_shop ul.products li.clasevic.product {<!-- [et_pb_line_break_holder] -->    width:100% !important;<!-- [et_pb_line_break_holder] -->  }<!-- [et_pb_line_break_holder] -->  }<!-- [et_pb_line_break_holder] -->.vic-carrusel .slick-slide {<!-- [et_pb_line_break_holder] -->    margin: 15px 25px;<!-- [et_pb_line_break_holder] -->}<!-- [et_pb_line_break_holder] -->  .vic-carrusel li img {<!-- [et_pb_line_break_holder] -->    width:100%;<!-- [et_pb_line_break_holder] -->  }<!-- [et_pb_line_break_holder] -->  .vic-carrusel li .woocommerce-loop-product__title{<!-- [et_pb_line_break_holder] -->   margin-top:15px;<!-- [et_pb_line_break_holder] -->  }<!-- [et_pb_line_break_holder] --> .vic-carrusel .slick-prev,<!-- [et_pb_line_break_holder] -->.vic-carrusel .slick-next<!-- [et_pb_line_break_holder] -->{<!-- [et_pb_line_break_holder] -->    font-size: 0;<!-- [et_pb_line_break_holder] -->    line-height: 0;<!-- [et_pb_line_break_holder] -->    position: absolute;<!-- [et_pb_line_break_holder] -->    top: 50%;<!-- [et_pb_line_break_holder] -->    display: block;<!-- [et_pb_line_break_holder] -->    width: 40px;<!-- [et_pb_line_break_holder] -->    height: 40px;<!-- [et_pb_line_break_holder] -->    padding: 0;<!-- [et_pb_line_break_holder] -->    -webkit-transform: translate(0, -50%);<!-- [et_pb_line_break_holder] -->    -ms-transform: translate(0, -50%);<!-- [et_pb_line_break_holder] -->    transform: translate(0, -50%);<!-- [et_pb_line_break_holder] -->    cursor: pointer;<!-- [et_pb_line_break_holder] -->    color: transparent;<!-- [et_pb_line_break_holder] -->    border: none;<!-- [et_pb_line_break_holder] -->    outline: none;<!-- [et_pb_line_break_holder] -->    background: #979797;<!-- [et_pb_line_break_holder] -->}<!-- [et_pb_line_break_holder] -->  .vic-carrusel .slick-prev:hover,<!-- [et_pb_line_break_holder] -->.vic-carrusel .slick-prev:focus,<!-- [et_pb_line_break_holder] -->.vic-carrusel .slick-next:hover,<!-- [et_pb_line_break_holder] -->.vic-carrusel .slick-next:focus<!-- [et_pb_line_break_holder] -->{<!-- [et_pb_line_break_holder] -->    outline: none;<!-- [et_pb_line_break_holder] -->}<!-- [et_pb_line_break_holder] -->.vic-carrusel .slick-prev:hover:before,<!-- [et_pb_line_break_holder] -->.vic-carrusel .slick-prev:focus:before,<!-- [et_pb_line_break_holder] -->.vic-carrusel .slick-next:hover:before,<!-- [et_pb_line_break_holder] -->.vic-carrusel .slick-next:focus:before<!-- [et_pb_line_break_holder] -->{<!-- [et_pb_line_break_holder] -->    opacity: 1;<!-- [et_pb_line_break_holder] -->}<!-- [et_pb_line_break_holder] -->.vic-carrusel .slick-prev.slick-disabled:before,<!-- [et_pb_line_break_holder] -->.vic-carrusel .slick-next.slick-disabled:before<!-- [et_pb_line_break_holder] -->{<!-- [et_pb_line_break_holder] -->    opacity: .25;<!-- [et_pb_line_break_holder] -->}<!-- [et_pb_line_break_holder] -->.vic-carrusel .slick-prev:before,<!-- [et_pb_line_break_holder] -->.vic-carrusel .slick-next:before<!-- [et_pb_line_break_holder] -->{<!-- [et_pb_line_break_holder] -->    font-family: 'etmodules';<!-- [et_pb_line_break_holder] -->    font-size: 30px;<!-- [et_pb_line_break_holder] -->    line-height: 1;<!-- [et_pb_line_break_holder] -->    opacity: .75;<!-- [et_pb_line_break_holder] -->    color: white;<!-- [et_pb_line_break_holder] -->    -webkit-font-smoothing: antialiased;<!-- [et_pb_line_break_holder] -->    -moz-osx-font-smoothing: grayscale;<!-- [et_pb_line_break_holder] -->}<!-- [et_pb_line_break_holder] -->.vic-carrusel .slick-prev<!-- [et_pb_line_break_holder] -->{<!-- [et_pb_line_break_holder] -->    left:0px;<!-- [et_pb_line_break_holder] -->    z-index: 99;<!-- [et_pb_line_break_holder] -->}<!-- [et_pb_line_break_holder] -->[dir='rtl'] .vic-carrusel .slick-prev<!-- [et_pb_line_break_holder] -->{<!-- [et_pb_line_break_holder] -->    right: 16px;<!-- [et_pb_line_break_holder] -->    left: auto;<!-- [et_pb_line_break_holder] -->}<!-- [et_pb_line_break_holder] -->.vic-carrusel .slick-prev:before<!-- [et_pb_line_break_holder] -->{<!-- [et_pb_line_break_holder] -->    content: '34';<!-- [et_pb_line_break_holder] -->}<!-- [et_pb_line_break_holder] -->[dir='rtl'] .vic-carrusel .slick-prev:before<!-- [et_pb_line_break_holder] -->{<!-- [et_pb_line_break_holder] -->    content: '35';<!-- [et_pb_line_break_holder] -->}<!-- [et_pb_line_break_holder] -->.vic-carrusel .slick-next<!-- [et_pb_line_break_holder] -->{<!-- [et_pb_line_break_holder] -->    right: 0px;<!-- [et_pb_line_break_holder] -->    z-index: 99;<!-- [et_pb_line_break_holder] -->}<!-- [et_pb_line_break_holder] -->[dir='rtl'] .vic-carrusel .slick-next<!-- [et_pb_line_break_holder] -->{<!-- [et_pb_line_break_holder] -->    right: auto;<!-- [et_pb_line_break_holder] -->    left: 16px;<!-- [et_pb_line_break_holder] -->}<!-- [et_pb_line_break_holder] -->.vic-carrusel .slick-next:before<!-- [et_pb_line_break_holder] -->{<!-- [et_pb_line_break_holder] -->    content: '35';<!-- [et_pb_line_break_holder] -->}<!-- [et_pb_line_break_holder] -->[dir='rtl'] .vic-carrusel .slick-next:before<!-- [et_pb_line_break_holder] -->{<!-- [et_pb_line_break_holder] -->    content: '34';<!-- [et_pb_line_break_holder] -->}<!-- [et_pb_line_break_holder] -->  <!-- [et_pb_line_break_holder] -->  <!-- [et_pb_line_break_holder] --> \/*botones rosas*\/<!-- [et_pb_line_break_holder] -->  <!-- [et_pb_line_break_holder] --> .woocommerce #productos-tienda ul.products li.product .button {<!-- [et_pb_line_break_holder] -->    position: absolute;<!-- [et_pb_line_break_holder] -->    bottom: 0;<!-- [et_pb_line_break_holder] -->    padding: 10px 25px 10px 25px!important;<!-- [et_pb_line_break_holder] -->}<!-- [et_pb_line_break_holder] --><!-- [et_pb_line_break_holder] --><!-- [et_pb_line_break_holder] -->.woocommerce #productos-tienda ul.products li.product .button.product_type_simple.add_to_cart_button.ajax_add_to_cart {<!-- [et_pb_line_break_holder] -->    position: absolute!important;<!-- [et_pb_line_break_holder] -->    bottom: 0;<!-- [et_pb_line_break_holder] -->    padding: 10px 47px 10px 47px!important;<!-- [et_pb_line_break_holder] -->} <!-- [et_pb_line_break_holder] -->  <!-- [et_pb_line_break_holder] -->  <!-- [et_pb_line_break_holder] -->  <!-- [et_pb_line_break_holder] -->  <!-- [et_pb_line_break_holder] --><\/style>\n<p><!-- [et_pb_line_break_holder] --><!-- [et_pb_line_break_holder] --><!-- [et_pb_line_break_holder] --><!-- [et_pb_line_break_holder] --><!-- [et_pb_line_break_holder] --><!-- [et_pb_line_break_holder] --><!-- [et_pb_line_break_holder] --><!-- [et_pb_line_break_holder] --><!-- [et_pb_line_break_holder] --><!-- [et_pb_line_break_holder] -->[\/et_pb_code][\/et_pb_column][\/et_pb_row][\/et_pb_section][et_pb_section fb_built=&#8221;1&#8243; custom_padding_last_edited=&#8221;on|phone&#8221; _builder_version=&#8221;4.21.0&#8243; _module_preset=&#8221;default&#8221; background_color=&#8221;#f7f7f7&#8243; background_image=&#8221;https:\/\/agenciaseolocal.eu\/bedda\/wp-content\/uploads\/2023\/05\/fondo-flores.png&#8221; background_size=&#8221;contain&#8221; background_position=&#8221;top_center&#8221; background_blend=&#8221;multiply&#8221; custom_padding=&#8221;35px||35px||true|false&#8221; custom_padding_tablet=&#8221;35px||11px||false|false&#8221; custom_padding_phone=&#8221;15px||||false|false&#8221; locked=&#8221;off&#8221; global_colors_info=&#8221;{}&#8221;][et_pb_row _builder_version=&#8221;4.21.0&#8243; _module_preset=&#8221;default&#8221; width=&#8221;95%&#8221; global_colors_info=&#8221;{}&#8221;][et_pb_column type=&#8221;4_4&#8243; _builder_version=&#8221;4.21.0&#8243; _module_preset=&#8221;default&#8221; global_colors_info=&#8221;{}&#8221;][et_pb_text _builder_version=&#8221;4.21.0&#8243; _module_preset=&#8221;default&#8221; text_font=&#8221;catalish-huntera||||||||&#8221; text_font_size=&#8221;30px&#8221; text_line_height=&#8221;1.4em&#8221; header_2_font_size=&#8221;45px&#8221; text_orientation=&#8221;center&#8221; custom_margin=&#8221;||||false|false&#8221; text_font_size_tablet=&#8221;40px&#8221; text_font_size_phone=&#8221;20px&#8221; text_font_size_last_edited=&#8221;on|phone&#8221; header_2_font_size_tablet=&#8221;45px&#8221; header_2_font_size_phone=&#8221;30px&#8221; header_2_font_size_last_edited=&#8221;on|phone&#8221; locked=&#8221;off&#8221; global_colors_info=&#8221;{}&#8221;]<\/p>\n<p class=\"manuscrita\" style=\"color: #ff4a8a !important;\">Te escuchamos<\/p>\n<h2>Opiniones de nuestros clientes sobre est\u00e9tica premium<\/h2>\n<p>[\/et_pb_text][et_pb_text _builder_version=&#8221;4.21.0&#8243; _module_preset=&#8221;default&#8221; global_colors_info=&#8221;{}&#8221;]<\/p>\n<div class=\"rpi\" style=\"\" data-id=\"583\" data-opts='{\"layout\":\"slider\",\"style_style\":\"1\",\"style_stars\":\"4\",\"style_ava\":\"1\",\"head_logo\":\"5\",\"style_logo\":\"1\",\"pagination\":\"\",\"text_size\":\"\",\"hide_avatar\":\"\",\"hide_name\":\"\",\"disable_review_time\":\"\",\"disable_user_link\":\"\",\"disable_google_link\":\"\",\"open_link\":\"1\",\"nofollow_link\":\"1\",\"lazy_load_img\":\"1\",\"time_format\":\"\",\"breakpoints\":\"\",\"ajax_load\":\"\",\"trans\":{\"read more\":\"leer m\\u00e1s\",\"Response from the owner\":\"Respuesta del propietario\"}}' data-exec=\"\"><div class=\"rpi-cnt rpi-col-m rpi-slider rpi-sh\" data-opts='{\"pagination\":\"\",\"speed\":5,\"autoplay\":\"\",\"wheelscroll\":\"\",\"mousestop\":\"\",\"clickstop\":\"\",\"swipe_step\":\"3\",\"swipe_per_btn\":\"3\",\"swipe_per_dot\":\"3\",\"hide_dots\":\"\"}' style=\"visibility:var(--visible, hidden)\" ><\/div><span class=\"rpi-hide\" style=\"display:none\"><style>.rpi-star:first-child[data-rating]::before{content:attr(data-rating);color:var(--star-color);font-size:var(--head-grade-fs);font-weight:var(--head-grade-weight,900)}<\/style><\/span><img decoding=\"async\" src=\"data:image\/gif;base64,R0lGODlhAQABAIAAAAAAAP\/\/\/yH5BAEAAAAALAAAAAABAAEAAAIBRAA7\" alt=\"\" onload=\"(function(el) { window.brb_vars=window.brb_vars||{ajaxurl:'https:\/\/agenciaseolocal.eu\/bedda\/wp-admin\/admin-ajax.php'}; var t = setInterval(function() {if (window.RichPlugins && !el.getAttribute('data-exec')) { let l = 'slider'; RichPlugins.init(el); clearInterval(t) }}, 200)})(this.closest('.rpi'))\" width=\"1\" height=\"1\" style=\"display:none\"><\/div>\n<p>[\/et_pb_text][\/et_pb_column][\/et_pb_row][\/et_pb_section][et_pb_section fb_built=&#8221;1&#8243; custom_padding_last_edited=&#8221;on|phone&#8221; _builder_version=&#8221;4.21.2&#8243; _module_preset=&#8221;default&#8221; background_color=&#8221;#686970&#8243; background_image=&#8221;https:\/\/agenciaseolocal.eu\/bedda\/wp-content\/uploads\/2023\/05\/fondo-flores5.jpg&#8221; background_size=&#8221;initial&#8221; background_position=&#8221;top_center&#8221; background_repeat=&#8221;repeat&#8221; background_blend=&#8221;multiply&#8221; custom_padding=&#8221;35px||38px||false|false&#8221; custom_padding_tablet=&#8221;35px||35px||false|false&#8221; custom_padding_phone=&#8221;15px|7px|15px|7px|true|true&#8221; global_module=&#8221;28674&#8243; saved_tabs=&#8221;all&#8221; locked=&#8221;off&#8221; global_colors_info=&#8221;{}&#8221;][et_pb_row _builder_version=&#8221;4.21.2&#8243; _module_preset=&#8221;default&#8221; width=&#8221;95%&#8221; custom_padding=&#8221;||0px|||&#8221; global_colors_info=&#8221;{}&#8221;][et_pb_column type=&#8221;4_4&#8243; _builder_version=&#8221;4.21.0&#8243; _module_preset=&#8221;default&#8221; global_colors_info=&#8221;{}&#8221;][et_pb_text _builder_version=&#8221;4.24.0&#8243; _module_preset=&#8221;default&#8221; text_font=&#8221;catalish-huntera||||||||&#8221; text_font_size=&#8221;30px&#8221; text_line_height=&#8221;1.4em&#8221; header_2_text_color=&#8221;#FFFFFF&#8221; header_2_font_size=&#8221;45px&#8221; text_orientation=&#8221;center&#8221; custom_margin=&#8221;||||false|false&#8221; text_font_size_tablet=&#8221;40px&#8221; text_font_size_phone=&#8221;20px&#8221; text_font_size_last_edited=&#8221;on|phone&#8221; header_2_font_size_tablet=&#8221;45px&#8221; header_2_font_size_phone=&#8221;30px&#8221; header_2_font_size_last_edited=&#8221;on|phone&#8221; locked=&#8221;off&#8221; global_colors_info=&#8221;{}&#8221;]<\/p>\n<p class=\"manuscrita\" style=\"color: #fff !important;\">D\u00f3nde estamos<\/p>\n<h2>Encuentra tu Centro bedda m\u00e1s cercano<\/h2>\n<p>[\/et_pb_text][et_pb_text _builder_version=&#8221;4.21.0&#8243; _module_preset=&#8221;default&#8221; text_text_color=&#8221;#FFFFFF&#8221; locked=&#8221;off&#8221; global_colors_info=&#8221;{}&#8221;]<\/p>\n<p><span style=\"font-weight: 400;\">Actualmente contamos con <\/span><b>m\u00e1s de 25 Centros bedda <\/b><span style=\"font-weight: 400;\">repartidos por diferentes ciudades de la geograf\u00eda espa\u00f1ola. \u00a1Encuentra tu Centro bedda m\u00e1s cercano y ven a conocernos!<\/span><\/p>\n<p>[\/et_pb_text][\/et_pb_column][\/et_pb_row][et_pb_row column_structure=&#8221;1_3,1_3,1_3&#8243; use_custom_gutter=&#8221;on&#8221; _builder_version=&#8221;4.21.0&#8243; _module_preset=&#8221;default&#8221; width=&#8221;95%&#8221; global_colors_info=&#8221;{}&#8221;][et_pb_column type=&#8221;1_3&#8243; _builder_version=&#8221;4.21.0&#8243; _module_preset=&#8221;default&#8221; global_colors_info=&#8221;{}&#8221;][et_pb_toggle title=&#8221;Asturias&#8221; open_toggle_text_color=&#8221;#FFFFFF&#8221; open_toggle_background_color=&#8221;RGBA(255,255,255,0)&#8221; closed_toggle_background_color=&#8221;RGBA(255,255,255,0)&#8221; icon_color=&#8221;#ff79a5&#8243; toggle_icon=&#8221;&#xf5bb;||fa||900&#8243; open_icon_color=&#8221;#ff79a5&#8243; open_toggle_icon=&#8221;&#xf5bb;||fa||900&#8243; _builder_version=&#8221;4.27.4&#8243; _module_preset=&#8221;default&#8221; title_text_color=&#8221;#FFFFFF&#8221; title_level=&#8221;h3&#8243; title_font_size=&#8221;25px&#8221; body_text_color=&#8221;#FFFFFF&#8221; custom_margin=&#8221;||0px||false|false&#8221; custom_padding=&#8221;0px||||false|false&#8221; title_font_size_tablet=&#8221;&#8221; title_font_size_phone=&#8221;20px&#8221; title_font_size_last_edited=&#8221;on|phone&#8221; body_font_size_tablet=&#8221;&#8221; body_font_size_phone=&#8221;16px&#8221; body_font_size_last_edited=&#8221;on|phone&#8221; custom_css_toggle_title=&#8221;margin: 0 -7px&#8221; custom_css_toggle_content=&#8221;margin: 0 -7px&#8221; border_width_all=&#8221;0px&#8221; border_width_bottom=&#8221;1px&#8221; global_colors_info=&#8221;{}&#8221;]<\/p>\n<p style=\"font-size: 18px; font-weight: 800; color: #ff79a5;\"><a style=\"color: #ff79a5;\" href=\"https:\/\/agenciaseolocal.eu\/bedda\/depilacion-laser-gijon\/\">Centro de depilaci\u00f3n l\u00e1ser Gij\u00f3n<\/a><\/p>\n<hr style=\"margin-top: -3%;\" \/>\n<p><span style=\"color: #ffffff;\"><a href=\"https:\/\/www.google.com\/maps?cid=18396564086927494713\" target=\"_blank\" rel=\"noopener\" style=\"color: #ffffff;\">Av de Galicia, 87, 33212 Gij\u00f3n, Asturias<\/a><\/span><\/p>\n<p><strong>Horario:<\/strong><br \/>\nL. a V. 09:00 a 21:00<br \/>\nS. 10:00 a 14:00 (ininterrumpidamente)<\/p>\n<p style=\"font-size: 18px; font-weight: 800; color: #ff79a5;\"><a style=\"color: #ff79a5;\" href=\"https:\/\/agenciaseolocal.eu\/bedda\/depilacion-laser-gijon\/\">Centro de depilaci\u00f3n l\u00e1ser Alcampo Gij\u00f3n<\/a><\/p>\n<hr style=\"margin-top: -3%;\" \/>\n<p><span style=\"color: #ffffff;\"><a href=\"https:\/\/www.google.com\/maps?cid=7051125832257557657\" target=\"_blank\" rel=\"noopener\" style=\"color: #ffffff;\">AS-II, 1306, Centro Comercial Alcampo, 33211 Gij\u00f3n, Asturias<\/a><\/span><\/p>\n<p><strong>Horario:<\/strong><br \/>\nL. a S. 10:00 a 22:00 (ininterrumpidamente)<br \/>\n<span>Registro sanitario: C.3\/6511.<\/span><\/p>\n<p style=\"font-size: 18px; font-weight: 800; color: #ff79a5;\"><a style=\"color: #ff79a5;\" href=\"https:\/\/agenciaseolocal.eu\/bedda\/depilacion-laser-oviedo\/\">Centro de depilaci\u00f3n l\u00e1ser Parque Principado<\/a><\/p>\n<hr style=\"margin-top: -3%;\" \/>\n<p><span style=\"color: #ffffff;\"><a href=\"https:\/\/www.google.com\/maps?cid=2765536801826704249\" target=\"_blank\" rel=\"noopener\" style=\"color: #ffffff;\">Parque Principado, Autov\u00eda Ruta de la Plata, Km. 4, 5 Centro Comercial, 33429 Paredes El Cuetu, Asturias<\/a><\/span><\/p>\n<p><strong>Horario:<\/strong><br \/>\nL. a S. 10:00 a 22:00<br \/>\n(ininterrumpidamente)[\/et_pb_toggle][et_pb_toggle title=&#8221;Galicia&#8221; open_toggle_text_color=&#8221;#FFFFFF&#8221; open_toggle_background_color=&#8221;RGBA(255,255,255,0)&#8221; closed_toggle_background_color=&#8221;RGBA(255,255,255,0)&#8221; icon_color=&#8221;#ff79a5&#8243; toggle_icon=&#8221;&#xf5bb;||fa||900&#8243; open_icon_color=&#8221;#ff79a5&#8243; open_toggle_icon=&#8221;&#xf5bb;||fa||900&#8243; _builder_version=&#8221;4.27.3&#8243; _module_preset=&#8221;default&#8221; title_text_color=&#8221;#FFFFFF&#8221; title_level=&#8221;h3&#8243; title_font_size=&#8221;25px&#8221; body_text_color=&#8221;#FFFFFF&#8221; custom_margin=&#8221;||0px||false|false&#8221; title_font_size_tablet=&#8221;&#8221; title_font_size_phone=&#8221;20px&#8221; title_font_size_last_edited=&#8221;on|phone&#8221; body_font_size_tablet=&#8221;&#8221; body_font_size_phone=&#8221;16px&#8221; body_font_size_last_edited=&#8221;on|phone&#8221; custom_css_toggle_title=&#8221;margin: 0 -7px&#8221; custom_css_toggle_content=&#8221;margin: 0 -7px&#8221; border_width_all=&#8221;0px&#8221; border_width_bottom=&#8221;1px&#8221; global_colors_info=&#8221;{}&#8221;]<\/p>\n<p style=\"font-size: 18px; font-weight: 800; color: #ff79a5;\"><a style=\"color: #ff79a5;\" href=\"https:\/\/agenciaseolocal.eu\/bedda\/depilacion-laser-lugo\/\">Centro de depilaci\u00f3n l\u00e1ser Lugo<\/a><\/p>\n<hr style=\"margin-top: -3%;\" \/>\n<p><span style=\"color: #ffffff;\"><a href=\"https:\/\/www.google.com\/maps?cid=931361397690918445\" style=\"color: #ffffff;\" target=\"_blank\" rel=\"noopener\">Av. Infanta Elena, 213, C.C. As Termas, local 15, 27003 Lugo<\/a><\/span><\/p>\n<p><strong>Horario:<\/strong><br \/>\nL. a S. 09:00 a 22:00<br \/>\n(ininterrumpidamente)<\/p>\n<p>Registro sanitario: C-27-001200<\/p>\n<p style=\"font-size: 18px; font-weight: 800; color: #ff79a5;\"><a style=\"color: #ff79a5;\" href=\"https:\/\/agenciaseolocal.eu\/bedda\/depilacion-laser-ferrol\/\">Centro de depilaci\u00f3n l\u00e1ser Ferrol<\/a><\/p>\n<hr style=\"margin-top: -3%;\" \/>\n<p><span style=\"color: #ffffff;\"><a href=\"https:\/\/www.google.com\/maps?cid=15642665670050053254\" target=\"_blank\" rel=\"noopener\" style=\"color: #ffffff;\">Alcampo Ferrol, local 20, Pol. Ind. G\u00e1ndara, 15404 Ferrol, A Coru\u00f1a<\/a><\/span><\/p>\n<p><strong>Horario:<\/strong><br \/>\nL. a S. 10:00 a 22:00<br \/>\n(ininterrumpidamente)<br \/>\nRegistro sanitario: C-15-004258<\/p>\n<p style=\"font-size: 18px; font-weight: 800; color: #ff79a5;\"><a style=\"color: #ff79a5;\" href=\"https:\/\/agenciaseolocal.eu\/bedda\/depilacion-laser-a-coruna\/\">Centro de depilaci\u00f3n l\u00e1ser A Coru\u00f1a<\/a><\/p>\n<hr style=\"margin-top: -3%;\" \/>\n<p><span style=\"color: #ffffff;\"><a href=\"https:\/\/www.google.com\/maps?cid=2989802485933401418\" target=\"_blank\" rel=\"noopener\" style=\"color: #ffffff;\">R\u00faa Ram\u00f3n y Cajal, 53, 15006 A Coru\u00f1a<\/a><\/span><\/p>\n<p><strong>Horario:<\/strong><br \/>\nL. a S. 09:00 a 21:00 (ininterrumpidamente)[\/et_pb_toggle][\/et_pb_column][et_pb_column type=&#8221;1_3&#8243; _builder_version=&#8221;4.21.0&#8243; _module_preset=&#8221;default&#8221; global_colors_info=&#8221;{}&#8221;][et_pb_toggle title=&#8221;Cantabria&#8221; open_toggle_text_color=&#8221;#FFFFFF&#8221; open_toggle_background_color=&#8221;RGBA(255,255,255,0)&#8221; closed_toggle_background_color=&#8221;RGBA(255,255,255,0)&#8221; icon_color=&#8221;#ff79a5&#8243; toggle_icon=&#8221;&#xf5bb;||fa||900&#8243; open_icon_color=&#8221;#ff79a5&#8243; open_toggle_icon=&#8221;&#xf5bb;||fa||900&#8243; _builder_version=&#8221;4.22.1&#8243; _module_preset=&#8221;default&#8221; title_text_color=&#8221;#FFFFFF&#8221; title_level=&#8221;h3&#8243; title_font_size=&#8221;25px&#8221; body_text_color=&#8221;#FFFFFF&#8221; custom_margin=&#8221;||0px||false|false&#8221; custom_margin_tablet=&#8221;&#8221; custom_margin_phone=&#8221;-2%||0px||false|false&#8221; custom_margin_last_edited=&#8221;on|phone&#8221; custom_padding=&#8221;0px||||false|false&#8221; title_font_size_tablet=&#8221;&#8221; title_font_size_phone=&#8221;20px&#8221; title_font_size_last_edited=&#8221;on|phone&#8221; body_font_size_tablet=&#8221;&#8221; body_font_size_phone=&#8221;16px&#8221; body_font_size_last_edited=&#8221;on|phone&#8221; custom_css_toggle_title=&#8221;margin: 0 -7px&#8221; custom_css_toggle_content=&#8221;margin: 0 -7px&#8221; border_width_all=&#8221;0px&#8221; border_width_bottom=&#8221;1px&#8221; global_colors_info=&#8221;{}&#8221;]<\/p>\n<p style=\"font-size: 18px; font-weight: 800; color: #ff79a5;\"><a style=\"color: #ff79a5;\" href=\"https:\/\/agenciaseolocal.eu\/bedda\/depilacion-laser-santander\/\">Centro de depilaci\u00f3n l\u00e1ser Santander<\/a><\/p>\n<hr style=\"margin-top: -3%;\" \/>\n<p><span style=\"color: #ffffff;\"><a href=\"https:\/\/www.google.com\/maps?cid=1396254009351915747\" target=\"_blank\" rel=\"noopener\" style=\"color: #ffffff;\">C\/ Joaqu\u00edn Rodrigo, 2, 39011 Santander, Cantabria<\/a><\/span><\/p>\n<p><strong>Horario:<\/strong><br \/>L. a S. 09:00 a 21:00<\/p>\n<p style=\"font-size: 18px; font-weight: 800; color: #ff79a5;\"><a style=\"color: #ff79a5;\" href=\"https:\/\/agenciaseolocal.eu\/bedda\/depilacion-laser-santander\/\">Centro de depilaci\u00f3n l\u00e1ser Santander<\/a><\/p>\n<hr style=\"margin-top: -3%;\" \/>\n<p><span style=\"color: #ffffff;\"><a href=\"https:\/\/www.google.com\/maps?cid=2276375283976921748\" style=\"color: #ffffff;\" target=\"_blank\" rel=\"noopener\">C. Hern\u00e1n Cort\u00e9s, 8, Bajo, 39003 Santander, Cantabria<\/a><\/span><\/p>\n<p><strong>Horario:<\/strong><br \/>L. a V. 09:00 a 20:00 y S. 09:30 a 13:30<\/p>\n<p>[\/et_pb_toggle][et_pb_toggle title=&#8221;Navarra&#8221; open_toggle_text_color=&#8221;#FFFFFF&#8221; open_toggle_background_color=&#8221;RGBA(255,255,255,0)&#8221; closed_toggle_background_color=&#8221;RGBA(255,255,255,0)&#8221; icon_color=&#8221;#ff79a5&#8243; toggle_icon=&#8221;&#xf5bb;||fa||900&#8243; open_icon_color=&#8221;#ff79a5&#8243; open_toggle_icon=&#8221;&#xf5bb;||fa||900&#8243; _builder_version=&#8221;4.27.4&#8243; _module_preset=&#8221;default&#8221; title_text_color=&#8221;#FFFFFF&#8221; title_level=&#8221;h3&#8243; title_font_size=&#8221;25px&#8221; body_text_color=&#8221;#FFFFFF&#8221; custom_margin=&#8221;||0px||false|false&#8221; title_font_size_tablet=&#8221;&#8221; title_font_size_phone=&#8221;20px&#8221; title_font_size_last_edited=&#8221;on|phone&#8221; body_font_size_tablet=&#8221;&#8221; body_font_size_phone=&#8221;16px&#8221; body_font_size_last_edited=&#8221;on|phone&#8221; custom_css_toggle_title=&#8221;margin: 0 -7px&#8221; custom_css_toggle_content=&#8221;margin: 0 -7px&#8221; border_width_all=&#8221;0px&#8221; border_width_bottom=&#8221;1px&#8221; global_colors_info=&#8221;{}&#8221;]<\/p>\n<p style=\"font-size: 18px; font-weight: 800; color: #ff79a5;\"><a style=\"color: #ff79a5;\" href=\"https:\/\/agenciaseolocal.eu\/bedda\/depilacion-laser-pamplona\/\">Centro de depilaci\u00f3n l\u00e1ser Pamplona<\/a><\/p>\n<hr style=\"margin-top: -3%;\" \/>\n<p><span style=\"color: #ffffff;\"><a href=\"https:\/\/www.google.com\/maps?cid=11459987850439882151\" target=\"_blank\" rel=\"noopener\" style=\"color: #ffffff;\">Av. de Carlos III el Noble Etorbidea, 12, 31002 Pamplona, Navarra<\/a><\/span><\/p>\n<p><strong>Horario:<\/strong><br \/>\nL. a V. 09:00 a 20:00; y S. 10:00 a 14:00<\/p>\n<p style=\"font-size: 18px; font-weight: 800; color: #ff79a5;\"><a style=\"color: #ff79a5;\" href=\"https:\/\/agenciaseolocal.eu\/bedda\/depilacion-laser-pamplona\/\">Centro de depilaci\u00f3n l\u00e1ser Pamplona<\/a><\/p>\n<hr style=\"margin-top: -3%;\" \/>\n<p><span style=\"color: #ffffff;\"><a href=\"https:\/\/www.google.com\/maps?cid=3727468443520473239\" target=\"_blank\" rel=\"noopener\" style=\"color: #ffffff;\">Local, C. Soto Aizo\u00e1in, 24, 31013 Pamplona, Navarra<\/a><\/span><\/p>\n<p><strong>Horario:<\/strong><br \/>\nL. a S. 09:00 a 21:00<br \/>\n(ininterrumpidamente)[\/et_pb_toggle][\/et_pb_column][et_pb_column type=&#8221;1_3&#8243; _builder_version=&#8221;4.21.0&#8243; _module_preset=&#8221;default&#8221; global_colors_info=&#8221;{}&#8221;][et_pb_toggle title=&#8221;Castilla y Le\u00f3n&#8221; open_toggle_text_color=&#8221;#FFFFFF&#8221; open_toggle_background_color=&#8221;RGBA(255,255,255,0)&#8221; closed_toggle_background_color=&#8221;RGBA(255,255,255,0)&#8221; icon_color=&#8221;#ff79a5&#8243; toggle_icon=&#8221;&#xf5bb;||fa||900&#8243; open_icon_color=&#8221;#ff79a5&#8243; open_toggle_icon=&#8221;&#xf5bb;||fa||900&#8243; _builder_version=&#8221;4.27.4&#8243; _module_preset=&#8221;default&#8221; title_text_color=&#8221;#FFFFFF&#8221; title_level=&#8221;h3&#8243; title_font_size=&#8221;25px&#8221; body_text_color=&#8221;#FFFFFF&#8221; custom_margin=&#8221;||0px||false|false&#8221; custom_margin_tablet=&#8221;&#8221; custom_margin_phone=&#8221;-2%||0px||false|false&#8221; custom_margin_last_edited=&#8221;on|phone&#8221; custom_padding=&#8221;0px||||false|false&#8221; title_font_size_tablet=&#8221;&#8221; title_font_size_phone=&#8221;20px&#8221; title_font_size_last_edited=&#8221;on|phone&#8221; body_font_size_tablet=&#8221;&#8221; body_font_size_phone=&#8221;16px&#8221; body_font_size_last_edited=&#8221;on|phone&#8221; custom_css_toggle_title=&#8221;margin: 0 -7px&#8221; custom_css_toggle_icon=&#8221;margin-right:2%&#8221; custom_css_toggle_content=&#8221;margin: 0 -7px&#8221; border_width_all=&#8221;0px&#8221; border_width_bottom=&#8221;1px&#8221; global_colors_info=&#8221;{}&#8221;]<\/p>\n<p style=\"font-size: 18px; font-weight: 800; color: #ff79a5;\"><a style=\"color: #ff79a5;\" href=\"https:\/\/agenciaseolocal.eu\/bedda\/depilacion-laser-ponferrada\/\">Centro de depilaci\u00f3n l\u00e1ser Ponferrada<\/a><\/p>\n<hr style=\"margin-top: -3%;\" \/>\n<p><span style=\"color: #ffffff;\"><a href=\"https:\/\/www.google.com\/maps?cid=17791044171912276738\" target=\"_blank\" rel=\"noopener\" style=\"color: #ffffff;\">Av. de la Constituci\u00f3n, 2, 24404 Ponferrada, Le\u00f3n<\/a><\/span><\/p>\n<p><strong>Horario:<\/strong><br \/>\nL. a S. 09:00 a 22:00<br \/>\n(ininterrumpidamente)<\/p>\n<p style=\"font-size: 18px; font-weight: 800; color: #ff79a5;\"><a style=\"color: #ff79a5;\" href=\"https:\/\/agenciaseolocal.eu\/bedda\/depilacion-laser-valladolid\/\">Centro de depilaci\u00f3n l\u00e1ser Valladolid<\/a><\/p>\n<hr style=\"margin-top: -3%;\" \/>\n<p><span style=\"color: #ffffff;\"><a href=\"https:\/\/www.google.com\/maps?cid=385143440562133586\" target=\"_blank\" rel=\"noopener\" style=\"color: #ffffff;\">P.\u00ba de Zorrilla, S\/N, 47008 Valladolid<\/a><\/span><\/p>\n<p><strong>Horario:<\/strong><br \/>\nL. a S. 09:00 a 22:00 (ininterrumpidamente)<\/p>\n<p style=\"font-size: 18px; font-weight: 800; color: #ff79a5;\"><a style=\"color: #ff79a5;\" href=\"https:\/\/agenciaseolocal.eu\/bedda\/depilacion-laser-burgos\/\">Centro de depilaci\u00f3n l\u00e1ser Burgos<\/a><\/p>\n<hr style=\"margin-top: -3%;\" \/>\n<p><span style=\"color: #ffffff;\"><a href=\"https:\/\/www.google.com\/maps?cid=16731136443259627574\" target=\"_blank\" rel=\"noopener\" style=\"color: #ffffff;\">Centro Comercial El Mirador de Burgos, Ctra. Santander, 2, 09006 Burgos<\/a><\/span><\/p>\n<p><strong>Horario:<\/strong><br \/>\nL. a S. 09:30 a 21:30[\/et_pb_toggle][et_pb_toggle title=&#8221;Pa\u00eds Vasco&#8221; open_toggle_text_color=&#8221;#FFFFFF&#8221; open_toggle_background_color=&#8221;RGBA(255,255,255,0)&#8221; closed_toggle_background_color=&#8221;RGBA(255,255,255,0)&#8221; icon_color=&#8221;#ff79a5&#8243; toggle_icon=&#8221;&#xf5bb;||fa||900&#8243; open_icon_color=&#8221;#ff79a5&#8243; open_toggle_icon=&#8221;&#xf5bb;||fa||900&#8243; _builder_version=&#8221;4.25.0&#8243; _module_preset=&#8221;default&#8221; title_text_color=&#8221;#FFFFFF&#8221; title_level=&#8221;h3&#8243; title_font_size=&#8221;25px&#8221; body_text_color=&#8221;#FFFFFF&#8221; custom_margin=&#8221;||0px||false|false&#8221; title_font_size_tablet=&#8221;&#8221; title_font_size_phone=&#8221;20px&#8221; title_font_size_last_edited=&#8221;on|desktop&#8221; body_font_size_tablet=&#8221;&#8221; body_font_size_phone=&#8221;16px&#8221; body_font_size_last_edited=&#8221;on|phone&#8221; custom_css_toggle_title=&#8221;margin: 0 -7px&#8221; custom_css_toggle_content=&#8221;margin: 0 -7px&#8221; border_width_all=&#8221;0px&#8221; border_width_bottom=&#8221;1px&#8221; global_colors_info=&#8221;{}&#8221;]<\/p>\n<p style=\"font-size: 18px; font-weight: 800; color: #ff79a5;\"><a style=\"color: #ff79a5;\" href=\"https:\/\/agenciaseolocal.eu\/bedda\/depilacion-laser-donostia\/\">Centro de depilaci\u00f3n l\u00e1ser San Sebasti\u00e1n<\/a><\/p>\n<hr style=\"margin-top: -3%;\" \/>\n<p><span style=\"color: #ffffff;\"><a href=\"https:\/\/www.google.com\/maps?cid=5172837980547941746\" target=\"_blank\" rel=\"noopener\" style=\"color: #ffffff;\">San Bartolome Kalea, 6, 20006 Donostia, Gipuzkoa<\/a><\/span><\/p>\n<p><strong>Horario:<\/strong><br \/>\n<span>L. a V. 09:00 a 21:00 y S. 09:00 a 19:30\u00a0<\/span><\/p>\n<p>Registro Sanitario: C3-12843<\/p>\n<p style=\"font-size: 18px; font-weight: 800; color: #ff79a5;\"><a style=\"color: #ff79a5;\" href=\"https:\/\/agenciaseolocal.eu\/bedda\/depilacion-laser-bilbao\/\">Centro de depilaci\u00f3n l\u00e1ser Bilbao Ercilla<\/a><\/p>\n<hr style=\"margin-top: -3%;\" \/>\n<p>(Cerrado permanentemente)<br \/>\nNos trasladamos a Zubiarte.<\/p>\n<p style=\"font-size: 18px; font-weight: 800; color: #ff79a5;\"><a style=\"color: #ff79a5;\" href=\"https:\/\/agenciaseolocal.eu\/bedda\/depilacion-laser-bilbao\/\">Centro de depilaci\u00f3n l\u00e1ser Bilbao<\/a><\/p>\n<hr style=\"margin-top: -3%;\" \/>\n<p><span style=\"color: #ffffff;\"><a href=\"https:\/\/www.google.com\/maps?cid=1884237436586041845\" target=\"_blank\" rel=\"noopener\" style=\"color: #ffffff;\">Leizaola Lehendakariaren Kalea, 2, 48011 Bilbo, Bizkaia<\/a><\/span><\/p>\n<p><strong>Horario:<\/strong><br \/>\nL. a S. 10:00 a 22:00<br \/>\n(ininterrumpidamente)<\/p>\n<p>Registro Sanitario: C3-12594<\/p>\n<p style=\"font-size: 18px; font-weight: 800; color: #ff79a5;\"><a style=\"color: #ff79a5;\" href=\"https:\/\/agenciaseolocal.eu\/bedda\/depilacion-laser-abadino\/\">Centro de depilaci\u00f3n l\u00e1ser Abadi\u00f1o<\/a><\/p>\n<hr style=\"margin-top: -3%;\" \/>\n<p><span style=\"color: #ffffff;\"><a href=\"https:\/\/www.google.com\/maps?cid=8872535479484832616\" target=\"_blank\" rel=\"noopener\" style=\"color: #ffffff;\">Centro Comercial, Barrio Murueta S\/N, 48220 Abadi\u00f1o, Biscay<\/a><\/span><\/p>\n<p><strong>Horario:<\/strong><br \/>\nL. a S. 09:30 a 21:00<br \/>\n(ininterrumpidamente)<\/p>\n<p style=\"font-size: 18px; font-weight: 800; color: #ff79a5;\"><a style=\"color: #ff79a5;\" href=\"https:\/\/agenciaseolocal.eu\/bedda\/depilacion-laser-irun\/\">Centro de depilaci\u00f3n l\u00e1ser Ir\u00fan<\/a><\/p>\n<hr style=\"margin-top: -3%;\" \/>\n<p><span style=\"color: #ffffff;\"><a href=\"https:\/\/www.google.com\/maps?cid=14481689227748707943\" target=\"_blank\" rel=\"noopener\" style=\"color: #ffffff;\">Colon Ibilbidea, 32, 20301 Irun, Gipuzkoa<\/a><\/span><\/p>\n<p><strong>Horario:<\/strong><br \/>\nL. a V. 10:00 a 20:00 y S. 10:00 a 14:00<\/p>\n<p>Registro Sanitario: C3-13352<\/p>\n<p style=\"font-size: 18px; font-weight: 800; color: #ff79a5;\"><a style=\"color: #ff79a5;\" href=\"https:\/\/agenciaseolocal.eu\/bedda\/depilacion-laser-barakaldo\/\">Centro de depilaci\u00f3n l\u00e1ser Barakaldo<\/a><\/p>\n<hr style=\"margin-top: -3%;\" \/>\n<p><span style=\"color: #ffffff;\"><a href=\"https:\/\/www.google.com\/maps?cid=7485099837098094460\" target=\"_blank\" rel=\"noopener\" style=\"color: #ffffff;\">Centro Comercial Los Fueros, Pormetxeta Kalea, 2, A Local 15, 48901 Barakaldo, Biscay<\/a><\/span><\/p>\n<p><strong>Horario:<\/strong><br \/>\n<span>L. a V. 10:00 a 20:00<\/span>[\/et_pb_toggle][\/et_pb_column][\/et_pb_row][\/et_pb_section][et_pb_section fb_built=&#8221;1&#8243; custom_padding_last_edited=&#8221;on|phone&#8221; _builder_version=&#8221;4.21.0&#8243; _module_preset=&#8221;default&#8221; background_image=&#8221;https:\/\/agenciaseolocal.eu\/bedda\/wp-content\/uploads\/2023\/05\/fondo-flores.png&#8221; background_size=&#8221;contain&#8221; background_position=&#8221;top_center&#8221; custom_margin=&#8221;||||false|false&#8221; custom_padding=&#8221;35px||16px||false|false&#8221; custom_padding_tablet=&#8221;35px||16px||false|false&#8221; custom_padding_phone=&#8221;15px|7px|16px|7px|false|true&#8221; locked=&#8221;off&#8221; global_colors_info=&#8221;{}&#8221;][et_pb_row column_structure=&#8221;2_3,1_3&#8243; custom_padding_last_edited=&#8221;on|phone&#8221; _builder_version=&#8221;4.21.0&#8243; _module_preset=&#8221;default&#8221; width=&#8221;95%&#8221; custom_padding=&#8221;||60px||false|false&#8221; custom_padding_tablet=&#8221;||60px||false|false&#8221; custom_padding_phone=&#8221;||30px||false|false&#8221; global_colors_info=&#8221;{}&#8221;][et_pb_column type=&#8221;2_3&#8243; _builder_version=&#8221;4.21.0&#8243; _module_preset=&#8221;default&#8221; global_colors_info=&#8221;{}&#8221;][et_pb_text _builder_version=&#8221;4.21.0&#8243; _module_preset=&#8221;default&#8221; text_font=&#8221;catalish-huntera||||||||&#8221; text_font_size=&#8221;30px&#8221; text_line_height=&#8221;1.4em&#8221; header_2_font_size=&#8221;45px&#8221; text_font_size_tablet=&#8221;40px&#8221; text_font_size_phone=&#8221;20px&#8221; text_font_size_last_edited=&#8221;on|phone&#8221; header_2_font_size_tablet=&#8221;45px&#8221; header_2_font_size_phone=&#8221;30px&#8221; header_2_font_size_last_edited=&#8221;on|phone&#8221; locked=&#8221;off&#8221; global_colors_info=&#8221;{}&#8221;]<\/p>\n<p class=\"manuscrita\" style=\"color: #ff4a8a !important;\">FAQ<\/p>\n<h2>Preguntas Frecuentes sobre tratamientos de est\u00e9tica<\/h2>\n<p>[\/et_pb_text][et_pb_accordion open_toggle_text_color=&#8221;#ff79a5&#8243; open_toggle_background_color=&#8221;RGBA(255,255,255,0)&#8221; closed_toggle_background_color=&#8221;RGBA(255,255,255,0)&#8221; toggle_icon=&#8221;&#xf5bb;||fa||900&#8243; icon_color=&#8221;#ff79a5&#8243; _builder_version=&#8221;4.21.0&#8243; _module_preset=&#8221;default&#8221; toggle_text_color=&#8221;#686970&#8243; toggle_level=&#8221;h3&#8243; toggle_font=&#8221;||||||||&#8221; toggle_font_size=&#8221;24px&#8221; toggle_font_size_tablet=&#8221;24px&#8221; toggle_font_size_phone=&#8221;20px&#8221; toggle_font_size_last_edited=&#8221;on|phone&#8221; custom_css_toggle_title=&#8221;margin: 0 -7px&#8221; custom_css_toggle_content=&#8221;margin: 0 -7px&#8221; border_color_all=&#8221;#bb9495&#8243; border_color_bottom=&#8221;#ff79a5&#8243; global_colors_info=&#8221;{}&#8221;][et_pb_accordion_item title=&#8221;\u00bfPor qu\u00e9 elegir Centros bedda para hacer un tratamiento de est\u00e9tica premium?&#8221; open=&#8221;on&#8221; _builder_version=&#8221;4.21.0&#8243; _module_preset=&#8221;default&#8221; custom_margin=&#8221;||0px||false|false&#8221; border_width_all=&#8221;0px&#8221; border_width_bottom=&#8221;1px&#8221; global_colors_info=&#8221;{}&#8221;]<\/p>\n<p><span style=\"font-weight: 400;\">Centros Bedda es la elecci\u00f3n ideal para un tratamiento de est\u00e9tica premium debido a <strong>nuestra experiencia y compromiso con la excelencia<\/strong>. Contamos con <strong>profesionales altamente capacitados, tecnolog\u00eda de vanguardia y productos de calidad<\/strong>. Nuestro enfoque personalizado y atenci\u00f3n integral garantizan resultados excepcionales y una experiencia \u00fanica de bienestar y belleza para cada cliente.<\/span><\/p>\n<p>[\/et_pb_accordion_item][et_pb_accordion_item title=&#8221;\u00bfQu\u00e9 tipo de tratamientos est\u00e9ticos premium ofrece Centros bedda?&#8221; _builder_version=&#8221;4.21.0&#8243; _module_preset=&#8221;default&#8221; custom_margin=&#8221;||0px||false|false&#8221; border_width_all=&#8221;0px&#8221; border_width_bottom=&#8221;1px&#8221; global_colors_info=&#8221;{}&#8221; open=&#8221;off&#8221;]<\/p>\n<p><span style=\"font-weight: 400;\">En Centros Bedda ofrecemos una amplia gama de tratamientos est\u00e9ticos premium. Desde <strong>tratamientos anticelulitis, radiofrecuencia corporal y facial, microblading hasta criolip\u00f3lisis<\/strong>. Nuestros servicios incluyen opciones para mejorar la apariencia de la piel, reducir la grasa localizada, rejuvenecer el rostro y realzar la belleza natural, brindando resultados efectivos y duraderos.<\/span><\/p>\n<p>[\/et_pb_accordion_item][et_pb_accordion_item title=&#8221;\u00bfCu\u00e1l es la experiencia y formaci\u00f3n del personal en Centros bedda?&#8221; _builder_version=&#8221;4.21.0&#8243; _module_preset=&#8221;default&#8221; custom_margin=&#8221;||0px||false|false&#8221; border_width_all=&#8221;0px&#8221; border_width_bottom=&#8221;1px&#8221; global_colors_info=&#8221;{}&#8221; open=&#8221;off&#8221;]<\/p>\n<p><span style=\"font-weight: 400;\">En Centros Bedda contamos con un equipo altamente capacitado y con <strong>amplia experiencia en el campo de la medicina est\u00e9tica<\/strong>. Nuestros profesionales est\u00e1n debidamente formados y actualizados en las \u00faltimas t\u00e9cnicas y tratamientos, garantizando un servicio de calidad y resultados \u00f3ptimos para cada cliente. Su compromiso con la excelencia y el cuidado del paciente es fundamental en nuestra filosof\u00eda de trabajo.<\/span><\/p>\n<p>[\/et_pb_accordion_item][et_pb_accordion_item title=&#8221;\u00bfQu\u00e9 medidas de seguridad y protocolos segu\u00eds en Centros bedda para garantizar la salud y bienestar de los clientes?&#8221; _builder_version=&#8221;4.21.0&#8243; _module_preset=&#8221;default&#8221; custom_margin=&#8221;||0px||false|false&#8221; border_width_all=&#8221;0px&#8221; border_width_bottom=&#8221;1px&#8221; global_colors_info=&#8221;{}&#8221; open=&#8221;off&#8221;]<\/p>\n<p><span style=\"font-weight: 400;\">En Centros Bedda, la salud y seguridad de <strong>nuestros clientes son nuestra m\u00e1xima prioridad<\/strong>. <strong>Seguimos estrictos protocolos sanitarios<\/strong>, incluyendo la desinfecci\u00f3n regular de equipos y espacios, el uso de material est\u00e9ril y el cumplimiento de todas las normativas sanitarias. Adem\u00e1s, nuestro personal est\u00e1 capacitado en medidas de prevenci\u00f3n y seguimos las recomendaciones de las autoridades de salud para garantizar un entorno seguro para todos.<\/span><\/p>\n<p>[\/et_pb_accordion_item][et_pb_accordion_item title=&#8221;\u00bfCu\u00e1les son los precios para los tratamientos est\u00e9ticos premium en Centros bedda?&#8221; _builder_version=&#8221;4.21.0&#8243; _module_preset=&#8221;default&#8221; custom_margin=&#8221;||0px||false|false&#8221; border_width_all=&#8221;0px&#8221; border_width_bottom=&#8221;1px&#8221; global_colors_info=&#8221;{}&#8221; open=&#8221;off&#8221;]<\/p>\n<p><span style=\"font-weight: 400;\">En Centros Bedda, <strong>nuestros precios para los tratamientos est\u00e9ticos premium var\u00edan seg\u00fan el tipo de tratamiento<\/strong> y las necesidades individuales de cada cliente. Ofrecemos planes personalizados y flexibles para adaptarnos a diferentes presupuestos. Te invitamos a ponerte en contacto con nosotros para obtener m\u00e1s informaci\u00f3n y una <strong>consulta personalizada sin compromiso<\/strong>.<\/span><\/p>\n<p>[\/et_pb_accordion_item][\/et_pb_accordion][\/et_pb_column][et_pb_column type=&#8221;1_3&#8243; _builder_version=&#8221;4.21.0&#8243; _module_preset=&#8221;default&#8221; global_colors_info=&#8221;{}&#8221;][et_pb_blurb use_icon=&#8221;on&#8221; font_icon=&#8221;&#xf4ad;||fa||900&#8243; icon_color=&#8221;#ff79a5&#8243; _builder_version=&#8221;4.21.0&#8243; _module_preset=&#8221;default&#8221; custom_margin=&#8221;43%||||false|false&#8221; custom_margin_tablet=&#8221;23%||||false|false&#8221; custom_margin_phone=&#8221;5%||||false|false&#8221; custom_margin_last_edited=&#8221;on|phone&#8221; animation=&#8221;off&#8221; global_colors_info=&#8221;{}&#8221;]<\/p>\n<div class=\"title-cta\" style=\"text-align: center;\"><strong>\u00bfTienes m\u00e1s preguntas?<\/strong><\/div>\n<p style=\"text-align: center;\">D\u00e9janos tus datos y nos pondremos en contacto contigo lo antes posible.<\/p>\n<p>[\/et_pb_blurb][et_pb_button button_url=&#8221;https:\/\/agenciaseolocal.eu\/bedda\/contactanos\/&#8221; button_text=&#8221;Contacta con nosotros&#8221; button_alignment=&#8221;center&#8221; _builder_version=&#8221;4.22.1&#8243; _module_preset=&#8221;default&#8221; custom_button=&#8221;on&#8221; button_text_size=&#8221;18px&#8221; button_text_color=&#8221;#FFFFFF&#8221; button_bg_color=&#8221;#ff0070&#8243; button_border_width=&#8221;0px&#8221; button_border_radius=&#8221;50px&#8221; button_font=&#8221;|||on|||||&#8221; button_use_icon=&#8221;off&#8221; custom_padding=&#8221;5px|30px|10px|30px|false|true&#8221; custom_padding_tablet=&#8221;5px|30px|10px|30px|false|true&#8221; custom_padding_phone=&#8221;10px|15px|10px|15px|false|true&#8221; custom_padding_last_edited=&#8221;on|phone&#8221; button_text_size_tablet=&#8221;&#8221; button_text_size_phone=&#8221;16px&#8221; button_text_size_last_edited=&#8221;on|desktop&#8221; box_shadow_style=&#8221;preset1&#8243; locked=&#8221;off&#8221; global_colors_info=&#8221;{}&#8221; button_text_color__hover=&#8221;#ff0070&#8243; button_text_color__hover_enabled=&#8221;on|desktop&#8221; button_bg_color__hover=&#8221;#FFFFFF&#8221; button_bg_color__hover_enabled=&#8221;on|hover&#8221; button_bg_enable_color__hover=&#8221;on&#8221;][\/et_pb_button][\/et_pb_column][\/et_pb_row][et_pb_row column_structure=&#8221;1_4,1_4,1_4,1_4&#8243; use_custom_gutter=&#8221;on&#8221; gutter_width=&#8221;3&#8243; make_equal=&#8221;on&#8221; custom_padding_last_edited=&#8221;on|phone&#8221; disabled_on=&#8221;off|off|off&#8221; _builder_version=&#8221;4.21.0&#8243; _module_preset=&#8221;default&#8221; background_enable_image=&#8221;off&#8221; background_blend=&#8221;multiply&#8221; width=&#8221;95%&#8221; custom_padding=&#8221;||||false|false&#8221; custom_padding_tablet=&#8221;||||false|false&#8221; custom_padding_phone=&#8221;|5px||20px|false|false&#8221; global_module=&#8221;987510057&#8243; locked=&#8221;off&#8221; global_colors_info=&#8221;{}&#8221;][et_pb_column type=&#8221;1_4&#8243; _builder_version=&#8221;4.21.0&#8243; _module_preset=&#8221;default&#8221; background_color=&#8221;#686970&#8243; background_image=&#8221;https:\/\/agenciaseolocal.eu\/bedda\/wp-content\/uploads\/2023\/05\/fondo-flores.jpg&#8221; background_blend=&#8221;multiply&#8221; custom_css_main_element=&#8221;margin-left: 2%&#8221; box_shadow_style=&#8221;preset4&#8243; box_shadow_horizontal=&#8221;-15px&#8221; box_shadow_vertical=&#8221;-15px&#8221; box_shadow_color=&#8221;#ff79a5&#8243; global_colors_info=&#8221;{}&#8221;][et_pb_image src=&#8221;https:\/\/agenciaseolocal.eu\/bedda\/wp-content\/uploads\/2023\/05\/cerca-de-ti-blanco.png&#8221; title_text=&#8221;cerca-de-ti-blanco&#8221; show_bottom_space=&#8221;off&#8221; _builder_version=&#8221;4.21.0&#8243; _module_preset=&#8221;default&#8221; width=&#8221;30%&#8221; custom_padding=&#8221;10%|||10%|false|false&#8221; global_colors_info=&#8221;{}&#8221;][\/et_pb_image][et_pb_toggle title=&#8221;Estamos cerca de ti&#8221; open_toggle_text_color=&#8221;#FFFFFF&#8221; open_toggle_background_color=&#8221;RGBA(255,255,255,0)&#8221; closed_toggle_background_color=&#8221;RGBA(255,255,255,0)&#8221; icon_color=&#8221;RGBA(255,255,255,0)&#8221; toggle_icon=&#8221;&#xf54e;||fa||900&#8243; open_icon_color=&#8221;RGBA(255,255,255,0)&#8221; open_toggle_icon=&#8221;&#xf5bb;||fa||900&#8243; _builder_version=&#8221;4.22.1&#8243; _module_preset=&#8221;default&#8221; title_text_color=&#8221;#FFFFFF&#8221; title_level=&#8221;h3&#8243; title_font_size=&#8221;19px&#8221; body_text_color=&#8221;#FFFFFF&#8221; custom_padding=&#8221;3%|10%|10%|10%|false|true&#8221; custom_padding_phone=&#8221;3%|7%|10%|10%|false|false&#8221; custom_padding_last_edited=&#8221;off|phone&#8221; custom_css_toggle_title=&#8221;margin-right:-12%&#8221; border_width_all=&#8221;0px&#8221; locked=&#8221;off&#8221; global_colors_info=&#8221;{}&#8221;]<span style=\"font-weight: 400;\">M\u00e1s de 25 cl\u00ednicas est\u00e9ticas y de depilaci\u00f3n l\u00e1ser en Espa\u00f1a. \u00a1Encuentra tu Centro bedda m\u00e1s cercano!<\/span>[\/et_pb_toggle][\/et_pb_column][et_pb_column type=&#8221;1_4&#8243; _builder_version=&#8221;4.21.0&#8243; _module_preset=&#8221;default&#8221; background_color=&#8221;#686970&#8243; background_image=&#8221;https:\/\/agenciaseolocal.eu\/bedda\/wp-content\/uploads\/2023\/05\/fondo-flores.jpg&#8221; background_blend=&#8221;multiply&#8221; custom_css_main_element=&#8221;margin-left: -2%&#8221; box_shadow_style=&#8221;preset4&#8243; box_shadow_horizontal=&#8221;-15px&#8221; box_shadow_vertical=&#8221;-15px&#8221; box_shadow_color=&#8221;#ff79a5&#8243; global_colors_info=&#8221;{}&#8221;][et_pb_image src=&#8221;https:\/\/agenciaseolocal.eu\/bedda\/wp-content\/uploads\/2023\/05\/experiencia-blanco.png&#8221; title_text=&#8221;experiencia-blanco&#8221; show_bottom_space=&#8221;off&#8221; _builder_version=&#8221;4.21.0&#8243; _module_preset=&#8221;default&#8221; width=&#8221;30%&#8221; custom_padding=&#8221;10%|||10%|false|false&#8221; global_colors_info=&#8221;{}&#8221;][\/et_pb_image][et_pb_toggle title=&#8221;Experiencia y profesionalidad&#8221; open_toggle_text_color=&#8221;#FFFFFF&#8221; open_toggle_background_color=&#8221;RGBA(255,255,255,0)&#8221; closed_toggle_background_color=&#8221;RGBA(255,255,255,0)&#8221; icon_color=&#8221;RGBA(255,255,255,0)&#8221; toggle_icon=&#8221;&#xf54e;||fa||900&#8243; open_icon_color=&#8221;RGBA(255,255,255,0)&#8221; open_toggle_icon=&#8221;&#xf5bb;||fa||900&#8243; _builder_version=&#8221;4.24.0&#8243; _module_preset=&#8221;default&#8221; title_text_color=&#8221;#FFFFFF&#8221; title_level=&#8221;h3&#8243; title_font_size=&#8221;19px&#8221; body_text_color=&#8221;#FFFFFF&#8221; custom_padding=&#8221;3%|10%|10%|10%|false|true&#8221; custom_css_toggle_title=&#8221;margin-right:-20%&#8221; border_width_all=&#8221;0px&#8221; locked=&#8221;off&#8221; global_colors_info=&#8221;{}&#8221;]<\/p>\n<p><span style=\"font-weight: 400;\">Contamos con un equipo especializado en medicina est\u00e9tica, depilaci\u00f3n l\u00e1ser y tratamientos de est\u00e9tica avanzada.<\/span><\/p>\n<p>[\/et_pb_toggle][\/et_pb_column][et_pb_column type=&#8221;1_4&#8243; _builder_version=&#8221;4.21.0&#8243; _module_preset=&#8221;default&#8221; background_color=&#8221;#686970&#8243; background_image=&#8221;https:\/\/agenciaseolocal.eu\/bedda\/wp-content\/uploads\/2023\/05\/fondo-flores.jpg&#8221; background_blend=&#8221;multiply&#8221; custom_css_main_element=&#8221;margin-left: -2%&#8221; box_shadow_style=&#8221;preset4&#8243; box_shadow_horizontal=&#8221;-15px&#8221; box_shadow_vertical=&#8221;-15px&#8221; box_shadow_color=&#8221;#ff79a5&#8243; global_colors_info=&#8221;{}&#8221;][et_pb_image src=&#8221;https:\/\/agenciaseolocal.eu\/bedda\/wp-content\/uploads\/2023\/05\/resultados-blanco.png&#8221; title_text=&#8221;resultados-blanco&#8221; show_bottom_space=&#8221;off&#8221; _builder_version=&#8221;4.21.0&#8243; _module_preset=&#8221;default&#8221; width=&#8221;30%&#8221; custom_padding=&#8221;10%|||10%|false|false&#8221; global_colors_info=&#8221;{}&#8221;][\/et_pb_image][et_pb_toggle title=&#8221;Resultados garantizados&#8221; open_toggle_text_color=&#8221;#FFFFFF&#8221; open_toggle_background_color=&#8221;RGBA(255,255,255,0)&#8221; closed_toggle_background_color=&#8221;RGBA(255,255,255,0)&#8221; icon_color=&#8221;RGBA(255,255,255,0)&#8221; toggle_icon=&#8221;&#xf54e;||fa||900&#8243; open_icon_color=&#8221;RGBA(255,255,255,0)&#8221; open_toggle_icon=&#8221;&#xf5bb;||fa||900&#8243; _builder_version=&#8221;4.21.0&#8243; _module_preset=&#8221;default&#8221; title_text_color=&#8221;#FFFFFF&#8221; title_level=&#8221;h3&#8243; title_font_size=&#8221;19px&#8221; body_text_color=&#8221;#FFFFFF&#8221; custom_padding=&#8221;3%|12%|12%|12%|false|true&#8221; custom_css_toggle_title=&#8221;margin-right:-20%&#8221; border_width_all=&#8221;0px&#8221; locked=&#8221;off&#8221; global_colors_info=&#8221;{}&#8221;]<\/p>\n<p><span style=\"font-weight: 400;\">Trabajamos con la tecnolog\u00eda m\u00e1s avanzada del mercado para ofrecer a nuestros clientes los mejores resultados.<\/span><\/p>\n<p>[\/et_pb_toggle][\/et_pb_column][et_pb_column type=&#8221;1_4&#8243; _builder_version=&#8221;4.21.0&#8243; _module_preset=&#8221;default&#8221; background_color=&#8221;#686970&#8243; background_image=&#8221;https:\/\/agenciaseolocal.eu\/bedda\/wp-content\/uploads\/2023\/05\/fondo-flores.jpg&#8221; background_blend=&#8221;multiply&#8221; custom_padding=&#8221;||||false|false&#8221; custom_css_main_element=&#8221;margin-left: -2%&#8221; box_shadow_style=&#8221;preset4&#8243; box_shadow_horizontal=&#8221;-15px&#8221; box_shadow_vertical=&#8221;-15px&#8221; box_shadow_color=&#8221;#ff79a5&#8243; global_colors_info=&#8221;{}&#8221;][et_pb_image src=&#8221;https:\/\/agenciaseolocal.eu\/bedda\/wp-content\/uploads\/2023\/05\/precios-blanco.png&#8221; title_text=&#8221;precios-blanco&#8221; show_bottom_space=&#8221;off&#8221; _builder_version=&#8221;4.21.0&#8243; _module_preset=&#8221;default&#8221; width=&#8221;30%&#8221; custom_padding=&#8221;10%|||10%|false|false&#8221; global_colors_info=&#8221;{}&#8221;][\/et_pb_image][et_pb_toggle title=&#8221;Siempre el mejor precio para ti&#8221; open_toggle_text_color=&#8221;#FFFFFF&#8221; open_toggle_background_color=&#8221;RGBA(255,255,255,0)&#8221; closed_toggle_background_color=&#8221;RGBA(255,255,255,0)&#8221; icon_color=&#8221;RGBA(255,255,255,0)&#8221; toggle_icon=&#8221;&#xf54e;||fa||900&#8243; open_icon_color=&#8221;RGBA(255,255,255,0)&#8221; open_toggle_icon=&#8221;&#xf5bb;||fa||900&#8243; _builder_version=&#8221;4.21.0&#8243; _module_preset=&#8221;default&#8221; title_text_color=&#8221;#FFFFFF&#8221; title_level=&#8221;h3&#8243; title_font_size=&#8221;19px&#8221; body_text_color=&#8221;#FFFFFF&#8221; custom_padding=&#8221;3%|10%|10%|10%|false|true&#8221; custom_css_toggle_title=&#8221;margin-right:-20%&#8221; border_width_all=&#8221;0px&#8221; locked=&#8221;off&#8221; global_colors_info=&#8221;{}&#8221;]<\/p>\n<p><span style=\"font-weight: 400;\">No dejes escapar nuestras promociones y disfruta de tu tratamiento favorito al mejor precio.<\/span><\/p>\n<p>[\/et_pb_toggle][\/et_pb_column][\/et_pb_row][\/et_pb_section]<\/p>\n","protected":false},"excerpt":{"rendered":"<p>Nuestros tratamientos Est\u00e9tica premium\u00bfEst\u00e1s buscando tratamientos de est\u00e9tica premium? En Centros bedda tenemos una amplia variedad de tratamientos de est\u00e9tica de la mejor calidad, todo para tu belleza y cuidado personal.\u00a0\u00a0Est\u00e9tica Facial Tratamiento antiedad y firmeza Radiofrecuencia facial pulsada Microblading Microblading Est\u00e9tica Corporal Tratamientos anticelulitis Radiofrecuencia bipolar y vacumterapia Presoterapia Tratamiento reafirmante Radiofrecuencia bipolar y [&hellip;]<\/p>\n","protected":false},"author":3,"featured_media":30248,"parent":0,"menu_order":0,"comment_status":"closed","ping_status":"closed","template":"","meta":{"_et_pb_use_builder":"on","_et_pb_old_content":"","_et_gb_content_width":"","_joinchat":[],"footnotes":""},"class_list":["post-987514742","page","type-page","status-publish","has-post-thumbnail","hentry"],"yoast_head":"<!-- This site is optimized with the Yoast SEO plugin v25.9 - https:\/\/yoast.com\/wordpress\/plugins\/seo\/ -->\n<title>Tratamientos de Est\u00e9tica Premium | Centros bedda<\/title>\n<meta name=\"description\" content=\"Los mejores tratamientos de est\u00e9tica Premium te esperan en Centros bedda. \u00a1Inf\u00f3rmate sin compromiso y pide cita en tu centro m\u00e1s cercano!\" \/>\n<meta name=\"robots\" content=\"noindex, follow, max-snippet:-1, max-image-preview:large, max-video-preview:-1\" \/>\n<meta property=\"og:locale\" content=\"es_ES\" \/>\n<meta property=\"og:type\" content=\"article\" \/>\n<meta property=\"og:title\" content=\"Tratamientos de Est\u00e9tica Premium | Centros bedda\" \/>\n<meta property=\"og:description\" content=\"Los mejores tratamientos de est\u00e9tica Premium te esperan en Centros bedda. \u00a1Inf\u00f3rmate sin compromiso y pide cita en tu centro m\u00e1s cercano!\" \/>\n<meta property=\"og:url\" content=\"https:\/\/agenciaseolocal.eu\/bedda\/estetica-premium\/\" \/>\n<meta property=\"og:site_name\" content=\"Centros bedda\" \/>\n<meta property=\"article:publisher\" content=\"https:\/\/www.facebook.com\/centrobedda\" \/>\n<meta property=\"article:modified_time\" content=\"2025-06-25T10:11:19+00:00\" \/>\n<meta property=\"og:image\" content=\"https:\/\/agenciaseolocal.eu\/bedda\/wp-content\/uploads\/2023\/06\/estetica-premium-cabecera.jpg\" \/>\n\t<meta property=\"og:image:width\" content=\"1200\" \/>\n\t<meta property=\"og:image:height\" content=\"494\" \/>\n\t<meta property=\"og:image:type\" content=\"image\/jpeg\" \/>\n<meta name=\"twitter:card\" content=\"summary_large_image\" \/>\n<meta name=\"twitter:site\" content=\"@centrosbedda\" \/>\n<meta name=\"twitter:label1\" content=\"Tiempo de lectura\" \/>\n\t<meta name=\"twitter:data1\" content=\"26 minutos\" \/>\n<!-- \/ Yoast SEO plugin. -->","yoast_head_json":{"title":"Tratamientos de Est\u00e9tica Premium | Centros bedda","description":"Los mejores tratamientos de est\u00e9tica Premium te esperan en Centros bedda. \u00a1Inf\u00f3rmate sin compromiso y pide cita en tu centro m\u00e1s cercano!","robots":{"index":"noindex","follow":"follow","max-snippet":"max-snippet:-1","max-image-preview":"max-image-preview:large","max-video-preview":"max-video-preview:-1"},"og_locale":"es_ES","og_type":"article","og_title":"Tratamientos de Est\u00e9tica Premium | Centros bedda","og_description":"Los mejores tratamientos de est\u00e9tica Premium te esperan en Centros bedda. \u00a1Inf\u00f3rmate sin compromiso y pide cita en tu centro m\u00e1s cercano!","og_url":"https:\/\/agenciaseolocal.eu\/bedda\/estetica-premium\/","og_site_name":"Centros bedda","article_publisher":"https:\/\/www.facebook.com\/centrobedda","article_modified_time":"2025-06-25T10:11:19+00:00","og_image":[{"width":1200,"height":494,"url":"https:\/\/agenciaseolocal.eu\/bedda\/wp-content\/uploads\/2023\/06\/estetica-premium-cabecera.jpg","type":"image\/jpeg"}],"twitter_card":"summary_large_image","twitter_site":"@centrosbedda","twitter_misc":{"Tiempo de lectura":"26 minutos"},"schema":{"@context":"https:\/\/schema.org","@graph":[{"@type":"WebPage","@id":"https:\/\/agenciaseolocal.eu\/bedda\/estetica-premium\/","url":"https:\/\/agenciaseolocal.eu\/bedda\/estetica-premium\/","name":"Tratamientos de Est\u00e9tica Premium | Centros bedda","isPartOf":{"@id":"https:\/\/agenciaseolocal.eu\/bedda\/#website"},"primaryImageOfPage":{"@id":"https:\/\/agenciaseolocal.eu\/bedda\/estetica-premium\/#primaryimage"},"image":{"@id":"https:\/\/agenciaseolocal.eu\/bedda\/estetica-premium\/#primaryimage"},"thumbnailUrl":"https:\/\/agenciaseolocal.eu\/bedda\/wp-content\/uploads\/2023\/06\/estetica-premium-cabecera.jpg","datePublished":"2024-02-07T13:24:28+00:00","dateModified":"2025-06-25T10:11:19+00:00","description":"Los mejores tratamientos de est\u00e9tica Premium te esperan en Centros bedda. \u00a1Inf\u00f3rmate sin compromiso y pide cita en tu centro m\u00e1s cercano!","breadcrumb":{"@id":"https:\/\/agenciaseolocal.eu\/bedda\/estetica-premium\/#breadcrumb"},"inLanguage":"es","potentialAction":[{"@type":"ReadAction","target":["https:\/\/agenciaseolocal.eu\/bedda\/estetica-premium\/"]}]},{"@type":"ImageObject","inLanguage":"es","@id":"https:\/\/agenciaseolocal.eu\/bedda\/estetica-premium\/#primaryimage","url":"https:\/\/agenciaseolocal.eu\/bedda\/wp-content\/uploads\/2023\/06\/estetica-premium-cabecera.jpg","contentUrl":"https:\/\/agenciaseolocal.eu\/bedda\/wp-content\/uploads\/2023\/06\/estetica-premium-cabecera.jpg","width":1200,"height":494,"caption":"estetica premium cabecera"},{"@type":"BreadcrumbList","@id":"https:\/\/agenciaseolocal.eu\/bedda\/estetica-premium\/#breadcrumb","itemListElement":[{"@type":"ListItem","position":1,"name":"Portada","item":"https:\/\/agenciaseolocal.eu\/bedda\/"},{"@type":"ListItem","position":2,"name":"Est\u00e9tica premium"}]},{"@type":"WebSite","@id":"https:\/\/agenciaseolocal.eu\/bedda\/#website","url":"https:\/\/agenciaseolocal.eu\/bedda\/","name":"Centros bedda","description":"Centro de depilaci\u00f3n l\u00e1ser","publisher":{"@id":"https:\/\/agenciaseolocal.eu\/bedda\/#organization"},"potentialAction":[{"@type":"SearchAction","target":{"@type":"EntryPoint","urlTemplate":"https:\/\/agenciaseolocal.eu\/bedda\/?s={search_term_string}"},"query-input":{"@type":"PropertyValueSpecification","valueRequired":true,"valueName":"search_term_string"}}],"inLanguage":"es"},{"@type":"Organization","@id":"https:\/\/agenciaseolocal.eu\/bedda\/#organization","name":"Centros bedda","url":"https:\/\/agenciaseolocal.eu\/bedda\/","logo":{"@type":"ImageObject","inLanguage":"es","@id":"https:\/\/agenciaseolocal.eu\/bedda\/#\/schema\/logo\/image\/","url":"https:\/\/agenciaseolocal.eu\/bedda\/wp-content\/uploads\/2024\/04\/centros-bedda-depilacion-laser-logo.png","contentUrl":"https:\/\/agenciaseolocal.eu\/bedda\/wp-content\/uploads\/2024\/04\/centros-bedda-depilacion-laser-logo.png","width":220,"height":220,"caption":"Centros bedda"},"image":{"@id":"https:\/\/agenciaseolocal.eu\/bedda\/#\/schema\/logo\/image\/"},"sameAs":["https:\/\/www.facebook.com\/centrobedda","https:\/\/x.com\/centrosbedda","https:\/\/www.youtube.com\/channel\/UCV57tDnQcnHfTici1funk4g?app=desktop","https:\/\/www.instagram.com\/centrosbedda\/","https:\/\/www.linkedin.com\/company\/centros-bedda\/"]}]}},"_links":{"self":[{"href":"https:\/\/agenciaseolocal.eu\/bedda\/wp-json\/wp\/v2\/pages\/987514742","targetHints":{"allow":["GET"]}}],"collection":[{"href":"https:\/\/agenciaseolocal.eu\/bedda\/wp-json\/wp\/v2\/pages"}],"about":[{"href":"https:\/\/agenciaseolocal.eu\/bedda\/wp-json\/wp\/v2\/types\/page"}],"author":[{"embeddable":true,"href":"https:\/\/agenciaseolocal.eu\/bedda\/wp-json\/wp\/v2\/users\/3"}],"replies":[{"embeddable":true,"href":"https:\/\/agenciaseolocal.eu\/bedda\/wp-json\/wp\/v2\/comments?post=987514742"}],"version-history":[{"count":65,"href":"https:\/\/agenciaseolocal.eu\/bedda\/wp-json\/wp\/v2\/pages\/987514742\/revisions"}],"predecessor-version":[{"id":987519026,"href":"https:\/\/agenciaseolocal.eu\/bedda\/wp-json\/wp\/v2\/pages\/987514742\/revisions\/987519026"}],"wp:featuredmedia":[{"embeddable":true,"href":"https:\/\/agenciaseolocal.eu\/bedda\/wp-json\/wp\/v2\/media\/30248"}],"wp:attachment":[{"href":"https:\/\/agenciaseolocal.eu\/bedda\/wp-json\/wp\/v2\/media?parent=987514742"}],"curies":[{"name":"wp","href":"https:\/\/api.w.org\/{rel}","templated":true}]}}