{"id":987514936,"date":"2024-02-13T09:11:32","date_gmt":"2024-02-13T08:11:32","guid":{"rendered":"https:\/\/centrosbedda.com\/?page_id=987514936"},"modified":"2025-06-25T12:00:07","modified_gmt":"2025-06-25T10:00:07","slug":"quienes-somos","status":"publish","type":"page","link":"https:\/\/agenciaseolocal.eu\/bedda\/quienes-somos\/","title":{"rendered":"Qui\u00e9nes somos"},"content":{"rendered":"<p>[et_pb_section fb_built=&#8221;1&#8243; custom_padding_last_edited=&#8221;on|phone&#8221; _builder_version=&#8221;4.24.0&#8243; _module_preset=&#8221;default&#8221; background_color=&#8221;rgba(104,105,112,0.8)&#8221; background_image=&#8221;https:\/\/agenciaseolocal.eu\/bedda\/wp-content\/uploads\/2024\/02\/quienes-somos-destacada.jpg&#8221; background_repeat=&#8221;repeat&#8221; background_blend=&#8221;multiply&#8221; custom_margin=&#8221;||||false|false&#8221; custom_padding=&#8221;75px||75px||true|false&#8221; custom_padding_tablet=&#8221;75px||75px||true|false&#8221; custom_padding_phone=&#8221;35px||35px||true|false&#8221; locked=&#8221;off&#8221; global_colors_info=&#8221;{}&#8221;][et_pb_row _builder_version=&#8221;4.21.0&#8243; _module_preset=&#8221;default&#8221; width=&#8221;95%&#8221; global_colors_info=&#8221;{}&#8221;][et_pb_column type=&#8221;4_4&#8243; _builder_version=&#8221;4.21.0&#8243; _module_preset=&#8221;default&#8221; global_colors_info=&#8221;{}&#8221;][et_pb_post_title meta=&#8221;off&#8221; featured_image=&#8221;off&#8221; _builder_version=&#8221;4.24.0&#8243; _module_preset=&#8221;default&#8221; title_text_color=&#8221;#FFFFFF&#8221; meta_font=&#8221;catalish-huntera||||||||&#8221; meta_text_color=&#8221;#FFFFFF&#8221; text_orientation=&#8221;center&#8221; custom_margin=&#8221;15px||||false|false&#8221; title_font_size_tablet=&#8221;&#8221; title_font_size_phone=&#8221;30px&#8221; title_font_size_last_edited=&#8221;on|phone&#8221; custom_css_post_meta=&#8221;margin-top:2%&#8221; title_text_shadow_style=&#8221;preset3&#8243; locked=&#8221;off&#8221; global_colors_info=&#8221;{}&#8221;][\/et_pb_post_title][et_pb_text _builder_version=&#8221;4.24.0&#8243; _module_preset=&#8221;default&#8221; text_font=&#8221;catalish-huntera||||||||&#8221; text_text_color=&#8221;#FFFFFF&#8221; text_font_size=&#8221;20px&#8221; header_text_color=&#8221;#FFFFFF&#8221; text_orientation=&#8221;center&#8221; text_font_size_tablet=&#8221;20px&#8221; text_font_size_phone=&#8221;18px&#8221; text_font_size_last_edited=&#8221;on|phone&#8221; text_text_shadow_style=&#8221;preset3&#8243; header_text_shadow_style=&#8221;preset3&#8243; global_colors_info=&#8221;{}&#8221;]<\/p>\n<p>Una gran familia por toda Espa\u00f1a, profesional y entregada<\/p>\n<p>[\/et_pb_text][\/et_pb_column][\/et_pb_row][\/et_pb_section][et_pb_section fb_built=&#8221;1&#8243; custom_padding_last_edited=&#8221;on|phone&#8221; _builder_version=&#8221;4.24.0&#8243; _module_preset=&#8221;default&#8221; background_image=&#8221;https:\/\/agenciaseolocal.eu\/bedda\/wp-content\/uploads\/2023\/05\/fondo-flores.png&#8221; background_size=&#8221;custom&#8221; background_image_width=&#8221;100%&#8221; background_position=&#8221;top_right&#8221; custom_margin=&#8221;||||false|false&#8221; custom_padding=&#8221;30px||||false|false&#8221; custom_padding_tablet=&#8221;||0px||false|false&#8221; custom_padding_phone=&#8221;15px|7px|0px|7px|false|true&#8221; locked=&#8221;off&#8221; global_colors_info=&#8221;{}&#8221;][et_pb_row column_structure=&#8221;1_2,1_2&#8243; _builder_version=&#8221;4.24.0&#8243; _module_preset=&#8221;default&#8221; width=&#8221;95%&#8221; custom_padding=&#8221;||||false|false&#8221; locked=&#8221;off&#8221; global_colors_info=&#8221;{}&#8221;][et_pb_column type=&#8221;1_2&#8243; _builder_version=&#8221;4.21.0&#8243; _module_preset=&#8221;default&#8221; global_colors_info=&#8221;{}&#8221;][et_pb_text _builder_version=&#8221;4.24.0&#8243; _module_preset=&#8221;default&#8221; text_font=&#8221;catalish-huntera||||||||&#8221; text_font_size=&#8221;30px&#8221; text_line_height=&#8221;1.4em&#8221; header_2_font_size=&#8221;45px&#8221; custom_margin=&#8221;||||false|false&#8221; text_font_size_tablet=&#8221;40px&#8221; text_font_size_phone=&#8221;20px&#8221; text_font_size_last_edited=&#8221;on|phone&#8221; header_2_font_size_tablet=&#8221;45px&#8221; header_2_font_size_phone=&#8221;30px&#8221; header_2_font_size_last_edited=&#8221;on|phone&#8221; global_colors_info=&#8221;{}&#8221;]<\/p>\n<p class=\"manuscrita\">Salud, bienestar y confianza<\/p>\n<h2>Misi\u00f3n<\/h2>\n<p>[\/et_pb_text][et_pb_text _builder_version=&#8221;4.24.0&#8243; _module_preset=&#8221;default&#8221; global_colors_info=&#8221;{}&#8221;]<\/p>\n<p><span style=\"font-weight: 400;\">En <\/span><a href=\"https:\/\/agenciaseolocal.eu\/bedda\/\"><span style=\"font-weight: 400;\">Centros bedda<\/span><\/a><span style=\"font-weight: 400;\"> nuestra principal misi\u00f3n es tu <\/span><b>salud, bienestar y confianza<\/b><span style=\"font-weight: 400;\">. <\/span><\/p>\n<p><span style=\"font-weight: 400;\">Somos <strong>epecialistas en depilaci\u00f3n l\u00e1ser<\/strong> y contamos con el l\u00e1ser de diodo m\u00e1s avanzado del mercado.<\/span><\/p>\n<p><span style=\"font-weight: 400;\">Trabajamos con esfuerzo y dedicaci\u00f3n para proporcionarte <\/span><b>lo \u00faltimo en tecnolog\u00eda de depilaci\u00f3n l\u00e1ser, est\u00e9tica y medicina est\u00e9tica<\/b><span style=\"font-weight: 400;\">. <\/span><\/p>\n<p><span style=\"font-weight: 400;\">Te ofrecemos un <\/span><b>trato cercano<\/b><span style=\"font-weight: 400;\"> para que puedas sentirte como en casa mientras realzamos tu belleza con nuestros <\/span><b>tratamientos de \u00faltima generaci\u00f3n<\/b><span style=\"font-weight: 400;\">.<\/span><\/p>\n<p>[\/et_pb_text][\/et_pb_column][et_pb_column type=&#8221;1_2&#8243; _builder_version=&#8221;4.21.0&#8243; _module_preset=&#8221;default&#8221; global_colors_info=&#8221;{}&#8221;][et_pb_text _builder_version=&#8221;4.24.0&#8243; _module_preset=&#8221;default&#8221; text_font=&#8221;catalish-huntera||||||||&#8221; text_font_size=&#8221;30px&#8221; text_line_height=&#8221;1.4em&#8221; header_2_font_size=&#8221;45px&#8221; custom_margin=&#8221;||||false|false&#8221; text_font_size_tablet=&#8221;40px&#8221; text_font_size_phone=&#8221;20px&#8221; text_font_size_last_edited=&#8221;on|phone&#8221; header_2_font_size_tablet=&#8221;45px&#8221; header_2_font_size_phone=&#8221;30px&#8221; header_2_font_size_last_edited=&#8221;on|phone&#8221; global_colors_info=&#8221;{}&#8221;]<\/p>\n<p class=\"manuscrita\">M\u00e1s de 8 a\u00f1os en activo<\/p>\n<h2>Historia<\/h2>\n<p>[\/et_pb_text][et_pb_text _builder_version=&#8221;4.24.0&#8243; _module_preset=&#8221;default&#8221; global_colors_info=&#8221;{}&#8221;]<\/p>\n<p><span style=\"font-weight: 400;\">Centros bedda <\/span><b>naci\u00f3 en 2016<\/b><span style=\"font-weight: 400;\"> para ayudar a mujeres y hombres a cuidar su imagen personal y proyectar lo mejor de s\u00ed mismos. <\/span><\/p>\n<p><span style=\"font-weight: 400;\">A d\u00eda de hoy contamos con <\/span><b>m\u00e1s de 20 centros de depilaci\u00f3n l\u00e1ser repartidos por m\u00e1s de 18 ciudades<\/b><span style=\"font-weight: 400;\"> de la zona norte de la geograf\u00eda espa\u00f1ola.\u00a0<\/span><\/p>\n<p><span style=\"font-weight: 400;\">La <strong>calidad de nuestros tratamientos y servicios<\/strong>, unida al <strong>boca a boca por parte de nuestros clientes<\/strong> fueron los principales actores que <strong>impulsaron nuestra r\u00e1pida expansi\u00f3n<\/strong> y crecimiento.<\/span><\/p>\n<p><span style=\"font-weight: 400;\">A lo largo de estos a\u00f1os hemos atendido a m\u00e1s de 55.000 pacientes.<\/span><\/p>\n<p>[\/et_pb_text][\/et_pb_column][\/et_pb_row][et_pb_row column_structure=&#8221;1_2,1_2&#8243; make_equal=&#8221;on&#8221; _builder_version=&#8221;4.24.0&#8243; _module_preset=&#8221;default&#8221; width=&#8221;95%&#8221; custom_padding=&#8221;||||false|false&#8221; locked=&#8221;off&#8221; global_colors_info=&#8221;{}&#8221;][et_pb_column type=&#8221;1_2&#8243; _builder_version=&#8221;4.21.0&#8243; _module_preset=&#8221;default&#8221; custom_css_main_element=&#8221;margin: auto;&#8221; global_colors_info=&#8221;{}&#8221;][et_pb_text _builder_version=&#8221;4.24.0&#8243; _module_preset=&#8221;default&#8221; text_font=&#8221;catalish-huntera||||||||&#8221; text_font_size=&#8221;30px&#8221; header_2_font_size=&#8221;45px&#8221; custom_margin=&#8221;||||false|false&#8221; text_font_size_tablet=&#8221;40px&#8221; text_font_size_phone=&#8221;20px&#8221; text_font_size_last_edited=&#8221;on|phone&#8221; header_2_font_size_tablet=&#8221;45px&#8221; header_2_font_size_phone=&#8221;30px&#8221; header_2_font_size_last_edited=&#8221;on|phone&#8221; locked=&#8221;off&#8221; global_colors_info=&#8221;{}&#8221;]<\/p>\n<p class=\"manuscrita\">El mejor equipo<\/p>\n<h2>Valores<\/h2>\n<p>[\/et_pb_text][et_pb_text _builder_version=&#8221;4.24.0&#8243; _module_preset=&#8221;default&#8221; global_colors_info=&#8221;{}&#8221;]<\/p>\n<p><span style=\"font-weight: 400;\">La <\/span><b>pasi\u00f3n por nuestro trabajo<\/b><span style=\"font-weight: 400;\"> es el valor principal de Centros bedda. Contamos con un <\/span><b>equipo profesional de primer nivel<\/b><span style=\"font-weight: 400;\">, con amplia experiencia y comprometido con su trabajo.\u00a0<\/span><\/p>\n<p><span style=\"font-weight: 400;\">Para nosotros cada persona es \u00fanica, por eso ofrecemos una <\/span><b>atenci\u00f3n totalmente personalizada<\/b><span style=\"font-weight: 400;\"> para cada cliente, adaptando cada tratamiento a las necesidades y objetivos espec\u00edficos de cada uno.<\/span><\/p>\n<p><span style=\"font-weight: 400;\">Algo que en Centros bedda hemos tenido muy claro desde el comienzo es ofrecer <\/span><b>precios competitivos<\/b><span style=\"font-weight: 400;\"> para nuestros tratamientos de depilaci\u00f3n l\u00e1ser, est\u00e9tica y medicina est\u00e9tica. Queremos que cada persona pueda conseguir los resultados deseados a un precio asequible.<\/span><\/p>\n<p><span style=\"font-weight: 400;\">Adem\u00e1s, ofrecemos un <\/span><b>amplia gama de servicios<\/b><span style=\"font-weight: 400;\"> para que puedas resolver tus necesidades de belleza en un solo lugar. Tu comodidad es una de nuestras prioridades.<\/span><\/p>\n<p><span style=\"font-weight: 400;\">Con Centros bedda <\/span><b>los resultados est\u00e1n garantizados<\/b><span style=\"font-weight: 400;\">. Trabajamos con la <\/span><b>tecnolog\u00eda m\u00e1s avanzada y las t\u00e9cnicas m\u00e1s innovadoras <\/b><span style=\"font-weight: 400;\">para ofrecer los mejores resultados en tratamientos de est\u00e9tica premium y medicina est\u00e9tica. <\/span><span style=\"font-weight: 400;\">Adem\u00e1s, contamos con el mejor y m\u00e1s avanzado l\u00e1ser de diodo del mercado.<\/span><\/p>\n<p>[\/et_pb_text][\/et_pb_column][et_pb_column type=&#8221;1_2&#8243; _builder_version=&#8221;4.24.0&#8243; _module_preset=&#8221;default&#8221; custom_css_main_element=&#8221;||margin: auto 0;&#8221; global_colors_info=&#8221;{}&#8221;][et_pb_image src=&#8221;https:\/\/agenciaseolocal.eu\/bedda\/wp-content\/uploads\/2023\/06\/imagen-lateral.jpg&#8221; title_text=&#8221;imagen-lateral&#8221; _builder_version=&#8221;4.21.0&#8243; _module_preset=&#8221;default&#8221; global_colors_info=&#8221;{}&#8221;][\/et_pb_image][\/et_pb_column][\/et_pb_row][et_pb_row use_custom_gutter=&#8221;on&#8221; _builder_version=&#8221;4.21.0&#8243; _module_preset=&#8221;default&#8221; width=&#8221;95%&#8221; custom_padding=&#8221;||0px|||&#8221; locked=&#8221;off&#8221; global_colors_info=&#8221;{}&#8221;][et_pb_column type=&#8221;4_4&#8243; _builder_version=&#8221;4.21.0&#8243; _module_preset=&#8221;default&#8221; global_colors_info=&#8221;{}&#8221;][et_pb_text _builder_version=&#8221;4.24.0&#8243; _module_preset=&#8221;default&#8221; text_font=&#8221;catalish-huntera||||||||&#8221; text_font_size=&#8221;30px&#8221; text_line_height=&#8221;1.4em&#8221; header_2_font_size=&#8221;45px&#8221; text_orientation=&#8221;center&#8221; custom_margin=&#8221;||||false|false&#8221; text_font_size_tablet=&#8221;40px&#8221; text_font_size_phone=&#8221;20px&#8221; text_font_size_last_edited=&#8221;on|desktop&#8221; header_2_font_size_tablet=&#8221;45px&#8221; header_2_font_size_phone=&#8221;30px&#8221; header_2_font_size_last_edited=&#8221;on|phone&#8221; locked=&#8221;off&#8221; global_colors_info=&#8221;{}&#8221;]<\/p>\n<p class=\"manuscrita\">Tenemos todo lo que buscas<\/p>\n<h2 style=\"margin-bottom: 2%;\">Nuestros tratamientos<\/h2>\n<p>[\/et_pb_text][et_pb_text disabled_on=&#8221;off|off|off&#8221; _builder_version=&#8221;4.24.0&#8243; _module_preset=&#8221;default&#8221; text_font=&#8221;||||||||&#8221; text_text_color=&#8221;#686970&#8243; header_font_size=&#8221;80px&#8221; header_2_font_size=&#8221;60px&#8221; custom_margin=&#8221;||||false|false&#8221; header_font_size_tablet=&#8221;80px&#8221; header_font_size_phone=&#8221;40px&#8221; header_font_size_last_edited=&#8221;on|phone&#8221; locked=&#8221;off&#8221; global_colors_info=&#8221;{}&#8221;]<\/p>\n<p><span style=\"font-weight: 400;\">Somos <\/span><b>especialistas en depilaci\u00f3n l\u00e1ser, est\u00e9tica premium y medicina est\u00e9tica<\/b><span style=\"font-weight: 400;\">.<\/span><\/p>\n<p><span style=\"font-weight: 400;\">Realizamos tratamientos de <\/span><a href=\"https:\/\/agenciaseolocal.eu\/bedda\/depilacion-laser-mujer\/\"><b>depilaci\u00f3n l\u00e1ser para mujer<\/b><\/a><span style=\"font-weight: 400;\"> y <\/span><a href=\"https:\/\/agenciaseolocal.eu\/bedda\/depilacion-laser-hombre\/\"><b>depilaci\u00f3n l\u00e1ser para hombre<\/b><\/a><span style=\"font-weight: 400;\"> en todas las zonas del cuerpo: piernas, brazos, axilas, espalda, rostro, abdomen, zona \u00edntima, etc.<\/span><\/p>\n<p><span style=\"font-weight: 400;\">En el campo de la <\/span><b>medicina est\u00e9tica <\/b><span style=\"font-weight: 400;\">te ofrecemos tratamientos como <\/span><a href=\"https:\/\/agenciaseolocal.eu\/bedda\/aumento-de-labios\/\"><span style=\"font-weight: 400;\">aumento de labios<\/span><\/a><span style=\"font-weight: 400;\">, <\/span><a href=\"https:\/\/agenciaseolocal.eu\/bedda\/peeling-facial\/\"><span style=\"font-weight: 400;\">peeling<\/span><\/a><span style=\"font-weight: 400;\">, <\/span><a href=\"https:\/\/agenciaseolocal.eu\/bedda\/acido-hialuronico\/\"><span style=\"font-weight: 400;\">\u00e1cido hialur\u00f3nico<\/span><\/a><span style=\"font-weight: 400;\">, <\/span><a href=\"https:\/\/agenciaseolocal.eu\/bedda\/tratamiento-antiarrugas\/\"><span style=\"font-weight: 400;\">tratamientos antiarrugas<\/span><\/a><span style=\"font-weight: 400;\">, <\/span><a href=\"https:\/\/agenciaseolocal.eu\/bedda\/tratamiento-ojeras-bolsas\/\"><span style=\"font-weight: 400;\">antiojeras<\/span><\/a><span style=\"font-weight: 400;\">, <\/span><a href=\"https:\/\/agenciaseolocal.eu\/bedda\/mesoterapia-facial\/\"><span style=\"font-weight: 400;\">mesoterapia facial<\/span><\/a><span style=\"font-weight: 400;\"> y <\/span><a href=\"https:\/\/agenciaseolocal.eu\/bedda\/mesoterapia-corporal\/\"><span style=\"font-weight: 400;\">mesoterapia corporal<\/span><\/a><span style=\"font-weight: 400;\">, <\/span><a href=\"https:\/\/agenciaseolocal.eu\/bedda\/hidratacion-profunda\/\"><span style=\"font-weight: 400;\">hidrataci\u00f3n profunda<\/span><\/a><span style=\"font-weight: 400;\">, <\/span><a href=\"https:\/\/agenciaseolocal.eu\/bedda\/rejuvenecimiento-facial\/\"><span style=\"font-weight: 400;\">rejuvenecimiento facial<\/span><\/a><span style=\"font-weight: 400;\">\u2026 Consulta todos nuestros <\/span><a href=\"https:\/\/agenciaseolocal.eu\/bedda\/medicina-estetica\/\"><span style=\"font-weight: 400;\">tratamientos de medicina est\u00e9tica<\/span><\/a><span style=\"font-weight: 400;\">.<\/span><\/p>\n<p><span style=\"font-weight: 400;\">Adem\u00e1s, tambi\u00e9n contamos con <\/span><a href=\"https:\/\/agenciaseolocal.eu\/bedda\/estetica-premium\/\"><b>tratamientos de est\u00e9tica premium<\/b><\/a><span style=\"font-weight: 400;\">, entre los que destacan tratamientos antiedad y firmeza, microblading, tratamientos anticelul\u00edticos, tratamientos reafirmantes, tratamientos reductores y tratamientos circulatorios y drenantes.<\/span><\/p>\n<p>[\/et_pb_text][\/et_pb_column][\/et_pb_row][\/et_pb_section][et_pb_section fb_built=&#8221;1&#8243; custom_padding_last_edited=&#8221;on|phone&#8221; _builder_version=&#8221;4.21.0&#8243; _module_preset=&#8221;default&#8221; background_color=&#8221;#f7f7f7&#8243; background_image=&#8221;https:\/\/agenciaseolocal.eu\/bedda\/wp-content\/uploads\/2023\/05\/fondo-flores.png&#8221; background_size=&#8221;contain&#8221; background_position=&#8221;top_center&#8221; background_blend=&#8221;multiply&#8221; custom_padding=&#8221;35px||35px||true|false&#8221; custom_padding_tablet=&#8221;35px||11px||false|false&#8221; custom_padding_phone=&#8221;15px||||false|false&#8221; locked=&#8221;off&#8221; global_colors_info=&#8221;{}&#8221;][et_pb_row _builder_version=&#8221;4.21.0&#8243; _module_preset=&#8221;default&#8221; width=&#8221;95%&#8221; global_colors_info=&#8221;{}&#8221;][et_pb_column type=&#8221;4_4&#8243; _builder_version=&#8221;4.21.0&#8243; _module_preset=&#8221;default&#8221; global_colors_info=&#8221;{}&#8221;][et_pb_text _builder_version=&#8221;4.24.0&#8243; _module_preset=&#8221;default&#8221; text_font=&#8221;catalish-huntera||||||||&#8221; text_font_size=&#8221;30px&#8221; text_line_height=&#8221;1.4em&#8221; header_2_font_size=&#8221;45px&#8221; text_orientation=&#8221;center&#8221; custom_margin=&#8221;||||false|false&#8221; text_font_size_tablet=&#8221;40px&#8221; text_font_size_phone=&#8221;20px&#8221; text_font_size_last_edited=&#8221;on|phone&#8221; header_2_font_size_tablet=&#8221;45px&#8221; header_2_font_size_phone=&#8221;30px&#8221; header_2_font_size_last_edited=&#8221;on|phone&#8221; locked=&#8221;off&#8221; global_colors_info=&#8221;{}&#8221;]<\/p>\n<p class=\"manuscrita\" style=\"color: #ff4a8a !important;\">Te escuchamos<\/p>\n<h2>Opiniones de nuestros clientes sobre nuestros tratamientos<\/h2>\n<p>[\/et_pb_text][et_pb_text _builder_version=&#8221;4.21.0&#8243; _module_preset=&#8221;default&#8221; global_colors_info=&#8221;{}&#8221;]<\/p>\n<div class=\"rpi\" style=\"\" data-id=\"583\" data-opts='{\"layout\":\"slider\",\"style_style\":\"1\",\"style_stars\":\"4\",\"style_ava\":\"1\",\"head_logo\":\"5\",\"style_logo\":\"1\",\"pagination\":\"\",\"text_size\":\"\",\"hide_avatar\":\"\",\"hide_name\":\"\",\"disable_review_time\":\"\",\"disable_user_link\":\"\",\"disable_google_link\":\"\",\"open_link\":\"1\",\"nofollow_link\":\"1\",\"lazy_load_img\":\"1\",\"time_format\":\"\",\"breakpoints\":\"\",\"ajax_load\":\"\",\"trans\":{\"read more\":\"leer m\\u00e1s\",\"Response from the owner\":\"Respuesta del propietario\"}}' data-exec=\"\"><div class=\"rpi-cnt rpi-col-m rpi-slider rpi-sh\" data-opts='{\"pagination\":\"\",\"speed\":5,\"autoplay\":\"\",\"wheelscroll\":\"\",\"mousestop\":\"\",\"clickstop\":\"\",\"swipe_step\":\"3\",\"swipe_per_btn\":\"3\",\"swipe_per_dot\":\"3\",\"hide_dots\":\"\"}' style=\"visibility:var(--visible, hidden)\" ><\/div><span class=\"rpi-hide\" style=\"display:none\"><style>.rpi-star:first-child[data-rating]::before{content:attr(data-rating);color:var(--star-color);font-size:var(--head-grade-fs);font-weight:var(--head-grade-weight,900)}<\/style><\/span><img decoding=\"async\" src=\"data:image\/gif;base64,R0lGODlhAQABAIAAAAAAAP\/\/\/yH5BAEAAAAALAAAAAABAAEAAAIBRAA7\" alt=\"\" onload=\"(function(el) { window.brb_vars=window.brb_vars||{ajaxurl:'https:\/\/agenciaseolocal.eu\/bedda\/wp-admin\/admin-ajax.php'}; var t = setInterval(function() {if (window.RichPlugins && !el.getAttribute('data-exec')) { let l = 'slider'; RichPlugins.init(el); clearInterval(t) }}, 200)})(this.closest('.rpi'))\" width=\"1\" height=\"1\" style=\"display:none\"><\/div>\n<p>[\/et_pb_text][\/et_pb_column][\/et_pb_row][\/et_pb_section][et_pb_section fb_built=&#8221;1&#8243; custom_padding_last_edited=&#8221;on|phone&#8221; _builder_version=&#8221;4.21.2&#8243; _module_preset=&#8221;default&#8221; background_color=&#8221;#686970&#8243; background_image=&#8221;https:\/\/agenciaseolocal.eu\/bedda\/wp-content\/uploads\/2023\/05\/fondo-flores5.jpg&#8221; background_size=&#8221;initial&#8221; background_position=&#8221;top_center&#8221; background_repeat=&#8221;repeat&#8221; background_blend=&#8221;multiply&#8221; custom_padding=&#8221;35px||38px||false|false&#8221; custom_padding_tablet=&#8221;35px||35px||false|false&#8221; custom_padding_phone=&#8221;15px|7px|15px|7px|true|true&#8221; saved_tabs=&#8221;all&#8221; locked=&#8221;off&#8221; global_colors_info=&#8221;{}&#8221;][et_pb_row _builder_version=&#8221;4.21.2&#8243; _module_preset=&#8221;default&#8221; width=&#8221;95%&#8221; custom_padding=&#8221;||0px|||&#8221; global_colors_info=&#8221;{}&#8221;][et_pb_column type=&#8221;4_4&#8243; _builder_version=&#8221;4.21.0&#8243; _module_preset=&#8221;default&#8221; global_colors_info=&#8221;{}&#8221;][et_pb_text _builder_version=&#8221;4.24.0&#8243; _module_preset=&#8221;default&#8221; text_font=&#8221;catalish-huntera||||||||&#8221; text_font_size=&#8221;30px&#8221; text_line_height=&#8221;1.4em&#8221; header_2_text_color=&#8221;#FFFFFF&#8221; header_2_font_size=&#8221;45px&#8221; text_orientation=&#8221;center&#8221; custom_margin=&#8221;||||false|false&#8221; text_font_size_tablet=&#8221;40px&#8221; text_font_size_phone=&#8221;20px&#8221; text_font_size_last_edited=&#8221;on|phone&#8221; header_2_font_size_tablet=&#8221;45px&#8221; header_2_font_size_phone=&#8221;30px&#8221; header_2_font_size_last_edited=&#8221;on|phone&#8221; locked=&#8221;off&#8221; global_colors_info=&#8221;{}&#8221;]<\/p>\n<p class=\"manuscrita\" style=\"color: #fff !important;\">D\u00f3nde estamos<\/p>\n<h2>Nuestros Centros bedda<\/h2>\n<p>[\/et_pb_text][et_pb_text _builder_version=&#8221;4.27.4&#8243; _module_preset=&#8221;default&#8221; text_text_color=&#8221;#FFFFFF&#8221; hover_enabled=&#8221;0&#8243; locked=&#8221;off&#8221; global_colors_info=&#8221;{}&#8221; sticky_enabled=&#8221;0&#8243;]<span style=\"font-weight: 400;\">Actualmente contamos con <\/span><b>m\u00e1s de 20 Centros bedda repartidos por la zona norte de Espa\u00f1a<\/b><span style=\"font-weight: 400;\">.\u00a0<\/span><\/p>\n<p><span style=\"font-weight: 400;\">Estamos presentes en <\/span><b>Pa\u00eds Vasco<\/b><span style=\"color: #ffffff;\"><span style=\"font-weight: 400;\"> (<\/span><a href=\"https:\/\/agenciaseolocal.eu\/bedda\/depilacion-laser-donostia\/\" style=\"color: #ffffff;\"><span style=\"font-weight: 400;\">San Sebasti\u00e1n<\/span><\/a><span style=\"font-weight: 400;\">, <\/span><a href=\"https:\/\/agenciaseolocal.eu\/bedda\/depilacion-laser-bilbao\/\" style=\"color: #ffffff;\"><span style=\"font-weight: 400;\">Bilbao<\/span><\/a><span style=\"font-weight: 400;\">, <\/span><a href=\"https:\/\/agenciaseolocal.eu\/bedda\/depilacion-laser-abadino\/\" style=\"color: #ffffff;\"><span style=\"font-weight: 400;\">Abadi\u00f1o<\/span><\/a><span style=\"font-weight: 400;\">, <\/span><a href=\"https:\/\/agenciaseolocal.eu\/bedda\/depilacion-laser-irun\/\" style=\"color: #ffffff;\"><span style=\"font-weight: 400;\">Ir\u00fan<\/span><\/a><span style=\"font-weight: 400;\"> y <\/span><a href=\"https:\/\/agenciaseolocal.eu\/bedda\/depilacion-laser-barakaldo\/\" style=\"color: #ffffff;\"><span style=\"font-weight: 400;\">Barakaldo<\/span><\/a><span style=\"font-weight: 400;\">), <\/span><b>Navarra <\/b><span style=\"font-weight: 400;\">(<\/span><a href=\"https:\/\/agenciaseolocal.eu\/bedda\/depilacion-laser-pamplona\/\" style=\"color: #ffffff;\"><span style=\"font-weight: 400;\">Pamplona<\/span><\/a><span style=\"font-weight: 400;\">), <\/span><b>Cantabria <\/b><span style=\"font-weight: 400;\">(<\/span><a href=\"https:\/\/agenciaseolocal.eu\/bedda\/depilacion-laser-santander\/\" style=\"color: #ffffff;\"><span style=\"font-weight: 400;\">Santander<\/span><\/a><span style=\"font-weight: 400;\">), <\/span><b>Asturias <\/b><span style=\"font-weight: 400;\">(<\/span><a href=\"https:\/\/agenciaseolocal.eu\/bedda\/depilacion-laser-oviedo\/\" style=\"color: #ffffff;\"><span style=\"font-weight: 400;\">Oviedo<\/span><\/a><span style=\"font-weight: 400;\"> y <\/span><a href=\"https:\/\/agenciaseolocal.eu\/bedda\/depilacion-laser-gijon\/\" style=\"color: #ffffff;\"><span style=\"font-weight: 400;\">Gij\u00f3n<\/span><\/a><span style=\"font-weight: 400;\">, <\/span><b>Galicia <\/b><span style=\"font-weight: 400;\">(<a href=\"https:\/\/agenciaseolocal.eu\/bedda\/depilacion-laser-lugo\/\" style=\"color: #ffffff;\"><span style=\"font-weight: 400;\">Lugo<\/span><\/a><span style=\"font-weight: 400;\">, <\/span><a href=\"https:\/\/agenciaseolocal.eu\/bedda\/depilacion-laser-ferrol\/\" style=\"color: #ffffff;\"><span style=\"font-weight: 400;\">Ferrol<\/span><\/a><span style=\"font-weight: 400;\"> y <\/span><a href=\"https:\/\/agenciaseolocal.eu\/bedda\/depilacion-laser-a-coruna\/\" style=\"color: #ffffff;\"><span style=\"font-weight: 400;\">A Coru\u00f1a<\/span><\/a><span style=\"font-weight: 400;\">), y <\/span><b>Castilla y Le\u00f3n<\/b><span style=\"font-weight: 400;\"> (<\/span><a href=\"https:\/\/agenciaseolocal.eu\/bedda\/depilacion-laser-ponferrada\/\" style=\"color: #ffffff;\"><span style=\"font-weight: 400;\">Ponferrada<\/span><\/a><span style=\"font-weight: 400;\">, <\/span><a href=\"https:\/\/agenciaseolocal.eu\/bedda\/depilacion-laser-valladolid\/\" style=\"color: #ffffff;\"><span style=\"font-weight: 400;\">Valladolid<\/span><\/a><span style=\"font-weight: 400;\"> y <\/span><a href=\"https:\/\/agenciaseolocal.eu\/bedda\/depilacion-laser-burgos\/\" style=\"color: #ffffff;\"><span style=\"font-weight: 400;\">Burgos<\/span><\/a><span style=\"font-weight: 400;\">).<\/span><\/span><\/span>[\/et_pb_text][\/et_pb_column][\/et_pb_row][et_pb_row column_structure=&#8221;1_3,1_3,1_3&#8243; use_custom_gutter=&#8221;on&#8221; _builder_version=&#8221;4.21.0&#8243; _module_preset=&#8221;default&#8221; width=&#8221;95%&#8221; global_colors_info=&#8221;{}&#8221;][et_pb_column type=&#8221;1_3&#8243; _builder_version=&#8221;4.21.0&#8243; _module_preset=&#8221;default&#8221; global_colors_info=&#8221;{}&#8221;][et_pb_toggle title=&#8221;Asturias&#8221; open_toggle_text_color=&#8221;#FFFFFF&#8221; open_toggle_background_color=&#8221;RGBA(255,255,255,0)&#8221; closed_toggle_background_color=&#8221;RGBA(255,255,255,0)&#8221; icon_color=&#8221;#ff79a5&#8243; toggle_icon=&#8221;&#xf5bb;||fa||900&#8243; open_icon_color=&#8221;#ff79a5&#8243; open_toggle_icon=&#8221;&#xf5bb;||fa||900&#8243; _builder_version=&#8221;4.27.4&#8243; _module_preset=&#8221;default&#8221; title_text_color=&#8221;#FFFFFF&#8221; title_level=&#8221;h3&#8243; title_font_size=&#8221;25px&#8221; body_text_color=&#8221;#FFFFFF&#8221; custom_margin=&#8221;||0px||false|false&#8221; custom_padding=&#8221;0px||||false|false&#8221; hover_enabled=&#8221;0&#8243; title_font_size_tablet=&#8221;&#8221; title_font_size_phone=&#8221;20px&#8221; title_font_size_last_edited=&#8221;on|phone&#8221; body_font_size_tablet=&#8221;&#8221; body_font_size_phone=&#8221;16px&#8221; body_font_size_last_edited=&#8221;on|phone&#8221; custom_css_toggle_title=&#8221;margin: 0 -7px&#8221; custom_css_toggle_content=&#8221;margin: 0 -7px&#8221; border_width_all=&#8221;0px&#8221; border_width_bottom=&#8221;1px&#8221; global_colors_info=&#8221;{}&#8221; sticky_enabled=&#8221;0&#8243;]<\/p>\n<p style=\"font-size: 18px; font-weight: 800; color: #ff79a5;\"><a style=\"color: #ff79a5;\" href=\"https:\/\/agenciaseolocal.eu\/bedda\/depilacion-laser-gijon\/\">Centro de depilaci\u00f3n l\u00e1ser Gij\u00f3n<\/a><\/p>\n<hr style=\"margin-top: -3%;\" \/>\n<p><span style=\"color: #ffffff;\"><a href=\"https:\/\/www.google.com\/maps?cid=18396564086927494713\" target=\"_blank\" rel=\"noopener\" style=\"color: #ffffff;\">Av de Galicia, 87, 33212 Gij\u00f3n, Asturias<\/a><\/span><\/p>\n<p><strong>Horario:<\/strong><br \/>\nL. a V. 09:00 a 21:00<br \/>\nS. 10:00 a 14:00 (ininterrumpidamente)<\/p>\n<p style=\"font-size: 18px; font-weight: 800; color: #ff79a5;\"><a style=\"color: #ff79a5;\" href=\"https:\/\/agenciaseolocal.eu\/bedda\/depilacion-laser-gijon\/\">Centro de depilaci\u00f3n l\u00e1ser Alcampo Gij\u00f3n<\/a><\/p>\n<hr style=\"margin-top: -3%;\" \/>\n<p><span style=\"color: #ffffff;\"><a href=\"https:\/\/www.google.com\/maps?cid=7051125832257557657\" target=\"_blank\" rel=\"noopener\" style=\"color: #ffffff;\">AS-II, 1306, Centro Comercial Alcampo, 33211 Gij\u00f3n, Asturias<\/a><\/span><\/p>\n<p><strong>Horario:<\/strong><br \/>\nL. a S. 10:00 a 22:00 (ininterrumpidamente)<br \/>\n<span>Registro sanitario: C.3\/6511.<\/span><\/p>\n<p style=\"font-size: 18px; font-weight: 800; color: #ff79a5;\"><a style=\"color: #ff79a5;\" href=\"https:\/\/agenciaseolocal.eu\/bedda\/depilacion-laser-oviedo\/\">Centro de depilaci\u00f3n l\u00e1ser Parque Principado<\/a><\/p>\n<hr style=\"margin-top: -3%;\" \/>\n<p><span style=\"color: #ffffff;\"><a href=\"https:\/\/www.google.com\/maps?cid=2765536801826704249\" target=\"_blank\" rel=\"noopener\" style=\"color: #ffffff;\">Parque Principado, Autov\u00eda Ruta de la Plata, Km. 4, 5 Centro Comercial, 33429 Paredes El Cuetu, Asturias<\/a><\/span><\/p>\n<p><strong>Horario:<\/strong><br \/>\nL. a S. 10:00 a 22:00<br \/>\n(ininterrumpidamente)[\/et_pb_toggle][et_pb_toggle title=&#8221;Galicia&#8221; open_toggle_text_color=&#8221;#FFFFFF&#8221; open_toggle_background_color=&#8221;RGBA(255,255,255,0)&#8221; closed_toggle_background_color=&#8221;RGBA(255,255,255,0)&#8221; icon_color=&#8221;#ff79a5&#8243; toggle_icon=&#8221;&#xf5bb;||fa||900&#8243; open_icon_color=&#8221;#ff79a5&#8243; open_toggle_icon=&#8221;&#xf5bb;||fa||900&#8243; _builder_version=&#8221;4.27.3&#8243; _module_preset=&#8221;default&#8221; title_text_color=&#8221;#FFFFFF&#8221; title_level=&#8221;h3&#8243; title_font_size=&#8221;25px&#8221; body_text_color=&#8221;#FFFFFF&#8221; custom_margin=&#8221;||0px||false|false&#8221; title_font_size_tablet=&#8221;&#8221; title_font_size_phone=&#8221;20px&#8221; title_font_size_last_edited=&#8221;on|phone&#8221; body_font_size_tablet=&#8221;&#8221; body_font_size_phone=&#8221;16px&#8221; body_font_size_last_edited=&#8221;on|phone&#8221; custom_css_toggle_title=&#8221;margin: 0 -7px&#8221; custom_css_toggle_content=&#8221;margin: 0 -7px&#8221; border_width_all=&#8221;0px&#8221; border_width_bottom=&#8221;1px&#8221; global_colors_info=&#8221;{}&#8221;]<\/p>\n<p style=\"font-size: 18px; font-weight: 800; color: #ff79a5;\"><a style=\"color: #ff79a5;\" href=\"https:\/\/agenciaseolocal.eu\/bedda\/depilacion-laser-lugo\/\">Centro de depilaci\u00f3n l\u00e1ser Lugo<\/a><\/p>\n<hr style=\"margin-top: -3%;\" \/>\n<p><span style=\"color: #ffffff;\"><a href=\"https:\/\/www.google.com\/maps?cid=931361397690918445\" style=\"color: #ffffff;\" target=\"_blank\" rel=\"noopener\">Av. Infanta Elena, 213, C.C. As Termas, local 15, 27003 Lugo<\/a><\/span><\/p>\n<p><strong>Horario:<\/strong><br \/>\nL. a S. 09:00 a 22:00<br \/>\n(ininterrumpidamente)<\/p>\n<p>Registro sanitario: C-27-001200<\/p>\n<p style=\"font-size: 18px; font-weight: 800; color: #ff79a5;\"><a style=\"color: #ff79a5;\" href=\"https:\/\/agenciaseolocal.eu\/bedda\/depilacion-laser-ferrol\/\">Centro de depilaci\u00f3n l\u00e1ser Ferrol<\/a><\/p>\n<hr style=\"margin-top: -3%;\" \/>\n<p><span style=\"color: #ffffff;\"><a href=\"https:\/\/www.google.com\/maps?cid=15642665670050053254\" target=\"_blank\" rel=\"noopener\" style=\"color: #ffffff;\">Alcampo Ferrol, local 20, Pol. Ind. G\u00e1ndara, 15404 Ferrol, A Coru\u00f1a<\/a><\/span><\/p>\n<p><strong>Horario:<\/strong><br \/>\nL. a S. 10:00 a 22:00<br \/>\n(ininterrumpidamente)<br \/>\nRegistro sanitario: C-15-004258<\/p>\n<p style=\"font-size: 18px; font-weight: 800; color: #ff79a5;\"><a style=\"color: #ff79a5;\" href=\"https:\/\/agenciaseolocal.eu\/bedda\/depilacion-laser-a-coruna\/\">Centro de depilaci\u00f3n l\u00e1ser A Coru\u00f1a<\/a><\/p>\n<hr style=\"margin-top: -3%;\" \/>\n<p><span style=\"color: #ffffff;\"><a href=\"https:\/\/www.google.com\/maps?cid=2989802485933401418\" target=\"_blank\" rel=\"noopener\" style=\"color: #ffffff;\">R\u00faa Ram\u00f3n y Cajal, 53, 15006 A Coru\u00f1a<\/a><\/span><\/p>\n<p><strong>Horario:<\/strong><br \/>\nL. a S. 09:00 a 21:00 (ininterrumpidamente)[\/et_pb_toggle][\/et_pb_column][et_pb_column type=&#8221;1_3&#8243; _builder_version=&#8221;4.21.0&#8243; _module_preset=&#8221;default&#8221; global_colors_info=&#8221;{}&#8221;][et_pb_toggle title=&#8221;Cantabria&#8221; open_toggle_text_color=&#8221;#FFFFFF&#8221; open_toggle_background_color=&#8221;RGBA(255,255,255,0)&#8221; closed_toggle_background_color=&#8221;RGBA(255,255,255,0)&#8221; icon_color=&#8221;#ff79a5&#8243; toggle_icon=&#8221;&#xf5bb;||fa||900&#8243; open_icon_color=&#8221;#ff79a5&#8243; open_toggle_icon=&#8221;&#xf5bb;||fa||900&#8243; _builder_version=&#8221;4.22.1&#8243; _module_preset=&#8221;default&#8221; title_text_color=&#8221;#FFFFFF&#8221; title_level=&#8221;h3&#8243; title_font_size=&#8221;25px&#8221; body_text_color=&#8221;#FFFFFF&#8221; custom_margin=&#8221;||0px||false|false&#8221; custom_margin_tablet=&#8221;&#8221; custom_margin_phone=&#8221;-2%||0px||false|false&#8221; custom_margin_last_edited=&#8221;on|phone&#8221; custom_padding=&#8221;0px||||false|false&#8221; title_font_size_tablet=&#8221;&#8221; title_font_size_phone=&#8221;20px&#8221; title_font_size_last_edited=&#8221;on|phone&#8221; body_font_size_tablet=&#8221;&#8221; body_font_size_phone=&#8221;16px&#8221; body_font_size_last_edited=&#8221;on|phone&#8221; custom_css_toggle_title=&#8221;margin: 0 -7px&#8221; custom_css_toggle_content=&#8221;margin: 0 -7px&#8221; border_width_all=&#8221;0px&#8221; border_width_bottom=&#8221;1px&#8221; global_colors_info=&#8221;{}&#8221;]<\/p>\n<p style=\"font-size: 18px; font-weight: 800; color: #ff79a5;\"><a style=\"color: #ff79a5;\" href=\"https:\/\/agenciaseolocal.eu\/bedda\/depilacion-laser-santander\/\">Centro de depilaci\u00f3n l\u00e1ser Santander<\/a><\/p>\n<hr style=\"margin-top: -3%;\" \/>\n<p><span style=\"color: #ffffff;\"><a href=\"https:\/\/www.google.com\/maps?cid=1396254009351915747\" target=\"_blank\" rel=\"noopener\" style=\"color: #ffffff;\">C\/ Joaqu\u00edn Rodrigo, 2, 39011 Santander, Cantabria<\/a><\/span><\/p>\n<p><strong>Horario:<\/strong><br \/>L. a S. 09:00 a 21:00<\/p>\n<p style=\"font-size: 18px; font-weight: 800; color: #ff79a5;\"><a style=\"color: #ff79a5;\" href=\"https:\/\/agenciaseolocal.eu\/bedda\/depilacion-laser-santander\/\">Centro de depilaci\u00f3n l\u00e1ser Santander<\/a><\/p>\n<hr style=\"margin-top: -3%;\" \/>\n<p><span style=\"color: #ffffff;\"><a href=\"https:\/\/www.google.com\/maps?cid=2276375283976921748\" style=\"color: #ffffff;\" target=\"_blank\" rel=\"noopener\">C. Hern\u00e1n Cort\u00e9s, 8, Bajo, 39003 Santander, Cantabria<\/a><\/span><\/p>\n<p><strong>Horario:<\/strong><br \/>L. a V. 09:00 a 20:00 y S. 09:30 a 13:30<\/p>\n<p>[\/et_pb_toggle][et_pb_toggle title=&#8221;Navarra&#8221; open_toggle_text_color=&#8221;#FFFFFF&#8221; open_toggle_background_color=&#8221;RGBA(255,255,255,0)&#8221; closed_toggle_background_color=&#8221;RGBA(255,255,255,0)&#8221; icon_color=&#8221;#ff79a5&#8243; toggle_icon=&#8221;&#xf5bb;||fa||900&#8243; open_icon_color=&#8221;#ff79a5&#8243; open_toggle_icon=&#8221;&#xf5bb;||fa||900&#8243; _builder_version=&#8221;4.27.4&#8243; _module_preset=&#8221;default&#8221; title_text_color=&#8221;#FFFFFF&#8221; title_level=&#8221;h3&#8243; title_font_size=&#8221;25px&#8221; body_text_color=&#8221;#FFFFFF&#8221; custom_margin=&#8221;||0px||false|false&#8221; title_font_size_tablet=&#8221;&#8221; title_font_size_phone=&#8221;20px&#8221; title_font_size_last_edited=&#8221;on|phone&#8221; body_font_size_tablet=&#8221;&#8221; body_font_size_phone=&#8221;16px&#8221; body_font_size_last_edited=&#8221;on|phone&#8221; custom_css_toggle_title=&#8221;margin: 0 -7px&#8221; custom_css_toggle_content=&#8221;margin: 0 -7px&#8221; border_width_all=&#8221;0px&#8221; border_width_bottom=&#8221;1px&#8221; global_colors_info=&#8221;{}&#8221;]<\/p>\n<p style=\"font-size: 18px; font-weight: 800; color: #ff79a5;\"><a style=\"color: #ff79a5;\" href=\"https:\/\/agenciaseolocal.eu\/bedda\/depilacion-laser-pamplona\/\">Centro de depilaci\u00f3n l\u00e1ser Pamplona<\/a><\/p>\n<hr style=\"margin-top: -3%;\" \/>\n<p><span style=\"color: #ffffff;\"><a href=\"https:\/\/www.google.com\/maps?cid=11459987850439882151\" target=\"_blank\" rel=\"noopener\" style=\"color: #ffffff;\">Av. de Carlos III el Noble Etorbidea, 12, 31002 Pamplona, Navarra<\/a><\/span><\/p>\n<p><strong>Horario:<\/strong><br \/>\nL. a V. 09:00 a 20:00; y S. 10:00 a 14:00<\/p>\n<p style=\"font-size: 18px; font-weight: 800; color: #ff79a5;\"><a style=\"color: #ff79a5;\" href=\"https:\/\/agenciaseolocal.eu\/bedda\/depilacion-laser-pamplona\/\">Centro de depilaci\u00f3n l\u00e1ser Pamplona<\/a><\/p>\n<hr style=\"margin-top: -3%;\" \/>\n<p><span style=\"color: #ffffff;\"><a href=\"https:\/\/www.google.com\/maps?cid=3727468443520473239\" target=\"_blank\" rel=\"noopener\" style=\"color: #ffffff;\">Local, C. Soto Aizo\u00e1in, 24, 31013 Pamplona, Navarra<\/a><\/span><\/p>\n<p><strong>Horario:<\/strong><br \/>\nL. a S. 09:00 a 21:00<br \/>\n(ininterrumpidamente)[\/et_pb_toggle][\/et_pb_column][et_pb_column type=&#8221;1_3&#8243; _builder_version=&#8221;4.21.0&#8243; _module_preset=&#8221;default&#8221; global_colors_info=&#8221;{}&#8221;][et_pb_toggle title=&#8221;Castilla y Le\u00f3n&#8221; open_toggle_text_color=&#8221;#FFFFFF&#8221; open_toggle_background_color=&#8221;RGBA(255,255,255,0)&#8221; closed_toggle_background_color=&#8221;RGBA(255,255,255,0)&#8221; icon_color=&#8221;#ff79a5&#8243; toggle_icon=&#8221;&#xf5bb;||fa||900&#8243; open_icon_color=&#8221;#ff79a5&#8243; open_toggle_icon=&#8221;&#xf5bb;||fa||900&#8243; _builder_version=&#8221;4.27.4&#8243; _module_preset=&#8221;default&#8221; title_text_color=&#8221;#FFFFFF&#8221; title_level=&#8221;h3&#8243; title_font_size=&#8221;25px&#8221; body_text_color=&#8221;#FFFFFF&#8221; custom_margin=&#8221;||0px||false|false&#8221; custom_margin_tablet=&#8221;&#8221; custom_margin_phone=&#8221;-2%||0px||false|false&#8221; custom_margin_last_edited=&#8221;on|phone&#8221; custom_padding=&#8221;0px||||false|false&#8221; title_font_size_tablet=&#8221;&#8221; title_font_size_phone=&#8221;20px&#8221; title_font_size_last_edited=&#8221;on|phone&#8221; body_font_size_tablet=&#8221;&#8221; body_font_size_phone=&#8221;16px&#8221; body_font_size_last_edited=&#8221;on|phone&#8221; custom_css_toggle_title=&#8221;margin: 0 -7px&#8221; custom_css_toggle_icon=&#8221;margin-right:2%&#8221; custom_css_toggle_content=&#8221;margin: 0 -7px&#8221; border_width_all=&#8221;0px&#8221; border_width_bottom=&#8221;1px&#8221; global_colors_info=&#8221;{}&#8221;]<\/p>\n<p style=\"font-size: 18px; font-weight: 800; color: #ff79a5;\"><a style=\"color: #ff79a5;\" href=\"https:\/\/agenciaseolocal.eu\/bedda\/depilacion-laser-ponferrada\/\">Centro de depilaci\u00f3n l\u00e1ser Ponferrada<\/a><\/p>\n<hr style=\"margin-top: -3%;\" \/>\n<p><span style=\"color: #ffffff;\"><a href=\"https:\/\/www.google.com\/maps?cid=17791044171912276738\" target=\"_blank\" rel=\"noopener\" style=\"color: #ffffff;\">Av. de la Constituci\u00f3n, 2, 24404 Ponferrada, Le\u00f3n<\/a><\/span><\/p>\n<p><strong>Horario:<\/strong><br \/>\nL. a S. 09:00 a 22:00<br \/>\n(ininterrumpidamente)<\/p>\n<p style=\"font-size: 18px; font-weight: 800; color: #ff79a5;\"><a style=\"color: #ff79a5;\" href=\"https:\/\/agenciaseolocal.eu\/bedda\/depilacion-laser-valladolid\/\">Centro de depilaci\u00f3n l\u00e1ser Valladolid<\/a><\/p>\n<hr style=\"margin-top: -3%;\" \/>\n<p><span style=\"color: #ffffff;\"><a href=\"https:\/\/www.google.com\/maps?cid=385143440562133586\" target=\"_blank\" rel=\"noopener\" style=\"color: #ffffff;\">P.\u00ba de Zorrilla, S\/N, 47008 Valladolid<\/a><\/span><\/p>\n<p><strong>Horario:<\/strong><br \/>\nL. a S. 09:00 a 22:00 (ininterrumpidamente)<\/p>\n<p style=\"font-size: 18px; font-weight: 800; color: #ff79a5;\"><a style=\"color: #ff79a5;\" href=\"https:\/\/agenciaseolocal.eu\/bedda\/depilacion-laser-burgos\/\">Centro de depilaci\u00f3n l\u00e1ser Burgos<\/a><\/p>\n<hr style=\"margin-top: -3%;\" \/>\n<p><span style=\"color: #ffffff;\"><a href=\"https:\/\/www.google.com\/maps?cid=16731136443259627574\" target=\"_blank\" rel=\"noopener\" style=\"color: #ffffff;\">Centro Comercial El Mirador de Burgos, Ctra. Santander, 2, 09006 Burgos<\/a><\/span><\/p>\n<p><strong>Horario:<\/strong><br \/>\nL. a S. 09:30 a 21:30[\/et_pb_toggle][et_pb_toggle title=&#8221;Pa\u00eds Vasco&#8221; open_toggle_text_color=&#8221;#FFFFFF&#8221; open_toggle_background_color=&#8221;RGBA(255,255,255,0)&#8221; closed_toggle_background_color=&#8221;RGBA(255,255,255,0)&#8221; icon_color=&#8221;#ff79a5&#8243; toggle_icon=&#8221;&#xf5bb;||fa||900&#8243; open_icon_color=&#8221;#ff79a5&#8243; open_toggle_icon=&#8221;&#xf5bb;||fa||900&#8243; _builder_version=&#8221;4.25.0&#8243; _module_preset=&#8221;default&#8221; title_text_color=&#8221;#FFFFFF&#8221; title_level=&#8221;h3&#8243; title_font_size=&#8221;25px&#8221; body_text_color=&#8221;#FFFFFF&#8221; custom_margin=&#8221;||0px||false|false&#8221; title_font_size_tablet=&#8221;&#8221; title_font_size_phone=&#8221;20px&#8221; title_font_size_last_edited=&#8221;on|desktop&#8221; body_font_size_tablet=&#8221;&#8221; body_font_size_phone=&#8221;16px&#8221; body_font_size_last_edited=&#8221;on|phone&#8221; custom_css_toggle_title=&#8221;margin: 0 -7px&#8221; custom_css_toggle_content=&#8221;margin: 0 -7px&#8221; border_width_all=&#8221;0px&#8221; border_width_bottom=&#8221;1px&#8221; global_colors_info=&#8221;{}&#8221;]<\/p>\n<p style=\"font-size: 18px; font-weight: 800; color: #ff79a5;\"><a style=\"color: #ff79a5;\" href=\"https:\/\/agenciaseolocal.eu\/bedda\/depilacion-laser-donostia\/\">Centro de depilaci\u00f3n l\u00e1ser San Sebasti\u00e1n<\/a><\/p>\n<hr style=\"margin-top: -3%;\" \/>\n<p><span style=\"color: #ffffff;\"><a href=\"https:\/\/www.google.com\/maps?cid=5172837980547941746\" target=\"_blank\" rel=\"noopener\" style=\"color: #ffffff;\">San Bartolome Kalea, 6, 20006 Donostia, Gipuzkoa<\/a><\/span><\/p>\n<p><strong>Horario:<\/strong><br \/>\n<span>L. a V. 09:00 a 21:00 y S. 09:00 a 19:30\u00a0<\/span><\/p>\n<p>Registro Sanitario: C3-12843<\/p>\n<p style=\"font-size: 18px; font-weight: 800; color: #ff79a5;\"><a style=\"color: #ff79a5;\" href=\"https:\/\/agenciaseolocal.eu\/bedda\/depilacion-laser-bilbao\/\">Centro de depilaci\u00f3n l\u00e1ser Bilbao Ercilla<\/a><\/p>\n<hr style=\"margin-top: -3%;\" \/>\n<p>(Cerrado permanentemente)<br \/>\nNos trasladamos a Zubiarte.<\/p>\n<p style=\"font-size: 18px; font-weight: 800; color: #ff79a5;\"><a style=\"color: #ff79a5;\" href=\"https:\/\/agenciaseolocal.eu\/bedda\/depilacion-laser-bilbao\/\">Centro de depilaci\u00f3n l\u00e1ser Bilbao<\/a><\/p>\n<hr style=\"margin-top: -3%;\" \/>\n<p><span style=\"color: #ffffff;\"><a href=\"https:\/\/www.google.com\/maps?cid=1884237436586041845\" target=\"_blank\" rel=\"noopener\" style=\"color: #ffffff;\">Leizaola Lehendakariaren Kalea, 2, 48011 Bilbo, Bizkaia<\/a><\/span><\/p>\n<p><strong>Horario:<\/strong><br \/>\nL. a S. 10:00 a 22:00<br \/>\n(ininterrumpidamente)<\/p>\n<p>Registro Sanitario: C3-12594<\/p>\n<p style=\"font-size: 18px; font-weight: 800; color: #ff79a5;\"><a style=\"color: #ff79a5;\" href=\"https:\/\/agenciaseolocal.eu\/bedda\/depilacion-laser-abadino\/\">Centro de depilaci\u00f3n l\u00e1ser Abadi\u00f1o<\/a><\/p>\n<hr style=\"margin-top: -3%;\" \/>\n<p><span style=\"color: #ffffff;\"><a href=\"https:\/\/www.google.com\/maps?cid=8872535479484832616\" target=\"_blank\" rel=\"noopener\" style=\"color: #ffffff;\">Centro Comercial, Barrio Murueta S\/N, 48220 Abadi\u00f1o, Biscay<\/a><\/span><\/p>\n<p><strong>Horario:<\/strong><br \/>\nL. a S. 09:30 a 21:00<br \/>\n(ininterrumpidamente)<\/p>\n<p style=\"font-size: 18px; font-weight: 800; color: #ff79a5;\"><a style=\"color: #ff79a5;\" href=\"https:\/\/agenciaseolocal.eu\/bedda\/depilacion-laser-irun\/\">Centro de depilaci\u00f3n l\u00e1ser Ir\u00fan<\/a><\/p>\n<hr style=\"margin-top: -3%;\" \/>\n<p><span style=\"color: #ffffff;\"><a href=\"https:\/\/www.google.com\/maps?cid=14481689227748707943\" target=\"_blank\" rel=\"noopener\" style=\"color: #ffffff;\">Colon Ibilbidea, 32, 20301 Irun, Gipuzkoa<\/a><\/span><\/p>\n<p><strong>Horario:<\/strong><br \/>\nL. a V. 10:00 a 20:00 y S. 10:00 a 14:00<\/p>\n<p>Registro Sanitario: C3-13352<\/p>\n<p style=\"font-size: 18px; font-weight: 800; color: #ff79a5;\"><a style=\"color: #ff79a5;\" href=\"https:\/\/agenciaseolocal.eu\/bedda\/depilacion-laser-barakaldo\/\">Centro de depilaci\u00f3n l\u00e1ser Barakaldo<\/a><\/p>\n<hr style=\"margin-top: -3%;\" \/>\n<p><span style=\"color: #ffffff;\"><a href=\"https:\/\/www.google.com\/maps?cid=7485099837098094460\" target=\"_blank\" rel=\"noopener\" style=\"color: #ffffff;\">Centro Comercial Los Fueros, Pormetxeta Kalea, 2, A Local 15, 48901 Barakaldo, Biscay<\/a><\/span><\/p>\n<p><strong>Horario:<\/strong><br \/>\n<span>L. a V. 10:00 a 20:00<\/span>[\/et_pb_toggle][\/et_pb_column][\/et_pb_row][\/et_pb_section][et_pb_section fb_built=&#8221;1&#8243; custom_padding_last_edited=&#8221;on|phone&#8221; _builder_version=&#8221;4.24.0&#8243; _module_preset=&#8221;default&#8221; background_image=&#8221;https:\/\/agenciaseolocal.eu\/bedda\/wp-content\/uploads\/2023\/05\/fondo-flores.png&#8221; background_position=&#8221;top_center&#8221; custom_margin=&#8221;||||false|false&#8221; custom_padding=&#8221;35px||16px||false|false&#8221; custom_padding_tablet=&#8221;35px||16px||false|false&#8221; custom_padding_phone=&#8221;15px|7px|16px|7px|false|true&#8221; locked=&#8221;off&#8221; global_colors_info=&#8221;{}&#8221;][et_pb_row column_structure=&#8221;1_4,1_4,1_4,1_4&#8243; use_custom_gutter=&#8221;on&#8221; gutter_width=&#8221;3&#8243; make_equal=&#8221;on&#8221; custom_padding_last_edited=&#8221;on|phone&#8221; disabled_on=&#8221;off|off|off&#8221; _builder_version=&#8221;4.21.0&#8243; _module_preset=&#8221;default&#8221; background_enable_image=&#8221;off&#8221; background_blend=&#8221;multiply&#8221; width=&#8221;95%&#8221; custom_padding=&#8221;||||false|false&#8221; custom_padding_tablet=&#8221;||||false|false&#8221; custom_padding_phone=&#8221;|5px||20px|false|false&#8221; global_module=&#8221;987510057&#8243; locked=&#8221;off&#8221; global_colors_info=&#8221;{}&#8221;][et_pb_column type=&#8221;1_4&#8243; _builder_version=&#8221;4.21.0&#8243; _module_preset=&#8221;default&#8221; background_color=&#8221;#686970&#8243; background_image=&#8221;https:\/\/agenciaseolocal.eu\/bedda\/wp-content\/uploads\/2023\/05\/fondo-flores.jpg&#8221; background_blend=&#8221;multiply&#8221; custom_css_main_element=&#8221;margin-left: 2%&#8221; box_shadow_style=&#8221;preset4&#8243; box_shadow_horizontal=&#8221;-15px&#8221; box_shadow_vertical=&#8221;-15px&#8221; box_shadow_color=&#8221;#ff79a5&#8243; global_colors_info=&#8221;{}&#8221;][et_pb_image src=&#8221;https:\/\/agenciaseolocal.eu\/bedda\/wp-content\/uploads\/2023\/05\/cerca-de-ti-blanco.png&#8221; title_text=&#8221;cerca-de-ti-blanco&#8221; show_bottom_space=&#8221;off&#8221; _builder_version=&#8221;4.21.0&#8243; _module_preset=&#8221;default&#8221; width=&#8221;30%&#8221; custom_padding=&#8221;10%|||10%|false|false&#8221; global_colors_info=&#8221;{}&#8221;][\/et_pb_image][et_pb_toggle title=&#8221;Estamos cerca de ti&#8221; open_toggle_text_color=&#8221;#FFFFFF&#8221; open_toggle_background_color=&#8221;RGBA(255,255,255,0)&#8221; closed_toggle_background_color=&#8221;RGBA(255,255,255,0)&#8221; icon_color=&#8221;RGBA(255,255,255,0)&#8221; toggle_icon=&#8221;&#xf54e;||fa||900&#8243; open_icon_color=&#8221;RGBA(255,255,255,0)&#8221; open_toggle_icon=&#8221;&#xf5bb;||fa||900&#8243; _builder_version=&#8221;4.22.1&#8243; _module_preset=&#8221;default&#8221; title_text_color=&#8221;#FFFFFF&#8221; title_level=&#8221;h3&#8243; title_font_size=&#8221;19px&#8221; body_text_color=&#8221;#FFFFFF&#8221; custom_padding=&#8221;3%|10%|10%|10%|false|true&#8221; custom_padding_phone=&#8221;3%|7%|10%|10%|false|false&#8221; custom_padding_last_edited=&#8221;off|phone&#8221; custom_css_toggle_title=&#8221;margin-right:-12%&#8221; border_width_all=&#8221;0px&#8221; locked=&#8221;off&#8221; global_colors_info=&#8221;{}&#8221;]<span style=\"font-weight: 400;\">M\u00e1s de 25 cl\u00ednicas est\u00e9ticas y de depilaci\u00f3n l\u00e1ser en Espa\u00f1a. \u00a1Encuentra tu Centro bedda m\u00e1s cercano!<\/span>[\/et_pb_toggle][\/et_pb_column][et_pb_column type=&#8221;1_4&#8243; _builder_version=&#8221;4.21.0&#8243; _module_preset=&#8221;default&#8221; background_color=&#8221;#686970&#8243; background_image=&#8221;https:\/\/agenciaseolocal.eu\/bedda\/wp-content\/uploads\/2023\/05\/fondo-flores.jpg&#8221; background_blend=&#8221;multiply&#8221; custom_css_main_element=&#8221;margin-left: -2%&#8221; box_shadow_style=&#8221;preset4&#8243; box_shadow_horizontal=&#8221;-15px&#8221; box_shadow_vertical=&#8221;-15px&#8221; box_shadow_color=&#8221;#ff79a5&#8243; global_colors_info=&#8221;{}&#8221;][et_pb_image src=&#8221;https:\/\/agenciaseolocal.eu\/bedda\/wp-content\/uploads\/2023\/05\/experiencia-blanco.png&#8221; title_text=&#8221;experiencia-blanco&#8221; show_bottom_space=&#8221;off&#8221; _builder_version=&#8221;4.21.0&#8243; _module_preset=&#8221;default&#8221; width=&#8221;30%&#8221; custom_padding=&#8221;10%|||10%|false|false&#8221; global_colors_info=&#8221;{}&#8221;][\/et_pb_image][et_pb_toggle title=&#8221;Experiencia y profesionalidad&#8221; open_toggle_text_color=&#8221;#FFFFFF&#8221; open_toggle_background_color=&#8221;RGBA(255,255,255,0)&#8221; closed_toggle_background_color=&#8221;RGBA(255,255,255,0)&#8221; icon_color=&#8221;RGBA(255,255,255,0)&#8221; toggle_icon=&#8221;&#xf54e;||fa||900&#8243; open_icon_color=&#8221;RGBA(255,255,255,0)&#8221; open_toggle_icon=&#8221;&#xf5bb;||fa||900&#8243; _builder_version=&#8221;4.24.0&#8243; _module_preset=&#8221;default&#8221; title_text_color=&#8221;#FFFFFF&#8221; title_level=&#8221;h3&#8243; title_font_size=&#8221;19px&#8221; body_text_color=&#8221;#FFFFFF&#8221; custom_padding=&#8221;3%|10%|10%|10%|false|true&#8221; custom_css_toggle_title=&#8221;margin-right:-20%&#8221; border_width_all=&#8221;0px&#8221; locked=&#8221;off&#8221; global_colors_info=&#8221;{}&#8221;]<\/p>\n<p><span style=\"font-weight: 400;\">Contamos con un equipo especializado en medicina est\u00e9tica, depilaci\u00f3n l\u00e1ser y tratamientos de est\u00e9tica avanzada.<\/span><\/p>\n<p>[\/et_pb_toggle][\/et_pb_column][et_pb_column type=&#8221;1_4&#8243; _builder_version=&#8221;4.21.0&#8243; _module_preset=&#8221;default&#8221; background_color=&#8221;#686970&#8243; background_image=&#8221;https:\/\/agenciaseolocal.eu\/bedda\/wp-content\/uploads\/2023\/05\/fondo-flores.jpg&#8221; background_blend=&#8221;multiply&#8221; custom_css_main_element=&#8221;margin-left: -2%&#8221; box_shadow_style=&#8221;preset4&#8243; box_shadow_horizontal=&#8221;-15px&#8221; box_shadow_vertical=&#8221;-15px&#8221; box_shadow_color=&#8221;#ff79a5&#8243; global_colors_info=&#8221;{}&#8221;][et_pb_image src=&#8221;https:\/\/agenciaseolocal.eu\/bedda\/wp-content\/uploads\/2023\/05\/resultados-blanco.png&#8221; title_text=&#8221;resultados-blanco&#8221; show_bottom_space=&#8221;off&#8221; _builder_version=&#8221;4.21.0&#8243; _module_preset=&#8221;default&#8221; width=&#8221;30%&#8221; custom_padding=&#8221;10%|||10%|false|false&#8221; global_colors_info=&#8221;{}&#8221;][\/et_pb_image][et_pb_toggle title=&#8221;Resultados garantizados&#8221; open_toggle_text_color=&#8221;#FFFFFF&#8221; open_toggle_background_color=&#8221;RGBA(255,255,255,0)&#8221; closed_toggle_background_color=&#8221;RGBA(255,255,255,0)&#8221; icon_color=&#8221;RGBA(255,255,255,0)&#8221; toggle_icon=&#8221;&#xf54e;||fa||900&#8243; open_icon_color=&#8221;RGBA(255,255,255,0)&#8221; open_toggle_icon=&#8221;&#xf5bb;||fa||900&#8243; _builder_version=&#8221;4.21.0&#8243; _module_preset=&#8221;default&#8221; title_text_color=&#8221;#FFFFFF&#8221; title_level=&#8221;h3&#8243; title_font_size=&#8221;19px&#8221; body_text_color=&#8221;#FFFFFF&#8221; custom_padding=&#8221;3%|12%|12%|12%|false|true&#8221; custom_css_toggle_title=&#8221;margin-right:-20%&#8221; border_width_all=&#8221;0px&#8221; locked=&#8221;off&#8221; global_colors_info=&#8221;{}&#8221;]<\/p>\n<p><span style=\"font-weight: 400;\">Trabajamos con la tecnolog\u00eda m\u00e1s avanzada del mercado para ofrecer a nuestros clientes los mejores resultados.<\/span><\/p>\n<p>[\/et_pb_toggle][\/et_pb_column][et_pb_column type=&#8221;1_4&#8243; _builder_version=&#8221;4.21.0&#8243; _module_preset=&#8221;default&#8221; background_color=&#8221;#686970&#8243; background_image=&#8221;https:\/\/agenciaseolocal.eu\/bedda\/wp-content\/uploads\/2023\/05\/fondo-flores.jpg&#8221; background_blend=&#8221;multiply&#8221; custom_padding=&#8221;||||false|false&#8221; custom_css_main_element=&#8221;margin-left: -2%&#8221; box_shadow_style=&#8221;preset4&#8243; box_shadow_horizontal=&#8221;-15px&#8221; box_shadow_vertical=&#8221;-15px&#8221; box_shadow_color=&#8221;#ff79a5&#8243; global_colors_info=&#8221;{}&#8221;][et_pb_image src=&#8221;https:\/\/agenciaseolocal.eu\/bedda\/wp-content\/uploads\/2023\/05\/precios-blanco.png&#8221; title_text=&#8221;precios-blanco&#8221; show_bottom_space=&#8221;off&#8221; _builder_version=&#8221;4.21.0&#8243; _module_preset=&#8221;default&#8221; width=&#8221;30%&#8221; custom_padding=&#8221;10%|||10%|false|false&#8221; global_colors_info=&#8221;{}&#8221;][\/et_pb_image][et_pb_toggle title=&#8221;Siempre el mejor precio para ti&#8221; open_toggle_text_color=&#8221;#FFFFFF&#8221; open_toggle_background_color=&#8221;RGBA(255,255,255,0)&#8221; closed_toggle_background_color=&#8221;RGBA(255,255,255,0)&#8221; icon_color=&#8221;RGBA(255,255,255,0)&#8221; toggle_icon=&#8221;&#xf54e;||fa||900&#8243; open_icon_color=&#8221;RGBA(255,255,255,0)&#8221; open_toggle_icon=&#8221;&#xf5bb;||fa||900&#8243; _builder_version=&#8221;4.21.0&#8243; _module_preset=&#8221;default&#8221; title_text_color=&#8221;#FFFFFF&#8221; title_level=&#8221;h3&#8243; title_font_size=&#8221;19px&#8221; body_text_color=&#8221;#FFFFFF&#8221; custom_padding=&#8221;3%|10%|10%|10%|false|true&#8221; custom_css_toggle_title=&#8221;margin-right:-20%&#8221; border_width_all=&#8221;0px&#8221; locked=&#8221;off&#8221; global_colors_info=&#8221;{}&#8221;]<\/p>\n<p><span style=\"font-weight: 400;\">No dejes escapar nuestras promociones y disfruta de tu tratamiento favorito al mejor precio.<\/span><\/p>\n<p>[\/et_pb_toggle][\/et_pb_column][\/et_pb_row][\/et_pb_section]<\/p>\n","protected":false},"excerpt":{"rendered":"<p>Una gran familia por toda Espa\u00f1a, profesional y entregadaSalud, bienestar y confianza Misi\u00f3nEn Centros bedda nuestra principal misi\u00f3n es tu salud, bienestar y confianza. Somos epecialistas en depilaci\u00f3n l\u00e1ser y contamos con el l\u00e1ser de diodo m\u00e1s avanzado del mercado. Trabajamos con esfuerzo y dedicaci\u00f3n para proporcionarte lo \u00faltimo en tecnolog\u00eda de depilaci\u00f3n l\u00e1ser, est\u00e9tica [&hellip;]<\/p>\n","protected":false},"author":3,"featured_media":987514937,"parent":0,"menu_order":0,"comment_status":"closed","ping_status":"closed","template":"","meta":{"_et_pb_use_builder":"on","_et_pb_old_content":"","_et_gb_content_width":"","_joinchat":[],"footnotes":""},"class_list":["post-987514936","page","type-page","status-publish","has-post-thumbnail","hentry"],"yoast_head":"<!-- This site is optimized with the Yoast SEO plugin v25.9 - https:\/\/yoast.com\/wordpress\/plugins\/seo\/ -->\n<title>\u00bfQui\u00e9nes somos? | Centros bedda<\/title>\n<meta name=\"description\" content=\"Descubre la historia, misi\u00f3n y valores de Centros bedda en nuestra p\u00e1gina de informaci\u00f3n sobre qui\u00e9nes somos. \u00a1Te lo contamos!\" \/>\n<meta name=\"robots\" content=\"noindex, follow, max-snippet:-1, max-image-preview:large, max-video-preview:-1\" \/>\n<meta property=\"og:locale\" content=\"es_ES\" \/>\n<meta property=\"og:type\" content=\"article\" \/>\n<meta property=\"og:title\" content=\"\u00bfQui\u00e9nes somos? | Centros bedda\" \/>\n<meta property=\"og:description\" content=\"Descubre la historia, misi\u00f3n y valores de Centros bedda en nuestra p\u00e1gina de informaci\u00f3n sobre qui\u00e9nes somos. \u00a1Te lo contamos!\" \/>\n<meta property=\"og:url\" content=\"https:\/\/agenciaseolocal.eu\/bedda\/quienes-somos\/\" \/>\n<meta property=\"og:site_name\" content=\"Centros bedda\" \/>\n<meta property=\"article:publisher\" content=\"https:\/\/www.facebook.com\/centrobedda\" \/>\n<meta property=\"article:modified_time\" content=\"2025-06-25T10:00:07+00:00\" \/>\n<meta property=\"og:image\" content=\"https:\/\/agenciaseolocal.eu\/bedda\/wp-content\/uploads\/2024\/02\/quienes-somos-destacada.jpg\" \/>\n\t<meta property=\"og:image:width\" content=\"1200\" \/>\n\t<meta property=\"og:image:height\" content=\"494\" \/>\n\t<meta property=\"og:image:type\" content=\"image\/jpeg\" \/>\n<meta name=\"twitter:card\" content=\"summary_large_image\" \/>\n<meta name=\"twitter:site\" content=\"@centrosbedda\" \/>\n<meta name=\"twitter:label1\" content=\"Tiempo de lectura\" \/>\n\t<meta name=\"twitter:data1\" content=\"25 minutos\" \/>\n<!-- \/ Yoast SEO plugin. -->","yoast_head_json":{"title":"\u00bfQui\u00e9nes somos? | Centros bedda","description":"Descubre la historia, misi\u00f3n y valores de Centros bedda en nuestra p\u00e1gina de informaci\u00f3n sobre qui\u00e9nes somos. \u00a1Te lo contamos!","robots":{"index":"noindex","follow":"follow","max-snippet":"max-snippet:-1","max-image-preview":"max-image-preview:large","max-video-preview":"max-video-preview:-1"},"og_locale":"es_ES","og_type":"article","og_title":"\u00bfQui\u00e9nes somos? | Centros bedda","og_description":"Descubre la historia, misi\u00f3n y valores de Centros bedda en nuestra p\u00e1gina de informaci\u00f3n sobre qui\u00e9nes somos. \u00a1Te lo contamos!","og_url":"https:\/\/agenciaseolocal.eu\/bedda\/quienes-somos\/","og_site_name":"Centros bedda","article_publisher":"https:\/\/www.facebook.com\/centrobedda","article_modified_time":"2025-06-25T10:00:07+00:00","og_image":[{"width":1200,"height":494,"url":"https:\/\/agenciaseolocal.eu\/bedda\/wp-content\/uploads\/2024\/02\/quienes-somos-destacada.jpg","type":"image\/jpeg"}],"twitter_card":"summary_large_image","twitter_site":"@centrosbedda","twitter_misc":{"Tiempo de lectura":"25 minutos"},"schema":{"@context":"https:\/\/schema.org","@graph":[{"@type":"WebPage","@id":"https:\/\/agenciaseolocal.eu\/bedda\/quienes-somos\/","url":"https:\/\/agenciaseolocal.eu\/bedda\/quienes-somos\/","name":"\u00bfQui\u00e9nes somos? | Centros bedda","isPartOf":{"@id":"https:\/\/agenciaseolocal.eu\/bedda\/#website"},"primaryImageOfPage":{"@id":"https:\/\/agenciaseolocal.eu\/bedda\/quienes-somos\/#primaryimage"},"image":{"@id":"https:\/\/agenciaseolocal.eu\/bedda\/quienes-somos\/#primaryimage"},"thumbnailUrl":"https:\/\/agenciaseolocal.eu\/bedda\/wp-content\/uploads\/2024\/02\/quienes-somos-destacada.jpg","datePublished":"2024-02-13T08:11:32+00:00","dateModified":"2025-06-25T10:00:07+00:00","description":"Descubre la historia, misi\u00f3n y valores de Centros bedda en nuestra p\u00e1gina de informaci\u00f3n sobre qui\u00e9nes somos. \u00a1Te lo contamos!","breadcrumb":{"@id":"https:\/\/agenciaseolocal.eu\/bedda\/quienes-somos\/#breadcrumb"},"inLanguage":"es","potentialAction":[{"@type":"ReadAction","target":["https:\/\/agenciaseolocal.eu\/bedda\/quienes-somos\/"]}]},{"@type":"ImageObject","inLanguage":"es","@id":"https:\/\/agenciaseolocal.eu\/bedda\/quienes-somos\/#primaryimage","url":"https:\/\/agenciaseolocal.eu\/bedda\/wp-content\/uploads\/2024\/02\/quienes-somos-destacada.jpg","contentUrl":"https:\/\/agenciaseolocal.eu\/bedda\/wp-content\/uploads\/2024\/02\/quienes-somos-destacada.jpg","width":1200,"height":494,"caption":"quienes somos destacada"},{"@type":"BreadcrumbList","@id":"https:\/\/agenciaseolocal.eu\/bedda\/quienes-somos\/#breadcrumb","itemListElement":[{"@type":"ListItem","position":1,"name":"Portada","item":"https:\/\/agenciaseolocal.eu\/bedda\/"},{"@type":"ListItem","position":2,"name":"Qui\u00e9nes somos"}]},{"@type":"WebSite","@id":"https:\/\/agenciaseolocal.eu\/bedda\/#website","url":"https:\/\/agenciaseolocal.eu\/bedda\/","name":"Centros bedda","description":"Centro de depilaci\u00f3n l\u00e1ser","publisher":{"@id":"https:\/\/agenciaseolocal.eu\/bedda\/#organization"},"potentialAction":[{"@type":"SearchAction","target":{"@type":"EntryPoint","urlTemplate":"https:\/\/agenciaseolocal.eu\/bedda\/?s={search_term_string}"},"query-input":{"@type":"PropertyValueSpecification","valueRequired":true,"valueName":"search_term_string"}}],"inLanguage":"es"},{"@type":"Organization","@id":"https:\/\/agenciaseolocal.eu\/bedda\/#organization","name":"Centros bedda","url":"https:\/\/agenciaseolocal.eu\/bedda\/","logo":{"@type":"ImageObject","inLanguage":"es","@id":"https:\/\/agenciaseolocal.eu\/bedda\/#\/schema\/logo\/image\/","url":"https:\/\/agenciaseolocal.eu\/bedda\/wp-content\/uploads\/2024\/04\/centros-bedda-depilacion-laser-logo.png","contentUrl":"https:\/\/agenciaseolocal.eu\/bedda\/wp-content\/uploads\/2024\/04\/centros-bedda-depilacion-laser-logo.png","width":220,"height":220,"caption":"Centros bedda"},"image":{"@id":"https:\/\/agenciaseolocal.eu\/bedda\/#\/schema\/logo\/image\/"},"sameAs":["https:\/\/www.facebook.com\/centrobedda","https:\/\/x.com\/centrosbedda","https:\/\/www.youtube.com\/channel\/UCV57tDnQcnHfTici1funk4g?app=desktop","https:\/\/www.instagram.com\/centrosbedda\/","https:\/\/www.linkedin.com\/company\/centros-bedda\/"]}]}},"_links":{"self":[{"href":"https:\/\/agenciaseolocal.eu\/bedda\/wp-json\/wp\/v2\/pages\/987514936","targetHints":{"allow":["GET"]}}],"collection":[{"href":"https:\/\/agenciaseolocal.eu\/bedda\/wp-json\/wp\/v2\/pages"}],"about":[{"href":"https:\/\/agenciaseolocal.eu\/bedda\/wp-json\/wp\/v2\/types\/page"}],"author":[{"embeddable":true,"href":"https:\/\/agenciaseolocal.eu\/bedda\/wp-json\/wp\/v2\/users\/3"}],"replies":[{"embeddable":true,"href":"https:\/\/agenciaseolocal.eu\/bedda\/wp-json\/wp\/v2\/comments?post=987514936"}],"version-history":[{"count":18,"href":"https:\/\/agenciaseolocal.eu\/bedda\/wp-json\/wp\/v2\/pages\/987514936\/revisions"}],"predecessor-version":[{"id":987519023,"href":"https:\/\/agenciaseolocal.eu\/bedda\/wp-json\/wp\/v2\/pages\/987514936\/revisions\/987519023"}],"wp:featuredmedia":[{"embeddable":true,"href":"https:\/\/agenciaseolocal.eu\/bedda\/wp-json\/wp\/v2\/media\/987514937"}],"wp:attachment":[{"href":"https:\/\/agenciaseolocal.eu\/bedda\/wp-json\/wp\/v2\/media?parent=987514936"}],"curies":[{"name":"wp","href":"https:\/\/api.w.org\/{rel}","templated":true}]}}