{"id":987515302,"date":"2024-03-11T13:32:10","date_gmt":"2024-03-11T12:32:10","guid":{"rendered":"https:\/\/centrosbedda.com\/?page_id=987515302"},"modified":"2024-08-29T13:55:23","modified_gmt":"2024-08-29T11:55:23","slug":"depilacion-laser-a-coruna","status":"publish","type":"page","link":"https:\/\/agenciaseolocal.eu\/bedda\/depilacion-laser-a-coruna\/","title":{"rendered":"Depilaci\u00f3n L\u00e1ser en A Coru\u00f1a"},"content":{"rendered":"<p>[et_pb_section fb_built=&#8221;1&#8243; custom_padding_last_edited=&#8221;on|phone&#8221; _builder_version=&#8221;4.21.0&#8243; _module_preset=&#8221;default&#8221; background_image=&#8221;https:\/\/agenciaseolocal.eu\/bedda\/wp-content\/uploads\/2023\/07\/slider-chica3.jpg&#8221; custom_margin=&#8221;-5px||||false|false&#8221; custom_padding=&#8221;200px||200px||true|false&#8221; custom_padding_tablet=&#8221;||||false|false&#8221; custom_padding_phone=&#8221;70px||50px||false|false&#8221; background_last_edited=&#8221;on|phone&#8221; background_size_phone=&#8221;cover&#8221; background_image_width_phone=&#8221;100%&#8221; background_image_height_phone=&#8221;100%&#8221; background_position_phone=&#8221;center_left&#8221; background_horizontal_offset_phone=&#8221;33%&#8221; global_module=&#8221;987510781&#8243; locked=&#8221;off&#8221; global_colors_info=&#8221;{}&#8221;][et_pb_row column_structure=&#8221;2_5,3_5&#8243; use_custom_gutter=&#8221;on&#8221; custom_padding_last_edited=&#8221;on|phone&#8221; _builder_version=&#8221;4.21.0&#8243; _module_preset=&#8221;default&#8221; width=&#8221;95%&#8221; custom_padding=&#8221;0px||||false|false&#8221; custom_padding_tablet=&#8221;0px||||false|false&#8221; custom_padding_phone=&#8221;|0px|0px|27%|false|false&#8221; global_colors_info=&#8221;{}&#8221;][et_pb_column type=&#8221;2_5&#8243; _builder_version=&#8221;4.21.0&#8243; _module_preset=&#8221;default&#8221; global_colors_info=&#8221;{}&#8221;][\/et_pb_column][et_pb_column type=&#8221;3_5&#8243; _builder_version=&#8221;4.21.0&#8243; _module_preset=&#8221;default&#8221; global_colors_info=&#8221;{}&#8221;][et_pb_text disabled_on=&#8221;off|off|off&#8221; _builder_version=&#8221;4.21.2&#8243; _module_preset=&#8221;default&#8221; text_font=&#8221;neometric-bold||||||||&#8221; text_text_color=&#8221;#5a5a5a&#8221; text_font_size=&#8221;80px&#8221; text_letter_spacing=&#8221;1px&#8221; text_line_height=&#8221;1em&#8221; header_font=&#8221;||on||||||&#8221; header_text_color=&#8221;#5a5a5a&#8221; header_font_size=&#8221;80px&#8221; text_orientation=&#8221;center&#8221; custom_margin=&#8221;||6px||false|false&#8221; custom_padding=&#8221;||||false|false&#8221; text_font_size_tablet=&#8221;23px&#8221; text_font_size_phone=&#8221;28px&#8221; text_font_size_last_edited=&#8221;on|phone&#8221; header_text_align_tablet=&#8221;&#8221; header_text_align_phone=&#8221;right&#8221; header_text_align_last_edited=&#8221;on|phone&#8221; header_font_size_tablet=&#8221;80px&#8221; header_font_size_phone=&#8221;28px&#8221; header_font_size_last_edited=&#8221;on|phone&#8221; text_orientation_tablet=&#8221;center&#8221; text_orientation_phone=&#8221;right&#8221; text_orientation_last_edited=&#8221;on|phone&#8221; text_text_shadow_style=&#8221;preset3&#8243; text_text_shadow_color=&#8221;#FFFFFF&#8221; header_text_shadow_style=&#8221;preset3&#8243; header_text_shadow_color=&#8221;#FFFFFF&#8221; locked=&#8221;off&#8221; global_colors_info=&#8221;{}&#8221;]<\/p>\n<p>Centros bedda<\/p>\n<p>[\/et_pb_text][et_pb_text disabled_on=&#8221;off|off|off&#8221; _builder_version=&#8221;4.23.1&#8243; _dynamic_attributes=&#8221;content&#8221; _module_preset=&#8221;default&#8221; text_font=&#8221;neometric-bold||||||||&#8221; text_text_color=&#8221;#686970&#8243; text_font_size=&#8221;25px&#8221; text_line_height=&#8221;1em&#8221; header_font=&#8221;neometric-regular||||||||&#8221; header_text_color=&#8221;#686970&#8243; header_font_size=&#8221;23px&#8221; header_line_height=&#8221;1.5em&#8221; text_orientation=&#8221;center&#8221; custom_padding=&#8221;|15%||15%|false|true&#8221; custom_padding_tablet=&#8221;|25%||25%|false|true&#8221; custom_padding_phone=&#8221;|0%||0%|false|true&#8221; custom_padding_last_edited=&#8221;on|desktop&#8221; header_font_size_tablet=&#8221;80px&#8221; header_font_size_phone=&#8221;16px&#8221; header_font_size_last_edited=&#8221;on|phone&#8221; locked=&#8221;off&#8221; global_colors_info=&#8221;{}&#8221;]@ET-DC@eyJkeW5hbWljIjp0cnVlLCJjb250ZW50IjoicG9zdF90aXRsZSIsInNldHRpbmdzIjp7ImJlZm9yZSI6IjxoMT4iLCJhZnRlciI6IjwvaDE+In19@[\/et_pb_text][et_pb_button button_url=&#8221;#formulario-footer&#8221; button_text=&#8221;\u00a1Sesi\u00f3n GRATIS!&#8221; button_alignment=&#8221;center&#8221; button_alignment_tablet=&#8221;center&#8221; button_alignment_phone=&#8221;right&#8221; button_alignment_last_edited=&#8221;on|phone&#8221; _builder_version=&#8221;4.21.2&#8243; _module_preset=&#8221;default&#8221; custom_button=&#8221;on&#8221; button_text_size=&#8221;20px&#8221; button_text_color=&#8221;#FFFFFF&#8221; button_bg_color=&#8221;#ff0070&#8243; button_border_width=&#8221;0px&#8221; button_border_radius=&#8221;50px&#8221; button_font=&#8221;|600|||||||&#8221; button_use_icon=&#8221;off&#8221; custom_margin=&#8221;3.3%||||false|false&#8221; custom_margin_tablet=&#8221;&#8221; custom_margin_phone=&#8221;10%||||false|false&#8221; custom_margin_last_edited=&#8221;on|phone&#8221; custom_padding=&#8221;7px|50px|10px|50px|false|true&#8221; custom_padding_tablet=&#8221;7px|30px|10px|30px|false|true&#8221; custom_padding_phone=&#8221;10px|30px|10px|30px|false|true&#8221; custom_padding_last_edited=&#8221;on|phone&#8221; button_text_size_tablet=&#8221;&#8221; button_text_size_phone=&#8221;16px&#8221; button_text_size_last_edited=&#8221;on|phone&#8221; box_shadow_style=&#8221;preset1&#8243; locked=&#8221;off&#8221; global_colors_info=&#8221;{}&#8221; button_bg_color__hover_enabled=&#8221;on|hover&#8221; button_text_color__hover_enabled=&#8221;on|hover&#8221; button_bg_color__hover=&#8221;#FFFFFF&#8221; button_bg_enable_color__hover=&#8221;on&#8221; button_text_color__hover=&#8221;#ff0070&#8243;][\/et_pb_button][\/et_pb_column][\/et_pb_row][\/et_pb_section][et_pb_section fb_built=&#8221;1&#8243; custom_padding_last_edited=&#8221;on|phone&#8221; module_id=&#8221;depilacion&#8221; _builder_version=&#8221;4.21.0&#8243; _module_preset=&#8221;default&#8221; custom_padding=&#8221;35px|0px|0px||false|false&#8221; custom_padding_tablet=&#8221;35px|0px|0px||false|false&#8221; custom_padding_phone=&#8221;15px|0px|0px||false|false&#8221; global_colors_info=&#8221;{}&#8221;][et_pb_row _builder_version=&#8221;4.24.0&#8243; _module_preset=&#8221;default&#8221; width=&#8221;95%&#8221; custom_margin=&#8221;||||false|false&#8221; custom_padding=&#8221;||0px|||&#8221; locked=&#8221;off&#8221; global_colors_info=&#8221;{}&#8221;][et_pb_column type=&#8221;4_4&#8243; _builder_version=&#8221;4.21.0&#8243; _module_preset=&#8221;default&#8221; global_colors_info=&#8221;{}&#8221;][et_pb_text _builder_version=&#8221;4.27.0&#8243; _module_preset=&#8221;default&#8221; text_font=&#8221;catalish-huntera||||||||&#8221; text_font_size=&#8221;30px&#8221; text_line_height=&#8221;1.4em&#8221; header_2_font_size=&#8221;45px&#8221; text_orientation=&#8221;center&#8221; custom_margin=&#8221;||||false|false&#8221; hover_enabled=&#8221;0&#8243; text_font_size_tablet=&#8221;40px&#8221; text_font_size_phone=&#8221;20px&#8221; text_font_size_last_edited=&#8221;on|phone&#8221; header_2_font_size_tablet=&#8221;45px&#8221; header_2_font_size_phone=&#8221;30px&#8221; header_2_font_size_last_edited=&#8221;on|phone&#8221; locked=&#8221;off&#8221; global_colors_info=&#8221;{}&#8221; sticky_enabled=&#8221;0&#8243;]<\/p>\n<p class=\"manuscrita\" style=\"color: #ff4a8a !important;\">Lo m\u00e1s vendido<\/p>\n<h2>Promociones de depilaci\u00f3n l\u00e1ser en A Coru\u00f1a<\/h2>\n<p>[\/et_pb_text][\/et_pb_column][\/et_pb_row][et_pb_row custom_padding_last_edited=&#8221;on|phone&#8221; _builder_version=&#8221;4.21.2&#8243; _module_preset=&#8221;default&#8221; width=&#8221;95%&#8221; custom_padding=&#8221;40px||40px||true|false&#8221; custom_padding_tablet=&#8221;0px||75px|||&#8221; custom_padding_phone=&#8221;0px||35px||false|false&#8221; global_module=&#8221;987510061&#8243; saved_tabs=&#8221;all&#8221; locked=&#8221;off&#8221; global_colors_info=&#8221;{}&#8221;][et_pb_column type=&#8221;4_4&#8243; _builder_version=&#8221;4.21.0&#8243; _module_preset=&#8221;default&#8221; global_colors_info=&#8221;{}&#8221;][dica_divi_carousel show_items_tablet=&#8221;2&#8243; multislide=&#8221;on&#8221; loop=&#8221;on&#8221; arrow_nav=&#8221;on&#8221; item_spacing=&#8221;41&#8243; equal_height=&#8221;on&#8221; advanced_effect=&#8221;1&#8243; arrow_nav_color=&#8221;#ff4a8a&#8221; arrow_bg_color=&#8221;RGBA(255,255,255,0)&#8221; image_sizing=&#8221;55%&#8221; carousel_container_margin=&#8221;||||false|false&#8221; carousel_container_padding=&#8221;|2%||2%|false|true&#8221; innercontent_padding=&#8221;1%|2%|1%|2%|true|true&#8221; innercontent_padding_tablet=&#8221;&#8221; innercontent_padding_phone=&#8221;|20px||20px|false|true&#8221; innercontent_padding_last_edited=&#8221;on|phone&#8221; item_padding=&#8221;||||true|true&#8221; item_padding_tablet=&#8221;&#8221; item_padding_phone=&#8221;|10px||10px|true|true&#8221; item_padding_last_edited=&#8221;on|phone&#8221; image_container_margin=&#8221;||||false|false&#8221; image_container_margin_tablet=&#8221;-85px||||false|false&#8221; image_container_margin_phone=&#8221;&#8221; image_container_margin_last_edited=&#8221;on|tablet&#8221; image_container_padding=&#8221;15%||||false|false&#8221; image_padding=&#8221;||||false|false&#8221; title_margin=&#8221;||||false|false&#8221; text_padding=&#8221;||||false|true&#8221; rating_container_margin=&#8221;||||false|false&#8221; arrow_position_tablet=&#8221;&#8221; arrow_position_phone=&#8221;middle-inside&#8221; arrow_position_last_edited=&#8221;on|phone&#8221; _builder_version=&#8221;4.27.0&#8243; title_font=&#8221;Nunito|700|||||||&#8221; title_text_align=&#8221;center&#8221; title_font_size=&#8221;26px&#8221; body_text_align=&#8221;left&#8221; body_text_color=&#8221;#FFFFFF&#8221; body_font_size=&#8221;18px&#8221; custom_margin=&#8221;|0px||0px|false|true&#8221; custom_padding=&#8221;4px|||||&#8221; border_color_all_item=&#8221;#f2f2f2&#8243; border_radii_image=&#8221;on|50%|50%|50%|50%&#8221; border_width_all_image=&#8221;8px&#8221; border_color_all_image=&#8221;#ffffff&#8221; box_shadow_style_image=&#8221;preset4&#8243; box_shadow_color_image=&#8221;#E02B20&#8243; locked=&#8221;off&#8221; global_colors_info=&#8221;{}&#8221; innercontent_padding__hover_enabled=&#8221;off|hover&#8221;][dica_divi_carouselitem admin_label=&#8221;piernas completas mujer&#8221; button_url_new_window=&#8221;1&#8243; module_class=&#8221;zoom&#8221; rating_alignment=&#8221;center&#8221; rating_position=&#8221;rating-top&#8221; image_padding=&#8221;||||false|false&#8221; content_padding=&#8221;||||false|false&#8221; custom_margin=&#8221;5%||5%||true|true&#8221; custom_padding=&#8221;50%||50%||true|true&#8221; _builder_version=&#8221;4.27.0&#8243; subtitle_font=&#8221;Nunito||||||||&#8221; subtitle_text_align=&#8221;center&#8221; background_enable_color=&#8221;off&#8221; background_image=&#8221;https:\/\/agenciaseolocal.eu\/bedda\/wp-content\/uploads\/2023\/12\/oferta-julio-depilacion-laser-piernas-completas-interglutea-ingles-pubis-axilas-mujer.jpg&#8221; background_enable_image=&#8221;on&#8221; background_blend=&#8221;multiply&#8221; overflow-x=&#8221;visible&#8221; overflow-y=&#8221;visible&#8221; link_option_url=&#8221;https:\/\/agenciaseolocal.eu\/bedda\/tratamientos\/depilacion-laser-piernas-completas-linea-interglutea-ingles-pubis-axilas-mujer\/&#8221; box_shadow_style=&#8221;preset1&#8243; box_shadow_color=&#8221;rgba(0,0,0,0.2)&#8221; global_colors_info=&#8221;{}&#8221;][\/dica_divi_carouselitem][dica_divi_carouselitem admin_label=&#8221;medias piernas mujer&#8221; button_url_new_window=&#8221;1&#8243; module_class=&#8221;zoom&#8221; rating_alignment=&#8221;center&#8221; rating_position=&#8221;rating-top&#8221; image_padding=&#8221;||||false|false&#8221; content_padding=&#8221;||||false|false&#8221; custom_margin=&#8221;5%||5%||true|true&#8221; custom_padding=&#8221;50%||50%||true|true&#8221; _builder_version=&#8221;4.25.2&#8243; subtitle_font=&#8221;Nunito||||||||&#8221; subtitle_text_align=&#8221;center&#8221; background_enable_color=&#8221;off&#8221; background_image=&#8221;https:\/\/agenciaseolocal.eu\/bedda\/wp-content\/uploads\/2024\/07\/oferta-julio-depilacion-laser-medias-piernas-interglutea-ingles-pubis-axilas-mujer.jpg&#8221; background_enable_image=&#8221;on&#8221; background_blend=&#8221;multiply&#8221; overflow-x=&#8221;visible&#8221; overflow-y=&#8221;visible&#8221; link_option_url=&#8221;https:\/\/agenciaseolocal.eu\/bedda\/tratamientos\/depilacion-laser-medias-piernas-axilas-ingles-pubis-linea-interglutea-mujer\/&#8221; box_shadow_style=&#8221;preset1&#8243; box_shadow_color=&#8221;rgba(0,0,0,0.2)&#8221; global_colors_info=&#8221;{}&#8221;][\/dica_divi_carouselitem][dica_divi_carouselitem url=&#8221;#avanzado&#8221; admin_label=&#8221; zona intima mujer&#8221; button_url_new_window=&#8221;1&#8243; module_class=&#8221;zoom&#8221; rating_alignment=&#8221;center&#8221; rating_position=&#8221;rating-top&#8221; image_padding=&#8221;||||false|false&#8221; content_padding=&#8221;||||false|false&#8221; custom_margin=&#8221;5%||5%||true|true&#8221; custom_padding=&#8221;50%||50%||true|true&#8221; _builder_version=&#8221;4.25.2&#8243; subtitle_font=&#8221;Nunito||||||||&#8221; subtitle_text_align=&#8221;center&#8221; background_enable_color=&#8221;off&#8221; background_image=&#8221;https:\/\/agenciaseolocal.eu\/bedda\/wp-content\/uploads\/2023\/12\/oferta-julio-depilacion-laser-pubis-axilas-ingles-mujer.jpg&#8221; background_enable_image=&#8221;on&#8221; background_blend=&#8221;multiply&#8221; overflow-x=&#8221;visible&#8221; overflow-y=&#8221;visible&#8221; link_option_url=&#8221;https:\/\/agenciaseolocal.eu\/bedda\/tratamientos\/depilacion-laser-pubis-axilas-ingles-mujer\/&#8221; box_shadow_style=&#8221;preset1&#8243; box_shadow_color=&#8221;rgba(0,0,0,0.2)&#8221; global_colors_info=&#8221;{}&#8221;][\/dica_divi_carouselitem][dica_divi_carouselitem admin_label=&#8221;intima axilas mujer&#8221; button_url_new_window=&#8221;1&#8243; module_class=&#8221;zoom&#8221; rating_alignment=&#8221;center&#8221; rating_position=&#8221;rating-top&#8221; image_padding=&#8221;||||false|false&#8221; content_padding=&#8221;||||false|false&#8221; custom_margin=&#8221;5%||5%||true|true&#8221; custom_padding=&#8221;50%||50%||true|true&#8221; _builder_version=&#8221;4.25.2&#8243; subtitle_font=&#8221;Nunito||||||||&#8221; subtitle_text_align=&#8221;center&#8221; background_enable_color=&#8221;off&#8221; background_image=&#8221;https:\/\/agenciaseolocal.eu\/bedda\/wp-content\/uploads\/2023\/12\/oferta-julio-depilacion-laser-interglutea-axilas-ingles-pubis-mujer.jpg&#8221; background_enable_image=&#8221;on&#8221; background_blend=&#8221;multiply&#8221; overflow-x=&#8221;visible&#8221; overflow-y=&#8221;visible&#8221; link_option_url=&#8221;https:\/\/agenciaseolocal.eu\/bedda\/tratamientos\/depilacion-laser-zona-intima-completa-axilas-mujer\/&#8221; box_shadow_style=&#8221;preset1&#8243; box_shadow_color=&#8221;rgba(0,0,0,0.2)&#8221; global_colors_info=&#8221;{}&#8221;][\/dica_divi_carouselitem][dica_divi_carouselitem url=&#8221;#avanzado&#8221; admin_label=&#8221;cuerpo completo mujer&#8221; button_url_new_window=&#8221;1&#8243; module_class=&#8221;zoom&#8221; rating_alignment=&#8221;center&#8221; rating_position=&#8221;rating-top&#8221; image_padding=&#8221;||||false|false&#8221; content_padding=&#8221;||||false|false&#8221; custom_margin=&#8221;5%||5%||true|true&#8221; custom_padding=&#8221;50%||50%||true|true&#8221; _builder_version=&#8221;4.25.2&#8243; subtitle_font=&#8221;Nunito||||||||&#8221; subtitle_text_align=&#8221;center&#8221; background_enable_color=&#8221;off&#8221; background_image=&#8221;https:\/\/agenciaseolocal.eu\/bedda\/wp-content\/uploads\/2023\/12\/oferta-julio-depilacion-laser-cuerpo-completo-mujer.jpg&#8221; background_enable_image=&#8221;on&#8221; background_blend=&#8221;multiply&#8221; overflow-x=&#8221;visible&#8221; overflow-y=&#8221;visible&#8221; link_option_url=&#8221;https:\/\/agenciaseolocal.eu\/bedda\/tratamientos\/pack-cuerpo-completo-mujer\/&#8221; box_shadow_style=&#8221;preset1&#8243; box_shadow_color=&#8221;rgba(0,0,0,0.2)&#8221; global_colors_info=&#8221;{}&#8221;][\/dica_divi_carouselitem][dica_divi_carouselitem url=&#8221;#avanzado&#8221; admin_label=&#8221;intima axilas hombre&#8221; button_url_new_window=&#8221;1&#8243; module_class=&#8221;zoom&#8221; rating_alignment=&#8221;center&#8221; rating_position=&#8221;rating-top&#8221; image_padding=&#8221;||||false|false&#8221; content_padding=&#8221;||||false|false&#8221; custom_margin=&#8221;5%||5%||true|true&#8221; custom_padding=&#8221;50%||50%||true|true&#8221; _builder_version=&#8221;4.25.2&#8243; subtitle_font=&#8221;Nunito||||||||&#8221; subtitle_text_align=&#8221;center&#8221; background_enable_color=&#8221;off&#8221; background_image=&#8221;https:\/\/agenciaseolocal.eu\/bedda\/wp-content\/uploads\/2024\/07\/oferta-julio-depilacion-laser-interglutea-axilas-ingles-pubis-hombre.jpg&#8221; background_enable_image=&#8221;on&#8221; background_blend=&#8221;multiply&#8221; overflow-x=&#8221;visible&#8221; overflow-y=&#8221;visible&#8221; link_option_url=&#8221;https:\/\/agenciaseolocal.eu\/bedda\/tratamientos\/depilacion-laser-linea-interglutea-axilas-ingles-pubis-hombre\/&#8221; box_shadow_style=&#8221;preset1&#8243; box_shadow_color=&#8221;rgba(0,0,0,0.2)&#8221; global_colors_info=&#8221;{}&#8221;][\/dica_divi_carouselitem][dica_divi_carouselitem url=&#8221;#avanzado&#8221; admin_label=&#8221;piernas + intima&#8221; button_url_new_window=&#8221;1&#8243; module_class=&#8221;zoom&#8221; rating_alignment=&#8221;center&#8221; rating_position=&#8221;rating-top&#8221; image_padding=&#8221;||||false|false&#8221; content_padding=&#8221;||||false|false&#8221; custom_margin=&#8221;5%||5%||true|true&#8221; custom_padding=&#8221;50%||50%||true|true&#8221; _builder_version=&#8221;4.25.2&#8243; subtitle_font=&#8221;Nunito||||||||&#8221; subtitle_text_align=&#8221;center&#8221; background_enable_color=&#8221;off&#8221; background_image=&#8221;https:\/\/agenciaseolocal.eu\/bedda\/wp-content\/uploads\/2024\/07\/oferta-julio-depilacion-laser-piernas-completas-interglutea-gluteos-pubis-ingles-pies-hombre.jpg&#8221; background_enable_image=&#8221;on&#8221; background_blend=&#8221;multiply&#8221; overflow-x=&#8221;visible&#8221; overflow-y=&#8221;visible&#8221; link_option_url=&#8221;https:\/\/agenciaseolocal.eu\/bedda\/tratamientos\/depilacion-laser-piernas-completas-linea-interglutea-gluteos-pubis-ingles-pies-hombre\/&#8221; box_shadow_style=&#8221;preset1&#8243; box_shadow_color=&#8221;rgba(0,0,0,0.2)&#8221; global_colors_info=&#8221;{}&#8221;][\/dica_divi_carouselitem][dica_divi_carouselitem url=&#8221;#avanzado&#8221; admin_label=&#8221;espalda-completa&#8221; button_url_new_window=&#8221;1&#8243; module_class=&#8221;zoom&#8221; rating_alignment=&#8221;center&#8221; rating_position=&#8221;rating-top&#8221; image_padding=&#8221;||||false|false&#8221; content_padding=&#8221;||||false|false&#8221; custom_margin=&#8221;5%||5%||true|true&#8221; custom_padding=&#8221;50%||50%||true|true&#8221; _builder_version=&#8221;4.25.2&#8243; subtitle_font=&#8221;Nunito||||||||&#8221; subtitle_text_align=&#8221;center&#8221; background_enable_color=&#8221;off&#8221; background_image=&#8221;https:\/\/agenciaseolocal.eu\/bedda\/wp-content\/uploads\/2024\/07\/oferta-julio-depilacion-laser-espalda-completa-pecho-brazos-manos-axilas-hombre.jpg&#8221; background_enable_image=&#8221;on&#8221; background_blend=&#8221;multiply&#8221; overflow-x=&#8221;visible&#8221; overflow-y=&#8221;visible&#8221; link_option_url=&#8221;https:\/\/agenciaseolocal.eu\/bedda\/tratamientos\/depilacion-laser-espalda-completa-pecho-completo-brazos-manos-axilas-hombre\/&#8221; box_shadow_style=&#8221;preset1&#8243; box_shadow_color=&#8221;rgba(0,0,0,0.2)&#8221; global_colors_info=&#8221;{}&#8221;][\/dica_divi_carouselitem][dica_divi_carouselitem url=&#8221;#avanzado&#8221; admin_label=&#8221;espalda-y pecho completa&#8221; button_url_new_window=&#8221;1&#8243; module_class=&#8221;zoom&#8221; rating_alignment=&#8221;center&#8221; rating_position=&#8221;rating-top&#8221; image_padding=&#8221;||||false|false&#8221; content_padding=&#8221;||||false|false&#8221; custom_margin=&#8221;5%||5%||true|true&#8221; custom_padding=&#8221;50%||50%||true|true&#8221; _builder_version=&#8221;4.25.2&#8243; subtitle_font=&#8221;Nunito||||||||&#8221; subtitle_text_align=&#8221;center&#8221; background_enable_color=&#8221;off&#8221; background_image=&#8221;https:\/\/agenciaseolocal.eu\/bedda\/wp-content\/uploads\/2024\/07\/oferta-julio-depilacion-laser-espalda-completa-pecho-piernas-pies-axilas-hombre.jpg&#8221; background_enable_image=&#8221;on&#8221; background_blend=&#8221;multiply&#8221; overflow-x=&#8221;visible&#8221; overflow-y=&#8221;visible&#8221; link_option_url=&#8221;https:\/\/agenciaseolocal.eu\/bedda\/tratamientos\/depilacion-laser-espalda-completa-pecho-completo-piernas-pies-axilas-hombre\/&#8221; box_shadow_style=&#8221;preset1&#8243; box_shadow_color=&#8221;rgba(0,0,0,0.2)&#8221; global_colors_info=&#8221;{}&#8221;][\/dica_divi_carouselitem][dica_divi_carouselitem url=&#8221;#avanzado&#8221; admin_label=&#8221;cuerpo completo hombre&#8221; button_url_new_window=&#8221;1&#8243; module_class=&#8221;zoom&#8221; rating_alignment=&#8221;center&#8221; rating_position=&#8221;rating-top&#8221; image_padding=&#8221;||||false|false&#8221; content_padding=&#8221;||||false|false&#8221; custom_margin=&#8221;5%||5%||true|true&#8221; custom_padding=&#8221;50%||50%||true|true&#8221; _builder_version=&#8221;4.25.2&#8243; subtitle_font=&#8221;Nunito||||||||&#8221; subtitle_text_align=&#8221;center&#8221; background_enable_color=&#8221;off&#8221; background_image=&#8221;https:\/\/agenciaseolocal.eu\/bedda\/wp-content\/uploads\/2023\/12\/oferta-julio-depilacion-laser-cuerpo-completo-chico-xl.jpg&#8221; background_enable_image=&#8221;on&#8221; background_blend=&#8221;multiply&#8221; overflow-x=&#8221;visible&#8221; overflow-y=&#8221;visible&#8221; link_option_url=&#8221;https:\/\/agenciaseolocal.eu\/bedda\/tratamientos\/pack-cuerpo-completo-hombre\/&#8221; box_shadow_style=&#8221;preset1&#8243; box_shadow_color=&#8221;rgba(0,0,0,0.2)&#8221; global_colors_info=&#8221;{}&#8221;][\/dica_divi_carouselitem][\/dica_divi_carousel][\/et_pb_column][\/et_pb_row][\/et_pb_section][et_pb_section fb_built=&#8221;1&#8243; custom_padding_last_edited=&#8221;on|phone&#8221; _builder_version=&#8221;4.24.0&#8243; _module_preset=&#8221;default&#8221; background_image=&#8221;https:\/\/agenciaseolocal.eu\/bedda\/wp-content\/uploads\/2023\/05\/fondo-flores.png&#8221; background_position=&#8221;top_right&#8221; custom_margin=&#8221;||||false|false&#8221; custom_padding=&#8221;30px||30px||false|false&#8221; custom_padding_tablet=&#8221;||0px|||&#8221; custom_padding_phone=&#8221;30px|7px|0px|7px|false|true&#8221; global_colors_info=&#8221;{}&#8221;][et_pb_row column_structure=&#8221;1_2,1_2&#8243; make_equal=&#8221;on&#8221; _builder_version=&#8221;4.24.0&#8243; _module_preset=&#8221;default&#8221; width=&#8221;95%&#8221; custom_padding=&#8221;||||false|false&#8221; locked=&#8221;off&#8221; global_colors_info=&#8221;{}&#8221;][et_pb_column type=&#8221;1_2&#8243; _builder_version=&#8221;4.21.0&#8243; _module_preset=&#8221;default&#8221; global_colors_info=&#8221;{}&#8221;][et_pb_text _builder_version=&#8221;4.24.2&#8243; _module_preset=&#8221;default&#8221; text_font=&#8221;catalish-huntera||||||||&#8221; text_font_size=&#8221;30px&#8221; text_line_height=&#8221;1.4em&#8221; header_2_font_size=&#8221;45px&#8221; custom_margin=&#8221;||||false|false&#8221; text_font_size_tablet=&#8221;40px&#8221; text_font_size_phone=&#8221;20px&#8221; text_font_size_last_edited=&#8221;on|phone&#8221; header_2_font_size_tablet=&#8221;45px&#8221; header_2_font_size_phone=&#8221;30px&#8221; header_2_font_size_last_edited=&#8221;on|phone&#8221; global_colors_info=&#8221;{}&#8221;]<\/p>\n<p class=\"manuscrita\">Qui\u00e9nes somos<\/p>\n<h2>Descubre Centros bedda A Coru\u00f1a<\/h2>\n<p>[\/et_pb_text][et_pb_text _builder_version=&#8221;4.24.2&#8243; _module_preset=&#8221;default&#8221; global_colors_info=&#8221;{}&#8221;]<span style=\"font-weight: 400;\">Centros bedda cuenta con un centro de depilaci\u00f3n l\u00e1ser en A Coru\u00f1a, ubicado en el Centro Comercial Cuatro Caminos.<\/span><\/p>\n<p><span style=\"font-weight: 400;\">Si est\u00e1s buscando una cl\u00ednica de depilaci\u00f3n l\u00e1ser en Coru\u00f1a de confianza, <\/span><a href=\"https:\/\/agenciaseolocal.eu\/bedda\/\"><span style=\"font-weight: 400;\">Centros bedda<\/span><\/a><span style=\"font-weight: 400;\"> es tu mejor opci\u00f3n.<\/span><\/p>\n<p><span style=\"font-weight: 400;\">\u00a1Ven a conocernos y descubre todo lo que podemos hacer por ti!<\/span>[\/et_pb_text][\/et_pb_column][et_pb_column type=&#8221;1_2&#8243; _builder_version=&#8221;4.24.0&#8243; _module_preset=&#8221;default&#8221; custom_css_main_element=&#8221;margin: auto 0;&#8221; global_colors_info=&#8221;{}&#8221;][et_pb_text _builder_version=&#8221;4.24.2&#8243; _module_preset=&#8221;default&#8221; text_font_size=&#8221;25px&#8221; text_font_size_tablet=&#8221;25px&#8221; text_font_size_phone=&#8221;22px&#8221; text_font_size_last_edited=&#8221;on|phone&#8221; global_colors_info=&#8221;{}&#8221;]<\/p>\n<p style=\"text-align: center; color: #ff79a5;\"><strong>Visita nuesto Centro de depilaci\u00f3n l\u00e1ser<br \/>\nen A Coru\u00f1a<\/strong><\/p>\n<p>[\/et_pb_text][et_pb_button button_url=&#8221;tel:675%2028%2085%2039&#8243; url_new_window=&#8221;on&#8221; button_text=&#8221;675 28 85 39&#8243; button_alignment=&#8221;center&#8221; _builder_version=&#8221;4.24.2&#8243; _module_preset=&#8221;default&#8221; custom_button=&#8221;on&#8221; button_text_size=&#8221;30px&#8221; button_text_color=&#8221;#FFFFFF&#8221; button_bg_color=&#8221;#ff0070&#8243; button_border_width=&#8221;0px&#8221; button_border_radius=&#8221;50px&#8221; button_font=&#8221;neometric-bold|||on|||||&#8221; button_icon=&#8221;&#xf879;||fa||900&#8243; button_icon_color=&#8221;#FFFFFF&#8221; button_icon_placement=&#8221;left&#8221; button_on_hover=&#8221;off&#8221; custom_margin=&#8221;5%||5%||true|false&#8221; custom_margin_tablet=&#8221;5%||5%||true|false&#8221; custom_margin_phone=&#8221;6%||10%||false|false&#8221; custom_margin_last_edited=&#8221;on|phone&#8221; custom_padding=&#8221;10px|30px|10px|60px|true|false&#8221; custom_padding_tablet=&#8221;10px|50px|10px|50px|true|true&#8221; custom_padding_phone=&#8221;|25px||50px|true|false&#8221; custom_padding_last_edited=&#8221;on|phone&#8221; button_text_size_tablet=&#8221;&#8221; button_text_size_phone=&#8221;20px&#8221; button_text_size_last_edited=&#8221;on|phone&#8221; box_shadow_style=&#8221;preset1&#8243; locked=&#8221;off&#8221; global_colors_info=&#8221;{}&#8221; button_bg_color__hover_enabled=&#8221;on|hover&#8221; button_text_color__hover_enabled=&#8221;on|hover&#8221; button_bg_color__hover=&#8221;#FFFFFF&#8221; button_bg_enable_color__hover=&#8221;on&#8221; button_text_color__hover=&#8221;#ff0070&#8243; button_icon_color__hover_enabled=&#8221;on|hover&#8221; button_icon_color__hover=&#8221;#ff0070&#8243;][\/et_pb_button][et_pb_text _builder_version=&#8221;4.24.2&#8243; _module_preset=&#8221;default&#8221; custom_margin_tablet=&#8221;&#8221; custom_margin_phone=&#8221;7%||||false|false&#8221; custom_margin_last_edited=&#8221;on|phone&#8221; global_colors_info=&#8221;{}&#8221;]<\/p>\n<p style=\"text-align: center;\"><a href=\"https:\/\/www.google.com\/maps?cid=2989802485933401418\" target=\"_blank\" rel=\"noopener\" style=\"color: #222222;\">R\u00faa Ram\u00f3n y Cajal, 53, 15006 A Coru\u00f1a<\/a><\/p>\n<p>[\/et_pb_text][\/et_pb_column][\/et_pb_row][\/et_pb_section][et_pb_section fb_built=&#8221;1&#8243; custom_padding_last_edited=&#8221;on|phone&#8221; module_id=&#8221;depilacion&#8221; _builder_version=&#8221;4.24.1&#8243; _module_preset=&#8221;default&#8221; custom_padding=&#8221;35px|0px|||false|false&#8221; custom_padding_tablet=&#8221;35px|0px|0px||false|false&#8221; custom_padding_phone=&#8221;15px|0px|0px||false|false&#8221; global_colors_info=&#8221;{}&#8221;][et_pb_row use_custom_gutter=&#8221;on&#8221; custom_padding_last_edited=&#8221;on|phone&#8221; _builder_version=&#8221;4.24.0&#8243; _module_preset=&#8221;default&#8221; width=&#8221;95%&#8221; custom_padding=&#8221;||||false|false&#8221; custom_padding_tablet=&#8221;||70px|||&#8221; custom_padding_phone=&#8221;||40px||false|false&#8221; global_colors_info=&#8221;{}&#8221;][et_pb_column type=&#8221;4_4&#8243; _builder_version=&#8221;4.21.0&#8243; _module_preset=&#8221;default&#8221; global_colors_info=&#8221;{}&#8221;][et_pb_text _builder_version=&#8221;4.24.2&#8243; _module_preset=&#8221;default&#8221; text_font=&#8221;catalish-huntera||||||||&#8221; text_font_size=&#8221;30px&#8221; text_line_height=&#8221;1.4em&#8221; header_2_font_size=&#8221;45px&#8221; text_orientation=&#8221;center&#8221; custom_margin=&#8221;||||false|false&#8221; text_font_size_tablet=&#8221;40px&#8221; text_font_size_phone=&#8221;20px&#8221; text_font_size_last_edited=&#8221;on|phone&#8221; header_2_font_size_tablet=&#8221;45px&#8221; header_2_font_size_phone=&#8221;30px&#8221; header_2_font_size_last_edited=&#8221;on|phone&#8221; locked=&#8221;off&#8221; global_colors_info=&#8221;{}&#8221;]<\/p>\n<p class=\"manuscrita\" style=\"color: #ff4a8a !important;\"><a href=\"https:\/\/agenciaseolocal.eu\/bedda\/depilacion-laser-mujer\/\">Depilaci\u00f3n l\u00e1ser mujer<\/a><\/p>\n<h2>Nuestros tratamientos de depilaci\u00f3n l\u00e1ser para mujer en A Coru\u00f1a<\/h2>\n<p>[\/et_pb_text][\/et_pb_column][\/et_pb_row][et_pb_row column_structure=&#8221;1_3,1_3,1_3&#8243; make_equal=&#8221;on&#8221; _builder_version=&#8221;4.24.1&#8243; _module_preset=&#8221;default&#8221; width=&#8221;95%&#8221; global_module=&#8221;987515671&#8243; saved_tabs=&#8221;all&#8221; global_colors_info=&#8221;{}&#8221;][et_pb_column type=&#8221;1_3&#8243; _builder_version=&#8221;4.24.1&#8243; _module_preset=&#8221;default&#8221; background_color=&#8221;#f1f1f1&#8243; custom_padding=&#8221;2%|2%|2%|2%|true|true&#8221; border_radii=&#8221;on|10px|10px|10px|10px&#8221; box_shadow_style=&#8221;preset1&#8243; global_colors_info=&#8221;{}&#8221;][et_pb_image src=&#8221;https:\/\/agenciaseolocal.eu\/bedda\/wp-content\/uploads\/2024\/02\/rostro-de-mujer-depilado.jpg&#8221; alt=&#8221;beneficos depilacion laser axilas&#8221; title_text=&#8221;rostro-de-mujer-depilado&#8221; _builder_version=&#8221;4.24.0&#8243; _module_preset=&#8221;default&#8221; global_colors_info=&#8221;{}&#8221;][\/et_pb_image][et_pb_text _builder_version=&#8221;4.27.0&#8243; _module_preset=&#8221;default&#8221; text_font=&#8221;neometric-bold||||||||&#8221; text_font_size=&#8221;15px&#8221; header_3_font=&#8221;neometric-bold||||||||&#8221; header_3_font_size=&#8221;15px&#8221; header_3_letter_spacing=&#8221;-0.2px&#8221; custom_margin=&#8221;7%||||false|false&#8221; custom_margin_tablet=&#8221;&#8221; custom_margin_phone=&#8221;7%||||false|false&#8221; custom_margin_last_edited=&#8221;on|phone&#8221; custom_css_main_element=&#8221;li::marker{color:#F1F1F1 !important}||a:hover{color:#ff0270!important}||&#8221; locked=&#8221;off&#8221; global_colors_info=&#8221;{}&#8221; header_3_text_color__hover_enabled=&#8221;on|hover&#8221; header_3_text_color__hover=&#8221;#ff0270&#8243;]<\/p>\n<h3 style=\"margin-bottom: 15px; text-align: center;\"><span style=\"font-weight: bold; font-size: 25px; color: #222222;\">Zona facial<\/span><\/h3>\n<hr style=\"margin-bottom: 15px; text-align: center; border-top: 1px solid #FF0270;\" \/>\n<ul style=\"line-height: 2em;\">\n<li><img decoding=\"async\" src=\"https:\/\/agenciaseolocal.eu\/bedda\/wp-content\/uploads\/2024\/04\/centros-bedda-depilacion-laser-logo.png\" width=\"15px\" \/> <a style=\"color: #222222;\" href=\"https:\/\/agenciaseolocal.eu\/bedda\/tratamientos\/depilacion-laser-facial-mujer\/\">Depilaci\u00f3n l\u00e1ser facial mujer<\/a><\/li>\n<li><img decoding=\"async\" src=\"https:\/\/agenciaseolocal.eu\/bedda\/wp-content\/uploads\/2024\/04\/centros-bedda-depilacion-laser-logo.png\" width=\"15px\" \/> <a style=\"color: #222222;\" href=\"https:\/\/agenciaseolocal.eu\/bedda\/tratamientos\/depilacion-laser-labio-superior-mujer\/\">Depilaci\u00f3n l\u00e1ser labio superior mujer<\/a><\/li>\n<li><img decoding=\"async\" src=\"https:\/\/agenciaseolocal.eu\/bedda\/wp-content\/uploads\/2024\/04\/centros-bedda-depilacion-laser-logo.png\" width=\"15px\" \/> <a style=\"color: #222222;\" href=\"https:\/\/agenciaseolocal.eu\/bedda\/tratamientos\/depilacion-laser-cuello-mujer\/\">Depilaci\u00f3n l\u00e1ser cuello mujer<\/a><\/li>\n<li><img decoding=\"async\" src=\"https:\/\/agenciaseolocal.eu\/bedda\/wp-content\/uploads\/2024\/04\/centros-bedda-depilacion-laser-logo.png\" width=\"15px\" \/> <a style=\"color: #222222;\" href=\"https:\/\/agenciaseolocal.eu\/bedda\/tratamientos\/depilacion-laser-patillas-mujer\/\">Depilaci\u00f3n l\u00e1ser patillas mujer<\/a><\/li>\n<li><img decoding=\"async\" src=\"https:\/\/agenciaseolocal.eu\/bedda\/wp-content\/uploads\/2024\/04\/centros-bedda-depilacion-laser-logo.png\" width=\"15px\" \/> <a style=\"color: #222222;\" href=\"https:\/\/agenciaseolocal.eu\/bedda\/tratamientos\/depilacion-laser-entrecejo-mujer\/\">Depilaci\u00f3n l\u00e1ser entrecejo mujer<\/a><\/li>\n<li><img decoding=\"async\" src=\"https:\/\/agenciaseolocal.eu\/bedda\/wp-content\/uploads\/2024\/04\/centros-bedda-depilacion-laser-logo.png\" width=\"15px\" \/> <a style=\"color: #222222;\" href=\"https:\/\/agenciaseolocal.eu\/bedda\/tratamientos\/depilacion-laser-menton-mujer\/\">Depilaci\u00f3n l\u00e1ser ment\u00f3n mujer<\/a><\/li>\n<li><img decoding=\"async\" src=\"https:\/\/agenciaseolocal.eu\/bedda\/wp-content\/uploads\/2024\/04\/centros-bedda-depilacion-laser-logo.png\" width=\"15px\" \/> <a style=\"color: #222222;\" href=\"https:\/\/agenciaseolocal.eu\/bedda\/tratamientos\/depilacion-laser-nariz-mujer\/\">Depilaci\u00f3n l\u00e1ser nariz mujer<\/a><\/li>\n<\/ul>\n<p>[\/et_pb_text][\/et_pb_column][et_pb_column type=&#8221;1_3&#8243; _builder_version=&#8221;4.24.1&#8243; _module_preset=&#8221;default&#8221; background_color=&#8221;#f1f1f1&#8243; custom_padding=&#8221;2%|2%|0%|2%|false|true&#8221; border_radii=&#8221;on|10px|10px|10px|10px&#8221; box_shadow_style=&#8221;preset1&#8243; global_colors_info=&#8221;{}&#8221;][et_pb_image src=&#8221;https:\/\/agenciaseolocal.eu\/bedda\/wp-content\/uploads\/2024\/02\/axilas-mujer-depiladas.jpg&#8221; alt=&#8221;imagen menu depilacion hombre&#8221; title_text=&#8221;axilas-mujer-depiladas&#8221; _builder_version=&#8221;4.24.0&#8243; _module_preset=&#8221;default&#8221; global_colors_info=&#8221;{}&#8221;][\/et_pb_image][et_pb_text _builder_version=&#8221;4.27.0&#8243; _module_preset=&#8221;default&#8221; text_font=&#8221;neometric-bold||||||||&#8221; text_font_size=&#8221;15px&#8221; header_3_font=&#8221;neometric-bold||||||||&#8221; header_3_font_size=&#8221;15px&#8221; header_3_letter_spacing=&#8221;-0.2px&#8221; custom_margin=&#8221;7%||||false|false&#8221; custom_margin_tablet=&#8221;&#8221; custom_margin_phone=&#8221;7%||||false|false&#8221; custom_margin_last_edited=&#8221;on|phone&#8221; custom_css_main_element=&#8221;li::marker{color:#F1F1F1 !important}||a:hover{color:#ff0270!important}||&#8221; locked=&#8221;off&#8221; global_colors_info=&#8221;{}&#8221; header_3_text_color__hover=&#8221;#ff0270&#8243; header_3_text_color__hover_enabled=&#8221;on|hover&#8221;]<\/p>\n<h3 style=\"margin-bottom: 15px; text-align: center;\"><span style=\"font-weight: bold; font-size: 25px; color: #222222;\">Zona superior<\/span><\/h3>\n<hr style=\"margin-bottom: 15px; text-align: center; border-top: 1px solid #FF0270;\" \/>\n<ul style=\"line-height: 2em;\">\n<li><img decoding=\"async\" src=\"https:\/\/agenciaseolocal.eu\/bedda\/wp-content\/uploads\/2024\/04\/centros-bedda-depilacion-laser-logo.png\" width=\"15px\" \/> <a style=\"color: #222222;\" href=\"https:\/\/agenciaseolocal.eu\/bedda\/tratamientos\/depilacion-laser-axilas-mujer\/\">Depilaci\u00f3n l\u00e1ser axilas mujer<\/a><\/li>\n<li><img decoding=\"async\" src=\"https:\/\/agenciaseolocal.eu\/bedda\/wp-content\/uploads\/2024\/04\/centros-bedda-depilacion-laser-logo.png\" width=\"15px\" \/> <a style=\"color: #222222;\" href=\"https:\/\/agenciaseolocal.eu\/bedda\/tratamientos\/depilacion-laser-cuerpo-completo-mujer\/\">Depilaci\u00f3n l\u00e1ser cuerpo completo mujer<\/a><\/li>\n<li><img decoding=\"async\" src=\"https:\/\/agenciaseolocal.eu\/bedda\/wp-content\/uploads\/2024\/04\/centros-bedda-depilacion-laser-logo.png\" width=\"15px\" \/> <a style=\"color: #222222;\" href=\"https:\/\/agenciaseolocal.eu\/bedda\/tratamientos\/depilacion-laser-espalda-completa-mujer\/\">Depilaci\u00f3n l\u00e1ser espalda completa mujer<\/a><\/li>\n<li><img decoding=\"async\" src=\"https:\/\/agenciaseolocal.eu\/bedda\/wp-content\/uploads\/2024\/04\/centros-bedda-depilacion-laser-logo.png\" width=\"15px\" \/> <a style=\"color: #222222;\" href=\"https:\/\/agenciaseolocal.eu\/bedda\/tratamientos\/depilacion-laser-linea-alba-mujer\/\">Depilaci\u00f3n l\u00e1ser l\u00ednea alba mujer<\/a><\/li>\n<li><img decoding=\"async\" src=\"https:\/\/agenciaseolocal.eu\/bedda\/wp-content\/uploads\/2024\/04\/centros-bedda-depilacion-laser-logo.png\" width=\"15px\" \/> <a style=\"color: #222222;\" href=\"https:\/\/agenciaseolocal.eu\/bedda\/tratamientos\/depilacion-laser-abdomen-mujer\/\">Depilaci\u00f3n l\u00e1ser abdomen mujer<\/a><\/li>\n<li><img decoding=\"async\" src=\"https:\/\/agenciaseolocal.eu\/bedda\/wp-content\/uploads\/2024\/04\/centros-bedda-depilacion-laser-logo.png\" width=\"15px\" \/> <a style=\"color: #222222;\" href=\"https:\/\/agenciaseolocal.eu\/bedda\/tratamientos\/depilacion-laser-brazos-completos-mujer\/\">Depilaci\u00f3n l\u00e1ser brazos completos mujer<\/a><\/li>\n<li><img decoding=\"async\" src=\"https:\/\/agenciaseolocal.eu\/bedda\/wp-content\/uploads\/2024\/04\/centros-bedda-depilacion-laser-logo.png\" width=\"15px\" \/> <a style=\"color: #222222;\" href=\"https:\/\/agenciaseolocal.eu\/bedda\/tratamientos\/depilacion-laser-manos-mujer\/\">Depilaci\u00f3n l\u00e1ser manos mujer<\/a><\/li>\n<li><img decoding=\"async\" src=\"https:\/\/agenciaseolocal.eu\/bedda\/wp-content\/uploads\/2024\/04\/centros-bedda-depilacion-laser-logo.png\" width=\"15px\" \/> <a style=\"color: #222222;\" href=\"https:\/\/agenciaseolocal.eu\/bedda\/tratamientos\/depilacion-laser-areolas-mujer\/\">Depilaci\u00f3n l\u00e1ser areolas mujer<\/a><\/li>\n<li><img decoding=\"async\" src=\"https:\/\/agenciaseolocal.eu\/bedda\/wp-content\/uploads\/2024\/04\/centros-bedda-depilacion-laser-logo.png\" width=\"15px\" \/> <a style=\"color: #222222;\" href=\"https:\/\/agenciaseolocal.eu\/bedda\/tratamientos\/depilacion-laser-dorsales-mujer\/\">Depilaci\u00f3n l\u00e1ser dorsales mujer<\/a><\/li>\n<li><img decoding=\"async\" src=\"https:\/\/agenciaseolocal.eu\/bedda\/wp-content\/uploads\/2024\/04\/centros-bedda-depilacion-laser-logo.png\" width=\"15px\" \/> <a style=\"color: #222222;\" href=\"https:\/\/agenciaseolocal.eu\/bedda\/tratamientos\/depilacion-laser-hombros-mujer\/\">Depilaci\u00f3n l\u00e1ser hombros mujer<\/a><\/li>\n<li><img decoding=\"async\" src=\"https:\/\/agenciaseolocal.eu\/bedda\/wp-content\/uploads\/2024\/04\/centros-bedda-depilacion-laser-logo.png\" width=\"15px\" \/> <a style=\"color: #222222;\" href=\"https:\/\/agenciaseolocal.eu\/bedda\/tratamientos\/depilacion-laser-canal-pecho-mujer\/\">Depilaci\u00f3n l\u00e1ser canal del pecho mujer<\/a><\/li>\n<li><img decoding=\"async\" src=\"https:\/\/agenciaseolocal.eu\/bedda\/wp-content\/uploads\/2024\/04\/centros-bedda-depilacion-laser-logo.png\" width=\"15px\" \/> <a style=\"color: #222222;\" href=\"https:\/\/agenciaseolocal.eu\/bedda\/tratamientos\/depilacion-laser-dedos-mujer\/\">Depilaci\u00f3n l\u00e1ser dedos mujer<\/a><\/li>\n<li><img decoding=\"async\" src=\"https:\/\/agenciaseolocal.eu\/bedda\/wp-content\/uploads\/2024\/04\/centros-bedda-depilacion-laser-logo.png\" width=\"15px\" \/> <a style=\"color: #222222;\" href=\"https:\/\/agenciaseolocal.eu\/bedda\/tratamientos\/depilacion-laser-medios-brazos-mujer\/\">Depilaci\u00f3n l\u00e1ser medios brazos mujer<\/a><\/li>\n<li><img decoding=\"async\" src=\"https:\/\/agenciaseolocal.eu\/bedda\/wp-content\/uploads\/2024\/04\/centros-bedda-depilacion-laser-logo.png\" width=\"15px\" \/> <a style=\"color: #222222;\" href=\"https:\/\/agenciaseolocal.eu\/bedda\/tratamientos\/depilacion-laser-nuca-mujer\/\">Depilaci\u00f3n l\u00e1ser nuca mujer<\/a><\/li>\n<\/ul>\n<p>[\/et_pb_text][\/et_pb_column][et_pb_column type=&#8221;1_3&#8243; _builder_version=&#8221;4.24.1&#8243; _module_preset=&#8221;default&#8221; background_color=&#8221;#f1f1f1&#8243; custom_padding=&#8221;2%|2%|0%|2%|false|true&#8221; border_radii=&#8221;on|10px|10px|10px|10px&#8221; box_shadow_style=&#8221;preset1&#8243; global_colors_info=&#8221;{}&#8221;][et_pb_image src=&#8221;https:\/\/agenciaseolocal.eu\/bedda\/wp-content\/uploads\/2024\/02\/piernas-mujer-depiladas.jpg&#8221; alt=&#8221;imagen menu depilacion hombre&#8221; title_text=&#8221;piernas-mujer-depiladas&#8221; _builder_version=&#8221;4.24.0&#8243; _module_preset=&#8221;default&#8221; global_colors_info=&#8221;{}&#8221;][\/et_pb_image][et_pb_text _builder_version=&#8221;4.27.0&#8243; _module_preset=&#8221;default&#8221; text_font=&#8221;neometric-bold||||||||&#8221; text_font_size=&#8221;15px&#8221; header_3_font=&#8221;neometric-bold||||||||&#8221; header_3_font_size=&#8221;15px&#8221; header_3_letter_spacing=&#8221;-0.2px&#8221; custom_margin=&#8221;7%||||false|false&#8221; custom_margin_tablet=&#8221;&#8221; custom_margin_phone=&#8221;7%||||false|false&#8221; custom_margin_last_edited=&#8221;on|phone&#8221; custom_css_main_element=&#8221;li::marker{color:#F1F1F1 !important}||a:hover{color:#ff0270!important}||&#8221; locked=&#8221;off&#8221; global_colors_info=&#8221;{}&#8221; header_3_text_color__hover=&#8221;#ff0270&#8243; header_3_text_color__hover_enabled=&#8221;on|hover&#8221;]<\/p>\n<h3 style=\"margin-bottom: 15px; text-align: center;\"><span style=\"font-weight: bold; font-size: 25px; color: #222222;\">Zona inferior<\/span><\/h3>\n<hr style=\"margin-bottom: 15px; text-align: center; border-top: 1px solid #FF0270;\" \/>\n<ul style=\"line-height: 2em;\">\n<li><img decoding=\"async\" src=\"https:\/\/agenciaseolocal.eu\/bedda\/wp-content\/uploads\/2024\/04\/centros-bedda-depilacion-laser-logo.png\" width=\"15px\" \/> <a style=\"color: #222222;\" href=\"https:\/\/agenciaseolocal.eu\/bedda\/tratamientos\/depilacion-laser-ingles\/\">Depilaci\u00f3n l\u00e1ser ingles mujer<\/a><\/li>\n<li><img decoding=\"async\" src=\"https:\/\/agenciaseolocal.eu\/bedda\/wp-content\/uploads\/2024\/04\/centros-bedda-depilacion-laser-logo.png\" width=\"15px\" \/> <a style=\"color: #222222;\" href=\"https:\/\/agenciaseolocal.eu\/bedda\/tratamientos\/depilacion-laser-cuerpo-completo-mujer\/\"> Depilaci\u00f3n l\u00e1ser cuerpo completo mujer<br \/>\n<\/a><\/li>\n<li><img decoding=\"async\" src=\"https:\/\/agenciaseolocal.eu\/bedda\/wp-content\/uploads\/2024\/04\/centros-bedda-depilacion-laser-logo.png\" width=\"15px\" \/> <a style=\"color: #222222;\" href=\"https:\/\/agenciaseolocal.eu\/bedda\/tratamientos\/depilacion-laser-pubis-mujer\/\">Depilaci\u00f3n l\u00e1ser pubis mujer<\/a><\/li>\n<li><img decoding=\"async\" src=\"https:\/\/agenciaseolocal.eu\/bedda\/wp-content\/uploads\/2024\/04\/centros-bedda-depilacion-laser-logo.png\" width=\"15px\" \/> <a style=\"color: #222222;\" href=\"https:\/\/agenciaseolocal.eu\/bedda\/tratamientos\/depilacion-laser-piernas-completas-mujer\/\">Depilaci\u00f3n l\u00e1ser piernas completas mujer<\/a><\/li>\n<li><img decoding=\"async\" src=\"https:\/\/agenciaseolocal.eu\/bedda\/wp-content\/uploads\/2024\/04\/centros-bedda-depilacion-laser-logo.png\" width=\"15px\" \/> <a style=\"color: #222222;\" href=\"https:\/\/agenciaseolocal.eu\/bedda\/tratamientos\/depilacion-laser-medias-piernas-mujer\/\">Depilaci\u00f3n l\u00e1ser medias piernas mujer<br \/>\n<\/a><\/li>\n<li><img decoding=\"async\" src=\"https:\/\/agenciaseolocal.eu\/bedda\/wp-content\/uploads\/2024\/04\/centros-bedda-depilacion-laser-logo.png\" width=\"15px\" \/> <a style=\"color: #222222;\" href=\"https:\/\/agenciaseolocal.eu\/bedda\/tratamientos\/depilacion-laser-gluteos-mujer\/\">Depilaci\u00f3n l\u00e1ser gl\u00fateos mujer<\/a><\/li>\n<li><img decoding=\"async\" src=\"https:\/\/agenciaseolocal.eu\/bedda\/wp-content\/uploads\/2024\/04\/centros-bedda-depilacion-laser-logo.png\" width=\"15px\" \/> <a style=\"color: #222222;\" href=\"https:\/\/agenciaseolocal.eu\/bedda\/tratamientos\/depilacion-laser-pies-mujer\/\">Depilaci\u00f3n l\u00e1ser pies mujer<\/a><\/li>\n<li><img decoding=\"async\" src=\"https:\/\/agenciaseolocal.eu\/bedda\/wp-content\/uploads\/2024\/04\/centros-bedda-depilacion-laser-logo.png\" width=\"15px\" \/> <a style=\"color: #222222;\" href=\"https:\/\/agenciaseolocal.eu\/bedda\/tratamientos\/depilacion-laser-intergluteo-mujer\/\">Depilaci\u00f3n l\u00e1ser intergl\u00fateo mujer<\/a><\/li>\n<li><img decoding=\"async\" src=\"https:\/\/agenciaseolocal.eu\/bedda\/wp-content\/uploads\/2024\/04\/centros-bedda-depilacion-laser-logo.png\" width=\"15px\" \/> <a style=\"color: #222222;\" href=\"https:\/\/agenciaseolocal.eu\/bedda\/tratamientos\/depilacion-laser-labios-genitales\/\">Depilaci\u00f3n l\u00e1ser labios genitales mujer<\/a><\/li>\n<li><img decoding=\"async\" src=\"https:\/\/agenciaseolocal.eu\/bedda\/wp-content\/uploads\/2024\/04\/centros-bedda-depilacion-laser-logo.png\" width=\"15px\" \/> <a style=\"color: #222222;\" href=\"https:\/\/agenciaseolocal.eu\/bedda\/tratamientos\/depilacion-laser-ingles-brasilenas\/\">Depilaci\u00f3n l\u00e1ser ingles brasile\u00f1as<\/a><\/li>\n<li><img decoding=\"async\" src=\"https:\/\/agenciaseolocal.eu\/bedda\/wp-content\/uploads\/2024\/04\/centros-bedda-depilacion-laser-logo.png\" width=\"15px\" \/> <a style=\"color: #222222;\" href=\"https:\/\/agenciaseolocal.eu\/bedda\/tratamientos\/depilacion-laser-lumbar-mujer\/\">Depilaci\u00f3n l\u00e1ser lumbar mujer<\/a><\/li>\n<\/ul>\n<p>[\/et_pb_text][\/et_pb_column][\/et_pb_row][et_pb_row use_custom_gutter=&#8221;on&#8221; custom_padding_last_edited=&#8221;on|phone&#8221; _builder_version=&#8221;4.24.0&#8243; _module_preset=&#8221;default&#8221; width=&#8221;95%&#8221; custom_padding=&#8221;||||false|false&#8221; custom_padding_tablet=&#8221;||70px|||&#8221; custom_padding_phone=&#8221;||40px||false|false&#8221; locked=&#8221;off&#8221; global_colors_info=&#8221;{}&#8221;][et_pb_column type=&#8221;4_4&#8243; _builder_version=&#8221;4.21.0&#8243; _module_preset=&#8221;default&#8221; global_colors_info=&#8221;{}&#8221;][et_pb_text _builder_version=&#8221;4.24.2&#8243; _module_preset=&#8221;default&#8221; text_font=&#8221;catalish-huntera||||||||&#8221; text_font_size=&#8221;30px&#8221; text_line_height=&#8221;1.4em&#8221; header_2_font_size=&#8221;45px&#8221; text_orientation=&#8221;center&#8221; custom_margin=&#8221;||||false|false&#8221; text_font_size_tablet=&#8221;40px&#8221; text_font_size_phone=&#8221;20px&#8221; text_font_size_last_edited=&#8221;on|phone&#8221; header_2_font_size_tablet=&#8221;45px&#8221; header_2_font_size_phone=&#8221;30px&#8221; header_2_font_size_last_edited=&#8221;on|phone&#8221; locked=&#8221;off&#8221; global_colors_info=&#8221;{}&#8221;]<\/p>\n<p class=\"manuscrita\" style=\"color: #00c0ff !important;\"><a style=\"color: #00c0ff !important;\" href=\"https:\/\/agenciaseolocal.eu\/bedda\/depilacion-laser-hombre\/\">Depilaci\u00f3n l\u00e1ser hombre<\/a><\/p>\n<h2>Nuestros tratamientos de depilaci\u00f3n l\u00e1ser para hombre en A Coru\u00f1a<\/h2>\n<p>[\/et_pb_text][\/et_pb_column][\/et_pb_row][et_pb_row column_structure=&#8221;1_3,1_3,1_3&#8243; make_equal=&#8221;on&#8221; _builder_version=&#8221;4.24.1&#8243; _module_preset=&#8221;default&#8221; width=&#8221;95%&#8221; global_module=&#8221;987515670&#8243; saved_tabs=&#8221;all&#8221; locked=&#8221;off&#8221; global_colors_info=&#8221;{}&#8221;][et_pb_column type=&#8221;1_3&#8243; _builder_version=&#8221;4.24.0&#8243; _module_preset=&#8221;default&#8221; background_color=&#8221;#f1f1f1&#8243; custom_padding=&#8221;2%|2%|2%|2%|true|true&#8221; border_radii=&#8221;on|10px|10px|10px|10px&#8221; box_shadow_style=&#8221;preset1&#8243; global_colors_info=&#8221;{}&#8221;][et_pb_image src=&#8221;https:\/\/agenciaseolocal.eu\/bedda\/wp-content\/uploads\/2024\/02\/hombre-tocandose-la-barba.jpg&#8221; alt=&#8221;imagen menu depilacion hombre&#8221; title_text=&#8221;hombre-tocandose-la-barba&#8221; _builder_version=&#8221;4.24.0&#8243; _module_preset=&#8221;default&#8221; locked=&#8221;off&#8221; global_colors_info=&#8221;{}&#8221;][\/et_pb_image][et_pb_text _builder_version=&#8221;4.27.0&#8243; _module_preset=&#8221;default&#8221; text_font=&#8221;neometric-bold||||||||&#8221; text_font_size=&#8221;15px&#8221; header_3_font=&#8221;neometric-bold||||||||&#8221; header_3_font_size=&#8221;15px&#8221; header_3_letter_spacing=&#8221;-0.2px&#8221; custom_margin=&#8221;7%||||false|false&#8221; custom_margin_tablet=&#8221;&#8221; custom_margin_phone=&#8221;7%||||false|false&#8221; custom_margin_last_edited=&#8221;on|phone&#8221; custom_css_main_element=&#8221;li::marker{color:#F1F1F1 !important}||a:hover{color:#00c0ff!important}||&#8221; locked=&#8221;off&#8221; global_colors_info=&#8221;{}&#8221; header_3_text_color__hover=&#8221;#ff0270&#8243; header_3_text_color__hover_enabled=&#8221;on|hover&#8221;]<\/p>\n<h3 style=\"margin-bottom: 15px; text-align: center;\"><span style=\"font-weight: bold; font-size: 25px; color: #222222;\">Zona facial<\/span><\/h3>\n<hr style=\"margin-bottom: 15px; text-align: center; border-top: 1px solid #00c0ff;\" \/>\n<ul style=\"line-height: 2em;\">\n<li><img decoding=\"async\" src=\"https:\/\/agenciaseolocal.eu\/bedda\/wp-content\/uploads\/2024\/04\/centros-bedda-depilacion-laser-logo.png\" width=\"15px\" \/> <a style=\"color: #222222;\" href=\"https:\/\/agenciaseolocal.eu\/bedda\/tratamientos\/depilacion-laser-barba-hombre\/\">Depilaci\u00f3n l\u00e1ser barba hombre<\/a><\/li>\n<li><img decoding=\"async\" src=\"https:\/\/agenciaseolocal.eu\/bedda\/wp-content\/uploads\/2024\/04\/centros-bedda-depilacion-laser-logo.png\" width=\"15px\" \/> <a style=\"color: #222222;\" href=\"https:\/\/agenciaseolocal.eu\/bedda\/tratamientos\/depilacion-laser-mejillas-hombre\/\">Depilaci\u00f3n l\u00e1ser mejillas hombre<\/a><\/li>\n<li><img decoding=\"async\" src=\"https:\/\/agenciaseolocal.eu\/bedda\/wp-content\/uploads\/2024\/04\/centros-bedda-depilacion-laser-logo.png\" width=\"15px\" \/> <a style=\"color: #222222;\" href=\"https:\/\/agenciaseolocal.eu\/bedda\/tratamientos\/depilacion-laser-orejas-hombre\/\">Depilaci\u00f3n l\u00e1ser orejas hombre<\/a><\/li>\n<li><img decoding=\"async\" src=\"https:\/\/agenciaseolocal.eu\/bedda\/wp-content\/uploads\/2024\/04\/centros-bedda-depilacion-laser-logo.png\" width=\"15px\" \/> <a style=\"color: #222222;\" href=\"https:\/\/agenciaseolocal.eu\/bedda\/tratamientos\/depilacion-laser-prolongacion-menton-hombre\/\">Depilaci\u00f3n l\u00e1ser prolongaci\u00f3n del ment\u00f3n hombre<\/a><\/li>\n<li><img decoding=\"async\" src=\"https:\/\/agenciaseolocal.eu\/bedda\/wp-content\/uploads\/2024\/04\/centros-bedda-depilacion-laser-logo.png\" width=\"15px\" \/> <a style=\"color: #222222;\" href=\"https:\/\/agenciaseolocal.eu\/bedda\/tratamientos\/depilacion-laser-nariz-hombre\/\">Depilaci\u00f3n l\u00e1ser nariz hombre<\/a><\/li>\n<\/ul>\n<p>[\/et_pb_text][\/et_pb_column][et_pb_column type=&#8221;1_3&#8243; _builder_version=&#8221;4.24.1&#8243; _module_preset=&#8221;default&#8221; background_color=&#8221;#f1f1f1&#8243; custom_padding=&#8221;2%|2%|0%|2%|false|true&#8221; border_radii=&#8221;on|10px|10px|10px|10px&#8221; box_shadow_style=&#8221;preset1&#8243; global_colors_info=&#8221;{}&#8221;][et_pb_image src=&#8221;https:\/\/agenciaseolocal.eu\/bedda\/wp-content\/uploads\/2024\/02\/axilas-de-hombre-depiladas.jpg&#8221; alt=&#8221;imagen menu depilacion hombre&#8221; title_text=&#8221;axilas-de-hombre-depiladas&#8221; _builder_version=&#8221;4.24.0&#8243; _module_preset=&#8221;default&#8221; locked=&#8221;off&#8221; global_colors_info=&#8221;{}&#8221;][\/et_pb_image][et_pb_text _builder_version=&#8221;4.27.0&#8243; _module_preset=&#8221;default&#8221; text_font=&#8221;neometric-bold||||||||&#8221; text_font_size=&#8221;15px&#8221; header_3_font=&#8221;neometric-bold||||||||&#8221; header_3_font_size=&#8221;15px&#8221; header_3_letter_spacing=&#8221;-0.2px&#8221; custom_margin=&#8221;7%||||false|false&#8221; custom_margin_tablet=&#8221;&#8221; custom_margin_phone=&#8221;7%||||false|false&#8221; custom_margin_last_edited=&#8221;on|phone&#8221; custom_css_main_element=&#8221;li::marker{color:#F1F1F1 !important}||a:hover{color:#00c0ff!important}||&#8221; locked=&#8221;off&#8221; global_colors_info=&#8221;{}&#8221; header_3_text_color__hover=&#8221;#ff0270&#8243; header_3_text_color__hover_enabled=&#8221;on|hover&#8221;]<\/p>\n<h3 style=\"margin-bottom: 15px; text-align: center;\"><span style=\"font-weight: bold; font-size: 25px; color: #222222;\">Zona superior<\/span><\/h3>\n<hr style=\"margin-bottom: 15px; text-align: center; border-top: 1px solid #00c0ff;\" \/>\n<ul style=\"line-height: 2em;\">\n<li><img decoding=\"async\" src=\"https:\/\/agenciaseolocal.eu\/bedda\/wp-content\/uploads\/2024\/04\/centros-bedda-depilacion-laser-logo.png\" width=\"15px\" \/> <a style=\"color: #222222;\" href=\"https:\/\/agenciaseolocal.eu\/bedda\/tratamientos\/depilacion-laser-axilas-hombre\/\">Depilaci\u00f3n l\u00e1ser axilas hombre<\/a><\/li>\n<li><img decoding=\"async\" src=\"https:\/\/agenciaseolocal.eu\/bedda\/wp-content\/uploads\/2024\/04\/centros-bedda-depilacion-laser-logo.png\" width=\"15px\" \/> <a style=\"color: #222222;\" href=\"https:\/\/agenciaseolocal.eu\/bedda\/tratamientos\/depilacion-laser-espalda-completa-hombre\/\">Depilaci\u00f3n l\u00e1ser espalda completa hombre<\/a><\/li>\n<li><img decoding=\"async\" src=\"https:\/\/agenciaseolocal.eu\/bedda\/wp-content\/uploads\/2024\/04\/centros-bedda-depilacion-laser-logo.png\" width=\"15px\" \/> <a style=\"color: #222222;\" href=\"https:\/\/agenciaseolocal.eu\/bedda\/tratamientos\/depilacion-laser-brazos-completos-hombre\/\">Depilaci\u00f3n l\u00e1ser brazos completos hombre<\/a><\/li>\n<li><img decoding=\"async\" src=\"https:\/\/agenciaseolocal.eu\/bedda\/wp-content\/uploads\/2024\/04\/centros-bedda-depilacion-laser-logo.png\" width=\"15px\" \/> <a style=\"color: #222222;\" href=\"https:\/\/agenciaseolocal.eu\/bedda\/tratamientos\/depilacion-laser-manos-hombre\/\">Depilaci\u00f3n l\u00e1ser manos hombre<\/a><\/li>\n<li><img decoding=\"async\" src=\"https:\/\/agenciaseolocal.eu\/bedda\/wp-content\/uploads\/2024\/04\/centros-bedda-depilacion-laser-logo.png\" width=\"15px\" \/> <a style=\"color: #222222;\" href=\"https:\/\/agenciaseolocal.eu\/bedda\/tratamientos\/depilacion-laser-hombros-hombre\/\">Depilaci\u00f3n l\u00e1ser hombros hombre<\/a><\/li>\n<li><img decoding=\"async\" src=\"https:\/\/agenciaseolocal.eu\/bedda\/wp-content\/uploads\/2024\/04\/centros-bedda-depilacion-laser-logo.png\" width=\"15px\" \/> <a style=\"color: #222222;\" href=\"https:\/\/agenciaseolocal.eu\/bedda\/tratamientos\/depilacion-laser-cuello-hombre\/\">Depilaci\u00f3n l\u00e1ser cuello hombre<\/a><\/li>\n<li><img decoding=\"async\" src=\"https:\/\/agenciaseolocal.eu\/bedda\/wp-content\/uploads\/2024\/04\/centros-bedda-depilacion-laser-logo.png\" width=\"15px\" \/> <a style=\"color: #222222;\" href=\"https:\/\/agenciaseolocal.eu\/bedda\/tratamientos\/depilacion-laser-abdomen-hombre\/\">Depilaci\u00f3n l\u00e1ser abdomen hombre<\/a><\/li>\n<li><img decoding=\"async\" src=\"https:\/\/agenciaseolocal.eu\/bedda\/wp-content\/uploads\/2024\/04\/centros-bedda-depilacion-laser-logo.png\" width=\"15px\" \/> <a style=\"color: #222222;\" href=\"https:\/\/agenciaseolocal.eu\/bedda\/tratamientos\/depilacion-laser-pecho-hombre\/\">Depilaci\u00f3n l\u00e1ser pecho hombre<\/a><\/li>\n<li><img decoding=\"async\" src=\"https:\/\/agenciaseolocal.eu\/bedda\/wp-content\/uploads\/2024\/04\/centros-bedda-depilacion-laser-logo.png\" width=\"15px\" \/> <a style=\"color: #222222;\" href=\"https:\/\/agenciaseolocal.eu\/bedda\/tratamientos\/depilacion-laser-pecho-abdomen-hombre\/\">Depilaci\u00f3n l\u00e1ser pecho + abdomen hombre<\/a><\/li>\n<li><img decoding=\"async\" src=\"https:\/\/agenciaseolocal.eu\/bedda\/wp-content\/uploads\/2024\/04\/centros-bedda-depilacion-laser-logo.png\" width=\"15px\" \/> <a style=\"color: #222222;\" href=\"https:\/\/agenciaseolocal.eu\/bedda\/tratamientos\/depilacion-laser-cuerpo-completo-hombre-xl\/\">Depilaci\u00f3n l\u00e1ser cuerpo completo hombre<\/a><\/li>\n<li><img decoding=\"async\" src=\"https:\/\/agenciaseolocal.eu\/bedda\/wp-content\/uploads\/2024\/04\/centros-bedda-depilacion-laser-logo.png\" width=\"15px\" \/> <a style=\"color: #222222;\" href=\"https:\/\/agenciaseolocal.eu\/bedda\/tratamientos\/depilacion-laser-dedos-hombre\/\">Depilaci\u00f3n l\u00e1ser dedos hombre<\/a><\/li>\n<li><img decoding=\"async\" src=\"https:\/\/agenciaseolocal.eu\/bedda\/wp-content\/uploads\/2024\/04\/centros-bedda-depilacion-laser-logo.png\" width=\"15px\" \/> <a style=\"color: #222222;\" href=\"https:\/\/agenciaseolocal.eu\/bedda\/tratamientos\/depilacion-laser-orejas-hombre\/\">Depilaci\u00f3n l\u00e1ser orejas hombre<\/a><\/li>\n<li><img decoding=\"async\" src=\"https:\/\/agenciaseolocal.eu\/bedda\/wp-content\/uploads\/2024\/04\/centros-bedda-depilacion-laser-logo.png\" width=\"15px\" \/> <a style=\"color: #222222;\" href=\"https:\/\/agenciaseolocal.eu\/bedda\/tratamientos\/depilacion-laser-dorsales-hombre\/\">Depilaci\u00f3n l\u00e1ser dorsales hombre<\/a><\/li>\n<li><img decoding=\"async\" src=\"https:\/\/agenciaseolocal.eu\/bedda\/wp-content\/uploads\/2024\/04\/centros-bedda-depilacion-laser-logo.png\" width=\"15px\" \/> <a style=\"color: #222222;\" href=\"https:\/\/agenciaseolocal.eu\/bedda\/tratamientos\/depilacion-laser-medios-brazos-hombre\/\">Depilaci\u00f3n l\u00e1ser medios brazos hombre<\/a><\/li>\n<li><img decoding=\"async\" src=\"https:\/\/agenciaseolocal.eu\/bedda\/wp-content\/uploads\/2024\/04\/centros-bedda-depilacion-laser-logo.png\" width=\"15px\" \/> <a style=\"color: #222222;\" href=\"https:\/\/agenciaseolocal.eu\/bedda\/tratamientos\/depilacion-laser-nuca-hombre\/\">Depilaci\u00f3n l\u00e1ser nuca hombre<\/a><\/li>\n<\/ul>\n<p>[\/et_pb_text][\/et_pb_column][et_pb_column type=&#8221;1_3&#8243; _builder_version=&#8221;4.24.0&#8243; _module_preset=&#8221;default&#8221; background_color=&#8221;#f1f1f1&#8243; custom_padding=&#8221;2%|2%|2%|2%|true|true&#8221; border_radii=&#8221;on|10px|10px|10px|10px&#8221; box_shadow_style=&#8221;preset1&#8243; global_colors_info=&#8221;{}&#8221;][et_pb_image src=&#8221;https:\/\/agenciaseolocal.eu\/bedda\/wp-content\/uploads\/2024\/02\/piernas-hombre-depiladas.jpg&#8221; alt=&#8221;imagen menu depilacion hombre&#8221; title_text=&#8221;piernas-hombre-depiladas&#8221; _builder_version=&#8221;4.24.0&#8243; _module_preset=&#8221;default&#8221; locked=&#8221;off&#8221; global_colors_info=&#8221;{}&#8221;][\/et_pb_image][et_pb_text _builder_version=&#8221;4.27.0&#8243; _module_preset=&#8221;default&#8221; text_font=&#8221;neometric-bold||||||||&#8221; text_font_size=&#8221;15px&#8221; header_3_font=&#8221;neometric-bold||||||||&#8221; header_3_font_size=&#8221;15px&#8221; header_3_letter_spacing=&#8221;-0.2px&#8221; custom_margin=&#8221;7%||||false|false&#8221; custom_margin_tablet=&#8221;&#8221; custom_margin_phone=&#8221;7%||||false|false&#8221; custom_margin_last_edited=&#8221;on|phone&#8221; custom_css_main_element=&#8221;li::marker{color:#F1F1F1 !important}||a:hover{color:#00c0ff!important}&#8221; locked=&#8221;off&#8221; global_colors_info=&#8221;{}&#8221; header_3_text_color__hover=&#8221;#ff0270&#8243; header_3_text_color__hover_enabled=&#8221;on|hover&#8221;]<\/p>\n<h3 style=\"margin-bottom: 15px; text-align: center;\"><span style=\"font-weight: bold; font-size: 25px; color: #222222;\">Zona inferior<\/span><\/h3>\n<hr style=\"margin-bottom: 15px; text-align: center; border-top: 1px solid #00c0ff;\" \/>\n<ul style=\"line-height: 2em;\">\n<li><img decoding=\"async\" src=\"https:\/\/agenciaseolocal.eu\/bedda\/wp-content\/uploads\/2024\/04\/centros-bedda-depilacion-laser-logo.png\" width=\"15px\" \/> <a style=\"color: #222222;\" href=\"https:\/\/agenciaseolocal.eu\/bedda\/tratamientos\/depilacion-laser-gluteos-hombre\/\">Depilaci\u00f3n l\u00e1ser gl\u00fateos hombre<\/a><\/li>\n<li><img decoding=\"async\" src=\"https:\/\/agenciaseolocal.eu\/bedda\/wp-content\/uploads\/2024\/04\/centros-bedda-depilacion-laser-logo.png\" width=\"15px\" \/> <a style=\"color: #222222;\" href=\"https:\/\/agenciaseolocal.eu\/bedda\/tratamientos\/depilacion-laser-intergluteo-hombre\/\">Depilaci\u00f3n l\u00e1ser intergl\u00fateo hombre<\/a><\/li>\n<li><img decoding=\"async\" src=\"https:\/\/agenciaseolocal.eu\/bedda\/wp-content\/uploads\/2024\/04\/centros-bedda-depilacion-laser-logo.png\" width=\"15px\" \/> <a style=\"color: #222222;\" href=\"https:\/\/agenciaseolocal.eu\/bedda\/tratamientos\/depilacion-laser-medias-piernas-hombre\/\">Depilaci\u00f3n l\u00e1ser medias piernas hombre<\/a><\/li>\n<li><img decoding=\"async\" src=\"https:\/\/agenciaseolocal.eu\/bedda\/wp-content\/uploads\/2024\/04\/centros-bedda-depilacion-laser-logo.png\" width=\"15px\" \/> <a style=\"color: #222222;\" href=\"https:\/\/agenciaseolocal.eu\/bedda\/tratamientos\/depilacion-laser-pies-hombre\/\">Depilaci\u00f3n l\u00e1ser pies hombre<br \/>\n<\/a><\/li>\n<li><img decoding=\"async\" src=\"https:\/\/agenciaseolocal.eu\/bedda\/wp-content\/uploads\/2024\/04\/centros-bedda-depilacion-laser-logo.png\" width=\"15px\" \/> <a style=\"color: #222222;\" href=\"https:\/\/agenciaseolocal.eu\/bedda\/tratamientos\/depilacion-laser-piernas-completas-hombre\/\">Depilaci\u00f3n l\u00e1ser piernas completas hombre<\/a><\/li>\n<li><img decoding=\"async\" src=\"https:\/\/agenciaseolocal.eu\/bedda\/wp-content\/uploads\/2024\/04\/centros-bedda-depilacion-laser-logo.png\" width=\"15px\" \/> <a style=\"color: #222222;\" href=\"https:\/\/agenciaseolocal.eu\/bedda\/tratamientos\/depilacion-laser-cuerpo-completo-hombre-xl\/\">Depilaci\u00f3n l\u00e1ser cuerpo completo hombre<\/a><\/li>\n<li><img decoding=\"async\" src=\"https:\/\/agenciaseolocal.eu\/bedda\/wp-content\/uploads\/2024\/04\/centros-bedda-depilacion-laser-logo.png\" width=\"15px\" \/> <a style=\"color: #222222;\" href=\"https:\/\/agenciaseolocal.eu\/bedda\/tratamientos\/depilacion-laser-lumbar-hombre\/\">Depilaci\u00f3n l\u00e1ser lumbar hombre<\/a><\/li>\n<\/ul>\n<p>[\/et_pb_text][\/et_pb_column][\/et_pb_row][\/et_pb_section][et_pb_section fb_built=&#8221;1&#8243; custom_padding_last_edited=&#8221;on|phone&#8221; module_id=&#8221;medicina&#8221; _builder_version=&#8221;4.21.2&#8243; _module_preset=&#8221;default&#8221; background_color=&#8221;#f7f7f7&#8243; background_image=&#8221;https:\/\/agenciaseolocal.eu\/bedda\/wp-content\/uploads\/2023\/05\/fondo-flores5.jpg&#8221; background_size=&#8221;contain&#8221; background_position=&#8221;top_left&#8221; background_repeat=&#8221;repeat&#8221; background_blend=&#8221;multiply&#8221; custom_margin=&#8221;||||false|false&#8221; custom_padding=&#8221;35px||0px||false|false&#8221; custom_padding_tablet=&#8221;35px||0px||false|false&#8221; custom_padding_phone=&#8221;15px||||false|false&#8221; global_colors_info=&#8221;{}&#8221;][et_pb_row use_custom_gutter=&#8221;on&#8221; _builder_version=&#8221;4.21.0&#8243; _module_preset=&#8221;default&#8221; width=&#8221;95%&#8221; custom_padding=&#8221;||0px|||&#8221; global_colors_info=&#8221;{}&#8221;][et_pb_column type=&#8221;4_4&#8243; _builder_version=&#8221;4.21.0&#8243; _module_preset=&#8221;default&#8221; global_colors_info=&#8221;{}&#8221;][et_pb_text _builder_version=&#8221;4.27.0&#8243; _module_preset=&#8221;default&#8221; text_font=&#8221;catalish-huntera||||||||&#8221; text_font_size=&#8221;30px&#8221; text_line_height=&#8221;1.4em&#8221; header_2_font_size=&#8221;45px&#8221; text_orientation=&#8221;center&#8221; custom_margin=&#8221;||||false|false&#8221; hover_enabled=&#8221;0&#8243; text_font_size_tablet=&#8221;40px&#8221; text_font_size_phone=&#8221;20px&#8221; text_font_size_last_edited=&#8221;on|phone&#8221; header_2_font_size_tablet=&#8221;45px&#8221; header_2_font_size_phone=&#8221;30px&#8221; header_2_font_size_last_edited=&#8221;on|phone&#8221; locked=&#8221;off&#8221; global_colors_info=&#8221;{}&#8221; sticky_enabled=&#8221;0&#8243;]<\/p>\n<p class=\"manuscrita\" style=\"color: #ff4a8a !important;\">Lo m\u00e1s vendido<\/p>\n<h2>Tratamientos de medicina est\u00e9tica en A Coru\u00f1a<\/h2>\n<p>[\/et_pb_text][\/et_pb_column][\/et_pb_row][et_pb_row custom_padding_last_edited=&#8221;on|phone&#8221; admin_label=&#8221;servicios medicina estetica&#8221; _builder_version=&#8221;4.21.2&#8243; _module_preset=&#8221;default&#8221; width=&#8221;95%&#8221; custom_padding=&#8221;1%||65px||false|false&#8221; custom_padding_tablet=&#8221;1.5%||70px||false|false&#8221; custom_padding_phone=&#8221;1.5%||30px||false|false&#8221; global_module=&#8221;28529&#8243; saved_tabs=&#8221;all&#8221; locked=&#8221;off&#8221; global_colors_info=&#8221;{}&#8221;][et_pb_column type=&#8221;4_4&#8243; _builder_version=&#8221;4.21.0&#8243; _module_preset=&#8221;default&#8221; global_colors_info=&#8221;{}&#8221;][dica_divi_carousel show_items_tablet=&#8221;2&#8243; multislide=&#8221;on&#8221; loop=&#8221;on&#8221; arrow_nav=&#8221;on&#8221; item_spacing=&#8221;41&#8243; equal_height=&#8221;on&#8221; advanced_effect=&#8221;1&#8243; arrow_nav_color=&#8221;#FFFFFF&#8221; arrow_bg_color=&#8221;#979797&#8243; image_sizing=&#8221;55%&#8221; arrow_font_size=&#8221;35px&#8221; carousel_container_margin=&#8221;||0px||false|false&#8221; carousel_container_padding=&#8221;0px|0%|0px|0%|true|true&#8221; innercontent_padding=&#8221;1%|1.7%|1%|1.7%|true|true&#8221; innercontent_padding_tablet=&#8221;&#8221; innercontent_padding_phone=&#8221;5%|20px|5%|20px|true|true&#8221; innercontent_padding_last_edited=&#8221;on|phone&#8221; item_padding=&#8221;0px|5%|0px|5%|true|true&#8221; item_padding_tablet=&#8221;&#8221; item_padding_phone=&#8221;|10px||10px|true|true&#8221; item_padding_last_edited=&#8221;on|phone&#8221; image_container_margin=&#8221;||||false|false&#8221; image_container_margin_tablet=&#8221;-85px||||false|false&#8221; image_container_margin_phone=&#8221;||0px||false|false&#8221; image_container_margin_last_edited=&#8221;on|tablet&#8221; image_container_padding=&#8221;||0px||false|false&#8221; image_padding=&#8221;||0px||false|false&#8221; title_margin=&#8221;||0px||false|false&#8221; title_padding=&#8221;||0px||false|false&#8221; subtitle_margin=&#8221;||0px||false|false&#8221; subtitle_padding=&#8221;||0px||false|false&#8221; text_margin=&#8221;|2px|0px||false|false&#8221; text_padding=&#8221;||||false|true&#8221; button_margin=&#8221;||0px||false|false&#8221; button_padding=&#8221;||||false|false&#8221; content_container_margin=&#8221;||0px||false|false&#8221; content_container_padding=&#8221;||0px||false|false&#8221; social_container_margin=&#8221;||0px||false|false&#8221; social_container_padding=&#8221;||0px||false|false&#8221; social_item_margin=&#8221;||0px||false|false&#8221; social_item_padding=&#8221;||0px||false|false&#8221; rating_container_margin=&#8221;||0px||false|false&#8221; arrow_position_tablet=&#8221;&#8221; arrow_position_phone=&#8221;middle-inside&#8221; arrow_position_last_edited=&#8221;on|phone&#8221; _builder_version=&#8221;4.23.4&#8243; title_font=&#8221;|700|||||||&#8221; title_text_align=&#8221;center&#8221; title_font_size=&#8221;16px&#8221; body_text_align=&#8221;left&#8221; body_font_size=&#8221;16px&#8221; custom_margin=&#8221;||||false|true&#8221; custom_padding=&#8221;0px||0px||false|false&#8221; custom_css_button=&#8221;margin-top:7%&#8221; border_radii_item=&#8221;on|10px|10px|10px|10px&#8221; border_color_all_item=&#8221;#f2f2f2&#8243; border_radii_image=&#8221;on|50%|50%|50%|50%&#8221; border_width_all_image=&#8221;8px&#8221; border_color_all_image=&#8221;#ffffff&#8221; box_shadow_style_image=&#8221;preset4&#8243; box_shadow_color_image=&#8221;#E02B20&#8243; locked=&#8221;off&#8221; global_colors_info=&#8221;{}&#8221; innercontent_padding__hover_enabled=&#8221;off|hover&#8221;][dica_divi_carouselitem admin_label=&#8221;mesterapia facial&#8221; button_text=&#8221;Saber m\u00e1s&#8221; button_url=&#8221;https:\/\/agenciaseolocal.eu\/bedda\/mesoterapia-facial\/&#8221; button_url_new_window=&#8221;1&#8243; rating_alignment=&#8221;center&#8221; rating_position=&#8221;rating-top&#8221; image_padding=&#8221;||||false|false&#8221; content_padding=&#8221;||||false|false&#8221; button_margin=&#8221;||||false|false&#8221; button_padding=&#8221;|30px||30px|false|true&#8221; custom_margin=&#8221;||||true|true&#8221; custom_padding=&#8221;5%||5%||true|true&#8221; _builder_version=&#8221;4.23.4&#8243; header_level=&#8221;h2&#8243; header_text_align=&#8221;center&#8221; header_font_size=&#8221;16px&#8221; subtitle_font=&#8221;Nunito||||||||&#8221; subtitle_text_align=&#8221;center&#8221; background_color=&#8221;#f1f1f1&#8243; background_enable_color=&#8221;on&#8221; background_enable_image=&#8221;off&#8221; background_blend=&#8221;multiply&#8221; custom_button=&#8221;on&#8221; button_text_size=&#8221;18px&#8221; button_text_color=&#8221;#FFFFFF&#8221; button_bg_color=&#8221;#ff0070&#8243; button_border_width=&#8221;0px&#8221; button_border_radius=&#8221;50px&#8221; button_font=&#8221;||||||||&#8221; button_use_icon=&#8221;off&#8221; button_alignment=&#8221;center&#8221; overflow-x=&#8221;visible&#8221; overflow-y=&#8221;visible&#8221; button_text_size_phone=&#8221;18px&#8221; button_text_size_last_edited=&#8221;off|phone&#8221; box_shadow_style=&#8221;preset1&#8243; box_shadow_color=&#8221;rgba(0,0,0,0.2)&#8221; global_colors_info=&#8221;{}&#8221; button_text_color__hover=&#8221;#ff0070&#8243; button_text_color__hover_enabled=&#8221;on|desktop&#8221; button_bg_color__hover=&#8221;#FFFFFF&#8221; button_bg_color__hover_enabled=&#8221;on|hover&#8221;]<span><img decoding=\"async\" src=\"https:\/\/agenciaseolocal.eu\/bedda\/wp-content\/uploads\/2023\/06\/mesoterapia-facial-bedda.webp\" width=\"300\" style=\"margin-bottom: -5%;\" alt=\"\" class=\"wp-image-26983 alignnone size-medium\" \/><\/span><\/p>\n<h3 style=\"text-align: center;\"><span style=\"font-size: 16px;\">Mesoterapia facial<\/span><\/h3>\n<p>Esta t\u00e9cnica sirve para combatir el envejecimiento de la piel y retrasar la aparici\u00f3n de arrugas.[\/dica_divi_carouselitem][dica_divi_carouselitem admin_label=&#8221;mesoterapia corporal&#8221; button_text=&#8221;Saber m\u00e1s&#8221; button_url=&#8221;https:\/\/agenciaseolocal.eu\/bedda\/mesoterapia-corporal\/&#8221; button_url_new_window=&#8221;1&#8243; rating_alignment=&#8221;center&#8221; rating_position=&#8221;rating-top&#8221; image_padding=&#8221;||||false|false&#8221; content_padding=&#8221;||||false|false&#8221; button_margin=&#8221;||||false|false&#8221; button_padding=&#8221;|30px||30px|false|true&#8221; custom_margin=&#8221;||||true|true&#8221; custom_padding=&#8221;5%||5%||true|true&#8221; _builder_version=&#8221;4.23.4&#8243; header_level=&#8221;h2&#8243; header_text_align=&#8221;center&#8221; header_font_size=&#8221;16px&#8221; subtitle_font=&#8221;Nunito||||||||&#8221; subtitle_text_align=&#8221;center&#8221; background_color=&#8221;#f1f1f1&#8243; background_enable_color=&#8221;on&#8221; background_enable_image=&#8221;off&#8221; background_blend=&#8221;multiply&#8221; custom_button=&#8221;on&#8221; button_text_size=&#8221;18px&#8221; button_text_color=&#8221;#FFFFFF&#8221; button_bg_color=&#8221;#ff0070&#8243; button_border_width=&#8221;0px&#8221; button_border_radius=&#8221;50px&#8221; button_font=&#8221;||||||||&#8221; button_use_icon=&#8221;off&#8221; button_alignment=&#8221;center&#8221; overflow-x=&#8221;visible&#8221; overflow-y=&#8221;visible&#8221; button_text_size_phone=&#8221;18px&#8221; button_text_size_last_edited=&#8221;off|phone&#8221; box_shadow_style=&#8221;preset1&#8243; box_shadow_color=&#8221;rgba(0,0,0,0.2)&#8221; global_colors_info=&#8221;{}&#8221; button_text_color__hover=&#8221;#ff0070&#8243; button_text_color__hover_enabled=&#8221;on|desktop&#8221; button_bg_color__hover=&#8221;#FFFFFF&#8221; button_bg_color__hover_enabled=&#8221;on|hover&#8221;]<span><img decoding=\"async\" src=\"https:\/\/agenciaseolocal.eu\/bedda\/wp-content\/uploads\/2023\/06\/mesoterapia-corporal-bedda.webp\" width=\"300\" style=\"margin-bottom: -5%;\" alt=\"\" class=\"wp-image-26983 alignnone size-medium\" \/><\/span><\/p>\n<h3 style=\"text-align: center;\"><span style=\"font-size: 16px;\">Mesoterapia Corporal<\/span><\/h3>\n<p>Es una t\u00e9cnica terap\u00e9utica de medicina est\u00e9tica altamente eficaz para tratar afecciones de manera local.[\/dica_divi_carouselitem][dica_divi_carouselitem admin_label=&#8221;peeling&#8221; button_text=&#8221;Saber m\u00e1s&#8221; button_url=&#8221;https:\/\/agenciaseolocal.eu\/bedda\/peeling-facial\/&#8221; button_url_new_window=&#8221;1&#8243; rating_alignment=&#8221;center&#8221; rating_position=&#8221;rating-top&#8221; image_padding=&#8221;||||false|false&#8221; content_padding=&#8221;||||false|false&#8221; button_margin=&#8221;||||false|false&#8221; button_padding=&#8221;|30px||30px|false|true&#8221; custom_margin=&#8221;||||true|true&#8221; custom_padding=&#8221;5%||5%||true|true&#8221; _builder_version=&#8221;4.23.4&#8243; header_level=&#8221;h2&#8243; header_text_align=&#8221;center&#8221; header_font_size=&#8221;16px&#8221; subtitle_font=&#8221;Nunito||||||||&#8221; subtitle_text_align=&#8221;center&#8221; background_color=&#8221;#f1f1f1&#8243; background_enable_color=&#8221;on&#8221; background_enable_image=&#8221;off&#8221; background_blend=&#8221;multiply&#8221; custom_button=&#8221;on&#8221; button_text_size=&#8221;18px&#8221; button_text_color=&#8221;#FFFFFF&#8221; button_bg_color=&#8221;#ff0070&#8243; button_border_width=&#8221;0px&#8221; button_border_radius=&#8221;50px&#8221; button_font=&#8221;||||||||&#8221; button_use_icon=&#8221;off&#8221; button_alignment=&#8221;center&#8221; overflow-x=&#8221;visible&#8221; overflow-y=&#8221;visible&#8221; button_text_size_phone=&#8221;18px&#8221; button_text_size_last_edited=&#8221;off|phone&#8221; box_shadow_style=&#8221;preset1&#8243; box_shadow_color=&#8221;rgba(0,0,0,0.2)&#8221; global_colors_info=&#8221;{}&#8221; button_text_color__hover=&#8221;#ff0070&#8243; button_text_color__hover_enabled=&#8221;on|desktop&#8221; button_bg_color__hover=&#8221;#FFFFFF&#8221; button_bg_color__hover_enabled=&#8221;on|hover&#8221;]<span><img decoding=\"async\" src=\"https:\/\/agenciaseolocal.eu\/bedda\/wp-content\/uploads\/2023\/06\/peeling-bedda.webp\" width=\"300\" style=\"margin-bottom: -5%;\" alt=\"\" class=\"wp-image-26983 alignnone size-medium\" \/><\/span><\/p>\n<h3 style=\"text-align: center;\"><span style=\"font-size: 16px;\">Peeling<\/span><\/h3>\n<p>Con esta t\u00e9cnica se consigue la renovaci\u00f3n de las capas de la piel, consistencia, uniformidad del color e hidrataci\u00f3n.[\/dica_divi_carouselitem][dica_divi_carouselitem admin_label=&#8221;hialuronico&#8221; button_text=&#8221;Saber m\u00e1s&#8221; button_url=&#8221;https:\/\/agenciaseolocal.eu\/bedda\/acido-hialuronico\/&#8221; button_url_new_window=&#8221;1&#8243; rating_alignment=&#8221;center&#8221; rating_position=&#8221;rating-top&#8221; image_padding=&#8221;||||false|false&#8221; content_padding=&#8221;||||false|false&#8221; button_margin=&#8221;||||false|false&#8221; button_padding=&#8221;|30px||30px|false|true&#8221; custom_margin=&#8221;||||true|true&#8221; custom_padding=&#8221;5%||5%||true|true&#8221; _builder_version=&#8221;4.23.4&#8243; header_level=&#8221;h2&#8243; header_text_align=&#8221;center&#8221; header_font_size=&#8221;16px&#8221; subtitle_font=&#8221;Nunito||||||||&#8221; subtitle_text_align=&#8221;center&#8221; background_color=&#8221;#f1f1f1&#8243; background_enable_color=&#8221;on&#8221; background_enable_image=&#8221;off&#8221; background_blend=&#8221;multiply&#8221; custom_button=&#8221;on&#8221; button_text_size=&#8221;18px&#8221; button_text_color=&#8221;#FFFFFF&#8221; button_bg_color=&#8221;#ff0070&#8243; button_border_width=&#8221;0px&#8221; button_border_radius=&#8221;50px&#8221; button_font=&#8221;||||||||&#8221; button_use_icon=&#8221;off&#8221; button_alignment=&#8221;center&#8221; overflow-x=&#8221;visible&#8221; overflow-y=&#8221;visible&#8221; button_text_size_phone=&#8221;18px&#8221; button_text_size_last_edited=&#8221;off|phone&#8221; box_shadow_style=&#8221;preset1&#8243; box_shadow_color=&#8221;rgba(0,0,0,0.2)&#8221; global_colors_info=&#8221;{}&#8221; button_text_color__hover=&#8221;#ff0070&#8243; button_text_color__hover_enabled=&#8221;on|desktop&#8221; button_bg_color__hover=&#8221;#FFFFFF&#8221; button_bg_color__hover_enabled=&#8221;on|hover&#8221;]<span><img decoding=\"async\" src=\"https:\/\/agenciaseolocal.eu\/bedda\/wp-content\/uploads\/2023\/06\/acido-hialuronico-bedda.webp\" width=\"300\" style=\"margin-bottom: -5%;\" alt=\"\" class=\"wp-image-26983 alignnone size-medium\" \/><\/span><\/p>\n<h3 style=\"text-align: center;\"><span style=\"font-size: 16px;\">\u00c1cido Hialur\u00f3nico<\/span><\/h3>\n<p>Una de sus propiedades m\u00e1s importantes es la capacidad para atraer y retener el agua en los tejidos de la piel.[\/dica_divi_carouselitem][dica_divi_carouselitem admin_label=&#8221;Rejuvenecimiento&#8221; button_text=&#8221;Saber m\u00e1s&#8221; button_url=&#8221;https:\/\/agenciaseolocal.eu\/bedda\/rejuvenecimiento-facial\/&#8221; button_url_new_window=&#8221;1&#8243; rating_alignment=&#8221;center&#8221; rating_position=&#8221;rating-top&#8221; image_padding=&#8221;||||false|false&#8221; content_padding=&#8221;||||false|false&#8221; button_margin=&#8221;||||false|false&#8221; button_padding=&#8221;|30px||30px|false|true&#8221; custom_margin=&#8221;||||true|true&#8221; custom_padding=&#8221;5%||5%||true|true&#8221; _builder_version=&#8221;4.23.4&#8243; header_level=&#8221;h2&#8243; header_text_align=&#8221;center&#8221; header_font_size=&#8221;16px&#8221; subtitle_font=&#8221;Nunito||||||||&#8221; subtitle_text_align=&#8221;center&#8221; background_color=&#8221;#f1f1f1&#8243; background_enable_color=&#8221;on&#8221; background_enable_image=&#8221;off&#8221; background_blend=&#8221;multiply&#8221; custom_button=&#8221;on&#8221; button_text_size=&#8221;18px&#8221; button_text_color=&#8221;#FFFFFF&#8221; button_bg_color=&#8221;#ff0070&#8243; button_border_width=&#8221;0px&#8221; button_border_radius=&#8221;50px&#8221; button_font=&#8221;||||||||&#8221; button_use_icon=&#8221;off&#8221; button_alignment=&#8221;center&#8221; overflow-x=&#8221;visible&#8221; overflow-y=&#8221;visible&#8221; button_text_size_phone=&#8221;18px&#8221; button_text_size_last_edited=&#8221;off|phone&#8221; box_shadow_style=&#8221;preset1&#8243; box_shadow_color=&#8221;rgba(0,0,0,0.2)&#8221; global_colors_info=&#8221;{}&#8221; button_text_color__hover=&#8221;#ff0070&#8243; button_text_color__hover_enabled=&#8221;on|desktop&#8221; button_bg_color__hover=&#8221;#FFFFFF&#8221; button_bg_color__hover_enabled=&#8221;on|hover&#8221;]<span><img decoding=\"async\" src=\"https:\/\/agenciaseolocal.eu\/bedda\/wp-content\/uploads\/2023\/06\/rejuvenecimiento-facial-bedda.webp\" width=\"300\" style=\"margin-bottom: -5%;\" alt=\"\" class=\"wp-image-26983 alignnone size-medium\" \/><\/span><\/p>\n<h3 style=\"text-align: center;\"><span style=\"font-size: 16px;\">Rejuvenecimiento Facial<\/span><\/h3>\n<p>Es una de las t\u00e9cnicas usadas para recuperar o corregir flacidez, arrugas, manchas o da\u00f1os causado por la edad.[\/dica_divi_carouselitem][dica_divi_carouselitem admin_label=&#8221;perfilado labios&#8221; button_text=&#8221;Saber m\u00e1s&#8221; button_url=&#8221;https:\/\/agenciaseolocal.eu\/bedda\/aumento-de-labios\/&#8221; button_url_new_window=&#8221;1&#8243; rating_alignment=&#8221;center&#8221; rating_position=&#8221;rating-top&#8221; image_padding=&#8221;||||false|false&#8221; content_padding=&#8221;||||false|false&#8221; button_margin=&#8221;||||false|false&#8221; button_padding=&#8221;|30px||30px|false|true&#8221; custom_margin=&#8221;||||true|true&#8221; custom_padding=&#8221;5%||5%||true|true&#8221; _builder_version=&#8221;4.23.4&#8243; header_level=&#8221;h2&#8243; header_text_align=&#8221;center&#8221; header_font_size=&#8221;16px&#8221; subtitle_font=&#8221;Nunito||||||||&#8221; subtitle_text_align=&#8221;center&#8221; background_color=&#8221;#f1f1f1&#8243; background_enable_color=&#8221;on&#8221; background_enable_image=&#8221;off&#8221; background_blend=&#8221;multiply&#8221; custom_button=&#8221;on&#8221; button_text_size=&#8221;18px&#8221; button_text_color=&#8221;#FFFFFF&#8221; button_bg_color=&#8221;#ff0070&#8243; button_border_width=&#8221;0px&#8221; button_border_radius=&#8221;50px&#8221; button_font=&#8221;||||||||&#8221; button_use_icon=&#8221;off&#8221; button_alignment=&#8221;center&#8221; overflow-x=&#8221;visible&#8221; overflow-y=&#8221;visible&#8221; button_text_size_phone=&#8221;18px&#8221; button_text_size_last_edited=&#8221;off|phone&#8221; box_shadow_style=&#8221;preset1&#8243; box_shadow_color=&#8221;rgba(0,0,0,0.2)&#8221; global_colors_info=&#8221;{}&#8221; button_text_color__hover=&#8221;#ff0070&#8243; button_text_color__hover_enabled=&#8221;on|desktop&#8221; button_bg_color__hover=&#8221;#FFFFFF&#8221; button_bg_color__hover_enabled=&#8221;on|hover&#8221;]<span><img decoding=\"async\" src=\"https:\/\/agenciaseolocal.eu\/bedda\/wp-content\/uploads\/2023\/06\/relleno-perfilado-labios-bedda.webp\" width=\"300\" style=\"margin-bottom: -5%;\" alt=\"\" class=\"wp-image-26983 alignnone size-medium\" \/><\/span><\/p>\n<h3 style=\"text-align: center;\"><span style=\"font-size: 16px; letter-spacing: -0.1px !important;\">Relleno y Perfilado de Labios<\/span><\/h3>\n<p>Se le da una forma adecuada seg\u00fan las proporciones y anatom\u00eda del rostro con resultados naturales.[\/dica_divi_carouselitem][dica_divi_carouselitem admin_label=&#8221;antiarrugas&#8221; button_text=&#8221;Saber m\u00e1s&#8221; button_url=&#8221;https:\/\/agenciaseolocal.eu\/bedda\/tratamiento-antiarrugas\/&#8221; button_url_new_window=&#8221;1&#8243; rating_alignment=&#8221;center&#8221; rating_position=&#8221;rating-top&#8221; image_padding=&#8221;||||false|false&#8221; content_padding=&#8221;||||false|false&#8221; button_margin=&#8221;||||false|false&#8221; button_padding=&#8221;|30px||30px|false|true&#8221; custom_margin=&#8221;||||true|true&#8221; custom_padding=&#8221;5%||5%||true|true&#8221; _builder_version=&#8221;4.23.4&#8243; header_level=&#8221;h2&#8243; header_text_align=&#8221;center&#8221; header_font_size=&#8221;16px&#8221; subtitle_font=&#8221;Nunito||||||||&#8221; subtitle_text_align=&#8221;center&#8221; background_color=&#8221;#f1f1f1&#8243; background_enable_color=&#8221;on&#8221; background_enable_image=&#8221;off&#8221; background_blend=&#8221;multiply&#8221; custom_button=&#8221;on&#8221; button_text_size=&#8221;18px&#8221; button_text_color=&#8221;#FFFFFF&#8221; button_bg_color=&#8221;#ff0070&#8243; button_border_width=&#8221;0px&#8221; button_border_radius=&#8221;50px&#8221; button_font=&#8221;||||||||&#8221; button_use_icon=&#8221;off&#8221; button_alignment=&#8221;center&#8221; overflow-x=&#8221;visible&#8221; overflow-y=&#8221;visible&#8221; button_text_size_phone=&#8221;18px&#8221; button_text_size_last_edited=&#8221;off|phone&#8221; box_shadow_style=&#8221;preset1&#8243; box_shadow_color=&#8221;rgba(0,0,0,0.2)&#8221; global_colors_info=&#8221;{}&#8221; button_text_color__hover=&#8221;#ff0070&#8243; button_text_color__hover_enabled=&#8221;on|desktop&#8221; button_bg_color__hover=&#8221;#FFFFFF&#8221; button_bg_color__hover_enabled=&#8221;on|hover&#8221;]<span><img decoding=\"async\" src=\"https:\/\/agenciaseolocal.eu\/bedda\/wp-content\/uploads\/2023\/06\/antiarrugas-bedda.webp\" width=\"300\" style=\"margin-bottom: -5%;\" alt=\"\" class=\"wp-image-26983 alignnone size-medium\" \/><\/span><\/p>\n<h3 style=\"text-align: center;\"><span style=\"font-size: 16px;\">Antiarrugas<\/span><\/h3>\n<p>Con el tiempo disminuye la elasticidad, la dermis pierde densidad y mantener una buena hidrataci\u00f3n es clave.[\/dica_divi_carouselitem][dica_divi_carouselitem admin_label=&#8221;ojeras&#8221; button_text=&#8221;Saber m\u00e1s&#8221; button_url=&#8221;https:\/\/agenciaseolocal.eu\/bedda\/tratamiento-ojeras-bolsas\/&#8221; button_url_new_window=&#8221;1&#8243; rating_alignment=&#8221;center&#8221; rating_position=&#8221;rating-top&#8221; image_padding=&#8221;||||false|false&#8221; content_padding=&#8221;||||false|false&#8221; button_margin=&#8221;||||false|false&#8221; button_padding=&#8221;|30px||30px|false|true&#8221; custom_margin=&#8221;||||true|true&#8221; custom_padding=&#8221;5%||5%||true|true&#8221; _builder_version=&#8221;4.23.4&#8243; header_level=&#8221;h2&#8243; header_text_align=&#8221;center&#8221; header_font_size=&#8221;16px&#8221; subtitle_font=&#8221;Nunito||||||||&#8221; subtitle_text_align=&#8221;center&#8221; background_color=&#8221;#f1f1f1&#8243; background_enable_color=&#8221;on&#8221; background_enable_image=&#8221;off&#8221; background_blend=&#8221;multiply&#8221; custom_button=&#8221;on&#8221; button_text_size=&#8221;18px&#8221; button_text_color=&#8221;#FFFFFF&#8221; button_bg_color=&#8221;#ff0070&#8243; button_border_width=&#8221;0px&#8221; button_border_radius=&#8221;50px&#8221; button_font=&#8221;||||||||&#8221; button_use_icon=&#8221;off&#8221; button_alignment=&#8221;center&#8221; overflow-x=&#8221;visible&#8221; overflow-y=&#8221;visible&#8221; button_text_size_phone=&#8221;18px&#8221; button_text_size_last_edited=&#8221;off|phone&#8221; box_shadow_style=&#8221;preset1&#8243; box_shadow_color=&#8221;rgba(0,0,0,0.2)&#8221; global_colors_info=&#8221;{}&#8221; button_text_color__hover=&#8221;#ff0070&#8243; button_text_color__hover_enabled=&#8221;on|desktop&#8221; button_bg_color__hover=&#8221;#FFFFFF&#8221; button_bg_color__hover_enabled=&#8221;on|hover&#8221;]<span><img decoding=\"async\" src=\"https:\/\/agenciaseolocal.eu\/bedda\/wp-content\/uploads\/2023\/06\/ojeras-bedda.webp\" width=\"300\" style=\"margin-bottom: -5%;\" alt=\"\" class=\"wp-image-26983 alignnone size-medium\" \/><\/span><\/p>\n<h3 style=\"text-align: center;\"><span style=\"font-size: 16px;\">Ojeras<\/span><\/h3>\n<p>El \u00e1rea debajo de los ojos puede verse oscura debido a la hiperpigmentaci\u00f3n o al adelgazamiento de esta la piel.[\/dica_divi_carouselitem][dica_divi_carouselitem admin_label=&#8221;Hidrataci\u00f3n Profunda&#8221; button_text=&#8221;Saber m\u00e1s&#8221; button_url=&#8221;https:\/\/agenciaseolocal.eu\/bedda\/hidratacion-profunda\/&#8221; button_url_new_window=&#8221;1&#8243; rating_alignment=&#8221;center&#8221; rating_position=&#8221;rating-top&#8221; image_padding=&#8221;||||false|false&#8221; content_padding=&#8221;||||false|false&#8221; button_margin=&#8221;||||false|false&#8221; button_padding=&#8221;|30px||30px|false|true&#8221; custom_margin=&#8221;||||true|true&#8221; custom_padding=&#8221;5%||5%||true|true&#8221; _builder_version=&#8221;4.23.4&#8243; header_level=&#8221;h2&#8243; header_text_align=&#8221;center&#8221; header_font_size=&#8221;16px&#8221; subtitle_font=&#8221;Nunito||||||||&#8221; subtitle_text_align=&#8221;center&#8221; background_color=&#8221;#f1f1f1&#8243; background_enable_color=&#8221;on&#8221; background_enable_image=&#8221;off&#8221; background_blend=&#8221;multiply&#8221; custom_button=&#8221;on&#8221; button_text_size=&#8221;18px&#8221; button_text_color=&#8221;#FFFFFF&#8221; button_bg_color=&#8221;#ff0070&#8243; button_border_width=&#8221;0px&#8221; button_border_radius=&#8221;50px&#8221; button_font=&#8221;||||||||&#8221; button_use_icon=&#8221;off&#8221; button_alignment=&#8221;center&#8221; overflow-x=&#8221;visible&#8221; overflow-y=&#8221;visible&#8221; button_text_size_phone=&#8221;18px&#8221; button_text_size_last_edited=&#8221;off|phone&#8221; box_shadow_style=&#8221;preset1&#8243; box_shadow_color=&#8221;rgba(0,0,0,0.2)&#8221; global_colors_info=&#8221;{}&#8221; button_text_color__hover=&#8221;#ff0070&#8243; button_text_color__hover_enabled=&#8221;on|desktop&#8221; button_bg_color__hover=&#8221;#FFFFFF&#8221; button_bg_color__hover_enabled=&#8221;on|hover&#8221;]<span><img decoding=\"async\" src=\"https:\/\/agenciaseolocal.eu\/bedda\/wp-content\/uploads\/2023\/06\/hidratacion-profunda-bedda.webp\" width=\"300\" style=\"margin-bottom: -5%;\" alt=\"\" class=\"wp-image-26983 alignnone size-medium\" \/><\/span><\/p>\n<h3 style=\"text-align: center;\"><span style=\"font-size: 16px;\">Hidrataci\u00f3n Profunda<\/span><\/h3>\n<p>Hidratar la piel de manera adecuada es uno de los pasos m\u00e1s importantes para mantenerla sana.[\/dica_divi_carouselitem][\/dica_divi_carousel][et_pb_button button_url=&#8221;https:\/\/agenciaseolocal.eu\/bedda\/medicina-estetica\/&#8221; button_text=&#8221;Ver todos los tratamientos&#8221; button_alignment=&#8221;center&#8221; _builder_version=&#8221;4.21.2&#8243; _module_preset=&#8221;default&#8221; custom_button=&#8221;on&#8221; button_text_color=&#8221;#FFFFFF&#8221; button_bg_color=&#8221;#ff0070&#8243; button_border_width=&#8221;0px&#8221; button_border_radius=&#8221;50px&#8221; button_font=&#8221;|||on|||||&#8221; button_use_icon=&#8221;off&#8221; custom_margin=&#8221;4%||||false|false&#8221; custom_padding=&#8221;10px|50px|10px|50px|true|true&#8221; custom_padding_tablet=&#8221;10px|50px|10px|50px|true|true&#8221; custom_padding_phone=&#8221;|15px||15px|true|true&#8221; custom_padding_last_edited=&#8221;on|phone&#8221; button_text_size_tablet=&#8221;&#8221; button_text_size_phone=&#8221;16px&#8221; button_text_size_last_edited=&#8221;on|phone&#8221; box_shadow_style=&#8221;preset1&#8243; locked=&#8221;off&#8221; global_colors_info=&#8221;{}&#8221; button_bg_color__hover_enabled=&#8221;on|hover&#8221; button_text_color__hover_enabled=&#8221;on|hover&#8221; button_bg_color__hover=&#8221;#FFFFFF&#8221; button_bg_enable_color__hover=&#8221;on&#8221; button_text_color__hover=&#8221;#ff0070&#8243;][\/et_pb_button][\/et_pb_column][\/et_pb_row][\/et_pb_section][et_pb_section fb_built=&#8221;1&#8243; custom_padding_last_edited=&#8221;on|phone&#8221; module_id=&#8221;estetica&#8221; _builder_version=&#8221;4.21.0&#8243; _module_preset=&#8221;default&#8221; background_enable_image=&#8221;off&#8221; background_size=&#8221;initial&#8221; custom_padding=&#8221;35px||0px||false|false&#8221; custom_padding_tablet=&#8221;35px||0px||false|false&#8221; custom_padding_phone=&#8221;15px||||false|false&#8221; locked=&#8221;off&#8221; global_colors_info=&#8221;{}&#8221;][et_pb_row use_custom_gutter=&#8221;on&#8221; _builder_version=&#8221;4.21.0&#8243; _module_preset=&#8221;default&#8221; width=&#8221;95%&#8221; custom_padding=&#8221;||0px|||&#8221; global_colors_info=&#8221;{}&#8221;][et_pb_column type=&#8221;4_4&#8243; _builder_version=&#8221;4.21.0&#8243; _module_preset=&#8221;default&#8221; global_colors_info=&#8221;{}&#8221;][et_pb_text _builder_version=&#8221;4.27.0&#8243; _module_preset=&#8221;default&#8221; text_font=&#8221;catalish-huntera||||||||&#8221; text_font_size=&#8221;30px&#8221; text_line_height=&#8221;1.4em&#8221; header_2_font_size=&#8221;45px&#8221; text_orientation=&#8221;center&#8221; custom_margin=&#8221;||||false|false&#8221; hover_enabled=&#8221;0&#8243; text_font_size_tablet=&#8221;40px&#8221; text_font_size_phone=&#8221;20px&#8221; text_font_size_last_edited=&#8221;on|phone&#8221; header_2_font_size_tablet=&#8221;45px&#8221; header_2_font_size_phone=&#8221;30px&#8221; header_2_font_size_last_edited=&#8221;on|phone&#8221; locked=&#8221;off&#8221; global_colors_info=&#8221;{}&#8221; sticky_enabled=&#8221;0&#8243;]<\/p>\n<p class=\"manuscrita\" style=\"color: #ff4a8a !important;\">Lo m\u00e1s vendido<\/p>\n<h2>Tratamientos de est\u00e9tica premium en A Coru\u00f1a<\/h2>\n<p>[\/et_pb_text][\/et_pb_column][\/et_pb_row][et_pb_row use_custom_gutter=&#8221;on&#8221; custom_padding_last_edited=&#8221;on|phone&#8221; _builder_version=&#8221;4.21.0&#8243; _module_preset=&#8221;default&#8221; width=&#8221;95%&#8221; custom_padding=&#8221;1%||70px||false|false&#8221; custom_padding_tablet=&#8221;||70px||false|false&#8221; custom_padding_phone=&#8221;1.5%||30px||false|false&#8221; locked=&#8221;off&#8221; global_colors_info=&#8221;{}&#8221;][et_pb_column type=&#8221;4_4&#8243; _builder_version=&#8221;4.21.0&#8243; _module_preset=&#8221;default&#8221; global_colors_info=&#8221;{}&#8221;][et_pb_shop type=&#8221;product_category&#8221; include_categories=&#8221;52,53,45,46&#8243; icon_hover_color=&#8221;RGBA(255,255,255,0)&#8221; hover_overlay_color=&#8221;RGBA(255,255,255,0)&#8221; show_rating=&#8221;off&#8221; show_sale_badge=&#8221;off&#8221; module_id=&#8221;productos-tienda&#8221; module_class=&#8221;vic-carrusel&#8221; _builder_version=&#8221;4.22.1&#8243; _module_preset=&#8221;default&#8221; title_text_align=&#8221;center&#8221; price_text_align=&#8221;center&#8221; price_text_color=&#8221;#ff4a8a&#8221; price_font_size=&#8221;18px&#8221; custom_margin=&#8221;||||false|false&#8221; custom_padding=&#8221;||||false|false&#8221; global_colors_info=&#8221;{}&#8221;][\/et_pb_shop][et_pb_button button_url=&#8221;https:\/\/agenciaseolocal.eu\/bedda\/estetica-premium\/&#8221; button_text=&#8221;Ver todos los tratamientos&#8221; button_alignment=&#8221;center&#8221; _builder_version=&#8221;4.21.2&#8243; _module_preset=&#8221;default&#8221; custom_button=&#8221;on&#8221; button_text_color=&#8221;#FFFFFF&#8221; button_bg_color=&#8221;#ff0070&#8243; button_border_width=&#8221;0px&#8221; button_border_radius=&#8221;50px&#8221; button_font=&#8221;|||on|||||&#8221; button_use_icon=&#8221;off&#8221; custom_margin=&#8221;3%||||false|false&#8221; custom_padding=&#8221;10px|50px|10px|50px|true|true&#8221; custom_padding_tablet=&#8221;10px|50px|10px|50px|true|true&#8221; custom_padding_phone=&#8221;|15px||15px|true|true&#8221; custom_padding_last_edited=&#8221;on|phone&#8221; button_text_size_tablet=&#8221;&#8221; button_text_size_phone=&#8221;16px&#8221; button_text_size_last_edited=&#8221;on|phone&#8221; box_shadow_style=&#8221;preset1&#8243; global_module=&#8221;30170&#8243; saved_tabs=&#8221;all&#8221; locked=&#8221;off&#8221; global_colors_info=&#8221;{}&#8221; button_bg_color__hover_enabled=&#8221;on|hover&#8221; button_text_color__hover_enabled=&#8221;on|hover&#8221; button_bg_color__hover=&#8221;#FFFFFF&#8221; button_bg_enable_color__hover=&#8221;on&#8221; button_text_color__hover=&#8221;#ff0070&#8243;][\/et_pb_button][\/et_pb_column][\/et_pb_row][\/et_pb_section][et_pb_section fb_built=&#8221;1&#8243; custom_padding_last_edited=&#8221;on|phone&#8221; _builder_version=&#8221;4.21.0&#8243; _module_preset=&#8221;default&#8221; background_color=&#8221;#f7f7f7&#8243; background_image=&#8221;https:\/\/agenciaseolocal.eu\/bedda\/wp-content\/uploads\/2023\/05\/fondo-flores.png&#8221; background_size=&#8221;contain&#8221; background_position=&#8221;top_center&#8221; background_blend=&#8221;multiply&#8221; custom_padding=&#8221;35px||35px||true|false&#8221; custom_padding_tablet=&#8221;35px||11px||false|false&#8221; custom_padding_phone=&#8221;15px||11px||false|false&#8221; locked=&#8221;off&#8221; global_colors_info=&#8221;{}&#8221;][et_pb_row _builder_version=&#8221;4.21.0&#8243; _module_preset=&#8221;default&#8221; width=&#8221;95%&#8221; global_colors_info=&#8221;{}&#8221;][et_pb_column type=&#8221;4_4&#8243; _builder_version=&#8221;4.21.0&#8243; _module_preset=&#8221;default&#8221; global_colors_info=&#8221;{}&#8221;][et_pb_text _builder_version=&#8221;4.21.0&#8243; _module_preset=&#8221;default&#8221; text_font=&#8221;catalish-huntera||||||||&#8221; text_font_size=&#8221;30px&#8221; text_line_height=&#8221;1.4em&#8221; header_2_font_size=&#8221;45px&#8221; text_orientation=&#8221;center&#8221; custom_margin=&#8221;||||false|false&#8221; text_font_size_tablet=&#8221;40px&#8221; text_font_size_phone=&#8221;20px&#8221; text_font_size_last_edited=&#8221;on|phone&#8221; header_2_font_size_tablet=&#8221;45px&#8221; header_2_font_size_phone=&#8221;30px&#8221; header_2_font_size_last_edited=&#8221;on|phone&#8221; locked=&#8221;off&#8221; global_colors_info=&#8221;{}&#8221;]<\/p>\n<p class=\"manuscrita\" style=\"color: #ff4a8a !important;\">Te escuchamos<\/p>\n<h2>Opiniones de clientes de Centros bedda A Coru\u00f1a<\/h2>\n<p>[\/et_pb_text][et_pb_text _builder_version=&#8221;4.21.0&#8243; _module_preset=&#8221;default&#8221; global_colors_info=&#8221;{}&#8221;]<\/p>\n<div class=\"rpi\" style=\"\" data-id=\"30530\" data-opts='{\"layout\":\"slider\",\"style_style\":\"1\",\"style_stars\":\"1\",\"style_ava\":\"1\",\"head_logo\":\"1\",\"style_logo\":\"1\",\"pagination\":\"\",\"text_size\":\"\",\"hide_avatar\":\"\",\"hide_name\":\"\",\"disable_review_time\":\"\",\"disable_user_link\":\"\",\"disable_google_link\":\"\",\"open_link\":\"1\",\"nofollow_link\":\"1\",\"lazy_load_img\":\"1\",\"time_format\":\"\",\"breakpoints\":\"\",\"ajax_load\":false,\"trans\":{\"read more\":\"leer m\\u00e1s\",\"Response from the owner\":\"Respuesta del propietario\"}}' data-exec=\"\"><div class=\"rpi-cnt rpi-col-m rpi-slider rpi-sh\" data-opts='{\"pagination\":\"\",\"speed\":5,\"autoplay\":\"\",\"wheelscroll\":\"\",\"mousestop\":\"\",\"clickstop\":\"\",\"swipe_step\":\"3\",\"swipe_per_btn\":\"3\",\"swipe_per_dot\":\"3\",\"hide_dots\":\"\"}' style=\"visibility:var(--visible, hidden)\" ><\/div><span class=\"rpi-hide\" style=\"display:none\"><style>.rpi-star:first-child[data-rating]::before{content:attr(data-rating);color:var(--star-color);font-size:var(--head-grade-fs);font-weight:var(--head-grade-weight,900)}<\/style><\/span><img decoding=\"async\" src=\"data:image\/gif;base64,R0lGODlhAQABAIAAAAAAAP\/\/\/yH5BAEAAAAALAAAAAABAAEAAAIBRAA7\" alt=\"\" onload=\"(function(el) { window.brb_vars=window.brb_vars||{ajaxurl:'https:\/\/agenciaseolocal.eu\/bedda\/wp-admin\/admin-ajax.php'}; var t = setInterval(function() {if (window.RichPlugins && !el.getAttribute('data-exec')) { let l = 'slider'; RichPlugins.init(el); clearInterval(t) }}, 200)})(this.closest('.rpi'))\" width=\"1\" height=\"1\" style=\"display:none\"><\/div>\n<p>[\/et_pb_text][\/et_pb_column][\/et_pb_row][\/et_pb_section][et_pb_section fb_built=&#8221;1&#8243; custom_padding_last_edited=&#8221;on|phone&#8221; _builder_version=&#8221;4.21.0&#8243; _module_preset=&#8221;default&#8221; background_color=&#8221;#686970&#8243; background_image=&#8221;https:\/\/agenciaseolocal.eu\/bedda\/wp-content\/uploads\/2023\/05\/fondo-flores5.jpg&#8221; background_size=&#8221;initial&#8221; background_position=&#8221;top_center&#8221; background_repeat=&#8221;repeat&#8221; background_blend=&#8221;multiply&#8221; custom_padding=&#8221;35px||35px||false|false&#8221; custom_padding_tablet=&#8221;35px||35px||false|false&#8221; custom_padding_phone=&#8221;15px|7px|15px|7px|true|true&#8221; locked=&#8221;off&#8221; global_colors_info=&#8221;{}&#8221;][et_pb_row _builder_version=&#8221;4.21.0&#8243; _module_preset=&#8221;default&#8221; custom_padding=&#8221;||10px|||&#8221; global_colors_info=&#8221;{}&#8221;][et_pb_column type=&#8221;4_4&#8243; _builder_version=&#8221;4.21.0&#8243; _module_preset=&#8221;default&#8221; global_colors_info=&#8221;{}&#8221;][et_pb_text _builder_version=&#8221;4.21.0&#8243; _module_preset=&#8221;default&#8221; text_font=&#8221;catalish-huntera||||||||&#8221; text_font_size=&#8221;30px&#8221; text_line_height=&#8221;1.4em&#8221; header_2_text_color=&#8221;#FFFFFF&#8221; header_2_font_size=&#8221;45px&#8221; text_orientation=&#8221;center&#8221; custom_margin=&#8221;||||false|false&#8221; text_font_size_tablet=&#8221;40px&#8221; text_font_size_phone=&#8221;20px&#8221; text_font_size_last_edited=&#8221;on|phone&#8221; header_2_font_size_tablet=&#8221;45px&#8221; header_2_font_size_phone=&#8221;30px&#8221; header_2_font_size_last_edited=&#8221;on|phone&#8221; locked=&#8221;off&#8221; global_colors_info=&#8221;{}&#8221;]<\/p>\n<p class=\"manuscrita\" style=\"color: #fff !important;\">D\u00f3nde estamos<\/p>\n<h2>Encu\u00e9ntranos en A Coru\u00f1a<\/h2>\n<p>[\/et_pb_text][\/et_pb_column][\/et_pb_row][et_pb_row column_structure=&#8221;1_4,1_2,1_4&#8243; use_custom_gutter=&#8221;on&#8221; gutter_width=&#8221;1&#8243; make_equal=&#8221;on&#8221; _builder_version=&#8221;4.21.0&#8243; _module_preset=&#8221;default&#8221; width=&#8221;95%&#8221; global_colors_info=&#8221;{}&#8221;][et_pb_column type=&#8221;1_4&#8243; _builder_version=&#8221;4.21.0&#8243; _module_preset=&#8221;default&#8221; global_colors_info=&#8221;{}&#8221;][\/et_pb_column][et_pb_column type=&#8221;1_2&#8243; _builder_version=&#8221;4.21.0&#8243; _module_preset=&#8221;default&#8221; global_colors_info=&#8221;{}&#8221;][et_pb_text _builder_version=&#8221;4.22.1&#8243; _module_preset=&#8221;default&#8221; text_text_color=&#8221;#FFFFFF&#8221; global_colors_info=&#8221;{}&#8221;]<\/p>\n<p style=\"font-size: 20px; font-weight: 800; color: #ff79a5;\">Centro de depilaci\u00f3n l\u00e1ser A Coru\u00f1a<\/p>\n<hr style=\"margin-top: -1%;\" \/>\n<p><span style=\"color: #ffffff;\"><a href=\"https:\/\/www.google.com\/maps?cid=2989802485933401418\" target=\"_blank\" rel=\"noopener\" style=\"color: #ffffff;\">R\u00faa Ram\u00f3n y Cajal, 53, 15006 A Coru\u00f1a<\/a><\/span><\/p>\n<p>Tel:<span style=\"color: #ffffff;\"><a href=\"tel:675288539\" style=\"color: #ffffff;\"> 675 28 85 39<\/a><\/span><\/p>\n<p><strong>Horario:<\/strong><br \/>L. a S. 09:00 a 21:00 (ininterrumpidamente)<\/p>\n<p><iframe src=\"https:\/\/www.google.com\/maps\/embed?pb=!1m18!1m12!1m3!1d2901.0639899816447!2d-8.405267623469376!3d43.35477207168063!2m3!1f0!2f0!3f0!3m2!1i1024!2i768!4f13.1!3m3!1m2!1s0xd2e7d1ac9161cbb%3A0x297de98532a3e54a!2sCentros%20bedda!5e0!3m2!1ses!2ses!4v1686572809432!5m2!1ses!2ses\" width=\"100%\" height=\"200\" style=\"border: 0;\" allowfullscreen=\"\" loading=\"lazy\" referrerpolicy=\"no-referrer-when-downgrade\"><\/iframe><\/p>\n<p>[\/et_pb_text][\/et_pb_column][et_pb_column type=&#8221;1_4&#8243; _builder_version=&#8221;4.21.0&#8243; _module_preset=&#8221;default&#8221; global_colors_info=&#8221;{}&#8221;][\/et_pb_column][\/et_pb_row][\/et_pb_section][et_pb_section fb_built=&#8221;1&#8243; custom_padding_last_edited=&#8221;on|phone&#8221; _builder_version=&#8221;4.21.0&#8243; _module_preset=&#8221;default&#8221; background_image=&#8221;https:\/\/agenciaseolocal.eu\/bedda\/wp-content\/uploads\/2023\/05\/fondo-flores.png&#8221; background_size=&#8221;contain&#8221; background_position=&#8221;top_center&#8221; custom_margin=&#8221;||||false|false&#8221; custom_padding=&#8221;35px||16px||false|false&#8221; custom_padding_tablet=&#8221;35px||16px||false|false&#8221; custom_padding_phone=&#8221;15px||||false|false&#8221; locked=&#8221;off&#8221; global_colors_info=&#8221;{}&#8221;][et_pb_row column_structure=&#8221;2_3,1_3&#8243; _builder_version=&#8221;4.21.0&#8243; _module_preset=&#8221;default&#8221; width=&#8221;95%&#8221; custom_padding=&#8221;||60px||false|false&#8221; global_colors_info=&#8221;{}&#8221;][et_pb_column type=&#8221;2_3&#8243; _builder_version=&#8221;4.21.0&#8243; _module_preset=&#8221;default&#8221; global_colors_info=&#8221;{}&#8221;][et_pb_text _builder_version=&#8221;4.21.0&#8243; _module_preset=&#8221;default&#8221; text_font=&#8221;catalish-huntera||||||||&#8221; text_font_size=&#8221;30px&#8221; text_line_height=&#8221;1.4em&#8221; header_2_font_size=&#8221;45px&#8221; custom_padding_tablet=&#8221;&#8221; custom_padding_phone=&#8221;|7px||7px|false|true&#8221; custom_padding_last_edited=&#8221;on|phone&#8221; text_font_size_tablet=&#8221;40px&#8221; text_font_size_phone=&#8221;20px&#8221; text_font_size_last_edited=&#8221;on|phone&#8221; header_2_font_size_tablet=&#8221;45px&#8221; header_2_font_size_phone=&#8221;30px&#8221; header_2_font_size_last_edited=&#8221;on|phone&#8221; locked=&#8221;off&#8221; global_colors_info=&#8221;{}&#8221;]<\/p>\n<p class=\"manuscrita\" style=\"color: #ff4a8a !important;\">FAQ<\/p>\n<h2>No te quedes con las dudas<\/h2>\n<p>[\/et_pb_text][et_pb_accordion open_toggle_text_color=&#8221;#ff79a5&#8243; open_toggle_background_color=&#8221;RGBA(255,255,255,0)&#8221; closed_toggle_background_color=&#8221;RGBA(255,255,255,0)&#8221; toggle_icon=&#8221;&#xf5bb;||fa||900&#8243; icon_color=&#8221;#ff79a5&#8243; _builder_version=&#8221;4.21.0&#8243; _module_preset=&#8221;default&#8221; toggle_text_color=&#8221;#686970&#8243; toggle_level=&#8221;h3&#8243; toggle_font=&#8221;||||||||&#8221; toggle_font_size=&#8221;24px&#8221; toggle_font_size_tablet=&#8221;24px&#8221; toggle_font_size_phone=&#8221;20px&#8221; toggle_font_size_last_edited=&#8221;on|phone&#8221; custom_css_toggle_title=&#8221;margin: 0 -7px&#8221; custom_css_toggle_content=&#8221;margin: 0 -7px&#8221; border_color_all=&#8221;#bb9495&#8243; border_color_bottom=&#8221;#ff79a5&#8243; locked=&#8221;off&#8221; global_colors_info=&#8221;{}&#8221;][et_pb_accordion_item title=&#8221;\u00bfCu\u00e1les son las ventajas de la depilaci\u00f3n l\u00e1ser en A Coru\u00f1a con Centros bedda?&#8221; open=&#8221;on&#8221; _builder_version=&#8221;4.21.0&#8243; _module_preset=&#8221;default&#8221; custom_margin=&#8221;||0px||false|false&#8221; border_width_all=&#8221;0px&#8221; border_width_bottom=&#8221;1px&#8221; global_colors_info=&#8221;{}&#8221;]<\/p>\n<p><span style=\"font-weight: 400;\">La depilaci\u00f3n l\u00e1ser en A Coru\u00f1a con Centros bedda ofrece <\/span><b>numerosas ventajas<\/b><span style=\"font-weight: 400;\">, como resultados duraderos, reducci\u00f3n del vello no deseado, tratamientos r\u00e1pidos y precisos, y la posibilidad de tratar diferentes \u00e1reas del cuerpo. Adem\u00e1s, nuestros profesionales y la tecnolog\u00eda de \u00faltima generaci\u00f3n garantizan una <\/span><b>experiencia segura y eficaz<\/b><span style=\"font-weight: 400;\">.<\/span><\/p>\n<p>[\/et_pb_accordion_item][et_pb_accordion_item title=&#8221;\u00bfLa depilaci\u00f3n l\u00e1ser en Centros bedda en A Coru\u00f1a es segura para todo tipo de piel?&#8221; _builder_version=&#8221;4.21.0&#8243; _module_preset=&#8221;default&#8221; custom_margin=&#8221;||0px||false|false&#8221; border_width_all=&#8221;0px&#8221; border_width_bottom=&#8221;1px&#8221; global_colors_info=&#8221;{}&#8221; open=&#8221;off&#8221;]<\/p>\n<p><b>S\u00ed<\/b><span style=\"font-weight: 400;\">, en Centros bedda A Coru\u00f1a utilizamos<\/span><b> tecnolog\u00eda de vanguardia<\/b><span style=\"font-weight: 400;\"> que permite adaptar los tratamientos de depilaci\u00f3n l\u00e1ser a diferentes tipos de piel. Nuestros especialistas evaluar\u00e1n tu tipo de piel y ajustar\u00e1n los par\u00e1metros del l\u00e1ser de diodo para garantizar la m\u00e1xima seguridad y eficacia del tratamiento.<\/span><\/p>\n<p>[\/et_pb_accordion_item][et_pb_accordion_item title=&#8221;\u00bfCu\u00e1nto tiempo dura cada sesi\u00f3n de depilaci\u00f3n l\u00e1ser en A Coru\u00f1a en Centros bedda?&#8221; _builder_version=&#8221;4.21.0&#8243; _module_preset=&#8221;default&#8221; custom_margin=&#8221;||0px||false|false&#8221; border_width_all=&#8221;0px&#8221; border_width_bottom=&#8221;1px&#8221; global_colors_info=&#8221;{}&#8221; open=&#8221;off&#8221;]<\/p>\n<p><span style=\"font-weight: 400;\">La duraci\u00f3n de cada sesi\u00f3n de depilaci\u00f3n l\u00e1ser en Centros bedda en A Coru\u00f1a <\/span><b>var\u00eda seg\u00fan el \u00e1rea tratada<\/b><span style=\"font-weight: 400;\">. Sin embargo, en general, las sesiones <\/span><b>suelen durar entre 15 y 60 minutos<\/b><span style=\"font-weight: 400;\">. Nuestros profesionales te proporcionar\u00e1n una estimaci\u00f3n m\u00e1s precisa durante la consulta inicial.<\/span><\/p>\n<p>[\/et_pb_accordion_item][et_pb_accordion_item title=&#8221;\u00bfEs necesario realizar alg\u00fan cuidado especial despu\u00e9s de la depilaci\u00f3n l\u00e1ser en Centros bedda A Coru\u00f1a?&#8221; _builder_version=&#8221;4.21.0&#8243; _module_preset=&#8221;default&#8221; custom_margin=&#8221;||0px||false|false&#8221; border_width_all=&#8221;0px&#8221; border_width_bottom=&#8221;1px&#8221; global_colors_info=&#8221;{}&#8221; open=&#8221;off&#8221;]<\/p>\n<p><span style=\"font-weight: 400;\">Despu\u00e9s de la depilaci\u00f3n l\u00e1ser en Centros bedda en A Coru\u00f1a, es recomendable<\/span><b> evitar la exposici\u00f3n directa al sol<\/b><span style=\"font-weight: 400;\">,<\/span><b> utilizar protector solar en las \u00e1reas tratadas<\/b><span style=\"font-weight: 400;\"> y <\/span><b>evitar el uso de productos irritantes<\/b><span style=\"font-weight: 400;\"> en la piel. Nuestros especialistas te dar\u00e1n instrucciones detalladas y recomendaciones personalizadas para el cuidado posterior al tratamiento.<\/span><\/p>\n<p>[\/et_pb_accordion_item][et_pb_accordion_item title=&#8221;\u00bfCu\u00e1les son las \u00e1reas m\u00e1s comunes para la depilaci\u00f3n l\u00e1ser en Coru\u00f1a en Centros bedda?&#8221; _builder_version=&#8221;4.21.0&#8243; _module_preset=&#8221;default&#8221; custom_margin=&#8221;||0px||false|false&#8221; border_width_all=&#8221;0px&#8221; border_width_bottom=&#8221;1px&#8221; global_colors_info=&#8221;{}&#8221; open=&#8221;off&#8221;]<\/p>\n<p><span style=\"font-weight: 400;\">En Centros bedda Coru\u00f1a ofrecemos depilaci\u00f3n l\u00e1ser en una amplia variedad de \u00e1reas del cuerpo, como <\/span><b>piernas<\/b><span style=\"font-weight: 400;\">, <\/span><b>axilas<\/b><span style=\"font-weight: 400;\">, <\/span><b>ingles<\/b><span style=\"font-weight: 400;\">, <\/span><b>espalda<\/b><span style=\"font-weight: 400;\">, <\/span><b>pecho<\/b><span style=\"font-weight: 400;\">, <\/span><b>brazos <\/b><span style=\"font-weight: 400;\">y <\/span><b>rostro<\/b><span style=\"font-weight: 400;\">, entre muchas otras. Tambi\u00e9n realizamos tratamientos de depilaci\u00f3n l\u00e1ser en zonas m\u00e1s espec\u00edficas, como el labio superior, ment\u00f3n y l\u00ednea del bikini. Durante la consulta inicial, nuestros especialistas te asesorar\u00e1n sobre las \u00e1reas que mejor se adapten a tus necesidades y deseos.<\/span><\/p>\n<p>[\/et_pb_accordion_item][\/et_pb_accordion][\/et_pb_column][et_pb_column type=&#8221;1_3&#8243; _builder_version=&#8221;4.21.0&#8243; _module_preset=&#8221;default&#8221; global_colors_info=&#8221;{}&#8221;][et_pb_blurb use_icon=&#8221;on&#8221; font_icon=&#8221;&#xf4ad;||fa||900&#8243; icon_color=&#8221;#ff79a5&#8243; _builder_version=&#8221;4.21.0&#8243; _module_preset=&#8221;default&#8221; custom_margin=&#8221;43%||||false|false&#8221; custom_margin_tablet=&#8221;23%||||false|false&#8221; custom_margin_phone=&#8221;5%||||false|false&#8221; custom_margin_last_edited=&#8221;on|phone&#8221; animation=&#8221;off&#8221; global_module=&#8221;987510087&#8243; saved_tabs=&#8221;all&#8221; locked=&#8221;off&#8221; global_colors_info=&#8221;{}&#8221;]<\/p>\n<div class=\"title-cta\" style=\"text-align: center;\"><strong>\u00bfTienes m\u00e1s preguntas?<\/strong><\/div>\n<p style=\"text-align: center;\">D\u00e9janos tus datos y nos pondremos en contacto contigo lo antes posible.<\/p>\n<p>[\/et_pb_blurb][et_pb_button button_url=&#8221;https:\/\/agenciaseolocal.eu\/bedda\/contactanos\/&#8221; button_text=&#8221;Contacta con nosotros&#8221; button_alignment=&#8221;center&#8221; _builder_version=&#8221;4.22.1&#8243; _module_preset=&#8221;default&#8221; custom_button=&#8221;on&#8221; button_text_size=&#8221;18px&#8221; button_text_color=&#8221;#FFFFFF&#8221; button_bg_color=&#8221;#ff0070&#8243; button_border_width=&#8221;0px&#8221; button_border_radius=&#8221;50px&#8221; button_font=&#8221;|||on|||||&#8221; button_use_icon=&#8221;off&#8221; custom_margin_tablet=&#8221;&#8221; custom_margin_phone=&#8221;5%||||false|false&#8221; custom_margin_last_edited=&#8221;on|phone&#8221; custom_padding=&#8221;5px|30px|10px|30px|false|true&#8221; custom_padding_tablet=&#8221;5px|30px|10px|30px|false|true&#8221; custom_padding_phone=&#8221;10px|15px|10px|15px|false|true&#8221; custom_padding_last_edited=&#8221;on|phone&#8221; button_text_size_tablet=&#8221;&#8221; button_text_size_phone=&#8221;16px&#8221; button_text_size_last_edited=&#8221;on|desktop&#8221; box_shadow_style=&#8221;preset1&#8243; global_module=&#8221;987510090&#8243; saved_tabs=&#8221;all&#8221; locked=&#8221;off&#8221; global_colors_info=&#8221;{}&#8221; button_text_color__hover=&#8221;#ff0070&#8243; button_text_color__hover_enabled=&#8221;on|desktop&#8221; button_bg_color__hover=&#8221;#FFFFFF&#8221; button_bg_color__hover_enabled=&#8221;on|hover&#8221; button_bg_enable_color__hover=&#8221;on&#8221;][\/et_pb_button][\/et_pb_column][\/et_pb_row][et_pb_row column_structure=&#8221;1_4,1_4,1_4,1_4&#8243; use_custom_gutter=&#8221;on&#8221; gutter_width=&#8221;3&#8243; make_equal=&#8221;on&#8221; custom_padding_last_edited=&#8221;on|phone&#8221; disabled_on=&#8221;off|off|off&#8221; _builder_version=&#8221;4.21.0&#8243; _module_preset=&#8221;default&#8221; background_enable_image=&#8221;off&#8221; background_blend=&#8221;multiply&#8221; width=&#8221;95%&#8221; custom_padding=&#8221;||||false|false&#8221; custom_padding_tablet=&#8221;||||false|false&#8221; custom_padding_phone=&#8221;|5px||20px|false|false&#8221; global_module=&#8221;987510057&#8243; saved_tabs=&#8221;all&#8221; locked=&#8221;off&#8221; global_colors_info=&#8221;{}&#8221;][et_pb_column type=&#8221;1_4&#8243; _builder_version=&#8221;4.21.0&#8243; _module_preset=&#8221;default&#8221; background_color=&#8221;#686970&#8243; background_image=&#8221;https:\/\/agenciaseolocal.eu\/bedda\/wp-content\/uploads\/2023\/05\/fondo-flores.jpg&#8221; background_blend=&#8221;multiply&#8221; custom_css_main_element=&#8221;margin-left: 2%&#8221; box_shadow_style=&#8221;preset4&#8243; box_shadow_horizontal=&#8221;-15px&#8221; box_shadow_vertical=&#8221;-15px&#8221; box_shadow_color=&#8221;#ff79a5&#8243; global_colors_info=&#8221;{}&#8221;][et_pb_image src=&#8221;https:\/\/agenciaseolocal.eu\/bedda\/wp-content\/uploads\/2023\/05\/cerca-de-ti-blanco.png&#8221; title_text=&#8221;cerca-de-ti-blanco&#8221; show_bottom_space=&#8221;off&#8221; _builder_version=&#8221;4.21.0&#8243; _module_preset=&#8221;default&#8221; width=&#8221;30%&#8221; custom_padding=&#8221;10%|||10%|false|false&#8221; global_colors_info=&#8221;{}&#8221;][\/et_pb_image][et_pb_toggle title=&#8221;Estamos cerca de ti&#8221; open_toggle_text_color=&#8221;#FFFFFF&#8221; open_toggle_background_color=&#8221;RGBA(255,255,255,0)&#8221; closed_toggle_background_color=&#8221;RGBA(255,255,255,0)&#8221; icon_color=&#8221;RGBA(255,255,255,0)&#8221; toggle_icon=&#8221;&#xf54e;||fa||900&#8243; open_icon_color=&#8221;RGBA(255,255,255,0)&#8221; open_toggle_icon=&#8221;&#xf5bb;||fa||900&#8243; _builder_version=&#8221;4.22.1&#8243; _module_preset=&#8221;default&#8221; title_text_color=&#8221;#FFFFFF&#8221; title_level=&#8221;h3&#8243; title_font_size=&#8221;19px&#8221; body_text_color=&#8221;#FFFFFF&#8221; custom_padding=&#8221;3%|10%|10%|10%|false|true&#8221; custom_padding_phone=&#8221;3%|7%|10%|10%|false|false&#8221; custom_padding_last_edited=&#8221;off|phone&#8221; custom_css_toggle_title=&#8221;margin-right:-12%&#8221; border_width_all=&#8221;0px&#8221; locked=&#8221;off&#8221; global_colors_info=&#8221;{}&#8221;]<span style=\"font-weight: 400;\">M\u00e1s de 25 cl\u00ednicas est\u00e9ticas y de depilaci\u00f3n l\u00e1ser en Espa\u00f1a. \u00a1Encuentra tu Centro bedda m\u00e1s cercano!<\/span>[\/et_pb_toggle][\/et_pb_column][et_pb_column type=&#8221;1_4&#8243; _builder_version=&#8221;4.21.0&#8243; _module_preset=&#8221;default&#8221; background_color=&#8221;#686970&#8243; background_image=&#8221;https:\/\/agenciaseolocal.eu\/bedda\/wp-content\/uploads\/2023\/05\/fondo-flores.jpg&#8221; background_blend=&#8221;multiply&#8221; custom_css_main_element=&#8221;margin-left: -2%&#8221; box_shadow_style=&#8221;preset4&#8243; box_shadow_horizontal=&#8221;-15px&#8221; box_shadow_vertical=&#8221;-15px&#8221; box_shadow_color=&#8221;#ff79a5&#8243; global_colors_info=&#8221;{}&#8221;][et_pb_image src=&#8221;https:\/\/agenciaseolocal.eu\/bedda\/wp-content\/uploads\/2023\/05\/experiencia-blanco.png&#8221; title_text=&#8221;experiencia-blanco&#8221; show_bottom_space=&#8221;off&#8221; _builder_version=&#8221;4.21.0&#8243; _module_preset=&#8221;default&#8221; width=&#8221;30%&#8221; custom_padding=&#8221;10%|||10%|false|false&#8221; global_colors_info=&#8221;{}&#8221;][\/et_pb_image][et_pb_toggle title=&#8221;Experiencia y profesionalidad&#8221; open_toggle_text_color=&#8221;#FFFFFF&#8221; open_toggle_background_color=&#8221;RGBA(255,255,255,0)&#8221; closed_toggle_background_color=&#8221;RGBA(255,255,255,0)&#8221; icon_color=&#8221;RGBA(255,255,255,0)&#8221; toggle_icon=&#8221;&#xf54e;||fa||900&#8243; open_icon_color=&#8221;RGBA(255,255,255,0)&#8221; open_toggle_icon=&#8221;&#xf5bb;||fa||900&#8243; _builder_version=&#8221;4.24.0&#8243; _module_preset=&#8221;default&#8221; title_text_color=&#8221;#FFFFFF&#8221; title_level=&#8221;h3&#8243; title_font_size=&#8221;19px&#8221; body_text_color=&#8221;#FFFFFF&#8221; custom_padding=&#8221;3%|10%|10%|10%|false|true&#8221; custom_css_toggle_title=&#8221;margin-right:-20%&#8221; border_width_all=&#8221;0px&#8221; locked=&#8221;off&#8221; global_colors_info=&#8221;{}&#8221;]<\/p>\n<p><span style=\"font-weight: 400;\">Contamos con un equipo especializado en medicina est\u00e9tica, depilaci\u00f3n l\u00e1ser y tratamientos de est\u00e9tica avanzada.<\/span><\/p>\n<p>[\/et_pb_toggle][\/et_pb_column][et_pb_column type=&#8221;1_4&#8243; _builder_version=&#8221;4.21.0&#8243; _module_preset=&#8221;default&#8221; background_color=&#8221;#686970&#8243; background_image=&#8221;https:\/\/agenciaseolocal.eu\/bedda\/wp-content\/uploads\/2023\/05\/fondo-flores.jpg&#8221; background_blend=&#8221;multiply&#8221; custom_css_main_element=&#8221;margin-left: -2%&#8221; box_shadow_style=&#8221;preset4&#8243; box_shadow_horizontal=&#8221;-15px&#8221; box_shadow_vertical=&#8221;-15px&#8221; box_shadow_color=&#8221;#ff79a5&#8243; global_colors_info=&#8221;{}&#8221;][et_pb_image src=&#8221;https:\/\/agenciaseolocal.eu\/bedda\/wp-content\/uploads\/2023\/05\/resultados-blanco.png&#8221; title_text=&#8221;resultados-blanco&#8221; show_bottom_space=&#8221;off&#8221; _builder_version=&#8221;4.21.0&#8243; _module_preset=&#8221;default&#8221; width=&#8221;30%&#8221; custom_padding=&#8221;10%|||10%|false|false&#8221; global_colors_info=&#8221;{}&#8221;][\/et_pb_image][et_pb_toggle title=&#8221;Resultados garantizados&#8221; open_toggle_text_color=&#8221;#FFFFFF&#8221; open_toggle_background_color=&#8221;RGBA(255,255,255,0)&#8221; closed_toggle_background_color=&#8221;RGBA(255,255,255,0)&#8221; icon_color=&#8221;RGBA(255,255,255,0)&#8221; toggle_icon=&#8221;&#xf54e;||fa||900&#8243; open_icon_color=&#8221;RGBA(255,255,255,0)&#8221; open_toggle_icon=&#8221;&#xf5bb;||fa||900&#8243; _builder_version=&#8221;4.21.0&#8243; _module_preset=&#8221;default&#8221; title_text_color=&#8221;#FFFFFF&#8221; title_level=&#8221;h3&#8243; title_font_size=&#8221;19px&#8221; body_text_color=&#8221;#FFFFFF&#8221; custom_padding=&#8221;3%|12%|12%|12%|false|true&#8221; custom_css_toggle_title=&#8221;margin-right:-20%&#8221; border_width_all=&#8221;0px&#8221; locked=&#8221;off&#8221; global_colors_info=&#8221;{}&#8221;]<\/p>\n<p><span style=\"font-weight: 400;\">Trabajamos con la tecnolog\u00eda m\u00e1s avanzada del mercado para ofrecer a nuestros clientes los mejores resultados.<\/span><\/p>\n<p>[\/et_pb_toggle][\/et_pb_column][et_pb_column type=&#8221;1_4&#8243; _builder_version=&#8221;4.21.0&#8243; _module_preset=&#8221;default&#8221; background_color=&#8221;#686970&#8243; background_image=&#8221;https:\/\/agenciaseolocal.eu\/bedda\/wp-content\/uploads\/2023\/05\/fondo-flores.jpg&#8221; background_blend=&#8221;multiply&#8221; custom_padding=&#8221;||||false|false&#8221; custom_css_main_element=&#8221;margin-left: -2%&#8221; box_shadow_style=&#8221;preset4&#8243; box_shadow_horizontal=&#8221;-15px&#8221; box_shadow_vertical=&#8221;-15px&#8221; box_shadow_color=&#8221;#ff79a5&#8243; global_colors_info=&#8221;{}&#8221;][et_pb_image src=&#8221;https:\/\/agenciaseolocal.eu\/bedda\/wp-content\/uploads\/2023\/05\/precios-blanco.png&#8221; title_text=&#8221;precios-blanco&#8221; show_bottom_space=&#8221;off&#8221; _builder_version=&#8221;4.21.0&#8243; _module_preset=&#8221;default&#8221; width=&#8221;30%&#8221; custom_padding=&#8221;10%|||10%|false|false&#8221; global_colors_info=&#8221;{}&#8221;][\/et_pb_image][et_pb_toggle title=&#8221;Siempre el mejor precio para ti&#8221; open_toggle_text_color=&#8221;#FFFFFF&#8221; open_toggle_background_color=&#8221;RGBA(255,255,255,0)&#8221; closed_toggle_background_color=&#8221;RGBA(255,255,255,0)&#8221; icon_color=&#8221;RGBA(255,255,255,0)&#8221; toggle_icon=&#8221;&#xf54e;||fa||900&#8243; open_icon_color=&#8221;RGBA(255,255,255,0)&#8221; open_toggle_icon=&#8221;&#xf5bb;||fa||900&#8243; _builder_version=&#8221;4.21.0&#8243; _module_preset=&#8221;default&#8221; title_text_color=&#8221;#FFFFFF&#8221; title_level=&#8221;h3&#8243; title_font_size=&#8221;19px&#8221; body_text_color=&#8221;#FFFFFF&#8221; custom_padding=&#8221;3%|10%|10%|10%|false|true&#8221; custom_css_toggle_title=&#8221;margin-right:-20%&#8221; border_width_all=&#8221;0px&#8221; locked=&#8221;off&#8221; global_colors_info=&#8221;{}&#8221;]<\/p>\n<p><span style=\"font-weight: 400;\">No dejes escapar nuestras promociones y disfruta de tu tratamiento favorito al mejor precio.<\/span><\/p>\n<p>[\/et_pb_toggle][\/et_pb_column][\/et_pb_row][\/et_pb_section]<\/p>\n","protected":false},"excerpt":{"rendered":"<p>Centros beddaLo m\u00e1s vendido Promociones de depilaci\u00f3n l\u00e1ser en A Coru\u00f1a<div class=\"et_pb_with_border et_pb_module dica_divi_carousel dica_divi_carousel_0\">\n\t\t\t\t\n\t\t\t\t\n\t\t\t\t\n\t\t\t\t\n\t\t\t\t\n\t\t\t\t\n\t\t\t\t<div class=\"et_pb_module_inner\">\n\t\t\t\t\t<div class=\"dica-container  desktop_middle-inside tablet_&#8221;&#8221; mobile_&#8221;middle-inside&#8221;\" data-props='{\"desktop\":\"4\",\"tablet\":\"&#8221;2&#8243;\",\"mobile\":\"1\",\"speed\":\"500\",\"arrow\":\"&#8221;on&#8221;\",\"dots\":\"off\",\"autoplay\":\"off\",\"autoSpeed\":\"1000\",\"loop\":\"&#8221;on&#8221;\",\"item_spacing\":\"&#8221;41&#8243;\",\"center_mode\":\"off\",\"slider_effec\":\"&#8221;1&#8243;\",\"cover_rotate\":\"50\",\"pause_onhover\":\"off\",\"multislide\":\"&#8221;on&#8221;\",\"cfshadow\":\"on\",\"order\":\"0\",\"lazyload\":\"off\",\"lazybefore\":\"off\",\"scroller_effect\":\"off\",\"autowidth\":\"off\",\"item_spacing_tablet\":\"&#8221;41&#8243;\",\"item_spacing_phone\":\"&#8221;41&#8243;\",\"scroller_speed\":\"4000\",\"hashNavigation\":\"off\",\"simulatetouch\":\"off\",\"allowtouchmove\":\"off\",\"slide_row\":\"1\",\"slide_row_tablet\":\"1\",\"slide_row_phone\":\"1\",\"keyboard\":\"off\",\"mousewheel\":\"off\",\"autoplay_viewport\":\"\"}'>\n\t\t\t\t\t\t\t \t<div class=\"swiper-container\" >\n\t\t\t\t\t\t\t\t\t<div class=\"swiper-wrapper\"><\/div>\t\n\t\t\t\t\t\t\t\t<\/div>\t\n\t\t\t\t\t\t\t\t\n\t\t\t\t\t\t\t\t\t\t\t\t\t\t\n\t\t\t\t\t\t\t<\/div>\n\t\t\t\t<\/div>\n\t\t\t<\/div><\/p>\n","protected":false},"author":3,"featured_media":42,"parent":0,"menu_order":0,"comment_status":"closed","ping_status":"closed","template":"","meta":{"_et_pb_use_builder":"on","_et_pb_old_content":"","_et_gb_content_width":"","_joinchat":[],"footnotes":""},"class_list":["post-987515302","page","type-page","status-publish","has-post-thumbnail","hentry"],"yoast_head":"<!-- This site is optimized with the Yoast SEO plugin v25.9 - https:\/\/yoast.com\/wordpress\/plugins\/seo\/ -->\n<title>Depilaci\u00f3n L\u00e1ser en A Coru\u00f1a | Centros bedda<\/title>\n<meta name=\"description\" content=\"\u00bfEst\u00e1s buscando un centro de depilaci\u00f3n l\u00e1ser en A Coru\u00f1a de confianza? \u00a1Descubre las promociones y ofertas especiales de Centros bedda!\" \/>\n<meta name=\"robots\" content=\"noindex, follow, max-snippet:-1, max-image-preview:large, max-video-preview:-1\" \/>\n<meta property=\"og:locale\" content=\"es_ES\" \/>\n<meta property=\"og:type\" content=\"article\" \/>\n<meta property=\"og:title\" content=\"Depilaci\u00f3n L\u00e1ser en A Coru\u00f1a | Centros bedda\" \/>\n<meta property=\"og:description\" content=\"\u00bfEst\u00e1s buscando un centro de depilaci\u00f3n l\u00e1ser en A Coru\u00f1a de confianza? \u00a1Descubre las promociones y ofertas especiales de Centros bedda!\" \/>\n<meta property=\"og:url\" content=\"https:\/\/agenciaseolocal.eu\/bedda\/depilacion-laser-a-coruna\/\" \/>\n<meta property=\"og:site_name\" content=\"Centros bedda\" \/>\n<meta property=\"article:publisher\" content=\"https:\/\/www.facebook.com\/centrobedda\" \/>\n<meta property=\"article:modified_time\" content=\"2024-08-29T11:55:23+00:00\" \/>\n<meta property=\"og:image\" content=\"https:\/\/agenciaseolocal.eu\/bedda\/wp-content\/uploads\/2023\/04\/depilacion-laser-centros-bedda-logo.png\" \/>\n\t<meta property=\"og:image:width\" content=\"220\" \/>\n\t<meta property=\"og:image:height\" content=\"220\" \/>\n\t<meta property=\"og:image:type\" content=\"image\/png\" \/>\n<meta name=\"twitter:card\" content=\"summary_large_image\" \/>\n<meta name=\"twitter:site\" content=\"@centrosbedda\" \/>\n<meta name=\"twitter:label1\" content=\"Tiempo de lectura\" \/>\n\t<meta name=\"twitter:data1\" content=\"30 minutos\" \/>\n<!-- \/ Yoast SEO plugin. -->","yoast_head_json":{"title":"Depilaci\u00f3n L\u00e1ser en A Coru\u00f1a | Centros bedda","description":"\u00bfEst\u00e1s buscando un centro de depilaci\u00f3n l\u00e1ser en A Coru\u00f1a de confianza? \u00a1Descubre las promociones y ofertas especiales de Centros bedda!","robots":{"index":"noindex","follow":"follow","max-snippet":"max-snippet:-1","max-image-preview":"max-image-preview:large","max-video-preview":"max-video-preview:-1"},"og_locale":"es_ES","og_type":"article","og_title":"Depilaci\u00f3n L\u00e1ser en A Coru\u00f1a | Centros bedda","og_description":"\u00bfEst\u00e1s buscando un centro de depilaci\u00f3n l\u00e1ser en A Coru\u00f1a de confianza? \u00a1Descubre las promociones y ofertas especiales de Centros bedda!","og_url":"https:\/\/agenciaseolocal.eu\/bedda\/depilacion-laser-a-coruna\/","og_site_name":"Centros bedda","article_publisher":"https:\/\/www.facebook.com\/centrobedda","article_modified_time":"2024-08-29T11:55:23+00:00","og_image":[{"width":220,"height":220,"url":"https:\/\/agenciaseolocal.eu\/bedda\/wp-content\/uploads\/2023\/04\/depilacion-laser-centros-bedda-logo.png","type":"image\/png"}],"twitter_card":"summary_large_image","twitter_site":"@centrosbedda","twitter_misc":{"Tiempo de lectura":"30 minutos"},"schema":{"@context":"https:\/\/schema.org","@graph":[{"@type":"WebPage","@id":"https:\/\/agenciaseolocal.eu\/bedda\/depilacion-laser-a-coruna\/","url":"https:\/\/agenciaseolocal.eu\/bedda\/depilacion-laser-a-coruna\/","name":"Depilaci\u00f3n L\u00e1ser en A Coru\u00f1a | Centros bedda","isPartOf":{"@id":"https:\/\/agenciaseolocal.eu\/bedda\/#website"},"primaryImageOfPage":{"@id":"https:\/\/agenciaseolocal.eu\/bedda\/depilacion-laser-a-coruna\/#primaryimage"},"image":{"@id":"https:\/\/agenciaseolocal.eu\/bedda\/depilacion-laser-a-coruna\/#primaryimage"},"thumbnailUrl":"https:\/\/agenciaseolocal.eu\/bedda\/wp-content\/uploads\/2023\/04\/depilacion-laser-centros-bedda-logo.png","datePublished":"2024-03-11T12:32:10+00:00","dateModified":"2024-08-29T11:55:23+00:00","description":"\u00bfEst\u00e1s buscando un centro de depilaci\u00f3n l\u00e1ser en A Coru\u00f1a de confianza? \u00a1Descubre las promociones y ofertas especiales de Centros bedda!","breadcrumb":{"@id":"https:\/\/agenciaseolocal.eu\/bedda\/depilacion-laser-a-coruna\/#breadcrumb"},"inLanguage":"es","potentialAction":[{"@type":"ReadAction","target":["https:\/\/agenciaseolocal.eu\/bedda\/depilacion-laser-a-coruna\/"]}]},{"@type":"ImageObject","inLanguage":"es","@id":"https:\/\/agenciaseolocal.eu\/bedda\/depilacion-laser-a-coruna\/#primaryimage","url":"https:\/\/agenciaseolocal.eu\/bedda\/wp-content\/uploads\/2023\/04\/depilacion-laser-centros-bedda-logo.png","contentUrl":"https:\/\/agenciaseolocal.eu\/bedda\/wp-content\/uploads\/2023\/04\/depilacion-laser-centros-bedda-logo.png","width":220,"height":220,"caption":"depilacion laser centros bedda logo"},{"@type":"BreadcrumbList","@id":"https:\/\/agenciaseolocal.eu\/bedda\/depilacion-laser-a-coruna\/#breadcrumb","itemListElement":[{"@type":"ListItem","position":1,"name":"Portada","item":"https:\/\/agenciaseolocal.eu\/bedda\/"},{"@type":"ListItem","position":2,"name":"Depilaci\u00f3n L\u00e1ser en A Coru\u00f1a"}]},{"@type":"WebSite","@id":"https:\/\/agenciaseolocal.eu\/bedda\/#website","url":"https:\/\/agenciaseolocal.eu\/bedda\/","name":"Centros bedda","description":"Centro de depilaci\u00f3n l\u00e1ser","publisher":{"@id":"https:\/\/agenciaseolocal.eu\/bedda\/#organization"},"potentialAction":[{"@type":"SearchAction","target":{"@type":"EntryPoint","urlTemplate":"https:\/\/agenciaseolocal.eu\/bedda\/?s={search_term_string}"},"query-input":{"@type":"PropertyValueSpecification","valueRequired":true,"valueName":"search_term_string"}}],"inLanguage":"es"},{"@type":"Organization","@id":"https:\/\/agenciaseolocal.eu\/bedda\/#organization","name":"Centros bedda","url":"https:\/\/agenciaseolocal.eu\/bedda\/","logo":{"@type":"ImageObject","inLanguage":"es","@id":"https:\/\/agenciaseolocal.eu\/bedda\/#\/schema\/logo\/image\/","url":"https:\/\/agenciaseolocal.eu\/bedda\/wp-content\/uploads\/2024\/04\/centros-bedda-depilacion-laser-logo.png","contentUrl":"https:\/\/agenciaseolocal.eu\/bedda\/wp-content\/uploads\/2024\/04\/centros-bedda-depilacion-laser-logo.png","width":220,"height":220,"caption":"Centros bedda"},"image":{"@id":"https:\/\/agenciaseolocal.eu\/bedda\/#\/schema\/logo\/image\/"},"sameAs":["https:\/\/www.facebook.com\/centrobedda","https:\/\/x.com\/centrosbedda","https:\/\/www.youtube.com\/channel\/UCV57tDnQcnHfTici1funk4g?app=desktop","https:\/\/www.instagram.com\/centrosbedda\/","https:\/\/www.linkedin.com\/company\/centros-bedda\/"]}]}},"_links":{"self":[{"href":"https:\/\/agenciaseolocal.eu\/bedda\/wp-json\/wp\/v2\/pages\/987515302","targetHints":{"allow":["GET"]}}],"collection":[{"href":"https:\/\/agenciaseolocal.eu\/bedda\/wp-json\/wp\/v2\/pages"}],"about":[{"href":"https:\/\/agenciaseolocal.eu\/bedda\/wp-json\/wp\/v2\/types\/page"}],"author":[{"embeddable":true,"href":"https:\/\/agenciaseolocal.eu\/bedda\/wp-json\/wp\/v2\/users\/3"}],"replies":[{"embeddable":true,"href":"https:\/\/agenciaseolocal.eu\/bedda\/wp-json\/wp\/v2\/comments?post=987515302"}],"version-history":[{"count":11,"href":"https:\/\/agenciaseolocal.eu\/bedda\/wp-json\/wp\/v2\/pages\/987515302\/revisions"}],"predecessor-version":[{"id":987517504,"href":"https:\/\/agenciaseolocal.eu\/bedda\/wp-json\/wp\/v2\/pages\/987515302\/revisions\/987517504"}],"wp:featuredmedia":[{"embeddable":true,"href":"https:\/\/agenciaseolocal.eu\/bedda\/wp-json\/wp\/v2\/media\/42"}],"wp:attachment":[{"href":"https:\/\/agenciaseolocal.eu\/bedda\/wp-json\/wp\/v2\/media?parent=987515302"}],"curies":[{"name":"wp","href":"https:\/\/api.w.org\/{rel}","templated":true}]}}